{"id":9977,"date":"2025-09-23T14:25:42","date_gmt":"2025-09-23T14:25:42","guid":{"rendered":"https:\/\/www.gero.lu\/produit\/die-10-minuten-aktivierung-fcpg-v-agrement-2025-agr-01-002"},"modified":"2026-02-03T12:21:35","modified_gmt":"2026-02-03T12:21:35","slug":"die-10-minuten-aktivierung-fcpg-v-agrement-2025-agr-01-002","status":"publish","type":"product","link":"https:\/\/www.gero.lu\/de\/produit\/die-10-minuten-aktivierung-fcpg-v-agrement-2025-agr-01-002","title":{"rendered":"Die 10-Minuten-Aktivierung (FCPG V) (Agr\u00e9ment: 2025-AGR-12-003)"},"content":{"rendered":"<p>bei Menschen mit Demenz<\/p>\n<p>Formation continue agr\u00e9\u00e9 conform\u00e9ment \u00e0 l&#8217;article 12 de la loi modifi\u00e9e du 26 mars 1992 sur l&#8217;exercice et la revalorisation de certaines professions de sant\u00e9. Agr\u00e9ment MISA : Agr\u00e9ment: 2025-AGR-12-003<\/p>\n<p>Modul V der \u201eWeiterbildung Psychogeriatrie\u201c <\/p>\n<p>Die 10 Minuten-Aktivierung ist eine von Ute Schmidt-Hackenberg entwickelte Methode, die sich besonders gut zur Aktivierung von Menschen mit dementiellen Erkrankungen eignet. Mit Hilfe von Gegenst\u00e4nden aus dem Alltag wird an die Vergangenheit angekn\u00fcpft und Erinnerungen werden aktiviert. Durch den Einsatz der 10-Minuten-Aktivierung ist es den Pflegenden mit Hilfe einfacher Mittel m\u00f6glich, das Langzeitged\u00e4chtnis zu aktivieren. Gleichzeitig findet k\u00f6rperliche Bewegung statt. Dadurch entstehen oft eindrucksvolle Situationen, in denen Betroffene wacher und aufmerksamer gegen\u00fcber ihrer Umwelt sind.<\/p>\n<p>Durch den geringen Zeitaufwand l\u00e4sst sich diese Methode besonders gut in den Heimalltag integrieren. Ziel des Seminars ist es, diese Methode kennenzulernen und sich darin zu \u00fcben, um sie dann in der t\u00e4glichen Praxis anzuwenden.<br \/>\nIn diesem Seminar befassen wir uns mit folgenden Themen:<br \/>\n\u2022\tGrunds\u00e4tze und Ziele der 10-Minuten-Aktivierung<br \/>\n\u2022\tVoraussetzungen f\u00fcr die Anwendung<br \/>\n\u2022\tVorbereitung \u2013 Durchf\u00fchrung \u2013 Nachbereitung<br \/>\n\u2022\tM\u00f6glichkeiten der Anwendung innerhalb des Tagesablaufs<br \/>\n\u2022\tWertsch\u00e4tzung: ein Schl\u00fcssel, der Zugang zu Menschen mit Demenz erm\u00f6glicht<br \/>\n\u2022\tKommunikation<br \/>\n\u2022\tEntwicklung von eigenen Ideen f\u00fcr die praktische Anwendung<\/p>\n<p>Zielgruppe: Aide Socio-Familiale, Auxiliaire de Vie, Ergotherapeut*in, Erzieher*in, Krankenpfleger*in, Krankenpflegerhelfer*in, Physiotherapeut*in, Psycholog*in und andere relevante Berufsgruppen<\/p>\n","protected":false},"excerpt":{"rendered":"<p>bei Menschen mit Demenz Formation continue agr\u00e9\u00e9 conform\u00e9ment \u00e0 l&#8217;article 12 de la loi modifi\u00e9e du 26 mars 1992 sur l&#8217;exercice et la revalorisation de certaines professions de sant\u00e9. Agr\u00e9ment MISA : Agr\u00e9ment: 2025-AGR-12-003 Modul V der \u201eWeiterbildung Psychogeriatrie\u201c Die 10 Minuten-Aktivierung ist eine von Ute Schmidt-Hackenberg entwickelte Methode, die sich besonders gut zur Aktivierung [&hellip;]<\/p>\n","protected":false},"featured_media":0,"comment_status":"closed","ping_status":"closed","template":"","meta":{"_acf_changed":false,"inline_featured_image":false},"product_brand":[],"product_cat":[239],"product_tag":[237],"class_list":{"0":"post-9977","1":"product","2":"type-product","3":"status-publish","5":"product_cat-cours-pro","6":"product_tag-soins-encadrement-therapie-pro","8":"first","9":"outofstock","10":"virtual","11":"purchasable","12":"product-type-simple"},"acf":[],"yoast_head":"<!-- This site is optimized with the Yoast SEO Premium plugin v27.4 (Yoast SEO v27.5) - https:\/\/yoast.com\/product\/yoast-seo-premium-wordpress\/ -->\n<title>Die 10-Minuten-Aktivierung (FCPG V) (Agr\u00e9ment: 2025-AGR-12-003) - GERO<\/title>\n<meta name=\"robots\" content=\"index, follow, max-snippet:-1, max-image-preview:large, max-video-preview:-1\" \/>\n<link rel=\"canonical\" href=\"https:\/\/www.gero.lu\/de\/produit\/die-10-minuten-aktivierung-fcpg-v-agrement-2025-agr-01-002\" \/>\n<meta property=\"og:locale\" content=\"de_DE\" \/>\n<meta property=\"og:type\" content=\"article\" \/>\n<meta property=\"og:title\" content=\"Die 10-Minuten-Aktivierung (FCPG V) (Agr\u00e9ment: 2025-AGR-12-003)\" \/>\n<meta property=\"og:description\" content=\"bei Menschen mit Demenz Formation continue agr\u00e9\u00e9 conform\u00e9ment \u00e0 l&#8217;article 12 de la loi modifi\u00e9e du 26 mars 1992 sur l&#8217;exercice et la revalorisation de certaines professions de sant\u00e9. Agr\u00e9ment MISA : Agr\u00e9ment: 2025-AGR-12-003 Modul V der \u201eWeiterbildung Psychogeriatrie\u201c Die 10 Minuten-Aktivierung ist eine von Ute Schmidt-Hackenberg entwickelte Methode, die sich besonders gut zur Aktivierung [&hellip;]\" \/>\n<meta property=\"og:url\" content=\"https:\/\/www.gero.lu\/de\/produit\/die-10-minuten-aktivierung-fcpg-v-agrement-2025-agr-01-002\" \/>\n<meta property=\"og:site_name\" content=\"GERO\" \/>\n<meta property=\"article:publisher\" content=\"https:\/\/www.facebook.com\/Kompetenzzenter\/\" \/>\n<meta property=\"article:modified_time\" content=\"2026-02-03T12:21:35+00:00\" \/>\n<meta property=\"og:image\" content=\"https:\/\/www.gero.lu\/wp-content\/uploads\/2021\/08\/gettyimages-1135289130-2048x2048_RET-1.jpg\" \/>\n\t<meta property=\"og:image:width\" content=\"1227\" \/>\n\t<meta property=\"og:image:height\" content=\"802\" \/>\n\t<meta property=\"og:image:type\" content=\"image\/jpeg\" \/>\n<meta name=\"twitter:card\" content=\"summary_large_image\" \/>\n<meta name=\"twitter:label1\" content=\"Gesch\u00e4tzte Lesezeit\" \/>\n\t<meta name=\"twitter:data1\" content=\"1\u00a0Minute\" \/>\n<script type=\"application\/ld+json\" class=\"yoast-schema-graph\">{\"@context\":\"https:\\\/\\\/schema.org\",\"@graph\":[{\"@type\":\"WebPage\",\"@id\":\"https:\\\/\\\/www.gero.lu\\\/de\\\/produit\\\/die-10-minuten-aktivierung-fcpg-v-agrement-2025-agr-01-002\",\"url\":\"https:\\\/\\\/www.gero.lu\\\/de\\\/produit\\\/die-10-minuten-aktivierung-fcpg-v-agrement-2025-agr-01-002\",\"name\":\"Die 10-Minuten-Aktivierung (FCPG V) (Agr\u00e9ment: 2025-AGR-12-003) - GERO\",\"isPartOf\":{\"@id\":\"https:\\\/\\\/www.gero.lu\\\/de\\\/#website\"},\"datePublished\":\"2025-09-23T14:25:42+00:00\",\"dateModified\":\"2026-02-03T12:21:35+00:00\",\"breadcrumb\":{\"@id\":\"https:\\\/\\\/www.gero.lu\\\/de\\\/produit\\\/die-10-minuten-aktivierung-fcpg-v-agrement-2025-agr-01-002#breadcrumb\"},\"inLanguage\":\"de\",\"potentialAction\":[{\"@type\":\"ReadAction\",\"target\":[[\"https:\\\/\\\/www.gero.lu\\\/de\\\/produit\\\/die-10-minuten-aktivierung-fcpg-v-agrement-2025-agr-01-002\"]]}]},{\"@type\":\"BreadcrumbList\",\"@id\":\"https:\\\/\\\/www.gero.lu\\\/de\\\/produit\\\/die-10-minuten-aktivierung-fcpg-v-agrement-2025-agr-01-002#breadcrumb\",\"itemListElement\":[{\"@type\":\"ListItem\",\"position\":1,\"name\":\"Accueil\",\"item\":\"https:\\\/\\\/www.gero.lu\\\/de\\\/\"},{\"@type\":\"ListItem\",\"position\":2,\"name\":\"Shop\",\"item\":\"https:\\\/\\\/www.gero.lu\\\/de\\\/shop\"},{\"@type\":\"ListItem\",\"position\":3,\"name\":\"Die 10-Minuten-Aktivierung (FCPG V) (Agr\u00e9ment: 2025-AGR-01-002)\"}]},{\"@type\":\"WebSite\",\"@id\":\"https:\\\/\\\/www.gero.lu\\\/de\\\/#website\",\"url\":\"https:\\\/\\\/www.gero.lu\\\/de\\\/\",\"name\":\"Gero\",\"description\":\"Kompetenzzenter fir den Alter\",\"publisher\":{\"@id\":\"https:\\\/\\\/www.gero.lu\\\/de\\\/#organization\"},\"potentialAction\":[{\"@type\":\"SearchAction\",\"target\":{\"@type\":\"EntryPoint\",\"urlTemplate\":\"https:\\\/\\\/www.gero.lu\\\/de\\\/?s={search_term_string}\"},\"query-input\":{\"@type\":\"PropertyValueSpecification\",\"valueRequired\":true,\"valueName\":\"search_term_string\"}}],\"inLanguage\":\"de\"},{\"@type\":\"Organization\",\"@id\":\"https:\\\/\\\/www.gero.lu\\\/de\\\/#organization\",\"name\":\"Gero\",\"url\":\"https:\\\/\\\/www.gero.lu\\\/de\\\/\",\"logo\":{\"@type\":\"ImageObject\",\"inLanguage\":\"de\",\"@id\":\"https:\\\/\\\/www.gero.lu\\\/de\\\/#\\\/schema\\\/logo\\\/image\\\/\",\"url\":\"https:\\\/\\\/www.gero.lu\\\/wp-content\\\/uploads\\\/2024\\\/04\\\/logo.svg\",\"contentUrl\":\"https:\\\/\\\/www.gero.lu\\\/wp-content\\\/uploads\\\/2024\\\/04\\\/logo.svg\",\"width\":76,\"height\":30,\"caption\":\"Gero\"},\"image\":{\"@id\":\"https:\\\/\\\/www.gero.lu\\\/de\\\/#\\\/schema\\\/logo\\\/image\\\/\"},\"sameAs\":[\"https:\\\/\\\/www.facebook.com\\\/Kompetenzzenter\\\/\",\"https:\\\/\\\/www.instagram.com\\\/gero.kompetenzzenter\\\/\",\"https:\\\/\\\/linkedin.com\\\/company\\\/gero-kompetenzzenter-fir-den-alter\",\"https:\\\/\\\/www.youtube.com\\\/channel\\\/UCJvmJYSeHh3dYQsLHZupj-Q\"]}]}<\/script>\n<!-- \/ Yoast SEO Premium plugin. -->","yoast_head_json":{"title":"Die 10-Minuten-Aktivierung (FCPG V) (Agr\u00e9ment: 2025-AGR-12-003) - GERO","robots":{"index":"index","follow":"follow","max-snippet":"max-snippet:-1","max-image-preview":"max-image-preview:large","max-video-preview":"max-video-preview:-1"},"canonical":"https:\/\/www.gero.lu\/de\/produit\/die-10-minuten-aktivierung-fcpg-v-agrement-2025-agr-01-002","og_locale":"de_DE","og_type":"article","og_title":"Die 10-Minuten-Aktivierung (FCPG V) (Agr\u00e9ment: 2025-AGR-12-003)","og_description":"bei Menschen mit Demenz Formation continue agr\u00e9\u00e9 conform\u00e9ment \u00e0 l&#8217;article 12 de la loi modifi\u00e9e du 26 mars 1992 sur l&#8217;exercice et la revalorisation de certaines professions de sant\u00e9. Agr\u00e9ment MISA : Agr\u00e9ment: 2025-AGR-12-003 Modul V der \u201eWeiterbildung Psychogeriatrie\u201c Die 10 Minuten-Aktivierung ist eine von Ute Schmidt-Hackenberg entwickelte Methode, die sich besonders gut zur Aktivierung [&hellip;]","og_url":"https:\/\/www.gero.lu\/de\/produit\/die-10-minuten-aktivierung-fcpg-v-agrement-2025-agr-01-002","og_site_name":"GERO","article_publisher":"https:\/\/www.facebook.com\/Kompetenzzenter\/","article_modified_time":"2026-02-03T12:21:35+00:00","og_image":[{"width":1227,"height":802,"url":"https:\/\/www.gero.lu\/wp-content\/uploads\/2021\/08\/gettyimages-1135289130-2048x2048_RET-1.jpg","type":"image\/jpeg"}],"twitter_card":"summary_large_image","twitter_misc":{"Gesch\u00e4tzte Lesezeit":"1\u00a0Minute"},"schema":{"@context":"https:\/\/schema.org","@graph":[{"@type":"WebPage","@id":"https:\/\/www.gero.lu\/de\/produit\/die-10-minuten-aktivierung-fcpg-v-agrement-2025-agr-01-002","url":"https:\/\/www.gero.lu\/de\/produit\/die-10-minuten-aktivierung-fcpg-v-agrement-2025-agr-01-002","name":"Die 10-Minuten-Aktivierung (FCPG V) (Agr\u00e9ment: 2025-AGR-12-003) - GERO","isPartOf":{"@id":"https:\/\/www.gero.lu\/de\/#website"},"datePublished":"2025-09-23T14:25:42+00:00","dateModified":"2026-02-03T12:21:35+00:00","breadcrumb":{"@id":"https:\/\/www.gero.lu\/de\/produit\/die-10-minuten-aktivierung-fcpg-v-agrement-2025-agr-01-002#breadcrumb"},"inLanguage":"de","potentialAction":[{"@type":"ReadAction","target":[["https:\/\/www.gero.lu\/de\/produit\/die-10-minuten-aktivierung-fcpg-v-agrement-2025-agr-01-002"]]}]},{"@type":"BreadcrumbList","@id":"https:\/\/www.gero.lu\/de\/produit\/die-10-minuten-aktivierung-fcpg-v-agrement-2025-agr-01-002#breadcrumb","itemListElement":[{"@type":"ListItem","position":1,"name":"Accueil","item":"https:\/\/www.gero.lu\/de\/"},{"@type":"ListItem","position":2,"name":"Shop","item":"https:\/\/www.gero.lu\/de\/shop"},{"@type":"ListItem","position":3,"name":"Die 10-Minuten-Aktivierung (FCPG V) (Agr\u00e9ment: 2025-AGR-01-002)"}]},{"@type":"WebSite","@id":"https:\/\/www.gero.lu\/de\/#website","url":"https:\/\/www.gero.lu\/de\/","name":"Gero","description":"Kompetenzzenter fir den Alter","publisher":{"@id":"https:\/\/www.gero.lu\/de\/#organization"},"potentialAction":[{"@type":"SearchAction","target":{"@type":"EntryPoint","urlTemplate":"https:\/\/www.gero.lu\/de\/?s={search_term_string}"},"query-input":{"@type":"PropertyValueSpecification","valueRequired":true,"valueName":"search_term_string"}}],"inLanguage":"de"},{"@type":"Organization","@id":"https:\/\/www.gero.lu\/de\/#organization","name":"Gero","url":"https:\/\/www.gero.lu\/de\/","logo":{"@type":"ImageObject","inLanguage":"de","@id":"https:\/\/www.gero.lu\/de\/#\/schema\/logo\/image\/","url":"https:\/\/www.gero.lu\/wp-content\/uploads\/2024\/04\/logo.svg","contentUrl":"https:\/\/www.gero.lu\/wp-content\/uploads\/2024\/04\/logo.svg","width":76,"height":30,"caption":"Gero"},"image":{"@id":"https:\/\/www.gero.lu\/de\/#\/schema\/logo\/image\/"},"sameAs":["https:\/\/www.facebook.com\/Kompetenzzenter\/","https:\/\/www.instagram.com\/gero.kompetenzzenter\/","https:\/\/linkedin.com\/company\/gero-kompetenzzenter-fir-den-alter","https:\/\/www.youtube.com\/channel\/UCJvmJYSeHh3dYQsLHZupj-Q"]}]}},"_links":{"self":[{"href":"https:\/\/www.gero.lu\/de\/wp-json\/wp\/v2\/product\/9977","targetHints":{"allow":["GET"]}}],"collection":[{"href":"https:\/\/www.gero.lu\/de\/wp-json\/wp\/v2\/product"}],"about":[{"href":"https:\/\/www.gero.lu\/de\/wp-json\/wp\/v2\/types\/product"}],"replies":[{"embeddable":true,"href":"https:\/\/www.gero.lu\/de\/wp-json\/wp\/v2\/comments?post=9977"}],"wp:attachment":[{"href":"https:\/\/www.gero.lu\/de\/wp-json\/wp\/v2\/media?parent=9977"}],"wp:term":[{"taxonomy":"product_brand","embeddable":true,"href":"https:\/\/www.gero.lu\/de\/wp-json\/wp\/v2\/product_brand?post=9977"},{"taxonomy":"product_cat","embeddable":true,"href":"https:\/\/www.gero.lu\/de\/wp-json\/wp\/v2\/product_cat?post=9977"},{"taxonomy":"product_tag","embeddable":true,"href":"https:\/\/www.gero.lu\/de\/wp-json\/wp\/v2\/product_tag?post=9977"}],"curies":[{"name":"wp","href":"https:\/\/api.w.org\/{rel}","templated":true}]}}