{"id":9721,"date":"2025-08-08T14:22:15","date_gmt":"2025-08-08T14:22:15","guid":{"rendered":"https:\/\/www.gero.lu\/produit\/synagoge-in-luxemburg"},"modified":"2026-04-20T07:10:40","modified_gmt":"2026-04-20T07:10:40","slug":"synagoge-in-luxemburg","status":"publish","type":"product","link":"https:\/\/www.gero.lu\/de\/produit\/synagoge-in-luxemburg","title":{"rendered":"Besichtigung: Synagoge in Ettelbr\u00fcck"},"content":{"rendered":"<p>Entdecken Sie mit uns die renovierte Synagoge in Ettelbr\u00fcck und durchstreifen Sie die Stadt auf den Spuren der Gedenkst\u00e4tten der j\u00fcdischen Gemeinde, ihrer Gesch\u00e4ftsleute und des 1881 angelegten Friedhofs. Die Besichtigung wird von einem Freiwilligen des Vereins Al Synagog Ettelbr\u00e9ck geleitet, der einen Ort schaffen m\u00f6chte, um das Zusammenleben in Toleranz und Respekt zu f\u00f6rdern.<\/p>\n<p>Venez d\u00e9couvrir avec nous l\u2019ancienne synagogue d\u2019Ettelbruck, aujourd\u2019hui r\u00e9nov\u00e9e. Nous aurons \u00e9galement l\u2019occasion de parcourir la ville sur les traces des lieux de m\u00e9moire de la communaut\u00e9 juive, de ses commer\u00e7ants, ainsi que de son cimeti\u00e8re cr\u00e9\u00e9 en 1881.<\/p>\n","protected":false},"excerpt":{"rendered":"<p>Entdecken Sie mit uns die renovierte Synagoge in Ettelbr\u00fcck und durchstreifen Sie die Stadt auf den Spuren der Gedenkst\u00e4tten der j\u00fcdischen Gemeinde, ihrer Gesch\u00e4ftsleute und des 1881 angelegten Friedhofs. Die Besichtigung wird von einem Freiwilligen des Vereins Al Synagog Ettelbr\u00e9ck geleitet, der einen Ort schaffen m\u00f6chte, um das Zusammenleben in Toleranz und Respekt zu f\u00f6rdern. [&hellip;]<\/p>\n","protected":false},"featured_media":0,"comment_status":"closed","ping_status":"closed","template":"","meta":{"_acf_changed":false,"inline_featured_image":false},"product_brand":[],"product_cat":[230],"product_tag":[199],"class_list":{"0":"post-9721","1":"product","2":"type-product","3":"status-publish","5":"product_cat-visite","6":"product_tag-culture-senior","8":"first","9":"instock","10":"virtual","11":"purchasable","12":"product-type-simple"},"acf":[],"yoast_head":"<!-- This site is optimized with the Yoast SEO Premium plugin v27.4 (Yoast SEO v27.5) - https:\/\/yoast.com\/product\/yoast-seo-premium-wordpress\/ -->\n<title>Besichtigung: Synagoge in Ettelbr\u00fcck - GERO<\/title>\n<meta name=\"robots\" content=\"index, follow, max-snippet:-1, max-image-preview:large, max-video-preview:-1\" \/>\n<link rel=\"canonical\" href=\"https:\/\/www.gero.lu\/de\/produit\/synagoge-in-luxemburg\" \/>\n<meta property=\"og:locale\" content=\"de_DE\" \/>\n<meta property=\"og:type\" content=\"article\" \/>\n<meta property=\"og:title\" content=\"Besichtigung: Synagoge in Ettelbr\u00fcck\" \/>\n<meta property=\"og:description\" content=\"Entdecken Sie mit uns die renovierte Synagoge in Ettelbr\u00fcck und durchstreifen Sie die Stadt auf den Spuren der Gedenkst\u00e4tten der j\u00fcdischen Gemeinde, ihrer Gesch\u00e4ftsleute und des 1881 angelegten Friedhofs. Die Besichtigung wird von einem Freiwilligen des Vereins Al Synagog Ettelbr\u00e9ck geleitet, der einen Ort schaffen m\u00f6chte, um das Zusammenleben in Toleranz und Respekt zu f\u00f6rdern. [&hellip;]\" \/>\n<meta property=\"og:url\" content=\"https:\/\/www.gero.lu\/de\/produit\/synagoge-in-luxemburg\" \/>\n<meta property=\"og:site_name\" content=\"GERO\" \/>\n<meta property=\"article:publisher\" content=\"https:\/\/www.facebook.com\/Kompetenzzenter\/\" \/>\n<meta property=\"article:modified_time\" content=\"2026-04-20T07:10:40+00:00\" \/>\n<meta property=\"og:image\" content=\"https:\/\/www.gero.lu\/wp-content\/uploads\/2021\/08\/gettyimages-1135289130-2048x2048_RET-1.jpg\" \/>\n\t<meta property=\"og:image:width\" content=\"1227\" \/>\n\t<meta property=\"og:image:height\" content=\"802\" \/>\n\t<meta property=\"og:image:type\" content=\"image\/jpeg\" \/>\n<meta name=\"twitter:card\" content=\"summary_large_image\" \/>\n<meta name=\"twitter:label1\" content=\"Gesch\u00e4tzte Lesezeit\" \/>\n\t<meta name=\"twitter:data1\" content=\"1\u00a0Minute\" \/>\n<script type=\"application\/ld+json\" class=\"yoast-schema-graph\">{\"@context\":\"https:\\\/\\\/schema.org\",\"@graph\":[{\"@type\":\"WebPage\",\"@id\":\"https:\\\/\\\/www.gero.lu\\\/de\\\/produit\\\/synagoge-in-luxemburg\",\"url\":\"https:\\\/\\\/www.gero.lu\\\/de\\\/produit\\\/synagoge-in-luxemburg\",\"name\":\"Besichtigung: Synagoge in Ettelbr\u00fcck - GERO\",\"isPartOf\":{\"@id\":\"https:\\\/\\\/www.gero.lu\\\/de\\\/#website\"},\"datePublished\":\"2025-08-08T14:22:15+00:00\",\"dateModified\":\"2026-04-20T07:10:40+00:00\",\"breadcrumb\":{\"@id\":\"https:\\\/\\\/www.gero.lu\\\/de\\\/produit\\\/synagoge-in-luxemburg#breadcrumb\"},\"inLanguage\":\"de\",\"potentialAction\":[{\"@type\":\"ReadAction\",\"target\":[[\"https:\\\/\\\/www.gero.lu\\\/de\\\/produit\\\/synagoge-in-luxemburg\"]]}]},{\"@type\":\"BreadcrumbList\",\"@id\":\"https:\\\/\\\/www.gero.lu\\\/de\\\/produit\\\/synagoge-in-luxemburg#breadcrumb\",\"itemListElement\":[{\"@type\":\"ListItem\",\"position\":1,\"name\":\"Accueil\",\"item\":\"https:\\\/\\\/www.gero.lu\\\/de\\\/\"},{\"@type\":\"ListItem\",\"position\":2,\"name\":\"Shop\",\"item\":\"https:\\\/\\\/www.gero.lu\\\/de\\\/shop\"},{\"@type\":\"ListItem\",\"position\":3,\"name\":\"Synagoge in Luxemburg\"}]},{\"@type\":\"WebSite\",\"@id\":\"https:\\\/\\\/www.gero.lu\\\/de\\\/#website\",\"url\":\"https:\\\/\\\/www.gero.lu\\\/de\\\/\",\"name\":\"Gero\",\"description\":\"Kompetenzzenter fir den Alter\",\"publisher\":{\"@id\":\"https:\\\/\\\/www.gero.lu\\\/de\\\/#organization\"},\"potentialAction\":[{\"@type\":\"SearchAction\",\"target\":{\"@type\":\"EntryPoint\",\"urlTemplate\":\"https:\\\/\\\/www.gero.lu\\\/de\\\/?s={search_term_string}\"},\"query-input\":{\"@type\":\"PropertyValueSpecification\",\"valueRequired\":true,\"valueName\":\"search_term_string\"}}],\"inLanguage\":\"de\"},{\"@type\":\"Organization\",\"@id\":\"https:\\\/\\\/www.gero.lu\\\/de\\\/#organization\",\"name\":\"Gero\",\"url\":\"https:\\\/\\\/www.gero.lu\\\/de\\\/\",\"logo\":{\"@type\":\"ImageObject\",\"inLanguage\":\"de\",\"@id\":\"https:\\\/\\\/www.gero.lu\\\/de\\\/#\\\/schema\\\/logo\\\/image\\\/\",\"url\":\"https:\\\/\\\/www.gero.lu\\\/wp-content\\\/uploads\\\/2024\\\/04\\\/logo.svg\",\"contentUrl\":\"https:\\\/\\\/www.gero.lu\\\/wp-content\\\/uploads\\\/2024\\\/04\\\/logo.svg\",\"width\":76,\"height\":30,\"caption\":\"Gero\"},\"image\":{\"@id\":\"https:\\\/\\\/www.gero.lu\\\/de\\\/#\\\/schema\\\/logo\\\/image\\\/\"},\"sameAs\":[\"https:\\\/\\\/www.facebook.com\\\/Kompetenzzenter\\\/\",\"https:\\\/\\\/www.instagram.com\\\/gero.kompetenzzenter\\\/\",\"https:\\\/\\\/linkedin.com\\\/company\\\/gero-kompetenzzenter-fir-den-alter\",\"https:\\\/\\\/www.youtube.com\\\/channel\\\/UCJvmJYSeHh3dYQsLHZupj-Q\"]}]}<\/script>\n<!-- \/ Yoast SEO Premium plugin. -->","yoast_head_json":{"title":"Besichtigung: Synagoge in Ettelbr\u00fcck - GERO","robots":{"index":"index","follow":"follow","max-snippet":"max-snippet:-1","max-image-preview":"max-image-preview:large","max-video-preview":"max-video-preview:-1"},"canonical":"https:\/\/www.gero.lu\/de\/produit\/synagoge-in-luxemburg","og_locale":"de_DE","og_type":"article","og_title":"Besichtigung: Synagoge in Ettelbr\u00fcck","og_description":"Entdecken Sie mit uns die renovierte Synagoge in Ettelbr\u00fcck und durchstreifen Sie die Stadt auf den Spuren der Gedenkst\u00e4tten der j\u00fcdischen Gemeinde, ihrer Gesch\u00e4ftsleute und des 1881 angelegten Friedhofs. Die Besichtigung wird von einem Freiwilligen des Vereins Al Synagog Ettelbr\u00e9ck geleitet, der einen Ort schaffen m\u00f6chte, um das Zusammenleben in Toleranz und Respekt zu f\u00f6rdern. [&hellip;]","og_url":"https:\/\/www.gero.lu\/de\/produit\/synagoge-in-luxemburg","og_site_name":"GERO","article_publisher":"https:\/\/www.facebook.com\/Kompetenzzenter\/","article_modified_time":"2026-04-20T07:10:40+00:00","og_image":[{"width":1227,"height":802,"url":"https:\/\/www.gero.lu\/wp-content\/uploads\/2021\/08\/gettyimages-1135289130-2048x2048_RET-1.jpg","type":"image\/jpeg"}],"twitter_card":"summary_large_image","twitter_misc":{"Gesch\u00e4tzte Lesezeit":"1\u00a0Minute"},"schema":{"@context":"https:\/\/schema.org","@graph":[{"@type":"WebPage","@id":"https:\/\/www.gero.lu\/de\/produit\/synagoge-in-luxemburg","url":"https:\/\/www.gero.lu\/de\/produit\/synagoge-in-luxemburg","name":"Besichtigung: Synagoge in Ettelbr\u00fcck - GERO","isPartOf":{"@id":"https:\/\/www.gero.lu\/de\/#website"},"datePublished":"2025-08-08T14:22:15+00:00","dateModified":"2026-04-20T07:10:40+00:00","breadcrumb":{"@id":"https:\/\/www.gero.lu\/de\/produit\/synagoge-in-luxemburg#breadcrumb"},"inLanguage":"de","potentialAction":[{"@type":"ReadAction","target":[["https:\/\/www.gero.lu\/de\/produit\/synagoge-in-luxemburg"]]}]},{"@type":"BreadcrumbList","@id":"https:\/\/www.gero.lu\/de\/produit\/synagoge-in-luxemburg#breadcrumb","itemListElement":[{"@type":"ListItem","position":1,"name":"Accueil","item":"https:\/\/www.gero.lu\/de\/"},{"@type":"ListItem","position":2,"name":"Shop","item":"https:\/\/www.gero.lu\/de\/shop"},{"@type":"ListItem","position":3,"name":"Synagoge in Luxemburg"}]},{"@type":"WebSite","@id":"https:\/\/www.gero.lu\/de\/#website","url":"https:\/\/www.gero.lu\/de\/","name":"Gero","description":"Kompetenzzenter fir den Alter","publisher":{"@id":"https:\/\/www.gero.lu\/de\/#organization"},"potentialAction":[{"@type":"SearchAction","target":{"@type":"EntryPoint","urlTemplate":"https:\/\/www.gero.lu\/de\/?s={search_term_string}"},"query-input":{"@type":"PropertyValueSpecification","valueRequired":true,"valueName":"search_term_string"}}],"inLanguage":"de"},{"@type":"Organization","@id":"https:\/\/www.gero.lu\/de\/#organization","name":"Gero","url":"https:\/\/www.gero.lu\/de\/","logo":{"@type":"ImageObject","inLanguage":"de","@id":"https:\/\/www.gero.lu\/de\/#\/schema\/logo\/image\/","url":"https:\/\/www.gero.lu\/wp-content\/uploads\/2024\/04\/logo.svg","contentUrl":"https:\/\/www.gero.lu\/wp-content\/uploads\/2024\/04\/logo.svg","width":76,"height":30,"caption":"Gero"},"image":{"@id":"https:\/\/www.gero.lu\/de\/#\/schema\/logo\/image\/"},"sameAs":["https:\/\/www.facebook.com\/Kompetenzzenter\/","https:\/\/www.instagram.com\/gero.kompetenzzenter\/","https:\/\/linkedin.com\/company\/gero-kompetenzzenter-fir-den-alter","https:\/\/www.youtube.com\/channel\/UCJvmJYSeHh3dYQsLHZupj-Q"]}]}},"_links":{"self":[{"href":"https:\/\/www.gero.lu\/de\/wp-json\/wp\/v2\/product\/9721","targetHints":{"allow":["GET"]}}],"collection":[{"href":"https:\/\/www.gero.lu\/de\/wp-json\/wp\/v2\/product"}],"about":[{"href":"https:\/\/www.gero.lu\/de\/wp-json\/wp\/v2\/types\/product"}],"replies":[{"embeddable":true,"href":"https:\/\/www.gero.lu\/de\/wp-json\/wp\/v2\/comments?post=9721"}],"wp:attachment":[{"href":"https:\/\/www.gero.lu\/de\/wp-json\/wp\/v2\/media?parent=9721"}],"wp:term":[{"taxonomy":"product_brand","embeddable":true,"href":"https:\/\/www.gero.lu\/de\/wp-json\/wp\/v2\/product_brand?post=9721"},{"taxonomy":"product_cat","embeddable":true,"href":"https:\/\/www.gero.lu\/de\/wp-json\/wp\/v2\/product_cat?post=9721"},{"taxonomy":"product_tag","embeddable":true,"href":"https:\/\/www.gero.lu\/de\/wp-json\/wp\/v2\/product_tag?post=9721"}],"curies":[{"name":"wp","href":"https:\/\/api.w.org\/{rel}","templated":true}]}}