{"id":9712,"date":"2025-08-08T13:21:46","date_gmt":"2025-08-08T13:21:46","guid":{"rendered":"https:\/\/www.gero.lu\/produit\/le-pre-deuil-et-le-deuil-blanc-mieux-faire-la-difference"},"modified":"2025-12-10T11:21:32","modified_gmt":"2025-12-10T11:21:32","slug":"le-pre-deuil-et-le-deuil-blanc-mieux-faire-la-difference","status":"publish","type":"product","link":"https:\/\/www.gero.lu\/de\/produit\/le-pre-deuil-et-le-deuil-blanc-mieux-faire-la-difference","title":{"rendered":"Le pr\u00e9-deuil et le deuil blanc &#8211; Mieux faire la diff\u00e9rence"},"content":{"rendered":"<p>Cette conf\u00e9rence, \u00e9galement anim\u00e9e par Patricia Ferrante, sophrologue sp\u00e9cialis\u00e9e dans l\u2019accompagnement des deuils, vous aidera \u00e0 mieux comprendre ce que vivent les personnes en fin de vie (au sens large) et\/ou les personnes atteintes de d\u00e9mence et, enfin, ce que traversent leurs proches, aidants ou non. Nous r\u00e9fl\u00e9chirons aussi \u00e0 ce qui peut soutenir ces personnes dans ces temps de vie bouscul\u00e9s. Enfin, vos questions seront les bienvenues et guideront les \u00e9changes.<\/p>\n","protected":false},"excerpt":{"rendered":"<p>Cette conf\u00e9rence, \u00e9galement anim\u00e9e par Patricia Ferrante, sophrologue sp\u00e9cialis\u00e9e dans l\u2019accompagnement des deuils, vous aidera \u00e0 mieux comprendre ce que vivent les personnes en fin de vie (au sens large) et\/ou les personnes atteintes de d\u00e9mence et, enfin, ce que traversent leurs proches, aidants ou non. Nous r\u00e9fl\u00e9chirons aussi \u00e0 ce qui peut soutenir ces [&hellip;]<\/p>\n","protected":false},"featured_media":0,"comment_status":"closed","ping_status":"closed","template":"","meta":{"_acf_changed":false,"inline_featured_image":false},"product_brand":[],"product_cat":[228],"product_tag":[203],"class_list":{"0":"post-9712","1":"product","2":"type-product","3":"status-publish","5":"product_cat-conference","6":"product_tag-connaissance-de-vie-senior","8":"first","9":"instock","10":"virtual","11":"purchasable","12":"product-type-simple"},"acf":[],"yoast_head":"<!-- This site is optimized with the Yoast SEO Premium plugin v27.4 (Yoast SEO v27.5) - https:\/\/yoast.com\/product\/yoast-seo-premium-wordpress\/ -->\n<title>Le pr\u00e9-deuil et le deuil blanc - Mieux faire la diff\u00e9rence - GERO<\/title>\n<meta name=\"robots\" content=\"index, follow, max-snippet:-1, max-image-preview:large, max-video-preview:-1\" \/>\n<link rel=\"canonical\" href=\"https:\/\/www.gero.lu\/de\/produit\/le-pre-deuil-et-le-deuil-blanc-mieux-faire-la-difference\" \/>\n<meta property=\"og:locale\" content=\"de_DE\" \/>\n<meta property=\"og:type\" content=\"article\" \/>\n<meta property=\"og:title\" content=\"Le pr\u00e9-deuil et le deuil blanc - Mieux faire la diff\u00e9rence\" \/>\n<meta property=\"og:description\" content=\"Cette conf\u00e9rence, \u00e9galement anim\u00e9e par Patricia Ferrante, sophrologue sp\u00e9cialis\u00e9e dans l\u2019accompagnement des deuils, vous aidera \u00e0 mieux comprendre ce que vivent les personnes en fin de vie (au sens large) et\/ou les personnes atteintes de d\u00e9mence et, enfin, ce que traversent leurs proches, aidants ou non. Nous r\u00e9fl\u00e9chirons aussi \u00e0 ce qui peut soutenir ces [&hellip;]\" \/>\n<meta property=\"og:url\" content=\"https:\/\/www.gero.lu\/de\/produit\/le-pre-deuil-et-le-deuil-blanc-mieux-faire-la-difference\" \/>\n<meta property=\"og:site_name\" content=\"GERO\" \/>\n<meta property=\"article:publisher\" content=\"https:\/\/www.facebook.com\/Kompetenzzenter\/\" \/>\n<meta property=\"article:modified_time\" content=\"2025-12-10T11:21:32+00:00\" \/>\n<meta property=\"og:image\" content=\"https:\/\/www.gero.lu\/wp-content\/uploads\/2021\/08\/gettyimages-1135289130-2048x2048_RET-1.jpg\" \/>\n\t<meta property=\"og:image:width\" content=\"1227\" \/>\n\t<meta property=\"og:image:height\" content=\"802\" \/>\n\t<meta property=\"og:image:type\" content=\"image\/jpeg\" \/>\n<meta name=\"twitter:card\" content=\"summary_large_image\" \/>\n<script type=\"application\/ld+json\" class=\"yoast-schema-graph\">{\"@context\":\"https:\\\/\\\/schema.org\",\"@graph\":[{\"@type\":\"WebPage\",\"@id\":\"https:\\\/\\\/www.gero.lu\\\/de\\\/produit\\\/le-pre-deuil-et-le-deuil-blanc-mieux-faire-la-difference\",\"url\":\"https:\\\/\\\/www.gero.lu\\\/de\\\/produit\\\/le-pre-deuil-et-le-deuil-blanc-mieux-faire-la-difference\",\"name\":\"Le pr\u00e9-deuil et le deuil blanc - Mieux faire la diff\u00e9rence - GERO\",\"isPartOf\":{\"@id\":\"https:\\\/\\\/www.gero.lu\\\/de\\\/#website\"},\"datePublished\":\"2025-08-08T13:21:46+00:00\",\"dateModified\":\"2025-12-10T11:21:32+00:00\",\"breadcrumb\":{\"@id\":\"https:\\\/\\\/www.gero.lu\\\/de\\\/produit\\\/le-pre-deuil-et-le-deuil-blanc-mieux-faire-la-difference#breadcrumb\"},\"inLanguage\":\"de\",\"potentialAction\":[{\"@type\":\"ReadAction\",\"target\":[[\"https:\\\/\\\/www.gero.lu\\\/de\\\/produit\\\/le-pre-deuil-et-le-deuil-blanc-mieux-faire-la-difference\"]]}]},{\"@type\":\"BreadcrumbList\",\"@id\":\"https:\\\/\\\/www.gero.lu\\\/de\\\/produit\\\/le-pre-deuil-et-le-deuil-blanc-mieux-faire-la-difference#breadcrumb\",\"itemListElement\":[{\"@type\":\"ListItem\",\"position\":1,\"name\":\"Accueil\",\"item\":\"https:\\\/\\\/www.gero.lu\\\/de\\\/\"},{\"@type\":\"ListItem\",\"position\":2,\"name\":\"Shop\",\"item\":\"https:\\\/\\\/www.gero.lu\\\/de\\\/shop\"},{\"@type\":\"ListItem\",\"position\":3,\"name\":\"Le pr\u00e9-deuil et le deuil blanc &#8211; Mieux faire la diff\u00e9rence\"}]},{\"@type\":\"WebSite\",\"@id\":\"https:\\\/\\\/www.gero.lu\\\/de\\\/#website\",\"url\":\"https:\\\/\\\/www.gero.lu\\\/de\\\/\",\"name\":\"Gero\",\"description\":\"Kompetenzzenter fir den Alter\",\"publisher\":{\"@id\":\"https:\\\/\\\/www.gero.lu\\\/de\\\/#organization\"},\"potentialAction\":[{\"@type\":\"SearchAction\",\"target\":{\"@type\":\"EntryPoint\",\"urlTemplate\":\"https:\\\/\\\/www.gero.lu\\\/de\\\/?s={search_term_string}\"},\"query-input\":{\"@type\":\"PropertyValueSpecification\",\"valueRequired\":true,\"valueName\":\"search_term_string\"}}],\"inLanguage\":\"de\"},{\"@type\":\"Organization\",\"@id\":\"https:\\\/\\\/www.gero.lu\\\/de\\\/#organization\",\"name\":\"Gero\",\"url\":\"https:\\\/\\\/www.gero.lu\\\/de\\\/\",\"logo\":{\"@type\":\"ImageObject\",\"inLanguage\":\"de\",\"@id\":\"https:\\\/\\\/www.gero.lu\\\/de\\\/#\\\/schema\\\/logo\\\/image\\\/\",\"url\":\"https:\\\/\\\/www.gero.lu\\\/wp-content\\\/uploads\\\/2024\\\/04\\\/logo.svg\",\"contentUrl\":\"https:\\\/\\\/www.gero.lu\\\/wp-content\\\/uploads\\\/2024\\\/04\\\/logo.svg\",\"width\":76,\"height\":30,\"caption\":\"Gero\"},\"image\":{\"@id\":\"https:\\\/\\\/www.gero.lu\\\/de\\\/#\\\/schema\\\/logo\\\/image\\\/\"},\"sameAs\":[\"https:\\\/\\\/www.facebook.com\\\/Kompetenzzenter\\\/\",\"https:\\\/\\\/www.instagram.com\\\/gero.kompetenzzenter\\\/\",\"https:\\\/\\\/linkedin.com\\\/company\\\/gero-kompetenzzenter-fir-den-alter\",\"https:\\\/\\\/www.youtube.com\\\/channel\\\/UCJvmJYSeHh3dYQsLHZupj-Q\"]}]}<\/script>\n<!-- \/ Yoast SEO Premium plugin. -->","yoast_head_json":{"title":"Le pr\u00e9-deuil et le deuil blanc - Mieux faire la diff\u00e9rence - GERO","robots":{"index":"index","follow":"follow","max-snippet":"max-snippet:-1","max-image-preview":"max-image-preview:large","max-video-preview":"max-video-preview:-1"},"canonical":"https:\/\/www.gero.lu\/de\/produit\/le-pre-deuil-et-le-deuil-blanc-mieux-faire-la-difference","og_locale":"de_DE","og_type":"article","og_title":"Le pr\u00e9-deuil et le deuil blanc - Mieux faire la diff\u00e9rence","og_description":"Cette conf\u00e9rence, \u00e9galement anim\u00e9e par Patricia Ferrante, sophrologue sp\u00e9cialis\u00e9e dans l\u2019accompagnement des deuils, vous aidera \u00e0 mieux comprendre ce que vivent les personnes en fin de vie (au sens large) et\/ou les personnes atteintes de d\u00e9mence et, enfin, ce que traversent leurs proches, aidants ou non. Nous r\u00e9fl\u00e9chirons aussi \u00e0 ce qui peut soutenir ces [&hellip;]","og_url":"https:\/\/www.gero.lu\/de\/produit\/le-pre-deuil-et-le-deuil-blanc-mieux-faire-la-difference","og_site_name":"GERO","article_publisher":"https:\/\/www.facebook.com\/Kompetenzzenter\/","article_modified_time":"2025-12-10T11:21:32+00:00","og_image":[{"width":1227,"height":802,"url":"https:\/\/www.gero.lu\/wp-content\/uploads\/2021\/08\/gettyimages-1135289130-2048x2048_RET-1.jpg","type":"image\/jpeg"}],"twitter_card":"summary_large_image","schema":{"@context":"https:\/\/schema.org","@graph":[{"@type":"WebPage","@id":"https:\/\/www.gero.lu\/de\/produit\/le-pre-deuil-et-le-deuil-blanc-mieux-faire-la-difference","url":"https:\/\/www.gero.lu\/de\/produit\/le-pre-deuil-et-le-deuil-blanc-mieux-faire-la-difference","name":"Le pr\u00e9-deuil et le deuil blanc - Mieux faire la diff\u00e9rence - GERO","isPartOf":{"@id":"https:\/\/www.gero.lu\/de\/#website"},"datePublished":"2025-08-08T13:21:46+00:00","dateModified":"2025-12-10T11:21:32+00:00","breadcrumb":{"@id":"https:\/\/www.gero.lu\/de\/produit\/le-pre-deuil-et-le-deuil-blanc-mieux-faire-la-difference#breadcrumb"},"inLanguage":"de","potentialAction":[{"@type":"ReadAction","target":[["https:\/\/www.gero.lu\/de\/produit\/le-pre-deuil-et-le-deuil-blanc-mieux-faire-la-difference"]]}]},{"@type":"BreadcrumbList","@id":"https:\/\/www.gero.lu\/de\/produit\/le-pre-deuil-et-le-deuil-blanc-mieux-faire-la-difference#breadcrumb","itemListElement":[{"@type":"ListItem","position":1,"name":"Accueil","item":"https:\/\/www.gero.lu\/de\/"},{"@type":"ListItem","position":2,"name":"Shop","item":"https:\/\/www.gero.lu\/de\/shop"},{"@type":"ListItem","position":3,"name":"Le pr\u00e9-deuil et le deuil blanc &#8211; Mieux faire la diff\u00e9rence"}]},{"@type":"WebSite","@id":"https:\/\/www.gero.lu\/de\/#website","url":"https:\/\/www.gero.lu\/de\/","name":"Gero","description":"Kompetenzzenter fir den Alter","publisher":{"@id":"https:\/\/www.gero.lu\/de\/#organization"},"potentialAction":[{"@type":"SearchAction","target":{"@type":"EntryPoint","urlTemplate":"https:\/\/www.gero.lu\/de\/?s={search_term_string}"},"query-input":{"@type":"PropertyValueSpecification","valueRequired":true,"valueName":"search_term_string"}}],"inLanguage":"de"},{"@type":"Organization","@id":"https:\/\/www.gero.lu\/de\/#organization","name":"Gero","url":"https:\/\/www.gero.lu\/de\/","logo":{"@type":"ImageObject","inLanguage":"de","@id":"https:\/\/www.gero.lu\/de\/#\/schema\/logo\/image\/","url":"https:\/\/www.gero.lu\/wp-content\/uploads\/2024\/04\/logo.svg","contentUrl":"https:\/\/www.gero.lu\/wp-content\/uploads\/2024\/04\/logo.svg","width":76,"height":30,"caption":"Gero"},"image":{"@id":"https:\/\/www.gero.lu\/de\/#\/schema\/logo\/image\/"},"sameAs":["https:\/\/www.facebook.com\/Kompetenzzenter\/","https:\/\/www.instagram.com\/gero.kompetenzzenter\/","https:\/\/linkedin.com\/company\/gero-kompetenzzenter-fir-den-alter","https:\/\/www.youtube.com\/channel\/UCJvmJYSeHh3dYQsLHZupj-Q"]}]}},"_links":{"self":[{"href":"https:\/\/www.gero.lu\/de\/wp-json\/wp\/v2\/product\/9712","targetHints":{"allow":["GET"]}}],"collection":[{"href":"https:\/\/www.gero.lu\/de\/wp-json\/wp\/v2\/product"}],"about":[{"href":"https:\/\/www.gero.lu\/de\/wp-json\/wp\/v2\/types\/product"}],"replies":[{"embeddable":true,"href":"https:\/\/www.gero.lu\/de\/wp-json\/wp\/v2\/comments?post=9712"}],"wp:attachment":[{"href":"https:\/\/www.gero.lu\/de\/wp-json\/wp\/v2\/media?parent=9712"}],"wp:term":[{"taxonomy":"product_brand","embeddable":true,"href":"https:\/\/www.gero.lu\/de\/wp-json\/wp\/v2\/product_brand?post=9712"},{"taxonomy":"product_cat","embeddable":true,"href":"https:\/\/www.gero.lu\/de\/wp-json\/wp\/v2\/product_cat?post=9712"},{"taxonomy":"product_tag","embeddable":true,"href":"https:\/\/www.gero.lu\/de\/wp-json\/wp\/v2\/product_tag?post=9712"}],"curies":[{"name":"wp","href":"https:\/\/api.w.org\/{rel}","templated":true}]}}