{"id":9702,"date":"2025-08-08T10:21:59","date_gmt":"2025-08-08T10:21:59","guid":{"rendered":"https:\/\/www.gero.lu\/produit\/balade-accompagnee-bain-de-foret"},"modified":"2025-09-17T10:24:32","modified_gmt":"2025-09-17T10:24:32","slug":"balade-accompagnee-bain-de-foret","status":"publish","type":"product","link":"https:\/\/www.gero.lu\/de\/produit\/balade-accompagnee-bain-de-foret","title":{"rendered":"Balade accompagn\u00e9e: Bain de for\u00eat"},"content":{"rendered":"<p>Lors d\u2019une marche lente, jalonn\u00e9e de pauses inspirantes, nous r\u00e9veillerons tous nos sens pour se remplir des bienfaits de la nature. Le bain de for\u00eat ou Shinrin Yoku est une m\u00e9decine pr\u00e9ventive initi\u00e9e au Japon en 1982 et soumise \u00e0 des recherches scientifiques qui ont d\u00e9montr\u00e9 ses bienfaits, notamment sur le syst\u00e8me immunitaire, l&#8217;anxi\u00e9t\u00e9 et le stress, la concentration et la qualit\u00e9 du sommeil. La balade sera accompagn\u00e9e par Patricia Ferrante, formatrice et sophrologue.<\/p>\n<p>A pr\u00e9voir: v\u00eatements adapt\u00e9s \u00e0 la m\u00e9t\u00e9o &#8211; Baskets<\/p>\n","protected":false},"excerpt":{"rendered":"<p>Lors d\u2019une marche lente, jalonn\u00e9e de pauses inspirantes, nous r\u00e9veillerons tous nos sens pour se remplir des bienfaits de la nature. Le bain de for\u00eat ou Shinrin Yoku est une m\u00e9decine pr\u00e9ventive initi\u00e9e au Japon en 1982 et soumise \u00e0 des recherches scientifiques qui ont d\u00e9montr\u00e9 ses bienfaits, notamment sur le syst\u00e8me immunitaire, l&#8217;anxi\u00e9t\u00e9 et [&hellip;]<\/p>\n","protected":false},"featured_media":0,"comment_status":"closed","ping_status":"closed","template":"","meta":{"_acf_changed":false,"inline_featured_image":false},"product_brand":[],"product_cat":[230],"product_tag":[200],"class_list":{"0":"post-9702","1":"product","2":"type-product","3":"status-publish","5":"product_cat-visite","6":"product_tag-sante-senior","8":"first","9":"instock","10":"virtual","11":"purchasable","12":"product-type-simple"},"acf":[],"yoast_head":"<!-- This site is optimized with the Yoast SEO Premium plugin v27.4 (Yoast SEO v27.5) - https:\/\/yoast.com\/product\/yoast-seo-premium-wordpress\/ -->\n<title>Balade accompagn\u00e9e: Bain de for\u00eat - GERO<\/title>\n<meta name=\"robots\" content=\"index, follow, max-snippet:-1, max-image-preview:large, max-video-preview:-1\" \/>\n<link rel=\"canonical\" href=\"https:\/\/www.gero.lu\/de\/produit\/balade-accompagnee-bain-de-foret\" \/>\n<meta property=\"og:locale\" content=\"de_DE\" \/>\n<meta property=\"og:type\" content=\"article\" \/>\n<meta property=\"og:title\" content=\"Balade accompagn\u00e9e: Bain de for\u00eat\" \/>\n<meta property=\"og:description\" content=\"Lors d\u2019une marche lente, jalonn\u00e9e de pauses inspirantes, nous r\u00e9veillerons tous nos sens pour se remplir des bienfaits de la nature. Le bain de for\u00eat ou Shinrin Yoku est une m\u00e9decine pr\u00e9ventive initi\u00e9e au Japon en 1982 et soumise \u00e0 des recherches scientifiques qui ont d\u00e9montr\u00e9 ses bienfaits, notamment sur le syst\u00e8me immunitaire, l&#8217;anxi\u00e9t\u00e9 et [&hellip;]\" \/>\n<meta property=\"og:url\" content=\"https:\/\/www.gero.lu\/de\/produit\/balade-accompagnee-bain-de-foret\" \/>\n<meta property=\"og:site_name\" content=\"GERO\" \/>\n<meta property=\"article:publisher\" content=\"https:\/\/www.facebook.com\/Kompetenzzenter\/\" \/>\n<meta property=\"article:modified_time\" content=\"2025-09-17T10:24:32+00:00\" \/>\n<meta property=\"og:image\" content=\"https:\/\/www.gero.lu\/wp-content\/uploads\/2021\/08\/gettyimages-1135289130-2048x2048_RET-1.jpg\" \/>\n\t<meta property=\"og:image:width\" content=\"1227\" \/>\n\t<meta property=\"og:image:height\" content=\"802\" \/>\n\t<meta property=\"og:image:type\" content=\"image\/jpeg\" \/>\n<meta name=\"twitter:card\" content=\"summary_large_image\" \/>\n<script type=\"application\/ld+json\" class=\"yoast-schema-graph\">{\"@context\":\"https:\\\/\\\/schema.org\",\"@graph\":[{\"@type\":\"WebPage\",\"@id\":\"https:\\\/\\\/www.gero.lu\\\/de\\\/produit\\\/balade-accompagnee-bain-de-foret\",\"url\":\"https:\\\/\\\/www.gero.lu\\\/de\\\/produit\\\/balade-accompagnee-bain-de-foret\",\"name\":\"Balade accompagn\u00e9e: Bain de for\u00eat - GERO\",\"isPartOf\":{\"@id\":\"https:\\\/\\\/www.gero.lu\\\/de\\\/#website\"},\"datePublished\":\"2025-08-08T10:21:59+00:00\",\"dateModified\":\"2025-09-17T10:24:32+00:00\",\"breadcrumb\":{\"@id\":\"https:\\\/\\\/www.gero.lu\\\/de\\\/produit\\\/balade-accompagnee-bain-de-foret#breadcrumb\"},\"inLanguage\":\"de\",\"potentialAction\":[{\"@type\":\"ReadAction\",\"target\":[[\"https:\\\/\\\/www.gero.lu\\\/de\\\/produit\\\/balade-accompagnee-bain-de-foret\"]]}]},{\"@type\":\"BreadcrumbList\",\"@id\":\"https:\\\/\\\/www.gero.lu\\\/de\\\/produit\\\/balade-accompagnee-bain-de-foret#breadcrumb\",\"itemListElement\":[{\"@type\":\"ListItem\",\"position\":1,\"name\":\"Accueil\",\"item\":\"https:\\\/\\\/www.gero.lu\\\/de\\\/\"},{\"@type\":\"ListItem\",\"position\":2,\"name\":\"Shop\",\"item\":\"https:\\\/\\\/www.gero.lu\\\/de\\\/shop\"},{\"@type\":\"ListItem\",\"position\":3,\"name\":\"Balade accompagn\u00e9e: Bain de for\u00eat\"}]},{\"@type\":\"WebSite\",\"@id\":\"https:\\\/\\\/www.gero.lu\\\/de\\\/#website\",\"url\":\"https:\\\/\\\/www.gero.lu\\\/de\\\/\",\"name\":\"Gero\",\"description\":\"Kompetenzzenter fir den Alter\",\"publisher\":{\"@id\":\"https:\\\/\\\/www.gero.lu\\\/de\\\/#organization\"},\"potentialAction\":[{\"@type\":\"SearchAction\",\"target\":{\"@type\":\"EntryPoint\",\"urlTemplate\":\"https:\\\/\\\/www.gero.lu\\\/de\\\/?s={search_term_string}\"},\"query-input\":{\"@type\":\"PropertyValueSpecification\",\"valueRequired\":true,\"valueName\":\"search_term_string\"}}],\"inLanguage\":\"de\"},{\"@type\":\"Organization\",\"@id\":\"https:\\\/\\\/www.gero.lu\\\/de\\\/#organization\",\"name\":\"Gero\",\"url\":\"https:\\\/\\\/www.gero.lu\\\/de\\\/\",\"logo\":{\"@type\":\"ImageObject\",\"inLanguage\":\"de\",\"@id\":\"https:\\\/\\\/www.gero.lu\\\/de\\\/#\\\/schema\\\/logo\\\/image\\\/\",\"url\":\"https:\\\/\\\/www.gero.lu\\\/wp-content\\\/uploads\\\/2024\\\/04\\\/logo.svg\",\"contentUrl\":\"https:\\\/\\\/www.gero.lu\\\/wp-content\\\/uploads\\\/2024\\\/04\\\/logo.svg\",\"width\":76,\"height\":30,\"caption\":\"Gero\"},\"image\":{\"@id\":\"https:\\\/\\\/www.gero.lu\\\/de\\\/#\\\/schema\\\/logo\\\/image\\\/\"},\"sameAs\":[\"https:\\\/\\\/www.facebook.com\\\/Kompetenzzenter\\\/\",\"https:\\\/\\\/www.instagram.com\\\/gero.kompetenzzenter\\\/\",\"https:\\\/\\\/linkedin.com\\\/company\\\/gero-kompetenzzenter-fir-den-alter\",\"https:\\\/\\\/www.youtube.com\\\/channel\\\/UCJvmJYSeHh3dYQsLHZupj-Q\"]}]}<\/script>\n<!-- \/ Yoast SEO Premium plugin. -->","yoast_head_json":{"title":"Balade accompagn\u00e9e: Bain de for\u00eat - GERO","robots":{"index":"index","follow":"follow","max-snippet":"max-snippet:-1","max-image-preview":"max-image-preview:large","max-video-preview":"max-video-preview:-1"},"canonical":"https:\/\/www.gero.lu\/de\/produit\/balade-accompagnee-bain-de-foret","og_locale":"de_DE","og_type":"article","og_title":"Balade accompagn\u00e9e: Bain de for\u00eat","og_description":"Lors d\u2019une marche lente, jalonn\u00e9e de pauses inspirantes, nous r\u00e9veillerons tous nos sens pour se remplir des bienfaits de la nature. Le bain de for\u00eat ou Shinrin Yoku est une m\u00e9decine pr\u00e9ventive initi\u00e9e au Japon en 1982 et soumise \u00e0 des recherches scientifiques qui ont d\u00e9montr\u00e9 ses bienfaits, notamment sur le syst\u00e8me immunitaire, l&#8217;anxi\u00e9t\u00e9 et [&hellip;]","og_url":"https:\/\/www.gero.lu\/de\/produit\/balade-accompagnee-bain-de-foret","og_site_name":"GERO","article_publisher":"https:\/\/www.facebook.com\/Kompetenzzenter\/","article_modified_time":"2025-09-17T10:24:32+00:00","og_image":[{"width":1227,"height":802,"url":"https:\/\/www.gero.lu\/wp-content\/uploads\/2021\/08\/gettyimages-1135289130-2048x2048_RET-1.jpg","type":"image\/jpeg"}],"twitter_card":"summary_large_image","schema":{"@context":"https:\/\/schema.org","@graph":[{"@type":"WebPage","@id":"https:\/\/www.gero.lu\/de\/produit\/balade-accompagnee-bain-de-foret","url":"https:\/\/www.gero.lu\/de\/produit\/balade-accompagnee-bain-de-foret","name":"Balade accompagn\u00e9e: Bain de for\u00eat - GERO","isPartOf":{"@id":"https:\/\/www.gero.lu\/de\/#website"},"datePublished":"2025-08-08T10:21:59+00:00","dateModified":"2025-09-17T10:24:32+00:00","breadcrumb":{"@id":"https:\/\/www.gero.lu\/de\/produit\/balade-accompagnee-bain-de-foret#breadcrumb"},"inLanguage":"de","potentialAction":[{"@type":"ReadAction","target":[["https:\/\/www.gero.lu\/de\/produit\/balade-accompagnee-bain-de-foret"]]}]},{"@type":"BreadcrumbList","@id":"https:\/\/www.gero.lu\/de\/produit\/balade-accompagnee-bain-de-foret#breadcrumb","itemListElement":[{"@type":"ListItem","position":1,"name":"Accueil","item":"https:\/\/www.gero.lu\/de\/"},{"@type":"ListItem","position":2,"name":"Shop","item":"https:\/\/www.gero.lu\/de\/shop"},{"@type":"ListItem","position":3,"name":"Balade accompagn\u00e9e: Bain de for\u00eat"}]},{"@type":"WebSite","@id":"https:\/\/www.gero.lu\/de\/#website","url":"https:\/\/www.gero.lu\/de\/","name":"Gero","description":"Kompetenzzenter fir den Alter","publisher":{"@id":"https:\/\/www.gero.lu\/de\/#organization"},"potentialAction":[{"@type":"SearchAction","target":{"@type":"EntryPoint","urlTemplate":"https:\/\/www.gero.lu\/de\/?s={search_term_string}"},"query-input":{"@type":"PropertyValueSpecification","valueRequired":true,"valueName":"search_term_string"}}],"inLanguage":"de"},{"@type":"Organization","@id":"https:\/\/www.gero.lu\/de\/#organization","name":"Gero","url":"https:\/\/www.gero.lu\/de\/","logo":{"@type":"ImageObject","inLanguage":"de","@id":"https:\/\/www.gero.lu\/de\/#\/schema\/logo\/image\/","url":"https:\/\/www.gero.lu\/wp-content\/uploads\/2024\/04\/logo.svg","contentUrl":"https:\/\/www.gero.lu\/wp-content\/uploads\/2024\/04\/logo.svg","width":76,"height":30,"caption":"Gero"},"image":{"@id":"https:\/\/www.gero.lu\/de\/#\/schema\/logo\/image\/"},"sameAs":["https:\/\/www.facebook.com\/Kompetenzzenter\/","https:\/\/www.instagram.com\/gero.kompetenzzenter\/","https:\/\/linkedin.com\/company\/gero-kompetenzzenter-fir-den-alter","https:\/\/www.youtube.com\/channel\/UCJvmJYSeHh3dYQsLHZupj-Q"]}]}},"_links":{"self":[{"href":"https:\/\/www.gero.lu\/de\/wp-json\/wp\/v2\/product\/9702","targetHints":{"allow":["GET"]}}],"collection":[{"href":"https:\/\/www.gero.lu\/de\/wp-json\/wp\/v2\/product"}],"about":[{"href":"https:\/\/www.gero.lu\/de\/wp-json\/wp\/v2\/types\/product"}],"replies":[{"embeddable":true,"href":"https:\/\/www.gero.lu\/de\/wp-json\/wp\/v2\/comments?post=9702"}],"wp:attachment":[{"href":"https:\/\/www.gero.lu\/de\/wp-json\/wp\/v2\/media?parent=9702"}],"wp:term":[{"taxonomy":"product_brand","embeddable":true,"href":"https:\/\/www.gero.lu\/de\/wp-json\/wp\/v2\/product_brand?post=9702"},{"taxonomy":"product_cat","embeddable":true,"href":"https:\/\/www.gero.lu\/de\/wp-json\/wp\/v2\/product_cat?post=9702"},{"taxonomy":"product_tag","embeddable":true,"href":"https:\/\/www.gero.lu\/de\/wp-json\/wp\/v2\/product_tag?post=9702"}],"curies":[{"name":"wp","href":"https:\/\/api.w.org\/{rel}","templated":true}]}}