{"id":9437,"date":"2025-06-06T08:25:16","date_gmt":"2025-06-06T08:25:16","guid":{"rendered":"https:\/\/www.gero.lu\/produit\/discussion-du-groupe-participez-a-notre-etude-sur-la-retraite"},"modified":"2025-07-07T15:22:41","modified_gmt":"2025-07-07T15:22:41","slug":"discussion-du-groupe-participez-a-notre-etude-sur-la-retraite","status":"publish","type":"product","link":"https:\/\/www.gero.lu\/de\/produit\/discussion-du-groupe-participez-a-notre-etude-sur-la-retraite","title":{"rendered":"Discussion de groupe: Participez \u00e0 notre \u00e9tude sur la retraite!"},"content":{"rendered":"<p>Prenez la parole, on vous \u00e9coute!<br \/>\nQuoi de mieux que de partager son point de vue avec d\u2019autres personnes autour d\u2019un bon g\u00e2teau et de rafra\u00eechissements\u202f?  <\/p>\n<p>Vous \u00eates depuis minimum trois ans \u00e0 la retraite et vous ne poursuivez aucune occupation professionnelle\u202f? <\/p>\n<p>Vous avez envie de nous partager votre exp\u00e9rience de la retraite\u202fet d\u2019\u00e9changer avec d\u2019autres personnes retrait\u00e9es \u00e0 ce sujet ? Et tout cela, en nous permettant de mieux comprendre votre situation en tant que retrait\u00e9\u00b7e ? Dans ce cas, n\u2019h\u00e9sitez pas \u00e0 vous inscrire\u202f! <\/p>\n<p>Il s\u2019agit d\u2019une discussion de groupe, dans laquelle nous aborderons les th\u00e8mes suivants\u202f: <\/p>\n<p>Prendre du temps pour soi \u00e0 la retraite, est-ce possible\u202f? <\/p>\n<p>Vos attentes de la retraite correspondent-elles \u00e0 la r\u00e9alit\u00e9\u202f? <\/p>\n<p>Ressentez-vous une pression quelconque de la soci\u00e9t\u00e9 en ce qui concerne votre r\u00f4le de retrait\u00e9\u00b7e\u202f?<\/p>\n<p>En fonction du nombre de demandes, les organisatrices vous contacteront pour vous confirmer votre participation.<\/p>\n","protected":false},"excerpt":{"rendered":"<p>Prenez la parole, on vous \u00e9coute! Quoi de mieux que de partager son point de vue avec d\u2019autres personnes autour d\u2019un bon g\u00e2teau et de rafra\u00eechissements\u202f? Vous \u00eates depuis minimum trois ans \u00e0 la retraite et vous ne poursuivez aucune occupation professionnelle\u202f? Vous avez envie de nous partager votre exp\u00e9rience de la retraite\u202fet d\u2019\u00e9changer avec [&hellip;]<\/p>\n","protected":false},"featured_media":0,"comment_status":"closed","ping_status":"closed","template":"","meta":{"_acf_changed":false,"inline_featured_image":false},"product_brand":[],"product_cat":[229],"product_tag":[203],"class_list":{"0":"post-9437","1":"product","2":"type-product","3":"status-publish","5":"product_cat-workshop","6":"product_tag-connaissance-de-vie-senior","8":"first","9":"instock","10":"virtual","11":"purchasable","12":"product-type-simple"},"acf":[],"yoast_head":"<!-- This site is optimized with the Yoast SEO Premium plugin v27.4 (Yoast SEO v27.5) - https:\/\/yoast.com\/product\/yoast-seo-premium-wordpress\/ -->\n<title>Discussion de groupe: Participez \u00e0 notre \u00e9tude sur la retraite! - GERO<\/title>\n<meta name=\"robots\" content=\"index, follow, max-snippet:-1, max-image-preview:large, max-video-preview:-1\" \/>\n<link rel=\"canonical\" href=\"https:\/\/www.gero.lu\/de\/produit\/discussion-du-groupe-participez-a-notre-etude-sur-la-retraite\" \/>\n<meta property=\"og:locale\" content=\"de_DE\" \/>\n<meta property=\"og:type\" content=\"article\" \/>\n<meta property=\"og:title\" content=\"Discussion de groupe: Participez \u00e0 notre \u00e9tude sur la retraite!\" \/>\n<meta property=\"og:description\" content=\"Prenez la parole, on vous \u00e9coute! Quoi de mieux que de partager son point de vue avec d\u2019autres personnes autour d\u2019un bon g\u00e2teau et de rafra\u00eechissements\u202f? Vous \u00eates depuis minimum trois ans \u00e0 la retraite et vous ne poursuivez aucune occupation professionnelle\u202f? Vous avez envie de nous partager votre exp\u00e9rience de la retraite\u202fet d\u2019\u00e9changer avec [&hellip;]\" \/>\n<meta property=\"og:url\" content=\"https:\/\/www.gero.lu\/de\/produit\/discussion-du-groupe-participez-a-notre-etude-sur-la-retraite\" \/>\n<meta property=\"og:site_name\" content=\"GERO\" \/>\n<meta property=\"article:publisher\" content=\"https:\/\/www.facebook.com\/Kompetenzzenter\/\" \/>\n<meta property=\"article:modified_time\" content=\"2025-07-07T15:22:41+00:00\" \/>\n<meta property=\"og:image\" content=\"https:\/\/www.gero.lu\/wp-content\/uploads\/2021\/08\/gettyimages-1135289130-2048x2048_RET-1.jpg\" \/>\n\t<meta property=\"og:image:width\" content=\"1227\" \/>\n\t<meta property=\"og:image:height\" content=\"802\" \/>\n\t<meta property=\"og:image:type\" content=\"image\/jpeg\" \/>\n<meta name=\"twitter:card\" content=\"summary_large_image\" \/>\n<meta name=\"twitter:label1\" content=\"Gesch\u00e4tzte Lesezeit\" \/>\n\t<meta name=\"twitter:data1\" content=\"1\u00a0Minute\" \/>\n<script type=\"application\/ld+json\" class=\"yoast-schema-graph\">{\"@context\":\"https:\\\/\\\/schema.org\",\"@graph\":[{\"@type\":\"WebPage\",\"@id\":\"https:\\\/\\\/www.gero.lu\\\/de\\\/produit\\\/discussion-du-groupe-participez-a-notre-etude-sur-la-retraite\",\"url\":\"https:\\\/\\\/www.gero.lu\\\/de\\\/produit\\\/discussion-du-groupe-participez-a-notre-etude-sur-la-retraite\",\"name\":\"Discussion de groupe: Participez \u00e0 notre \u00e9tude sur la retraite! - GERO\",\"isPartOf\":{\"@id\":\"https:\\\/\\\/www.gero.lu\\\/de\\\/#website\"},\"datePublished\":\"2025-06-06T08:25:16+00:00\",\"dateModified\":\"2025-07-07T15:22:41+00:00\",\"breadcrumb\":{\"@id\":\"https:\\\/\\\/www.gero.lu\\\/de\\\/produit\\\/discussion-du-groupe-participez-a-notre-etude-sur-la-retraite#breadcrumb\"},\"inLanguage\":\"de\",\"potentialAction\":[{\"@type\":\"ReadAction\",\"target\":[[\"https:\\\/\\\/www.gero.lu\\\/de\\\/produit\\\/discussion-du-groupe-participez-a-notre-etude-sur-la-retraite\"]]}]},{\"@type\":\"BreadcrumbList\",\"@id\":\"https:\\\/\\\/www.gero.lu\\\/de\\\/produit\\\/discussion-du-groupe-participez-a-notre-etude-sur-la-retraite#breadcrumb\",\"itemListElement\":[{\"@type\":\"ListItem\",\"position\":1,\"name\":\"Accueil\",\"item\":\"https:\\\/\\\/www.gero.lu\\\/de\\\/\"},{\"@type\":\"ListItem\",\"position\":2,\"name\":\"Shop\",\"item\":\"https:\\\/\\\/www.gero.lu\\\/de\\\/shop\"},{\"@type\":\"ListItem\",\"position\":3,\"name\":\"Discussion du groupe: Participez \u00e0 notre \u00e9tude sur la retraite!\"}]},{\"@type\":\"WebSite\",\"@id\":\"https:\\\/\\\/www.gero.lu\\\/de\\\/#website\",\"url\":\"https:\\\/\\\/www.gero.lu\\\/de\\\/\",\"name\":\"Gero\",\"description\":\"Kompetenzzenter fir den Alter\",\"publisher\":{\"@id\":\"https:\\\/\\\/www.gero.lu\\\/de\\\/#organization\"},\"potentialAction\":[{\"@type\":\"SearchAction\",\"target\":{\"@type\":\"EntryPoint\",\"urlTemplate\":\"https:\\\/\\\/www.gero.lu\\\/de\\\/?s={search_term_string}\"},\"query-input\":{\"@type\":\"PropertyValueSpecification\",\"valueRequired\":true,\"valueName\":\"search_term_string\"}}],\"inLanguage\":\"de\"},{\"@type\":\"Organization\",\"@id\":\"https:\\\/\\\/www.gero.lu\\\/de\\\/#organization\",\"name\":\"Gero\",\"url\":\"https:\\\/\\\/www.gero.lu\\\/de\\\/\",\"logo\":{\"@type\":\"ImageObject\",\"inLanguage\":\"de\",\"@id\":\"https:\\\/\\\/www.gero.lu\\\/de\\\/#\\\/schema\\\/logo\\\/image\\\/\",\"url\":\"https:\\\/\\\/www.gero.lu\\\/wp-content\\\/uploads\\\/2024\\\/04\\\/logo.svg\",\"contentUrl\":\"https:\\\/\\\/www.gero.lu\\\/wp-content\\\/uploads\\\/2024\\\/04\\\/logo.svg\",\"width\":76,\"height\":30,\"caption\":\"Gero\"},\"image\":{\"@id\":\"https:\\\/\\\/www.gero.lu\\\/de\\\/#\\\/schema\\\/logo\\\/image\\\/\"},\"sameAs\":[\"https:\\\/\\\/www.facebook.com\\\/Kompetenzzenter\\\/\",\"https:\\\/\\\/www.instagram.com\\\/gero.kompetenzzenter\\\/\",\"https:\\\/\\\/linkedin.com\\\/company\\\/gero-kompetenzzenter-fir-den-alter\",\"https:\\\/\\\/www.youtube.com\\\/channel\\\/UCJvmJYSeHh3dYQsLHZupj-Q\"]}]}<\/script>\n<!-- \/ Yoast SEO Premium plugin. -->","yoast_head_json":{"title":"Discussion de groupe: Participez \u00e0 notre \u00e9tude sur la retraite! - GERO","robots":{"index":"index","follow":"follow","max-snippet":"max-snippet:-1","max-image-preview":"max-image-preview:large","max-video-preview":"max-video-preview:-1"},"canonical":"https:\/\/www.gero.lu\/de\/produit\/discussion-du-groupe-participez-a-notre-etude-sur-la-retraite","og_locale":"de_DE","og_type":"article","og_title":"Discussion de groupe: Participez \u00e0 notre \u00e9tude sur la retraite!","og_description":"Prenez la parole, on vous \u00e9coute! Quoi de mieux que de partager son point de vue avec d\u2019autres personnes autour d\u2019un bon g\u00e2teau et de rafra\u00eechissements\u202f? Vous \u00eates depuis minimum trois ans \u00e0 la retraite et vous ne poursuivez aucune occupation professionnelle\u202f? Vous avez envie de nous partager votre exp\u00e9rience de la retraite\u202fet d\u2019\u00e9changer avec [&hellip;]","og_url":"https:\/\/www.gero.lu\/de\/produit\/discussion-du-groupe-participez-a-notre-etude-sur-la-retraite","og_site_name":"GERO","article_publisher":"https:\/\/www.facebook.com\/Kompetenzzenter\/","article_modified_time":"2025-07-07T15:22:41+00:00","og_image":[{"width":1227,"height":802,"url":"https:\/\/www.gero.lu\/wp-content\/uploads\/2021\/08\/gettyimages-1135289130-2048x2048_RET-1.jpg","type":"image\/jpeg"}],"twitter_card":"summary_large_image","twitter_misc":{"Gesch\u00e4tzte Lesezeit":"1\u00a0Minute"},"schema":{"@context":"https:\/\/schema.org","@graph":[{"@type":"WebPage","@id":"https:\/\/www.gero.lu\/de\/produit\/discussion-du-groupe-participez-a-notre-etude-sur-la-retraite","url":"https:\/\/www.gero.lu\/de\/produit\/discussion-du-groupe-participez-a-notre-etude-sur-la-retraite","name":"Discussion de groupe: Participez \u00e0 notre \u00e9tude sur la retraite! - GERO","isPartOf":{"@id":"https:\/\/www.gero.lu\/de\/#website"},"datePublished":"2025-06-06T08:25:16+00:00","dateModified":"2025-07-07T15:22:41+00:00","breadcrumb":{"@id":"https:\/\/www.gero.lu\/de\/produit\/discussion-du-groupe-participez-a-notre-etude-sur-la-retraite#breadcrumb"},"inLanguage":"de","potentialAction":[{"@type":"ReadAction","target":[["https:\/\/www.gero.lu\/de\/produit\/discussion-du-groupe-participez-a-notre-etude-sur-la-retraite"]]}]},{"@type":"BreadcrumbList","@id":"https:\/\/www.gero.lu\/de\/produit\/discussion-du-groupe-participez-a-notre-etude-sur-la-retraite#breadcrumb","itemListElement":[{"@type":"ListItem","position":1,"name":"Accueil","item":"https:\/\/www.gero.lu\/de\/"},{"@type":"ListItem","position":2,"name":"Shop","item":"https:\/\/www.gero.lu\/de\/shop"},{"@type":"ListItem","position":3,"name":"Discussion du groupe: Participez \u00e0 notre \u00e9tude sur la retraite!"}]},{"@type":"WebSite","@id":"https:\/\/www.gero.lu\/de\/#website","url":"https:\/\/www.gero.lu\/de\/","name":"Gero","description":"Kompetenzzenter fir den Alter","publisher":{"@id":"https:\/\/www.gero.lu\/de\/#organization"},"potentialAction":[{"@type":"SearchAction","target":{"@type":"EntryPoint","urlTemplate":"https:\/\/www.gero.lu\/de\/?s={search_term_string}"},"query-input":{"@type":"PropertyValueSpecification","valueRequired":true,"valueName":"search_term_string"}}],"inLanguage":"de"},{"@type":"Organization","@id":"https:\/\/www.gero.lu\/de\/#organization","name":"Gero","url":"https:\/\/www.gero.lu\/de\/","logo":{"@type":"ImageObject","inLanguage":"de","@id":"https:\/\/www.gero.lu\/de\/#\/schema\/logo\/image\/","url":"https:\/\/www.gero.lu\/wp-content\/uploads\/2024\/04\/logo.svg","contentUrl":"https:\/\/www.gero.lu\/wp-content\/uploads\/2024\/04\/logo.svg","width":76,"height":30,"caption":"Gero"},"image":{"@id":"https:\/\/www.gero.lu\/de\/#\/schema\/logo\/image\/"},"sameAs":["https:\/\/www.facebook.com\/Kompetenzzenter\/","https:\/\/www.instagram.com\/gero.kompetenzzenter\/","https:\/\/linkedin.com\/company\/gero-kompetenzzenter-fir-den-alter","https:\/\/www.youtube.com\/channel\/UCJvmJYSeHh3dYQsLHZupj-Q"]}]}},"_links":{"self":[{"href":"https:\/\/www.gero.lu\/de\/wp-json\/wp\/v2\/product\/9437","targetHints":{"allow":["GET"]}}],"collection":[{"href":"https:\/\/www.gero.lu\/de\/wp-json\/wp\/v2\/product"}],"about":[{"href":"https:\/\/www.gero.lu\/de\/wp-json\/wp\/v2\/types\/product"}],"replies":[{"embeddable":true,"href":"https:\/\/www.gero.lu\/de\/wp-json\/wp\/v2\/comments?post=9437"}],"wp:attachment":[{"href":"https:\/\/www.gero.lu\/de\/wp-json\/wp\/v2\/media?parent=9437"}],"wp:term":[{"taxonomy":"product_brand","embeddable":true,"href":"https:\/\/www.gero.lu\/de\/wp-json\/wp\/v2\/product_brand?post=9437"},{"taxonomy":"product_cat","embeddable":true,"href":"https:\/\/www.gero.lu\/de\/wp-json\/wp\/v2\/product_cat?post=9437"},{"taxonomy":"product_tag","embeddable":true,"href":"https:\/\/www.gero.lu\/de\/wp-json\/wp\/v2\/product_tag?post=9437"}],"curies":[{"name":"wp","href":"https:\/\/api.w.org\/{rel}","templated":true}]}}