{"id":9385,"date":"2025-05-22T09:24:35","date_gmt":"2025-05-22T09:24:35","guid":{"rendered":"https:\/\/www.gero.lu\/produit\/randonnees-luxembourg-et-ses-environs"},"modified":"2025-08-28T07:21:52","modified_gmt":"2025-08-28T07:21:52","slug":"randonnees-luxembourg-et-ses-environs","status":"publish","type":"product","link":"https:\/\/www.gero.lu\/de\/produit\/randonnees-luxembourg-et-ses-environs","title":{"rendered":"Randonn\u00e9es &#8211; Luxembourg et ses environs"},"content":{"rendered":"<p>Colette Lacrosse, 70 ans accomplis et grande fan de randonn\u00e9e, vous invite \u00e0 partager des randonn\u00e9es \u00e0 Luxembourg et dans ses environs.<\/p>\n<p>Nous commencerons doucement afin de voir le niveau et les attentes des personnes inscrites pour pouvoir adapter les autres sorties. Nous avons pr\u00e9vu une randonn\u00e9e tous les 15 jours \u00e0 partir du 17 juillet. Les d\u00e9parts se feront toujours pr\u00e8s d\u2019une gare afin de permettre l\u2019acc\u00e8s \u00e0 tous et toutes.<\/p>\n<p>Pour la premi\u00e8re randonn\u00e9e d\u2019environ 6 km, nous partirons de GERO \u00e0 Bonnevoie. Nous irons rejoindre la rue de l\u2019Egalit\u00e9 pour longer les hauteurs de l\u2019Alzette jusqu\u2019\u00e0 la Gantebeensmillen. Nous rejoindrons l\u2019autre rive de l\u2019Alzette pour revenir vers la rue Auguste Charles. A ce niveau, les plus fatigu\u00e9\u00b7\u00e9\u00b7s pourront prendre le bus pour remonter chez GERO, les autres feront ce dernier kilom\u00e8tre \u00e0 pied. Des rafra\u00eechissements y seront pr\u00e9vus pour vous.<\/p>\n<p>Veuillez pr\u00e9voir des bonnes chaussures (et \u00e9ventuellement un b\u00e2ton) et adapter votre tenue \u00e0 la m\u00e9t\u00e9o du jour.<\/p>\n<p>Inscription possible aussi que pour une date!<\/p>\n","protected":false},"excerpt":{"rendered":"<p>Colette Lacrosse, 70 ans accomplis et grande fan de randonn\u00e9e, vous invite \u00e0 partager des randonn\u00e9es \u00e0 Luxembourg et dans ses environs. Nous commencerons doucement afin de voir le niveau et les attentes des personnes inscrites pour pouvoir adapter les autres sorties. Nous avons pr\u00e9vu une randonn\u00e9e tous les 15 jours \u00e0 partir du 17 [&hellip;]<\/p>\n","protected":false},"featured_media":9606,"comment_status":"closed","ping_status":"closed","template":"","meta":{"_acf_changed":false,"inline_featured_image":false},"product_brand":[],"product_cat":[232],"product_tag":[200],"class_list":{"0":"post-9385","1":"product","2":"type-product","3":"status-publish","4":"has-post-thumbnail","6":"product_cat-divers","7":"product_tag-sante-senior","9":"first","10":"instock","11":"virtual","12":"purchasable","13":"product-type-simple"},"acf":[],"yoast_head":"<!-- This site is optimized with the Yoast SEO Premium plugin v27.4 (Yoast SEO v27.5) - https:\/\/yoast.com\/product\/yoast-seo-premium-wordpress\/ -->\n<title>Randonn\u00e9es - Luxembourg et ses environs - GERO<\/title>\n<meta name=\"robots\" content=\"index, follow, max-snippet:-1, max-image-preview:large, max-video-preview:-1\" \/>\n<link rel=\"canonical\" href=\"https:\/\/www.gero.lu\/de\/produit\/randonnees-luxembourg-et-ses-environs\" \/>\n<meta property=\"og:locale\" content=\"de_DE\" \/>\n<meta property=\"og:type\" content=\"article\" \/>\n<meta property=\"og:title\" content=\"Randonn\u00e9es - Luxembourg et ses environs\" \/>\n<meta property=\"og:description\" content=\"Colette Lacrosse, 70 ans accomplis et grande fan de randonn\u00e9e, vous invite \u00e0 partager des randonn\u00e9es \u00e0 Luxembourg et dans ses environs. Nous commencerons doucement afin de voir le niveau et les attentes des personnes inscrites pour pouvoir adapter les autres sorties. Nous avons pr\u00e9vu une randonn\u00e9e tous les 15 jours \u00e0 partir du 17 [&hellip;]\" \/>\n<meta property=\"og:url\" content=\"https:\/\/www.gero.lu\/de\/produit\/randonnees-luxembourg-et-ses-environs\" \/>\n<meta property=\"og:site_name\" content=\"GERO\" \/>\n<meta property=\"article:publisher\" content=\"https:\/\/www.facebook.com\/Kompetenzzenter\/\" \/>\n<meta property=\"article:modified_time\" content=\"2025-08-28T07:21:52+00:00\" \/>\n<meta property=\"og:image\" content=\"https:\/\/www.gero.lu\/wp-content\/uploads\/2025\/05\/Image-randonnees-1024x726.png\" \/>\n\t<meta property=\"og:image:width\" content=\"1024\" \/>\n\t<meta property=\"og:image:height\" content=\"726\" \/>\n\t<meta property=\"og:image:type\" content=\"image\/png\" \/>\n<meta name=\"twitter:card\" content=\"summary_large_image\" \/>\n<meta name=\"twitter:label1\" content=\"Gesch\u00e4tzte Lesezeit\" \/>\n\t<meta name=\"twitter:data1\" content=\"2\u00a0Minuten\" \/>\n<script type=\"application\/ld+json\" class=\"yoast-schema-graph\">{\"@context\":\"https:\\\/\\\/schema.org\",\"@graph\":[{\"@type\":\"WebPage\",\"@id\":\"https:\\\/\\\/www.gero.lu\\\/de\\\/produit\\\/randonnees-luxembourg-et-ses-environs\",\"url\":\"https:\\\/\\\/www.gero.lu\\\/de\\\/produit\\\/randonnees-luxembourg-et-ses-environs\",\"name\":\"Randonn\u00e9es - Luxembourg et ses environs - GERO\",\"isPartOf\":{\"@id\":\"https:\\\/\\\/www.gero.lu\\\/de\\\/#website\"},\"primaryImageOfPage\":{\"@id\":\"https:\\\/\\\/www.gero.lu\\\/de\\\/produit\\\/randonnees-luxembourg-et-ses-environs#primaryimage\"},\"image\":{\"@id\":\"https:\\\/\\\/www.gero.lu\\\/produit\\\/randonnees-luxembourg-et-ses-environs#primaryimage\"},\"thumbnailUrl\":\"https:\\\/\\\/www.gero.lu\\\/wp-content\\\/uploads\\\/2025\\\/05\\\/Image-randonnees.png\",\"datePublished\":\"2025-05-22T09:24:35+00:00\",\"dateModified\":\"2025-08-28T07:21:52+00:00\",\"breadcrumb\":{\"@id\":\"https:\\\/\\\/www.gero.lu\\\/de\\\/produit\\\/randonnees-luxembourg-et-ses-environs#breadcrumb\"},\"inLanguage\":\"de\",\"potentialAction\":[{\"@type\":\"ReadAction\",\"target\":[[\"https:\\\/\\\/www.gero.lu\\\/de\\\/produit\\\/randonnees-luxembourg-et-ses-environs\"]]}]},{\"@type\":\"ImageObject\",\"inLanguage\":\"de\",\"@id\":\"https:\\\/\\\/www.gero.lu\\\/de\\\/produit\\\/randonnees-luxembourg-et-ses-environs#primaryimage\",\"url\":\"https:\\\/\\\/www.gero.lu\\\/wp-content\\\/uploads\\\/2025\\\/05\\\/Image-randonnees.png\",\"contentUrl\":\"https:\\\/\\\/www.gero.lu\\\/wp-content\\\/uploads\\\/2025\\\/05\\\/Image-randonnees.png\",\"width\":1748,\"height\":1240},{\"@type\":\"BreadcrumbList\",\"@id\":\"https:\\\/\\\/www.gero.lu\\\/de\\\/produit\\\/randonnees-luxembourg-et-ses-environs#breadcrumb\",\"itemListElement\":[{\"@type\":\"ListItem\",\"position\":1,\"name\":\"Accueil\",\"item\":\"https:\\\/\\\/www.gero.lu\\\/de\\\/\"},{\"@type\":\"ListItem\",\"position\":2,\"name\":\"Shop\",\"item\":\"https:\\\/\\\/www.gero.lu\\\/de\\\/shop\"},{\"@type\":\"ListItem\",\"position\":3,\"name\":\"Randonn\u00e9es &#8211; Luxembourg et ses environs\"}]},{\"@type\":\"WebSite\",\"@id\":\"https:\\\/\\\/www.gero.lu\\\/de\\\/#website\",\"url\":\"https:\\\/\\\/www.gero.lu\\\/de\\\/\",\"name\":\"Gero\",\"description\":\"Kompetenzzenter fir den Alter\",\"publisher\":{\"@id\":\"https:\\\/\\\/www.gero.lu\\\/de\\\/#organization\"},\"potentialAction\":[{\"@type\":\"SearchAction\",\"target\":{\"@type\":\"EntryPoint\",\"urlTemplate\":\"https:\\\/\\\/www.gero.lu\\\/de\\\/?s={search_term_string}\"},\"query-input\":{\"@type\":\"PropertyValueSpecification\",\"valueRequired\":true,\"valueName\":\"search_term_string\"}}],\"inLanguage\":\"de\"},{\"@type\":\"Organization\",\"@id\":\"https:\\\/\\\/www.gero.lu\\\/de\\\/#organization\",\"name\":\"Gero\",\"url\":\"https:\\\/\\\/www.gero.lu\\\/de\\\/\",\"logo\":{\"@type\":\"ImageObject\",\"inLanguage\":\"de\",\"@id\":\"https:\\\/\\\/www.gero.lu\\\/de\\\/#\\\/schema\\\/logo\\\/image\\\/\",\"url\":\"https:\\\/\\\/www.gero.lu\\\/wp-content\\\/uploads\\\/2024\\\/04\\\/logo.svg\",\"contentUrl\":\"https:\\\/\\\/www.gero.lu\\\/wp-content\\\/uploads\\\/2024\\\/04\\\/logo.svg\",\"width\":76,\"height\":30,\"caption\":\"Gero\"},\"image\":{\"@id\":\"https:\\\/\\\/www.gero.lu\\\/de\\\/#\\\/schema\\\/logo\\\/image\\\/\"},\"sameAs\":[\"https:\\\/\\\/www.facebook.com\\\/Kompetenzzenter\\\/\",\"https:\\\/\\\/www.instagram.com\\\/gero.kompetenzzenter\\\/\",\"https:\\\/\\\/linkedin.com\\\/company\\\/gero-kompetenzzenter-fir-den-alter\",\"https:\\\/\\\/www.youtube.com\\\/channel\\\/UCJvmJYSeHh3dYQsLHZupj-Q\"]}]}<\/script>\n<!-- \/ Yoast SEO Premium plugin. -->","yoast_head_json":{"title":"Randonn\u00e9es - Luxembourg et ses environs - GERO","robots":{"index":"index","follow":"follow","max-snippet":"max-snippet:-1","max-image-preview":"max-image-preview:large","max-video-preview":"max-video-preview:-1"},"canonical":"https:\/\/www.gero.lu\/de\/produit\/randonnees-luxembourg-et-ses-environs","og_locale":"de_DE","og_type":"article","og_title":"Randonn\u00e9es - Luxembourg et ses environs","og_description":"Colette Lacrosse, 70 ans accomplis et grande fan de randonn\u00e9e, vous invite \u00e0 partager des randonn\u00e9es \u00e0 Luxembourg et dans ses environs. Nous commencerons doucement afin de voir le niveau et les attentes des personnes inscrites pour pouvoir adapter les autres sorties. Nous avons pr\u00e9vu une randonn\u00e9e tous les 15 jours \u00e0 partir du 17 [&hellip;]","og_url":"https:\/\/www.gero.lu\/de\/produit\/randonnees-luxembourg-et-ses-environs","og_site_name":"GERO","article_publisher":"https:\/\/www.facebook.com\/Kompetenzzenter\/","article_modified_time":"2025-08-28T07:21:52+00:00","og_image":[{"width":1024,"height":726,"url":"https:\/\/www.gero.lu\/wp-content\/uploads\/2025\/05\/Image-randonnees-1024x726.png","type":"image\/png"}],"twitter_card":"summary_large_image","twitter_misc":{"Gesch\u00e4tzte Lesezeit":"2\u00a0Minuten"},"schema":{"@context":"https:\/\/schema.org","@graph":[{"@type":"WebPage","@id":"https:\/\/www.gero.lu\/de\/produit\/randonnees-luxembourg-et-ses-environs","url":"https:\/\/www.gero.lu\/de\/produit\/randonnees-luxembourg-et-ses-environs","name":"Randonn\u00e9es - Luxembourg et ses environs - GERO","isPartOf":{"@id":"https:\/\/www.gero.lu\/de\/#website"},"primaryImageOfPage":{"@id":"https:\/\/www.gero.lu\/de\/produit\/randonnees-luxembourg-et-ses-environs#primaryimage"},"image":{"@id":"https:\/\/www.gero.lu\/produit\/randonnees-luxembourg-et-ses-environs#primaryimage"},"thumbnailUrl":"https:\/\/www.gero.lu\/wp-content\/uploads\/2025\/05\/Image-randonnees.png","datePublished":"2025-05-22T09:24:35+00:00","dateModified":"2025-08-28T07:21:52+00:00","breadcrumb":{"@id":"https:\/\/www.gero.lu\/de\/produit\/randonnees-luxembourg-et-ses-environs#breadcrumb"},"inLanguage":"de","potentialAction":[{"@type":"ReadAction","target":[["https:\/\/www.gero.lu\/de\/produit\/randonnees-luxembourg-et-ses-environs"]]}]},{"@type":"ImageObject","inLanguage":"de","@id":"https:\/\/www.gero.lu\/de\/produit\/randonnees-luxembourg-et-ses-environs#primaryimage","url":"https:\/\/www.gero.lu\/wp-content\/uploads\/2025\/05\/Image-randonnees.png","contentUrl":"https:\/\/www.gero.lu\/wp-content\/uploads\/2025\/05\/Image-randonnees.png","width":1748,"height":1240},{"@type":"BreadcrumbList","@id":"https:\/\/www.gero.lu\/de\/produit\/randonnees-luxembourg-et-ses-environs#breadcrumb","itemListElement":[{"@type":"ListItem","position":1,"name":"Accueil","item":"https:\/\/www.gero.lu\/de\/"},{"@type":"ListItem","position":2,"name":"Shop","item":"https:\/\/www.gero.lu\/de\/shop"},{"@type":"ListItem","position":3,"name":"Randonn\u00e9es &#8211; Luxembourg et ses environs"}]},{"@type":"WebSite","@id":"https:\/\/www.gero.lu\/de\/#website","url":"https:\/\/www.gero.lu\/de\/","name":"Gero","description":"Kompetenzzenter fir den Alter","publisher":{"@id":"https:\/\/www.gero.lu\/de\/#organization"},"potentialAction":[{"@type":"SearchAction","target":{"@type":"EntryPoint","urlTemplate":"https:\/\/www.gero.lu\/de\/?s={search_term_string}"},"query-input":{"@type":"PropertyValueSpecification","valueRequired":true,"valueName":"search_term_string"}}],"inLanguage":"de"},{"@type":"Organization","@id":"https:\/\/www.gero.lu\/de\/#organization","name":"Gero","url":"https:\/\/www.gero.lu\/de\/","logo":{"@type":"ImageObject","inLanguage":"de","@id":"https:\/\/www.gero.lu\/de\/#\/schema\/logo\/image\/","url":"https:\/\/www.gero.lu\/wp-content\/uploads\/2024\/04\/logo.svg","contentUrl":"https:\/\/www.gero.lu\/wp-content\/uploads\/2024\/04\/logo.svg","width":76,"height":30,"caption":"Gero"},"image":{"@id":"https:\/\/www.gero.lu\/de\/#\/schema\/logo\/image\/"},"sameAs":["https:\/\/www.facebook.com\/Kompetenzzenter\/","https:\/\/www.instagram.com\/gero.kompetenzzenter\/","https:\/\/linkedin.com\/company\/gero-kompetenzzenter-fir-den-alter","https:\/\/www.youtube.com\/channel\/UCJvmJYSeHh3dYQsLHZupj-Q"]}]}},"_links":{"self":[{"href":"https:\/\/www.gero.lu\/de\/wp-json\/wp\/v2\/product\/9385","targetHints":{"allow":["GET"]}}],"collection":[{"href":"https:\/\/www.gero.lu\/de\/wp-json\/wp\/v2\/product"}],"about":[{"href":"https:\/\/www.gero.lu\/de\/wp-json\/wp\/v2\/types\/product"}],"replies":[{"embeddable":true,"href":"https:\/\/www.gero.lu\/de\/wp-json\/wp\/v2\/comments?post=9385"}],"wp:featuredmedia":[{"embeddable":true,"href":"https:\/\/www.gero.lu\/de\/wp-json\/wp\/v2\/media\/9606"}],"wp:attachment":[{"href":"https:\/\/www.gero.lu\/de\/wp-json\/wp\/v2\/media?parent=9385"}],"wp:term":[{"taxonomy":"product_brand","embeddable":true,"href":"https:\/\/www.gero.lu\/de\/wp-json\/wp\/v2\/product_brand?post=9385"},{"taxonomy":"product_cat","embeddable":true,"href":"https:\/\/www.gero.lu\/de\/wp-json\/wp\/v2\/product_cat?post=9385"},{"taxonomy":"product_tag","embeddable":true,"href":"https:\/\/www.gero.lu\/de\/wp-json\/wp\/v2\/product_tag?post=9385"}],"curies":[{"name":"wp","href":"https:\/\/api.w.org\/{rel}","templated":true}]}}