{"id":9196,"date":"2025-04-08T08:23:05","date_gmt":"2025-04-08T08:23:05","guid":{"rendered":"https:\/\/www.gero.lu\/produit\/leadership-modul-1-5"},"modified":"2025-08-26T08:24:52","modified_gmt":"2025-08-26T08:24:52","slug":"leadership-modul-1-5","status":"publish","type":"product","link":"https:\/\/www.gero.lu\/de\/produit\/leadership-modul-1-5","title":{"rendered":"LEADERSHIP &#8211; S\u00e9rie de s\u00e9minaires"},"content":{"rendered":"<p>Cette s\u00e9rie de s\u00e9minaires s\u2019adresse sp\u00e9cifiquement \u00e0 tous ceux et toutes celles qui souhaitent exercer des fonctions \u00e0 des postes de responsabilit\u00e9 et professionnaliser leurs comp\u00e9tences dans leur (future) fonction dirigeante. Dans le cadre de cette formation, les participant\u00b7e\u00b7s d\u00e9veloppent leurs comp\u00e9tences manag\u00e9riales et sociales individuelles dont ils\u00b7elles ont besoin pour g\u00e9rer quotidiennement leur (futur) travail de direction.<\/p>\n<p>Concr\u00e8tement, cela signifie :<\/p>\n<p>\u2022\tAcqu\u00e9rir des connaissances en leadership et instruments de gouvernance<br \/>\n\u2022\tComprendre les responsabilit\u00e9s d\u2019une fonction d\u2019encadrement et les traduire en actions concr\u00e8tes<br \/>\n\u2022\tD\u00e9velopper son bien-\u00eatre professionnel et celui de ses collaborateur\u00b7rice\u00b7s pour s\u2019\u00e9panouir dans son nouveau r\u00f4le<\/p>\n<p>Module 1 : R\u00f4le et implication de la fonction de manager, 17.09.2025 <\/p>\n<p>Module 2 : Encadrer une \u00e9quipe et pratiquer un management motivant, 15.10.2025 <\/p>\n<p>Module 3 : Bien communiquer pour \u00e9viter les conflits, 17.12.2025<\/p>\n<p>Module 4 : Animer des r\u00e9unions et donner du feedback constructif, 28.01.2026 <\/p>\n<p>Module 5 : G\u00e9rer ses priorit\u00e9s et son stress, 11.02.2026 <\/p>\n<p>Public cible :<br \/>\nCadres\/responsables d\u2019\u00e9quipe et ceux\u00b7celles qui aspirent \u00e0 le devenir<\/p>\n","protected":false},"excerpt":{"rendered":"<p>Cette s\u00e9rie de s\u00e9minaires s\u2019adresse sp\u00e9cifiquement \u00e0 tous ceux et toutes celles qui souhaitent exercer des fonctions \u00e0 des postes de responsabilit\u00e9 et professionnaliser leurs comp\u00e9tences dans leur (future) fonction dirigeante. Dans le cadre de cette formation, les participant\u00b7e\u00b7s d\u00e9veloppent leurs comp\u00e9tences manag\u00e9riales et sociales individuelles dont ils\u00b7elles ont besoin pour g\u00e9rer quotidiennement leur (futur) [&hellip;]<\/p>\n","protected":false},"featured_media":0,"comment_status":"closed","ping_status":"closed","template":"","meta":{"_acf_changed":false,"inline_featured_image":false},"product_brand":[],"product_cat":[239],"product_tag":[233],"class_list":{"0":"post-9196","1":"product","2":"type-product","3":"status-publish","5":"product_cat-cours-pro","6":"product_tag-management-leadership-pro","8":"first","9":"instock","10":"virtual","11":"purchasable","12":"product-type-simple"},"acf":[],"yoast_head":"<!-- This site is optimized with the Yoast SEO Premium plugin v27.4 (Yoast SEO v27.5) - https:\/\/yoast.com\/product\/yoast-seo-premium-wordpress\/ -->\n<title>LEADERSHIP - S\u00e9rie de s\u00e9minaires - GERO<\/title>\n<meta name=\"robots\" content=\"index, follow, max-snippet:-1, max-image-preview:large, max-video-preview:-1\" \/>\n<link rel=\"canonical\" href=\"https:\/\/www.gero.lu\/de\/produit\/leadership-modul-1-5\" \/>\n<meta property=\"og:locale\" content=\"de_DE\" \/>\n<meta property=\"og:type\" content=\"article\" \/>\n<meta property=\"og:title\" content=\"LEADERSHIP - S\u00e9rie de s\u00e9minaires\" \/>\n<meta property=\"og:description\" content=\"Cette s\u00e9rie de s\u00e9minaires s\u2019adresse sp\u00e9cifiquement \u00e0 tous ceux et toutes celles qui souhaitent exercer des fonctions \u00e0 des postes de responsabilit\u00e9 et professionnaliser leurs comp\u00e9tences dans leur (future) fonction dirigeante. Dans le cadre de cette formation, les participant\u00b7e\u00b7s d\u00e9veloppent leurs comp\u00e9tences manag\u00e9riales et sociales individuelles dont ils\u00b7elles ont besoin pour g\u00e9rer quotidiennement leur (futur) [&hellip;]\" \/>\n<meta property=\"og:url\" content=\"https:\/\/www.gero.lu\/de\/produit\/leadership-modul-1-5\" \/>\n<meta property=\"og:site_name\" content=\"GERO\" \/>\n<meta property=\"article:publisher\" content=\"https:\/\/www.facebook.com\/Kompetenzzenter\/\" \/>\n<meta property=\"article:modified_time\" content=\"2025-08-26T08:24:52+00:00\" \/>\n<meta property=\"og:image\" content=\"https:\/\/www.gero.lu\/wp-content\/uploads\/2021\/08\/gettyimages-1135289130-2048x2048_RET-1.jpg\" \/>\n\t<meta property=\"og:image:width\" content=\"1227\" \/>\n\t<meta property=\"og:image:height\" content=\"802\" \/>\n\t<meta property=\"og:image:type\" content=\"image\/jpeg\" \/>\n<meta name=\"twitter:card\" content=\"summary_large_image\" \/>\n<meta name=\"twitter:label1\" content=\"Gesch\u00e4tzte Lesezeit\" \/>\n\t<meta name=\"twitter:data1\" content=\"1\u00a0Minute\" \/>\n<script type=\"application\/ld+json\" class=\"yoast-schema-graph\">{\"@context\":\"https:\\\/\\\/schema.org\",\"@graph\":[{\"@type\":\"WebPage\",\"@id\":\"https:\\\/\\\/www.gero.lu\\\/de\\\/produit\\\/leadership-modul-1-5\",\"url\":\"https:\\\/\\\/www.gero.lu\\\/de\\\/produit\\\/leadership-modul-1-5\",\"name\":\"LEADERSHIP - S\u00e9rie de s\u00e9minaires - GERO\",\"isPartOf\":{\"@id\":\"https:\\\/\\\/www.gero.lu\\\/de\\\/#website\"},\"datePublished\":\"2025-04-08T08:23:05+00:00\",\"dateModified\":\"2025-08-26T08:24:52+00:00\",\"breadcrumb\":{\"@id\":\"https:\\\/\\\/www.gero.lu\\\/de\\\/produit\\\/leadership-modul-1-5#breadcrumb\"},\"inLanguage\":\"de\",\"potentialAction\":[{\"@type\":\"ReadAction\",\"target\":[[\"https:\\\/\\\/www.gero.lu\\\/de\\\/produit\\\/leadership-modul-1-5\"]]}]},{\"@type\":\"BreadcrumbList\",\"@id\":\"https:\\\/\\\/www.gero.lu\\\/de\\\/produit\\\/leadership-modul-1-5#breadcrumb\",\"itemListElement\":[{\"@type\":\"ListItem\",\"position\":1,\"name\":\"Accueil\",\"item\":\"https:\\\/\\\/www.gero.lu\\\/de\\\/\"},{\"@type\":\"ListItem\",\"position\":2,\"name\":\"Shop\",\"item\":\"https:\\\/\\\/www.gero.lu\\\/de\\\/shop\"},{\"@type\":\"ListItem\",\"position\":3,\"name\":\"LEADERSHIP &#8211; S\u00e9rie de s\u00e9minaires\"}]},{\"@type\":\"WebSite\",\"@id\":\"https:\\\/\\\/www.gero.lu\\\/de\\\/#website\",\"url\":\"https:\\\/\\\/www.gero.lu\\\/de\\\/\",\"name\":\"Gero\",\"description\":\"Kompetenzzenter fir den Alter\",\"publisher\":{\"@id\":\"https:\\\/\\\/www.gero.lu\\\/de\\\/#organization\"},\"potentialAction\":[{\"@type\":\"SearchAction\",\"target\":{\"@type\":\"EntryPoint\",\"urlTemplate\":\"https:\\\/\\\/www.gero.lu\\\/de\\\/?s={search_term_string}\"},\"query-input\":{\"@type\":\"PropertyValueSpecification\",\"valueRequired\":true,\"valueName\":\"search_term_string\"}}],\"inLanguage\":\"de\"},{\"@type\":\"Organization\",\"@id\":\"https:\\\/\\\/www.gero.lu\\\/de\\\/#organization\",\"name\":\"Gero\",\"url\":\"https:\\\/\\\/www.gero.lu\\\/de\\\/\",\"logo\":{\"@type\":\"ImageObject\",\"inLanguage\":\"de\",\"@id\":\"https:\\\/\\\/www.gero.lu\\\/de\\\/#\\\/schema\\\/logo\\\/image\\\/\",\"url\":\"https:\\\/\\\/www.gero.lu\\\/wp-content\\\/uploads\\\/2024\\\/04\\\/logo.svg\",\"contentUrl\":\"https:\\\/\\\/www.gero.lu\\\/wp-content\\\/uploads\\\/2024\\\/04\\\/logo.svg\",\"width\":76,\"height\":30,\"caption\":\"Gero\"},\"image\":{\"@id\":\"https:\\\/\\\/www.gero.lu\\\/de\\\/#\\\/schema\\\/logo\\\/image\\\/\"},\"sameAs\":[\"https:\\\/\\\/www.facebook.com\\\/Kompetenzzenter\\\/\",\"https:\\\/\\\/www.instagram.com\\\/gero.kompetenzzenter\\\/\",\"https:\\\/\\\/linkedin.com\\\/company\\\/gero-kompetenzzenter-fir-den-alter\",\"https:\\\/\\\/www.youtube.com\\\/channel\\\/UCJvmJYSeHh3dYQsLHZupj-Q\"]}]}<\/script>\n<!-- \/ Yoast SEO Premium plugin. -->","yoast_head_json":{"title":"LEADERSHIP - S\u00e9rie de s\u00e9minaires - GERO","robots":{"index":"index","follow":"follow","max-snippet":"max-snippet:-1","max-image-preview":"max-image-preview:large","max-video-preview":"max-video-preview:-1"},"canonical":"https:\/\/www.gero.lu\/de\/produit\/leadership-modul-1-5","og_locale":"de_DE","og_type":"article","og_title":"LEADERSHIP - S\u00e9rie de s\u00e9minaires","og_description":"Cette s\u00e9rie de s\u00e9minaires s\u2019adresse sp\u00e9cifiquement \u00e0 tous ceux et toutes celles qui souhaitent exercer des fonctions \u00e0 des postes de responsabilit\u00e9 et professionnaliser leurs comp\u00e9tences dans leur (future) fonction dirigeante. Dans le cadre de cette formation, les participant\u00b7e\u00b7s d\u00e9veloppent leurs comp\u00e9tences manag\u00e9riales et sociales individuelles dont ils\u00b7elles ont besoin pour g\u00e9rer quotidiennement leur (futur) [&hellip;]","og_url":"https:\/\/www.gero.lu\/de\/produit\/leadership-modul-1-5","og_site_name":"GERO","article_publisher":"https:\/\/www.facebook.com\/Kompetenzzenter\/","article_modified_time":"2025-08-26T08:24:52+00:00","og_image":[{"width":1227,"height":802,"url":"https:\/\/www.gero.lu\/wp-content\/uploads\/2021\/08\/gettyimages-1135289130-2048x2048_RET-1.jpg","type":"image\/jpeg"}],"twitter_card":"summary_large_image","twitter_misc":{"Gesch\u00e4tzte Lesezeit":"1\u00a0Minute"},"schema":{"@context":"https:\/\/schema.org","@graph":[{"@type":"WebPage","@id":"https:\/\/www.gero.lu\/de\/produit\/leadership-modul-1-5","url":"https:\/\/www.gero.lu\/de\/produit\/leadership-modul-1-5","name":"LEADERSHIP - S\u00e9rie de s\u00e9minaires - GERO","isPartOf":{"@id":"https:\/\/www.gero.lu\/de\/#website"},"datePublished":"2025-04-08T08:23:05+00:00","dateModified":"2025-08-26T08:24:52+00:00","breadcrumb":{"@id":"https:\/\/www.gero.lu\/de\/produit\/leadership-modul-1-5#breadcrumb"},"inLanguage":"de","potentialAction":[{"@type":"ReadAction","target":[["https:\/\/www.gero.lu\/de\/produit\/leadership-modul-1-5"]]}]},{"@type":"BreadcrumbList","@id":"https:\/\/www.gero.lu\/de\/produit\/leadership-modul-1-5#breadcrumb","itemListElement":[{"@type":"ListItem","position":1,"name":"Accueil","item":"https:\/\/www.gero.lu\/de\/"},{"@type":"ListItem","position":2,"name":"Shop","item":"https:\/\/www.gero.lu\/de\/shop"},{"@type":"ListItem","position":3,"name":"LEADERSHIP &#8211; S\u00e9rie de s\u00e9minaires"}]},{"@type":"WebSite","@id":"https:\/\/www.gero.lu\/de\/#website","url":"https:\/\/www.gero.lu\/de\/","name":"Gero","description":"Kompetenzzenter fir den Alter","publisher":{"@id":"https:\/\/www.gero.lu\/de\/#organization"},"potentialAction":[{"@type":"SearchAction","target":{"@type":"EntryPoint","urlTemplate":"https:\/\/www.gero.lu\/de\/?s={search_term_string}"},"query-input":{"@type":"PropertyValueSpecification","valueRequired":true,"valueName":"search_term_string"}}],"inLanguage":"de"},{"@type":"Organization","@id":"https:\/\/www.gero.lu\/de\/#organization","name":"Gero","url":"https:\/\/www.gero.lu\/de\/","logo":{"@type":"ImageObject","inLanguage":"de","@id":"https:\/\/www.gero.lu\/de\/#\/schema\/logo\/image\/","url":"https:\/\/www.gero.lu\/wp-content\/uploads\/2024\/04\/logo.svg","contentUrl":"https:\/\/www.gero.lu\/wp-content\/uploads\/2024\/04\/logo.svg","width":76,"height":30,"caption":"Gero"},"image":{"@id":"https:\/\/www.gero.lu\/de\/#\/schema\/logo\/image\/"},"sameAs":["https:\/\/www.facebook.com\/Kompetenzzenter\/","https:\/\/www.instagram.com\/gero.kompetenzzenter\/","https:\/\/linkedin.com\/company\/gero-kompetenzzenter-fir-den-alter","https:\/\/www.youtube.com\/channel\/UCJvmJYSeHh3dYQsLHZupj-Q"]}]}},"_links":{"self":[{"href":"https:\/\/www.gero.lu\/de\/wp-json\/wp\/v2\/product\/9196","targetHints":{"allow":["GET"]}}],"collection":[{"href":"https:\/\/www.gero.lu\/de\/wp-json\/wp\/v2\/product"}],"about":[{"href":"https:\/\/www.gero.lu\/de\/wp-json\/wp\/v2\/types\/product"}],"replies":[{"embeddable":true,"href":"https:\/\/www.gero.lu\/de\/wp-json\/wp\/v2\/comments?post=9196"}],"wp:attachment":[{"href":"https:\/\/www.gero.lu\/de\/wp-json\/wp\/v2\/media?parent=9196"}],"wp:term":[{"taxonomy":"product_brand","embeddable":true,"href":"https:\/\/www.gero.lu\/de\/wp-json\/wp\/v2\/product_brand?post=9196"},{"taxonomy":"product_cat","embeddable":true,"href":"https:\/\/www.gero.lu\/de\/wp-json\/wp\/v2\/product_cat?post=9196"},{"taxonomy":"product_tag","embeddable":true,"href":"https:\/\/www.gero.lu\/de\/wp-json\/wp\/v2\/product_tag?post=9196"}],"curies":[{"name":"wp","href":"https:\/\/api.w.org\/{rel}","templated":true}]}}