{"id":9171,"date":"2025-04-04T10:21:39","date_gmt":"2025-04-04T10:21:39","guid":{"rendered":"https:\/\/www.gero.lu\/produit\/afterwork-gratuis-responsabilite-juridique"},"modified":"2025-12-09T09:22:37","modified_gmt":"2025-12-09T09:22:37","slug":"afterwork-gratuis-responsabilite-juridique","status":"publish","type":"product","link":"https:\/\/www.gero.lu\/de\/produit\/afterwork-gratuis-responsabilite-juridique","title":{"rendered":"AFTERWORK Gratuit: Responsabilit\u00e9 juridique"},"content":{"rendered":"<p>Quand l\u2019erreur a des cons\u00e9quences : la responsabilit\u00e9 juridique dans les soins<\/p>\n<p>Assumer la responsabilit\u00e9 signifie r\u00e9pondre juridiquement des dommages que l&#8217;on a caus\u00e9s. Dans le domaine de la sant\u00e9, ces dommages prennent souvent des proportions tragiques. De petites erreurs de la part des professionnels de sant\u00e9 peuvent entra\u00eener des cons\u00e9quences graves pour les patients. Quelles sont les \u00ab r\u00e8gles du jeu \u00bb entre auteur et victime en cas de dommages corporels ?<\/p>\n<p>Public cible :<br \/>\nToute personne int\u00e9ress\u00e9e<\/p>\n","protected":false},"excerpt":{"rendered":"<p>Quand l\u2019erreur a des cons\u00e9quences : la responsabilit\u00e9 juridique dans les soins Assumer la responsabilit\u00e9 signifie r\u00e9pondre juridiquement des dommages que l&#8217;on a caus\u00e9s. Dans le domaine de la sant\u00e9, ces dommages prennent souvent des proportions tragiques. De petites erreurs de la part des professionnels de sant\u00e9 peuvent entra\u00eener des cons\u00e9quences graves pour les patients. [&hellip;]<\/p>\n","protected":false},"featured_media":0,"comment_status":"closed","ping_status":"closed","template":"","meta":{"_acf_changed":false,"inline_featured_image":false},"product_brand":[],"product_cat":[240],"product_tag":[238],"class_list":{"0":"post-9171","1":"product","2":"type-product","3":"status-publish","5":"product_cat-conference-pro","6":"product_tag-divers-pro","8":"first","9":"instock","10":"virtual","11":"purchasable","12":"product-type-simple"},"acf":[],"yoast_head":"<!-- This site is optimized with the Yoast SEO Premium plugin v27.4 (Yoast SEO v27.5) - https:\/\/yoast.com\/product\/yoast-seo-premium-wordpress\/ -->\n<title>AFTERWORK Gratuit: Responsabilit\u00e9 juridique - GERO<\/title>\n<meta name=\"robots\" content=\"index, follow, max-snippet:-1, max-image-preview:large, max-video-preview:-1\" \/>\n<link rel=\"canonical\" href=\"https:\/\/www.gero.lu\/de\/produit\/afterwork-gratuis-responsabilite-juridique\" \/>\n<meta property=\"og:locale\" content=\"de_DE\" \/>\n<meta property=\"og:type\" content=\"article\" \/>\n<meta property=\"og:title\" content=\"AFTERWORK Gratuit: Responsabilit\u00e9 juridique\" \/>\n<meta property=\"og:description\" content=\"Quand l\u2019erreur a des cons\u00e9quences : la responsabilit\u00e9 juridique dans les soins Assumer la responsabilit\u00e9 signifie r\u00e9pondre juridiquement des dommages que l&#8217;on a caus\u00e9s. Dans le domaine de la sant\u00e9, ces dommages prennent souvent des proportions tragiques. De petites erreurs de la part des professionnels de sant\u00e9 peuvent entra\u00eener des cons\u00e9quences graves pour les patients. [&hellip;]\" \/>\n<meta property=\"og:url\" content=\"https:\/\/www.gero.lu\/de\/produit\/afterwork-gratuis-responsabilite-juridique\" \/>\n<meta property=\"og:site_name\" content=\"GERO\" \/>\n<meta property=\"article:publisher\" content=\"https:\/\/www.facebook.com\/Kompetenzzenter\/\" \/>\n<meta property=\"article:modified_time\" content=\"2025-12-09T09:22:37+00:00\" \/>\n<meta property=\"og:image\" content=\"https:\/\/www.gero.lu\/wp-content\/uploads\/2021\/08\/gettyimages-1135289130-2048x2048_RET-1.jpg\" \/>\n\t<meta property=\"og:image:width\" content=\"1227\" \/>\n\t<meta property=\"og:image:height\" content=\"802\" \/>\n\t<meta property=\"og:image:type\" content=\"image\/jpeg\" \/>\n<meta name=\"twitter:card\" content=\"summary_large_image\" \/>\n<script type=\"application\/ld+json\" class=\"yoast-schema-graph\">{\"@context\":\"https:\\\/\\\/schema.org\",\"@graph\":[{\"@type\":\"WebPage\",\"@id\":\"https:\\\/\\\/www.gero.lu\\\/de\\\/produit\\\/afterwork-gratuis-responsabilite-juridique\",\"url\":\"https:\\\/\\\/www.gero.lu\\\/de\\\/produit\\\/afterwork-gratuis-responsabilite-juridique\",\"name\":\"AFTERWORK Gratuit: Responsabilit\u00e9 juridique - GERO\",\"isPartOf\":{\"@id\":\"https:\\\/\\\/www.gero.lu\\\/de\\\/#website\"},\"datePublished\":\"2025-04-04T10:21:39+00:00\",\"dateModified\":\"2025-12-09T09:22:37+00:00\",\"breadcrumb\":{\"@id\":\"https:\\\/\\\/www.gero.lu\\\/de\\\/produit\\\/afterwork-gratuis-responsabilite-juridique#breadcrumb\"},\"inLanguage\":\"de\",\"potentialAction\":[{\"@type\":\"ReadAction\",\"target\":[[\"https:\\\/\\\/www.gero.lu\\\/de\\\/produit\\\/afterwork-gratuis-responsabilite-juridique\"]]}]},{\"@type\":\"BreadcrumbList\",\"@id\":\"https:\\\/\\\/www.gero.lu\\\/de\\\/produit\\\/afterwork-gratuis-responsabilite-juridique#breadcrumb\",\"itemListElement\":[{\"@type\":\"ListItem\",\"position\":1,\"name\":\"Accueil\",\"item\":\"https:\\\/\\\/www.gero.lu\\\/de\\\/\"},{\"@type\":\"ListItem\",\"position\":2,\"name\":\"Shop\",\"item\":\"https:\\\/\\\/www.gero.lu\\\/de\\\/shop\"},{\"@type\":\"ListItem\",\"position\":3,\"name\":\"AFTERWORK Gratuit: Responsabilit\u00e9 juridique\"}]},{\"@type\":\"WebSite\",\"@id\":\"https:\\\/\\\/www.gero.lu\\\/de\\\/#website\",\"url\":\"https:\\\/\\\/www.gero.lu\\\/de\\\/\",\"name\":\"Gero\",\"description\":\"Kompetenzzenter fir den Alter\",\"publisher\":{\"@id\":\"https:\\\/\\\/www.gero.lu\\\/de\\\/#organization\"},\"potentialAction\":[{\"@type\":\"SearchAction\",\"target\":{\"@type\":\"EntryPoint\",\"urlTemplate\":\"https:\\\/\\\/www.gero.lu\\\/de\\\/?s={search_term_string}\"},\"query-input\":{\"@type\":\"PropertyValueSpecification\",\"valueRequired\":true,\"valueName\":\"search_term_string\"}}],\"inLanguage\":\"de\"},{\"@type\":\"Organization\",\"@id\":\"https:\\\/\\\/www.gero.lu\\\/de\\\/#organization\",\"name\":\"Gero\",\"url\":\"https:\\\/\\\/www.gero.lu\\\/de\\\/\",\"logo\":{\"@type\":\"ImageObject\",\"inLanguage\":\"de\",\"@id\":\"https:\\\/\\\/www.gero.lu\\\/de\\\/#\\\/schema\\\/logo\\\/image\\\/\",\"url\":\"https:\\\/\\\/www.gero.lu\\\/wp-content\\\/uploads\\\/2024\\\/04\\\/logo.svg\",\"contentUrl\":\"https:\\\/\\\/www.gero.lu\\\/wp-content\\\/uploads\\\/2024\\\/04\\\/logo.svg\",\"width\":76,\"height\":30,\"caption\":\"Gero\"},\"image\":{\"@id\":\"https:\\\/\\\/www.gero.lu\\\/de\\\/#\\\/schema\\\/logo\\\/image\\\/\"},\"sameAs\":[\"https:\\\/\\\/www.facebook.com\\\/Kompetenzzenter\\\/\",\"https:\\\/\\\/www.instagram.com\\\/gero.kompetenzzenter\\\/\",\"https:\\\/\\\/linkedin.com\\\/company\\\/gero-kompetenzzenter-fir-den-alter\",\"https:\\\/\\\/www.youtube.com\\\/channel\\\/UCJvmJYSeHh3dYQsLHZupj-Q\"]}]}<\/script>\n<!-- \/ Yoast SEO Premium plugin. -->","yoast_head_json":{"title":"AFTERWORK Gratuit: Responsabilit\u00e9 juridique - GERO","robots":{"index":"index","follow":"follow","max-snippet":"max-snippet:-1","max-image-preview":"max-image-preview:large","max-video-preview":"max-video-preview:-1"},"canonical":"https:\/\/www.gero.lu\/de\/produit\/afterwork-gratuis-responsabilite-juridique","og_locale":"de_DE","og_type":"article","og_title":"AFTERWORK Gratuit: Responsabilit\u00e9 juridique","og_description":"Quand l\u2019erreur a des cons\u00e9quences : la responsabilit\u00e9 juridique dans les soins Assumer la responsabilit\u00e9 signifie r\u00e9pondre juridiquement des dommages que l&#8217;on a caus\u00e9s. Dans le domaine de la sant\u00e9, ces dommages prennent souvent des proportions tragiques. De petites erreurs de la part des professionnels de sant\u00e9 peuvent entra\u00eener des cons\u00e9quences graves pour les patients. [&hellip;]","og_url":"https:\/\/www.gero.lu\/de\/produit\/afterwork-gratuis-responsabilite-juridique","og_site_name":"GERO","article_publisher":"https:\/\/www.facebook.com\/Kompetenzzenter\/","article_modified_time":"2025-12-09T09:22:37+00:00","og_image":[{"width":1227,"height":802,"url":"https:\/\/www.gero.lu\/wp-content\/uploads\/2021\/08\/gettyimages-1135289130-2048x2048_RET-1.jpg","type":"image\/jpeg"}],"twitter_card":"summary_large_image","schema":{"@context":"https:\/\/schema.org","@graph":[{"@type":"WebPage","@id":"https:\/\/www.gero.lu\/de\/produit\/afterwork-gratuis-responsabilite-juridique","url":"https:\/\/www.gero.lu\/de\/produit\/afterwork-gratuis-responsabilite-juridique","name":"AFTERWORK Gratuit: Responsabilit\u00e9 juridique - GERO","isPartOf":{"@id":"https:\/\/www.gero.lu\/de\/#website"},"datePublished":"2025-04-04T10:21:39+00:00","dateModified":"2025-12-09T09:22:37+00:00","breadcrumb":{"@id":"https:\/\/www.gero.lu\/de\/produit\/afterwork-gratuis-responsabilite-juridique#breadcrumb"},"inLanguage":"de","potentialAction":[{"@type":"ReadAction","target":[["https:\/\/www.gero.lu\/de\/produit\/afterwork-gratuis-responsabilite-juridique"]]}]},{"@type":"BreadcrumbList","@id":"https:\/\/www.gero.lu\/de\/produit\/afterwork-gratuis-responsabilite-juridique#breadcrumb","itemListElement":[{"@type":"ListItem","position":1,"name":"Accueil","item":"https:\/\/www.gero.lu\/de\/"},{"@type":"ListItem","position":2,"name":"Shop","item":"https:\/\/www.gero.lu\/de\/shop"},{"@type":"ListItem","position":3,"name":"AFTERWORK Gratuit: Responsabilit\u00e9 juridique"}]},{"@type":"WebSite","@id":"https:\/\/www.gero.lu\/de\/#website","url":"https:\/\/www.gero.lu\/de\/","name":"Gero","description":"Kompetenzzenter fir den Alter","publisher":{"@id":"https:\/\/www.gero.lu\/de\/#organization"},"potentialAction":[{"@type":"SearchAction","target":{"@type":"EntryPoint","urlTemplate":"https:\/\/www.gero.lu\/de\/?s={search_term_string}"},"query-input":{"@type":"PropertyValueSpecification","valueRequired":true,"valueName":"search_term_string"}}],"inLanguage":"de"},{"@type":"Organization","@id":"https:\/\/www.gero.lu\/de\/#organization","name":"Gero","url":"https:\/\/www.gero.lu\/de\/","logo":{"@type":"ImageObject","inLanguage":"de","@id":"https:\/\/www.gero.lu\/de\/#\/schema\/logo\/image\/","url":"https:\/\/www.gero.lu\/wp-content\/uploads\/2024\/04\/logo.svg","contentUrl":"https:\/\/www.gero.lu\/wp-content\/uploads\/2024\/04\/logo.svg","width":76,"height":30,"caption":"Gero"},"image":{"@id":"https:\/\/www.gero.lu\/de\/#\/schema\/logo\/image\/"},"sameAs":["https:\/\/www.facebook.com\/Kompetenzzenter\/","https:\/\/www.instagram.com\/gero.kompetenzzenter\/","https:\/\/linkedin.com\/company\/gero-kompetenzzenter-fir-den-alter","https:\/\/www.youtube.com\/channel\/UCJvmJYSeHh3dYQsLHZupj-Q"]}]}},"_links":{"self":[{"href":"https:\/\/www.gero.lu\/de\/wp-json\/wp\/v2\/product\/9171","targetHints":{"allow":["GET"]}}],"collection":[{"href":"https:\/\/www.gero.lu\/de\/wp-json\/wp\/v2\/product"}],"about":[{"href":"https:\/\/www.gero.lu\/de\/wp-json\/wp\/v2\/types\/product"}],"replies":[{"embeddable":true,"href":"https:\/\/www.gero.lu\/de\/wp-json\/wp\/v2\/comments?post=9171"}],"wp:attachment":[{"href":"https:\/\/www.gero.lu\/de\/wp-json\/wp\/v2\/media?parent=9171"}],"wp:term":[{"taxonomy":"product_brand","embeddable":true,"href":"https:\/\/www.gero.lu\/de\/wp-json\/wp\/v2\/product_brand?post=9171"},{"taxonomy":"product_cat","embeddable":true,"href":"https:\/\/www.gero.lu\/de\/wp-json\/wp\/v2\/product_cat?post=9171"},{"taxonomy":"product_tag","embeddable":true,"href":"https:\/\/www.gero.lu\/de\/wp-json\/wp\/v2\/product_tag?post=9171"}],"curies":[{"name":"wp","href":"https:\/\/api.w.org\/{rel}","templated":true}]}}