{"id":8738,"date":"2025-01-29T12:21:29","date_gmt":"2025-01-29T12:21:29","guid":{"rendered":"https:\/\/www.gero.lu\/produit\/weiterbildung-hygienereferentin-agrement-2025-agr-01-002"},"modified":"2025-06-18T12:25:42","modified_gmt":"2025-06-18T12:25:42","slug":"weiterbildung-hygienereferentin-agrement-2025-agr-01-002","status":"publish","type":"product","link":"https:\/\/www.gero.lu\/de\/produit\/weiterbildung-hygienereferentin-agrement-2025-agr-01-002","title":{"rendered":"Weiterbildung Hygienereferent*in (Agr\u00e9ment: 2025-AGR-01-002)"},"content":{"rendered":"<p>Formation continue agr\u00e9\u00e9 conform\u00e9ment \u00e0 l&#8217;article 12 de la loi modifi\u00e9e du 26 mars 1992 sur l&#8217;exercice et la revalorisation de certaines professions de sant\u00e9. Agr\u00e9ment MISA : 2025-AGR-01-002<\/p>\n<p>\u00ab R\u00e9f\u00e9rent\u00b7e en mati\u00e8re de pr\u00e9vention et de lutte contre les infections et de respect des r\u00e8gles d\u2019hygi\u00e8ne et sanitaires \u00bb<\/p>\n<p>Diese Weiterbildung vermittelt Grundkenntnisse im Bereich der Infektionspr\u00e4vention und -bek\u00e4mpfung; die F\u00e4higkeit, das Risiko einer Infektion zu erkennen und dementsprechend zu handeln; Kenntnis der rechtlichen Grundlagen in Luxemburg und den angrenzenden Nachbarl\u00e4ndern; die Entwicklung von Pl\u00e4nen zur Infektionspr\u00e4vention; sowie die F\u00e4higkeit, ein Ansprechpartner f\u00fcr Infektionspr\u00e4vention und -kontrolle in einem Team zu sein.<br \/>\n\u2022\tModul 1 : Einf\u00fchrung in die Weiterbildung zum \u00ab r\u00e9f\u00e9rent en mati\u00e8re de pr\u00e9vention et de lutte contre les infections \u00bb<br \/>\nEinf\u00fchrung in die Begriffe der \u00f6ffentlichen Gesundheit, Epidemiologie, Mikrobiologie und Immunologie, wobei verschiedene Mikroorganismen, die f\u00fcr Infektionen im Zusammenhang mit der Pflege verantwortlich sind, sowie Infektionsmechanismen und \u00dcbertragungswege behandelt werden.<\/p>\n<p>\u2022\tModul 2 : Grundlegende und weitere Isolierungsma\u00dfnahmen (Quellenisolierung)<br \/>\nEinf\u00fchrung in die Basishygienema\u00dfnahmen. Anschlie\u00dfend werden weitere Patientenisolationsma\u00dfnahmen und Ma\u00dfnahmen zur Bek\u00e4mpfung von Pflege-assoziierten Infektionen er\u00f6rtert.<\/p>\n<p>\u2022\tModul 3 : Gesetzgebung und Rolle von Beauftragten Hygienereferent*innnen<br \/>\nDieses Modul fasst nationale und internationale gesetzliche und bibliografische Referenzen zusammen. Es unterst\u00fctzt den\/die Beauftragte(n) dabei, seine\/ihre Rolle und Aufgaben zu bestimmen, und hilft ihm\/ihr bei der Entwicklung von Pr\u00e4ventions- und Bek\u00e4mpfungspl\u00e4nen gegen Infektionen.<br \/>\nZielgruppe : Mitarbeitende, welche die Rolle eines &#8222;r\u00e9f\u00e9rent hygi\u00e8ne&#8220; erf\u00fcllen oder erf\u00fcllen wollen, gem\u00e4\u00df den Artikeln 6, 21 und 36 des Gesetzes vom 23. August 2023 \u00fcber die Qualit\u00e4t der Dienstleistungen f\u00fcr \u00e4ltere Menschen.<\/p>\n","protected":false},"excerpt":{"rendered":"<p>Formation continue agr\u00e9\u00e9 conform\u00e9ment \u00e0 l&#8217;article 12 de la loi modifi\u00e9e du 26 mars 1992 sur l&#8217;exercice et la revalorisation de certaines professions de sant\u00e9. Agr\u00e9ment MISA : 2025-AGR-01-002 \u00ab R\u00e9f\u00e9rent\u00b7e en mati\u00e8re de pr\u00e9vention et de lutte contre les infections et de respect des r\u00e8gles d\u2019hygi\u00e8ne et sanitaires \u00bb Diese Weiterbildung vermittelt Grundkenntnisse im [&hellip;]<\/p>\n","protected":false},"featured_media":0,"comment_status":"closed","ping_status":"closed","template":"","meta":{"_acf_changed":false,"inline_featured_image":false},"product_brand":[],"product_cat":[241],"product_tag":[236],"class_list":{"0":"post-8738","1":"product","2":"type-product","3":"status-publish","5":"product_cat-workshop-pro","6":"product_tag-sante-et-securite-au-travail-pro","8":"first","9":"instock","10":"virtual","11":"purchasable","12":"product-type-simple"},"acf":[],"yoast_head":"<!-- This site is optimized with the Yoast SEO Premium plugin v27.4 (Yoast SEO v27.5) - https:\/\/yoast.com\/product\/yoast-seo-premium-wordpress\/ -->\n<title>Weiterbildung Hygienereferent*in (Agr\u00e9ment: 2025-AGR-01-002) - GERO<\/title>\n<meta name=\"robots\" content=\"index, follow, max-snippet:-1, max-image-preview:large, max-video-preview:-1\" \/>\n<link rel=\"canonical\" href=\"https:\/\/www.gero.lu\/de\/produit\/weiterbildung-hygienereferentin-agrement-2025-agr-01-002\" \/>\n<meta property=\"og:locale\" content=\"de_DE\" \/>\n<meta property=\"og:type\" content=\"article\" \/>\n<meta property=\"og:title\" content=\"Weiterbildung Hygienereferent*in (Agr\u00e9ment: 2025-AGR-01-002)\" \/>\n<meta property=\"og:description\" content=\"Formation continue agr\u00e9\u00e9 conform\u00e9ment \u00e0 l&#8217;article 12 de la loi modifi\u00e9e du 26 mars 1992 sur l&#8217;exercice et la revalorisation de certaines professions de sant\u00e9. Agr\u00e9ment MISA : 2025-AGR-01-002 \u00ab R\u00e9f\u00e9rent\u00b7e en mati\u00e8re de pr\u00e9vention et de lutte contre les infections et de respect des r\u00e8gles d\u2019hygi\u00e8ne et sanitaires \u00bb Diese Weiterbildung vermittelt Grundkenntnisse im [&hellip;]\" \/>\n<meta property=\"og:url\" content=\"https:\/\/www.gero.lu\/de\/produit\/weiterbildung-hygienereferentin-agrement-2025-agr-01-002\" \/>\n<meta property=\"og:site_name\" content=\"GERO\" \/>\n<meta property=\"article:publisher\" content=\"https:\/\/www.facebook.com\/Kompetenzzenter\/\" \/>\n<meta property=\"article:modified_time\" content=\"2025-06-18T12:25:42+00:00\" \/>\n<meta property=\"og:image\" content=\"https:\/\/www.gero.lu\/wp-content\/uploads\/2021\/08\/gettyimages-1135289130-2048x2048_RET-1.jpg\" \/>\n\t<meta property=\"og:image:width\" content=\"1227\" \/>\n\t<meta property=\"og:image:height\" content=\"802\" \/>\n\t<meta property=\"og:image:type\" content=\"image\/jpeg\" \/>\n<meta name=\"twitter:card\" content=\"summary_large_image\" \/>\n<meta name=\"twitter:label1\" content=\"Gesch\u00e4tzte Lesezeit\" \/>\n\t<meta name=\"twitter:data1\" content=\"1\u00a0Minute\" \/>\n<script type=\"application\/ld+json\" class=\"yoast-schema-graph\">{\"@context\":\"https:\\\/\\\/schema.org\",\"@graph\":[{\"@type\":\"WebPage\",\"@id\":\"https:\\\/\\\/www.gero.lu\\\/de\\\/produit\\\/weiterbildung-hygienereferentin-agrement-2025-agr-01-002\",\"url\":\"https:\\\/\\\/www.gero.lu\\\/de\\\/produit\\\/weiterbildung-hygienereferentin-agrement-2025-agr-01-002\",\"name\":\"Weiterbildung Hygienereferent*in (Agr\u00e9ment: 2025-AGR-01-002) - GERO\",\"isPartOf\":{\"@id\":\"https:\\\/\\\/www.gero.lu\\\/de\\\/#website\"},\"datePublished\":\"2025-01-29T12:21:29+00:00\",\"dateModified\":\"2025-06-18T12:25:42+00:00\",\"breadcrumb\":{\"@id\":\"https:\\\/\\\/www.gero.lu\\\/de\\\/produit\\\/weiterbildung-hygienereferentin-agrement-2025-agr-01-002#breadcrumb\"},\"inLanguage\":\"de\",\"potentialAction\":[{\"@type\":\"ReadAction\",\"target\":[[\"https:\\\/\\\/www.gero.lu\\\/de\\\/produit\\\/weiterbildung-hygienereferentin-agrement-2025-agr-01-002\"]]}]},{\"@type\":\"BreadcrumbList\",\"@id\":\"https:\\\/\\\/www.gero.lu\\\/de\\\/produit\\\/weiterbildung-hygienereferentin-agrement-2025-agr-01-002#breadcrumb\",\"itemListElement\":[{\"@type\":\"ListItem\",\"position\":1,\"name\":\"Accueil\",\"item\":\"https:\\\/\\\/www.gero.lu\\\/de\\\/\"},{\"@type\":\"ListItem\",\"position\":2,\"name\":\"Shop\",\"item\":\"https:\\\/\\\/www.gero.lu\\\/de\\\/shop\"},{\"@type\":\"ListItem\",\"position\":3,\"name\":\"Weiterbildung Hygienereferent*in (Agr\u00e9ment : 2025-AGR-01-002)\"}]},{\"@type\":\"WebSite\",\"@id\":\"https:\\\/\\\/www.gero.lu\\\/de\\\/#website\",\"url\":\"https:\\\/\\\/www.gero.lu\\\/de\\\/\",\"name\":\"Gero\",\"description\":\"Kompetenzzenter fir den Alter\",\"publisher\":{\"@id\":\"https:\\\/\\\/www.gero.lu\\\/de\\\/#organization\"},\"potentialAction\":[{\"@type\":\"SearchAction\",\"target\":{\"@type\":\"EntryPoint\",\"urlTemplate\":\"https:\\\/\\\/www.gero.lu\\\/de\\\/?s={search_term_string}\"},\"query-input\":{\"@type\":\"PropertyValueSpecification\",\"valueRequired\":true,\"valueName\":\"search_term_string\"}}],\"inLanguage\":\"de\"},{\"@type\":\"Organization\",\"@id\":\"https:\\\/\\\/www.gero.lu\\\/de\\\/#organization\",\"name\":\"Gero\",\"url\":\"https:\\\/\\\/www.gero.lu\\\/de\\\/\",\"logo\":{\"@type\":\"ImageObject\",\"inLanguage\":\"de\",\"@id\":\"https:\\\/\\\/www.gero.lu\\\/de\\\/#\\\/schema\\\/logo\\\/image\\\/\",\"url\":\"https:\\\/\\\/www.gero.lu\\\/wp-content\\\/uploads\\\/2024\\\/04\\\/logo.svg\",\"contentUrl\":\"https:\\\/\\\/www.gero.lu\\\/wp-content\\\/uploads\\\/2024\\\/04\\\/logo.svg\",\"width\":76,\"height\":30,\"caption\":\"Gero\"},\"image\":{\"@id\":\"https:\\\/\\\/www.gero.lu\\\/de\\\/#\\\/schema\\\/logo\\\/image\\\/\"},\"sameAs\":[\"https:\\\/\\\/www.facebook.com\\\/Kompetenzzenter\\\/\",\"https:\\\/\\\/www.instagram.com\\\/gero.kompetenzzenter\\\/\",\"https:\\\/\\\/linkedin.com\\\/company\\\/gero-kompetenzzenter-fir-den-alter\",\"https:\\\/\\\/www.youtube.com\\\/channel\\\/UCJvmJYSeHh3dYQsLHZupj-Q\"]}]}<\/script>\n<!-- \/ Yoast SEO Premium plugin. -->","yoast_head_json":{"title":"Weiterbildung Hygienereferent*in (Agr\u00e9ment: 2025-AGR-01-002) - GERO","robots":{"index":"index","follow":"follow","max-snippet":"max-snippet:-1","max-image-preview":"max-image-preview:large","max-video-preview":"max-video-preview:-1"},"canonical":"https:\/\/www.gero.lu\/de\/produit\/weiterbildung-hygienereferentin-agrement-2025-agr-01-002","og_locale":"de_DE","og_type":"article","og_title":"Weiterbildung Hygienereferent*in (Agr\u00e9ment: 2025-AGR-01-002)","og_description":"Formation continue agr\u00e9\u00e9 conform\u00e9ment \u00e0 l&#8217;article 12 de la loi modifi\u00e9e du 26 mars 1992 sur l&#8217;exercice et la revalorisation de certaines professions de sant\u00e9. Agr\u00e9ment MISA : 2025-AGR-01-002 \u00ab R\u00e9f\u00e9rent\u00b7e en mati\u00e8re de pr\u00e9vention et de lutte contre les infections et de respect des r\u00e8gles d\u2019hygi\u00e8ne et sanitaires \u00bb Diese Weiterbildung vermittelt Grundkenntnisse im [&hellip;]","og_url":"https:\/\/www.gero.lu\/de\/produit\/weiterbildung-hygienereferentin-agrement-2025-agr-01-002","og_site_name":"GERO","article_publisher":"https:\/\/www.facebook.com\/Kompetenzzenter\/","article_modified_time":"2025-06-18T12:25:42+00:00","og_image":[{"width":1227,"height":802,"url":"https:\/\/www.gero.lu\/wp-content\/uploads\/2021\/08\/gettyimages-1135289130-2048x2048_RET-1.jpg","type":"image\/jpeg"}],"twitter_card":"summary_large_image","twitter_misc":{"Gesch\u00e4tzte Lesezeit":"1\u00a0Minute"},"schema":{"@context":"https:\/\/schema.org","@graph":[{"@type":"WebPage","@id":"https:\/\/www.gero.lu\/de\/produit\/weiterbildung-hygienereferentin-agrement-2025-agr-01-002","url":"https:\/\/www.gero.lu\/de\/produit\/weiterbildung-hygienereferentin-agrement-2025-agr-01-002","name":"Weiterbildung Hygienereferent*in (Agr\u00e9ment: 2025-AGR-01-002) - GERO","isPartOf":{"@id":"https:\/\/www.gero.lu\/de\/#website"},"datePublished":"2025-01-29T12:21:29+00:00","dateModified":"2025-06-18T12:25:42+00:00","breadcrumb":{"@id":"https:\/\/www.gero.lu\/de\/produit\/weiterbildung-hygienereferentin-agrement-2025-agr-01-002#breadcrumb"},"inLanguage":"de","potentialAction":[{"@type":"ReadAction","target":[["https:\/\/www.gero.lu\/de\/produit\/weiterbildung-hygienereferentin-agrement-2025-agr-01-002"]]}]},{"@type":"BreadcrumbList","@id":"https:\/\/www.gero.lu\/de\/produit\/weiterbildung-hygienereferentin-agrement-2025-agr-01-002#breadcrumb","itemListElement":[{"@type":"ListItem","position":1,"name":"Accueil","item":"https:\/\/www.gero.lu\/de\/"},{"@type":"ListItem","position":2,"name":"Shop","item":"https:\/\/www.gero.lu\/de\/shop"},{"@type":"ListItem","position":3,"name":"Weiterbildung Hygienereferent*in (Agr\u00e9ment : 2025-AGR-01-002)"}]},{"@type":"WebSite","@id":"https:\/\/www.gero.lu\/de\/#website","url":"https:\/\/www.gero.lu\/de\/","name":"Gero","description":"Kompetenzzenter fir den Alter","publisher":{"@id":"https:\/\/www.gero.lu\/de\/#organization"},"potentialAction":[{"@type":"SearchAction","target":{"@type":"EntryPoint","urlTemplate":"https:\/\/www.gero.lu\/de\/?s={search_term_string}"},"query-input":{"@type":"PropertyValueSpecification","valueRequired":true,"valueName":"search_term_string"}}],"inLanguage":"de"},{"@type":"Organization","@id":"https:\/\/www.gero.lu\/de\/#organization","name":"Gero","url":"https:\/\/www.gero.lu\/de\/","logo":{"@type":"ImageObject","inLanguage":"de","@id":"https:\/\/www.gero.lu\/de\/#\/schema\/logo\/image\/","url":"https:\/\/www.gero.lu\/wp-content\/uploads\/2024\/04\/logo.svg","contentUrl":"https:\/\/www.gero.lu\/wp-content\/uploads\/2024\/04\/logo.svg","width":76,"height":30,"caption":"Gero"},"image":{"@id":"https:\/\/www.gero.lu\/de\/#\/schema\/logo\/image\/"},"sameAs":["https:\/\/www.facebook.com\/Kompetenzzenter\/","https:\/\/www.instagram.com\/gero.kompetenzzenter\/","https:\/\/linkedin.com\/company\/gero-kompetenzzenter-fir-den-alter","https:\/\/www.youtube.com\/channel\/UCJvmJYSeHh3dYQsLHZupj-Q"]}]}},"_links":{"self":[{"href":"https:\/\/www.gero.lu\/de\/wp-json\/wp\/v2\/product\/8738","targetHints":{"allow":["GET"]}}],"collection":[{"href":"https:\/\/www.gero.lu\/de\/wp-json\/wp\/v2\/product"}],"about":[{"href":"https:\/\/www.gero.lu\/de\/wp-json\/wp\/v2\/types\/product"}],"replies":[{"embeddable":true,"href":"https:\/\/www.gero.lu\/de\/wp-json\/wp\/v2\/comments?post=8738"}],"wp:attachment":[{"href":"https:\/\/www.gero.lu\/de\/wp-json\/wp\/v2\/media?parent=8738"}],"wp:term":[{"taxonomy":"product_brand","embeddable":true,"href":"https:\/\/www.gero.lu\/de\/wp-json\/wp\/v2\/product_brand?post=8738"},{"taxonomy":"product_cat","embeddable":true,"href":"https:\/\/www.gero.lu\/de\/wp-json\/wp\/v2\/product_cat?post=8738"},{"taxonomy":"product_tag","embeddable":true,"href":"https:\/\/www.gero.lu\/de\/wp-json\/wp\/v2\/product_tag?post=8738"}],"curies":[{"name":"wp","href":"https:\/\/api.w.org\/{rel}","templated":true}]}}