{"id":8619,"date":"2025-01-14T10:24:15","date_gmt":"2025-01-14T10:24:15","guid":{"rendered":"https:\/\/www.gero.lu\/produit\/zum-ersten-mal-fuhrungskraft"},"modified":"2025-09-18T09:24:52","modified_gmt":"2025-09-18T09:24:52","slug":"zum-ersten-mal-fuhrungskraft","status":"publish","type":"product","link":"https:\/\/www.gero.lu\/de\/produit\/zum-ersten-mal-fuhrungskraft","title":{"rendered":"Zum Ersten Mal F\u00fchrungskraft"},"content":{"rendered":"<p>Sicher und \u00fcberzeugend als F\u00fchrungskraft<\/p>\n<p>Dieses praxisorientierte Training unterst\u00fctzt Teilnehmende dabei, sich in ihrer neuen F\u00fchrungsrolle zu etablieren, essenzielle F\u00fchrungsinstrumente einzusetzen und herausfordernde Situationen souver\u00e4n zu meistern. Der Fokus liegt auf der Entwicklung eines individuellen F\u00fchrungsstils und eines pers\u00f6nlichen Entwicklungsplans im Kontext der jeweiligen Unternehmenskultur. <\/p>\n<p>Inhalte: <\/p>\n<p>&#8211;\tKlarheit und Orientierung in der neuen Rolle: Vertrauen aufbauen, Rollenwechsel gestalten und Einstieg meistern.<\/p>\n<p>&#8211;\tWichtige S\u00e4ulen und Instrumente der F\u00fchrung kennen und nutzen: Ziele setzen, Erwartungen managen, Delegation und Motivation, Feedback geben.<\/p>\n<p>&#8211;\tMein Team erfolgreich f\u00fchren: Teamdynamiken verstehen, Teamphasen steuern und st\u00e4rkenorientierte F\u00fchrung umsetzen.<\/p>\n<p>&#8211;\tGespr\u00e4chsf\u00fchrung in kritischen Situationen: Schwierige Gespr\u00e4che f\u00fchren, emotionale Kompetenz st\u00e4rken, Konflikte l\u00f6sen.<\/p>\n<p>&#8211;\tDie pers\u00f6nliche Weiter-Entwicklung aktiv gestalten: Herausforderungen als Wachstumspotenziale erkennen und Entwicklungspl\u00e4ne erstellen.<\/p>\n<p>Praktische \u00dcbungen, Fallberatung und Best-Practice-Ans\u00e4tze erm\u00f6glichen den Transfer in den F\u00fchrungsalltag und bereiten optimal auf zuk\u00fcnftige Herausforderungen vor.<\/p>\n<p>Zielgruppe :<br \/>\nNachwuchsf\u00fchrungskr\u00e4fte, angehende Team-, Gruppen- oder Abteilungsleiter*innen sowie F\u00fchrungskr\u00e4fte, die erst vor Kurzem F\u00fchrungsverantwortung \u00fcbernommen haben.<\/p>\n","protected":false},"excerpt":{"rendered":"<p>Sicher und \u00fcberzeugend als F\u00fchrungskraft Dieses praxisorientierte Training unterst\u00fctzt Teilnehmende dabei, sich in ihrer neuen F\u00fchrungsrolle zu etablieren, essenzielle F\u00fchrungsinstrumente einzusetzen und herausfordernde Situationen souver\u00e4n zu meistern. Der Fokus liegt auf der Entwicklung eines individuellen F\u00fchrungsstils und eines pers\u00f6nlichen Entwicklungsplans im Kontext der jeweiligen Unternehmenskultur. Inhalte: &#8211; Klarheit und Orientierung in der neuen Rolle: Vertrauen [&hellip;]<\/p>\n","protected":false},"featured_media":0,"comment_status":"closed","ping_status":"closed","template":"","meta":{"_acf_changed":false,"inline_featured_image":false},"product_brand":[],"product_cat":[241],"product_tag":[233],"class_list":{"0":"post-8619","1":"product","2":"type-product","3":"status-publish","5":"product_cat-workshop-pro","6":"product_tag-management-leadership-pro","8":"first","9":"instock","10":"virtual","11":"purchasable","12":"product-type-simple"},"acf":[],"yoast_head":"<!-- This site is optimized with the Yoast SEO Premium plugin v27.4 (Yoast SEO v27.5) - https:\/\/yoast.com\/product\/yoast-seo-premium-wordpress\/ -->\n<title>Zum Ersten Mal F\u00fchrungskraft - GERO<\/title>\n<meta name=\"robots\" content=\"index, follow, max-snippet:-1, max-image-preview:large, max-video-preview:-1\" \/>\n<link rel=\"canonical\" href=\"https:\/\/www.gero.lu\/de\/produit\/zum-ersten-mal-fuhrungskraft\" \/>\n<meta property=\"og:locale\" content=\"de_DE\" \/>\n<meta property=\"og:type\" content=\"article\" \/>\n<meta property=\"og:title\" content=\"Zum Ersten Mal F\u00fchrungskraft\" \/>\n<meta property=\"og:description\" content=\"Sicher und \u00fcberzeugend als F\u00fchrungskraft Dieses praxisorientierte Training unterst\u00fctzt Teilnehmende dabei, sich in ihrer neuen F\u00fchrungsrolle zu etablieren, essenzielle F\u00fchrungsinstrumente einzusetzen und herausfordernde Situationen souver\u00e4n zu meistern. Der Fokus liegt auf der Entwicklung eines individuellen F\u00fchrungsstils und eines pers\u00f6nlichen Entwicklungsplans im Kontext der jeweiligen Unternehmenskultur. Inhalte: &#8211; Klarheit und Orientierung in der neuen Rolle: Vertrauen [&hellip;]\" \/>\n<meta property=\"og:url\" content=\"https:\/\/www.gero.lu\/de\/produit\/zum-ersten-mal-fuhrungskraft\" \/>\n<meta property=\"og:site_name\" content=\"GERO\" \/>\n<meta property=\"article:publisher\" content=\"https:\/\/www.facebook.com\/Kompetenzzenter\/\" \/>\n<meta property=\"article:modified_time\" content=\"2025-09-18T09:24:52+00:00\" \/>\n<meta property=\"og:image\" content=\"https:\/\/www.gero.lu\/wp-content\/uploads\/2021\/08\/gettyimages-1135289130-2048x2048_RET-1.jpg\" \/>\n\t<meta property=\"og:image:width\" content=\"1227\" \/>\n\t<meta property=\"og:image:height\" content=\"802\" \/>\n\t<meta property=\"og:image:type\" content=\"image\/jpeg\" \/>\n<meta name=\"twitter:card\" content=\"summary_large_image\" \/>\n<meta name=\"twitter:label1\" content=\"Gesch\u00e4tzte Lesezeit\" \/>\n\t<meta name=\"twitter:data1\" content=\"1\u00a0Minute\" \/>\n<script type=\"application\/ld+json\" class=\"yoast-schema-graph\">{\"@context\":\"https:\\\/\\\/schema.org\",\"@graph\":[{\"@type\":\"WebPage\",\"@id\":\"https:\\\/\\\/www.gero.lu\\\/de\\\/produit\\\/zum-ersten-mal-fuhrungskraft\",\"url\":\"https:\\\/\\\/www.gero.lu\\\/de\\\/produit\\\/zum-ersten-mal-fuhrungskraft\",\"name\":\"Zum Ersten Mal F\u00fchrungskraft - GERO\",\"isPartOf\":{\"@id\":\"https:\\\/\\\/www.gero.lu\\\/de\\\/#website\"},\"datePublished\":\"2025-01-14T10:24:15+00:00\",\"dateModified\":\"2025-09-18T09:24:52+00:00\",\"breadcrumb\":{\"@id\":\"https:\\\/\\\/www.gero.lu\\\/de\\\/produit\\\/zum-ersten-mal-fuhrungskraft#breadcrumb\"},\"inLanguage\":\"de\",\"potentialAction\":[{\"@type\":\"ReadAction\",\"target\":[[\"https:\\\/\\\/www.gero.lu\\\/de\\\/produit\\\/zum-ersten-mal-fuhrungskraft\"]]}]},{\"@type\":\"BreadcrumbList\",\"@id\":\"https:\\\/\\\/www.gero.lu\\\/de\\\/produit\\\/zum-ersten-mal-fuhrungskraft#breadcrumb\",\"itemListElement\":[{\"@type\":\"ListItem\",\"position\":1,\"name\":\"Accueil\",\"item\":\"https:\\\/\\\/www.gero.lu\\\/de\\\/\"},{\"@type\":\"ListItem\",\"position\":2,\"name\":\"Shop\",\"item\":\"https:\\\/\\\/www.gero.lu\\\/de\\\/shop\"},{\"@type\":\"ListItem\",\"position\":3,\"name\":\"Zum Ersten Mal F\u00fchrungskraft\"}]},{\"@type\":\"WebSite\",\"@id\":\"https:\\\/\\\/www.gero.lu\\\/de\\\/#website\",\"url\":\"https:\\\/\\\/www.gero.lu\\\/de\\\/\",\"name\":\"Gero\",\"description\":\"Kompetenzzenter fir den Alter\",\"publisher\":{\"@id\":\"https:\\\/\\\/www.gero.lu\\\/de\\\/#organization\"},\"potentialAction\":[{\"@type\":\"SearchAction\",\"target\":{\"@type\":\"EntryPoint\",\"urlTemplate\":\"https:\\\/\\\/www.gero.lu\\\/de\\\/?s={search_term_string}\"},\"query-input\":{\"@type\":\"PropertyValueSpecification\",\"valueRequired\":true,\"valueName\":\"search_term_string\"}}],\"inLanguage\":\"de\"},{\"@type\":\"Organization\",\"@id\":\"https:\\\/\\\/www.gero.lu\\\/de\\\/#organization\",\"name\":\"Gero\",\"url\":\"https:\\\/\\\/www.gero.lu\\\/de\\\/\",\"logo\":{\"@type\":\"ImageObject\",\"inLanguage\":\"de\",\"@id\":\"https:\\\/\\\/www.gero.lu\\\/de\\\/#\\\/schema\\\/logo\\\/image\\\/\",\"url\":\"https:\\\/\\\/www.gero.lu\\\/wp-content\\\/uploads\\\/2024\\\/04\\\/logo.svg\",\"contentUrl\":\"https:\\\/\\\/www.gero.lu\\\/wp-content\\\/uploads\\\/2024\\\/04\\\/logo.svg\",\"width\":76,\"height\":30,\"caption\":\"Gero\"},\"image\":{\"@id\":\"https:\\\/\\\/www.gero.lu\\\/de\\\/#\\\/schema\\\/logo\\\/image\\\/\"},\"sameAs\":[\"https:\\\/\\\/www.facebook.com\\\/Kompetenzzenter\\\/\",\"https:\\\/\\\/www.instagram.com\\\/gero.kompetenzzenter\\\/\",\"https:\\\/\\\/linkedin.com\\\/company\\\/gero-kompetenzzenter-fir-den-alter\",\"https:\\\/\\\/www.youtube.com\\\/channel\\\/UCJvmJYSeHh3dYQsLHZupj-Q\"]}]}<\/script>\n<!-- \/ Yoast SEO Premium plugin. -->","yoast_head_json":{"title":"Zum Ersten Mal F\u00fchrungskraft - GERO","robots":{"index":"index","follow":"follow","max-snippet":"max-snippet:-1","max-image-preview":"max-image-preview:large","max-video-preview":"max-video-preview:-1"},"canonical":"https:\/\/www.gero.lu\/de\/produit\/zum-ersten-mal-fuhrungskraft","og_locale":"de_DE","og_type":"article","og_title":"Zum Ersten Mal F\u00fchrungskraft","og_description":"Sicher und \u00fcberzeugend als F\u00fchrungskraft Dieses praxisorientierte Training unterst\u00fctzt Teilnehmende dabei, sich in ihrer neuen F\u00fchrungsrolle zu etablieren, essenzielle F\u00fchrungsinstrumente einzusetzen und herausfordernde Situationen souver\u00e4n zu meistern. Der Fokus liegt auf der Entwicklung eines individuellen F\u00fchrungsstils und eines pers\u00f6nlichen Entwicklungsplans im Kontext der jeweiligen Unternehmenskultur. Inhalte: &#8211; Klarheit und Orientierung in der neuen Rolle: Vertrauen [&hellip;]","og_url":"https:\/\/www.gero.lu\/de\/produit\/zum-ersten-mal-fuhrungskraft","og_site_name":"GERO","article_publisher":"https:\/\/www.facebook.com\/Kompetenzzenter\/","article_modified_time":"2025-09-18T09:24:52+00:00","og_image":[{"width":1227,"height":802,"url":"https:\/\/www.gero.lu\/wp-content\/uploads\/2021\/08\/gettyimages-1135289130-2048x2048_RET-1.jpg","type":"image\/jpeg"}],"twitter_card":"summary_large_image","twitter_misc":{"Gesch\u00e4tzte Lesezeit":"1\u00a0Minute"},"schema":{"@context":"https:\/\/schema.org","@graph":[{"@type":"WebPage","@id":"https:\/\/www.gero.lu\/de\/produit\/zum-ersten-mal-fuhrungskraft","url":"https:\/\/www.gero.lu\/de\/produit\/zum-ersten-mal-fuhrungskraft","name":"Zum Ersten Mal F\u00fchrungskraft - GERO","isPartOf":{"@id":"https:\/\/www.gero.lu\/de\/#website"},"datePublished":"2025-01-14T10:24:15+00:00","dateModified":"2025-09-18T09:24:52+00:00","breadcrumb":{"@id":"https:\/\/www.gero.lu\/de\/produit\/zum-ersten-mal-fuhrungskraft#breadcrumb"},"inLanguage":"de","potentialAction":[{"@type":"ReadAction","target":[["https:\/\/www.gero.lu\/de\/produit\/zum-ersten-mal-fuhrungskraft"]]}]},{"@type":"BreadcrumbList","@id":"https:\/\/www.gero.lu\/de\/produit\/zum-ersten-mal-fuhrungskraft#breadcrumb","itemListElement":[{"@type":"ListItem","position":1,"name":"Accueil","item":"https:\/\/www.gero.lu\/de\/"},{"@type":"ListItem","position":2,"name":"Shop","item":"https:\/\/www.gero.lu\/de\/shop"},{"@type":"ListItem","position":3,"name":"Zum Ersten Mal F\u00fchrungskraft"}]},{"@type":"WebSite","@id":"https:\/\/www.gero.lu\/de\/#website","url":"https:\/\/www.gero.lu\/de\/","name":"Gero","description":"Kompetenzzenter fir den Alter","publisher":{"@id":"https:\/\/www.gero.lu\/de\/#organization"},"potentialAction":[{"@type":"SearchAction","target":{"@type":"EntryPoint","urlTemplate":"https:\/\/www.gero.lu\/de\/?s={search_term_string}"},"query-input":{"@type":"PropertyValueSpecification","valueRequired":true,"valueName":"search_term_string"}}],"inLanguage":"de"},{"@type":"Organization","@id":"https:\/\/www.gero.lu\/de\/#organization","name":"Gero","url":"https:\/\/www.gero.lu\/de\/","logo":{"@type":"ImageObject","inLanguage":"de","@id":"https:\/\/www.gero.lu\/de\/#\/schema\/logo\/image\/","url":"https:\/\/www.gero.lu\/wp-content\/uploads\/2024\/04\/logo.svg","contentUrl":"https:\/\/www.gero.lu\/wp-content\/uploads\/2024\/04\/logo.svg","width":76,"height":30,"caption":"Gero"},"image":{"@id":"https:\/\/www.gero.lu\/de\/#\/schema\/logo\/image\/"},"sameAs":["https:\/\/www.facebook.com\/Kompetenzzenter\/","https:\/\/www.instagram.com\/gero.kompetenzzenter\/","https:\/\/linkedin.com\/company\/gero-kompetenzzenter-fir-den-alter","https:\/\/www.youtube.com\/channel\/UCJvmJYSeHh3dYQsLHZupj-Q"]}]}},"_links":{"self":[{"href":"https:\/\/www.gero.lu\/de\/wp-json\/wp\/v2\/product\/8619","targetHints":{"allow":["GET"]}}],"collection":[{"href":"https:\/\/www.gero.lu\/de\/wp-json\/wp\/v2\/product"}],"about":[{"href":"https:\/\/www.gero.lu\/de\/wp-json\/wp\/v2\/types\/product"}],"replies":[{"embeddable":true,"href":"https:\/\/www.gero.lu\/de\/wp-json\/wp\/v2\/comments?post=8619"}],"wp:attachment":[{"href":"https:\/\/www.gero.lu\/de\/wp-json\/wp\/v2\/media?parent=8619"}],"wp:term":[{"taxonomy":"product_brand","embeddable":true,"href":"https:\/\/www.gero.lu\/de\/wp-json\/wp\/v2\/product_brand?post=8619"},{"taxonomy":"product_cat","embeddable":true,"href":"https:\/\/www.gero.lu\/de\/wp-json\/wp\/v2\/product_cat?post=8619"},{"taxonomy":"product_tag","embeddable":true,"href":"https:\/\/www.gero.lu\/de\/wp-json\/wp\/v2\/product_tag?post=8619"}],"curies":[{"name":"wp","href":"https:\/\/api.w.org\/{rel}","templated":true}]}}