{"id":8222,"date":"2024-11-14T10:47:20","date_gmt":"2024-11-14T10:47:20","guid":{"rendered":"https:\/\/www.gero.lu\/produit\/rupture-du-jeune"},"modified":"2025-03-10T09:21:39","modified_gmt":"2025-03-10T09:21:39","slug":"rupture-du-jeune","status":"publish","type":"product","link":"https:\/\/www.gero.lu\/de\/produit\/rupture-du-jeune","title":{"rendered":"ANNULE &#8211; Rupture du je\u00fbne ramadan"},"content":{"rendered":"<p>Ensemble, nous allons c\u00e9l\u00e9brer la rupture du je\u00fbne un soir de ramadan. Pour cela, les musulman\u00b7e\u00b7s se retrouvent en famille, entre amis ou \u00e0 la mosqu\u00e9e et partagent ensemble un repas. Nous vous proposons de vous joindre \u00e0 eux \u00e0 la mosqu\u00e9e de Bonnevoie et d\u2019en apprendre davantage sur le ramadan et sa pratique au Luxembourg. C\u2019est une occasion unique de vivre cette pratique et de d\u00e9guster des mets typiques dans un lieu de culte.<\/p>\n","protected":false},"excerpt":{"rendered":"<p>Ensemble, nous allons c\u00e9l\u00e9brer la rupture du je\u00fbne un soir de ramadan. Pour cela, les musulman\u00b7e\u00b7s se retrouvent en famille, entre amis ou \u00e0 la mosqu\u00e9e et partagent ensemble un repas. Nous vous proposons de vous joindre \u00e0 eux \u00e0 la mosqu\u00e9e de Bonnevoie et d\u2019en apprendre davantage sur le ramadan et sa pratique au [&hellip;]<\/p>\n","protected":false},"featured_media":8847,"comment_status":"closed","ping_status":"closed","template":"","meta":{"_acf_changed":false,"inline_featured_image":false},"product_brand":[],"product_cat":[232],"product_tag":[199],"class_list":{"0":"post-8222","1":"product","2":"type-product","3":"status-publish","4":"has-post-thumbnail","6":"product_cat-divers","7":"product_tag-culture-senior","9":"first","10":"instock","11":"virtual","12":"purchasable","13":"product-type-simple"},"acf":[],"yoast_head":"<!-- This site is optimized with the Yoast SEO Premium plugin v27.4 (Yoast SEO v27.5) - https:\/\/yoast.com\/product\/yoast-seo-premium-wordpress\/ -->\n<title>ANNULE - Rupture du je\u00fbne ramadan - GERO<\/title>\n<meta name=\"robots\" content=\"index, follow, max-snippet:-1, max-image-preview:large, max-video-preview:-1\" \/>\n<link rel=\"canonical\" href=\"https:\/\/www.gero.lu\/de\/produit\/rupture-du-jeune\" \/>\n<meta property=\"og:locale\" content=\"de_DE\" \/>\n<meta property=\"og:type\" content=\"article\" \/>\n<meta property=\"og:title\" content=\"ANNULE - Rupture du je\u00fbne ramadan\" \/>\n<meta property=\"og:description\" content=\"Ensemble, nous allons c\u00e9l\u00e9brer la rupture du je\u00fbne un soir de ramadan. Pour cela, les musulman\u00b7e\u00b7s se retrouvent en famille, entre amis ou \u00e0 la mosqu\u00e9e et partagent ensemble un repas. Nous vous proposons de vous joindre \u00e0 eux \u00e0 la mosqu\u00e9e de Bonnevoie et d\u2019en apprendre davantage sur le ramadan et sa pratique au [&hellip;]\" \/>\n<meta property=\"og:url\" content=\"https:\/\/www.gero.lu\/de\/produit\/rupture-du-jeune\" \/>\n<meta property=\"og:site_name\" content=\"GERO\" \/>\n<meta property=\"article:publisher\" content=\"https:\/\/www.facebook.com\/Kompetenzzenter\/\" \/>\n<meta property=\"article:modified_time\" content=\"2025-03-10T09:21:39+00:00\" \/>\n<meta property=\"og:image\" content=\"https:\/\/www.gero.lu\/wp-content\/uploads\/2024\/11\/lamp-8610744_1280.jpg\" \/>\n\t<meta property=\"og:image:width\" content=\"1280\" \/>\n\t<meta property=\"og:image:height\" content=\"717\" \/>\n\t<meta property=\"og:image:type\" content=\"image\/jpeg\" \/>\n<meta name=\"twitter:card\" content=\"summary_large_image\" \/>\n<meta name=\"twitter:label1\" content=\"Gesch\u00e4tzte Lesezeit\" \/>\n\t<meta name=\"twitter:data1\" content=\"1\u00a0Minute\" \/>\n<script type=\"application\/ld+json\" class=\"yoast-schema-graph\">{\"@context\":\"https:\\\/\\\/schema.org\",\"@graph\":[{\"@type\":\"WebPage\",\"@id\":\"https:\\\/\\\/www.gero.lu\\\/de\\\/produit\\\/rupture-du-jeune\",\"url\":\"https:\\\/\\\/www.gero.lu\\\/de\\\/produit\\\/rupture-du-jeune\",\"name\":\"ANNULE - Rupture du je\u00fbne ramadan - GERO\",\"isPartOf\":{\"@id\":\"https:\\\/\\\/www.gero.lu\\\/de\\\/#website\"},\"primaryImageOfPage\":{\"@id\":\"https:\\\/\\\/www.gero.lu\\\/de\\\/produit\\\/rupture-du-jeune#primaryimage\"},\"image\":{\"@id\":\"https:\\\/\\\/www.gero.lu\\\/produit\\\/rupture-du-jeune#primaryimage\"},\"thumbnailUrl\":\"https:\\\/\\\/www.gero.lu\\\/wp-content\\\/uploads\\\/2024\\\/11\\\/lamp-8610744_1280.jpg\",\"datePublished\":\"2024-11-14T10:47:20+00:00\",\"dateModified\":\"2025-03-10T09:21:39+00:00\",\"breadcrumb\":{\"@id\":\"https:\\\/\\\/www.gero.lu\\\/de\\\/produit\\\/rupture-du-jeune#breadcrumb\"},\"inLanguage\":\"de\",\"potentialAction\":[{\"@type\":\"ReadAction\",\"target\":[[\"https:\\\/\\\/www.gero.lu\\\/de\\\/produit\\\/rupture-du-jeune\"]]}]},{\"@type\":\"ImageObject\",\"inLanguage\":\"de\",\"@id\":\"https:\\\/\\\/www.gero.lu\\\/de\\\/produit\\\/rupture-du-jeune#primaryimage\",\"url\":\"https:\\\/\\\/www.gero.lu\\\/wp-content\\\/uploads\\\/2024\\\/11\\\/lamp-8610744_1280.jpg\",\"contentUrl\":\"https:\\\/\\\/www.gero.lu\\\/wp-content\\\/uploads\\\/2024\\\/11\\\/lamp-8610744_1280.jpg\",\"width\":1280,\"height\":717},{\"@type\":\"BreadcrumbList\",\"@id\":\"https:\\\/\\\/www.gero.lu\\\/de\\\/produit\\\/rupture-du-jeune#breadcrumb\",\"itemListElement\":[{\"@type\":\"ListItem\",\"position\":1,\"name\":\"Accueil\",\"item\":\"https:\\\/\\\/www.gero.lu\\\/de\\\/\"},{\"@type\":\"ListItem\",\"position\":2,\"name\":\"Shop\",\"item\":\"https:\\\/\\\/www.gero.lu\\\/de\\\/shop\"},{\"@type\":\"ListItem\",\"position\":3,\"name\":\"Rupture du je\u00fbne ramadan\"}]},{\"@type\":\"WebSite\",\"@id\":\"https:\\\/\\\/www.gero.lu\\\/de\\\/#website\",\"url\":\"https:\\\/\\\/www.gero.lu\\\/de\\\/\",\"name\":\"Gero\",\"description\":\"Kompetenzzenter fir den Alter\",\"publisher\":{\"@id\":\"https:\\\/\\\/www.gero.lu\\\/de\\\/#organization\"},\"potentialAction\":[{\"@type\":\"SearchAction\",\"target\":{\"@type\":\"EntryPoint\",\"urlTemplate\":\"https:\\\/\\\/www.gero.lu\\\/de\\\/?s={search_term_string}\"},\"query-input\":{\"@type\":\"PropertyValueSpecification\",\"valueRequired\":true,\"valueName\":\"search_term_string\"}}],\"inLanguage\":\"de\"},{\"@type\":\"Organization\",\"@id\":\"https:\\\/\\\/www.gero.lu\\\/de\\\/#organization\",\"name\":\"Gero\",\"url\":\"https:\\\/\\\/www.gero.lu\\\/de\\\/\",\"logo\":{\"@type\":\"ImageObject\",\"inLanguage\":\"de\",\"@id\":\"https:\\\/\\\/www.gero.lu\\\/de\\\/#\\\/schema\\\/logo\\\/image\\\/\",\"url\":\"https:\\\/\\\/www.gero.lu\\\/wp-content\\\/uploads\\\/2024\\\/04\\\/logo.svg\",\"contentUrl\":\"https:\\\/\\\/www.gero.lu\\\/wp-content\\\/uploads\\\/2024\\\/04\\\/logo.svg\",\"width\":76,\"height\":30,\"caption\":\"Gero\"},\"image\":{\"@id\":\"https:\\\/\\\/www.gero.lu\\\/de\\\/#\\\/schema\\\/logo\\\/image\\\/\"},\"sameAs\":[\"https:\\\/\\\/www.facebook.com\\\/Kompetenzzenter\\\/\",\"https:\\\/\\\/www.instagram.com\\\/gero.kompetenzzenter\\\/\",\"https:\\\/\\\/linkedin.com\\\/company\\\/gero-kompetenzzenter-fir-den-alter\",\"https:\\\/\\\/www.youtube.com\\\/channel\\\/UCJvmJYSeHh3dYQsLHZupj-Q\"]}]}<\/script>\n<!-- \/ Yoast SEO Premium plugin. -->","yoast_head_json":{"title":"ANNULE - Rupture du je\u00fbne ramadan - GERO","robots":{"index":"index","follow":"follow","max-snippet":"max-snippet:-1","max-image-preview":"max-image-preview:large","max-video-preview":"max-video-preview:-1"},"canonical":"https:\/\/www.gero.lu\/de\/produit\/rupture-du-jeune","og_locale":"de_DE","og_type":"article","og_title":"ANNULE - Rupture du je\u00fbne ramadan","og_description":"Ensemble, nous allons c\u00e9l\u00e9brer la rupture du je\u00fbne un soir de ramadan. Pour cela, les musulman\u00b7e\u00b7s se retrouvent en famille, entre amis ou \u00e0 la mosqu\u00e9e et partagent ensemble un repas. Nous vous proposons de vous joindre \u00e0 eux \u00e0 la mosqu\u00e9e de Bonnevoie et d\u2019en apprendre davantage sur le ramadan et sa pratique au [&hellip;]","og_url":"https:\/\/www.gero.lu\/de\/produit\/rupture-du-jeune","og_site_name":"GERO","article_publisher":"https:\/\/www.facebook.com\/Kompetenzzenter\/","article_modified_time":"2025-03-10T09:21:39+00:00","og_image":[{"width":1280,"height":717,"url":"https:\/\/www.gero.lu\/wp-content\/uploads\/2024\/11\/lamp-8610744_1280.jpg","type":"image\/jpeg"}],"twitter_card":"summary_large_image","twitter_misc":{"Gesch\u00e4tzte Lesezeit":"1\u00a0Minute"},"schema":{"@context":"https:\/\/schema.org","@graph":[{"@type":"WebPage","@id":"https:\/\/www.gero.lu\/de\/produit\/rupture-du-jeune","url":"https:\/\/www.gero.lu\/de\/produit\/rupture-du-jeune","name":"ANNULE - Rupture du je\u00fbne ramadan - GERO","isPartOf":{"@id":"https:\/\/www.gero.lu\/de\/#website"},"primaryImageOfPage":{"@id":"https:\/\/www.gero.lu\/de\/produit\/rupture-du-jeune#primaryimage"},"image":{"@id":"https:\/\/www.gero.lu\/produit\/rupture-du-jeune#primaryimage"},"thumbnailUrl":"https:\/\/www.gero.lu\/wp-content\/uploads\/2024\/11\/lamp-8610744_1280.jpg","datePublished":"2024-11-14T10:47:20+00:00","dateModified":"2025-03-10T09:21:39+00:00","breadcrumb":{"@id":"https:\/\/www.gero.lu\/de\/produit\/rupture-du-jeune#breadcrumb"},"inLanguage":"de","potentialAction":[{"@type":"ReadAction","target":[["https:\/\/www.gero.lu\/de\/produit\/rupture-du-jeune"]]}]},{"@type":"ImageObject","inLanguage":"de","@id":"https:\/\/www.gero.lu\/de\/produit\/rupture-du-jeune#primaryimage","url":"https:\/\/www.gero.lu\/wp-content\/uploads\/2024\/11\/lamp-8610744_1280.jpg","contentUrl":"https:\/\/www.gero.lu\/wp-content\/uploads\/2024\/11\/lamp-8610744_1280.jpg","width":1280,"height":717},{"@type":"BreadcrumbList","@id":"https:\/\/www.gero.lu\/de\/produit\/rupture-du-jeune#breadcrumb","itemListElement":[{"@type":"ListItem","position":1,"name":"Accueil","item":"https:\/\/www.gero.lu\/de\/"},{"@type":"ListItem","position":2,"name":"Shop","item":"https:\/\/www.gero.lu\/de\/shop"},{"@type":"ListItem","position":3,"name":"Rupture du je\u00fbne ramadan"}]},{"@type":"WebSite","@id":"https:\/\/www.gero.lu\/de\/#website","url":"https:\/\/www.gero.lu\/de\/","name":"Gero","description":"Kompetenzzenter fir den Alter","publisher":{"@id":"https:\/\/www.gero.lu\/de\/#organization"},"potentialAction":[{"@type":"SearchAction","target":{"@type":"EntryPoint","urlTemplate":"https:\/\/www.gero.lu\/de\/?s={search_term_string}"},"query-input":{"@type":"PropertyValueSpecification","valueRequired":true,"valueName":"search_term_string"}}],"inLanguage":"de"},{"@type":"Organization","@id":"https:\/\/www.gero.lu\/de\/#organization","name":"Gero","url":"https:\/\/www.gero.lu\/de\/","logo":{"@type":"ImageObject","inLanguage":"de","@id":"https:\/\/www.gero.lu\/de\/#\/schema\/logo\/image\/","url":"https:\/\/www.gero.lu\/wp-content\/uploads\/2024\/04\/logo.svg","contentUrl":"https:\/\/www.gero.lu\/wp-content\/uploads\/2024\/04\/logo.svg","width":76,"height":30,"caption":"Gero"},"image":{"@id":"https:\/\/www.gero.lu\/de\/#\/schema\/logo\/image\/"},"sameAs":["https:\/\/www.facebook.com\/Kompetenzzenter\/","https:\/\/www.instagram.com\/gero.kompetenzzenter\/","https:\/\/linkedin.com\/company\/gero-kompetenzzenter-fir-den-alter","https:\/\/www.youtube.com\/channel\/UCJvmJYSeHh3dYQsLHZupj-Q"]}]}},"_links":{"self":[{"href":"https:\/\/www.gero.lu\/de\/wp-json\/wp\/v2\/product\/8222","targetHints":{"allow":["GET"]}}],"collection":[{"href":"https:\/\/www.gero.lu\/de\/wp-json\/wp\/v2\/product"}],"about":[{"href":"https:\/\/www.gero.lu\/de\/wp-json\/wp\/v2\/types\/product"}],"replies":[{"embeddable":true,"href":"https:\/\/www.gero.lu\/de\/wp-json\/wp\/v2\/comments?post=8222"}],"wp:featuredmedia":[{"embeddable":true,"href":"https:\/\/www.gero.lu\/de\/wp-json\/wp\/v2\/media\/8847"}],"wp:attachment":[{"href":"https:\/\/www.gero.lu\/de\/wp-json\/wp\/v2\/media?parent=8222"}],"wp:term":[{"taxonomy":"product_brand","embeddable":true,"href":"https:\/\/www.gero.lu\/de\/wp-json\/wp\/v2\/product_brand?post=8222"},{"taxonomy":"product_cat","embeddable":true,"href":"https:\/\/www.gero.lu\/de\/wp-json\/wp\/v2\/product_cat?post=8222"},{"taxonomy":"product_tag","embeddable":true,"href":"https:\/\/www.gero.lu\/de\/wp-json\/wp\/v2\/product_tag?post=8222"}],"curies":[{"name":"wp","href":"https:\/\/api.w.org\/{rel}","templated":true}]}}