{"id":7633,"date":"2024-08-09T08:22:00","date_gmt":"2024-08-09T08:22:00","guid":{"rendered":"https:\/\/www.gero.lu\/produit\/validation-integrative-selon-richard-fcpg-v"},"modified":"2025-11-26T08:21:34","modified_gmt":"2025-11-26T08:21:34","slug":"validation-integrative-selon-richard-fcpg-v","status":"publish","type":"product","link":"https:\/\/www.gero.lu\/de\/produit\/validation-integrative-selon-richard-fcpg-v","title":{"rendered":"Validation Int\u00e9grative selon Richard\u00ae (VAI) (FCPG V)"},"content":{"rendered":"<p>Module 5 de la formation psychog\u00e9riatrique<\/p>\n<p>Cours de base <\/p>\n<p>La Validation Int\u00e9grative selon Richard\u00ae (VAI) est une m\u00e9thode respectueuse de communication et d\u2019accompagnement des personnes atteintes de d\u00e9mence. Elle repose sur une attitude centr\u00e9e sur la personne, acceptant sa diff\u00e9rence et soutenant son identit\u00e9 personnelle.<\/p>\n<p>La prise en charge doit faire preuve d&#8217;une grande sensibilit\u00e9, surtout au d\u00e9but de la maladie, afin de prendre en compte les souhaits d&#8217;autonomie des personnes concern\u00e9es et d&#8217;\u00e9viter la confrontation avec les d\u00e9ficits. En effet, ces derniers sont souvent \u00e0 l&#8217;origine de situations accablantes qui g\u00e9n\u00e8rent de la peur, de la honte et du stress.<br \/>\nLes personnes atteintes de d\u00e9mence se retrouvent souvent dans leur \u00ab monde \u00bb et revivent des fragments d&#8217;\u00e9v\u00e9nements de leur vie. Elles ont besoin de personnes qui les accompagnent dans leur v\u00e9cu et qui leur donnent un sentiment d&#8217;appartenance. La VAI\u00ae part d&#8217;une vision orient\u00e9e sur les ressources et aborde ces personnes en prenant en compte leurs sentiments, leurs impulsions et leurs th\u00e8mes de vie, en leur parlant et en les validant. <\/p>\n<p>Au programme :<br \/>\n&#8211;\tQu&#8217;est-ce que la Validation Int\u00e9grative selon Richard\u00ae (VAI) ?<br \/>\n&#8211;\tSympt\u00f4mes et effets de la d\u00e9mence<br \/>\n&#8211;\tLe v\u00e9cu int\u00e9rieur de la personne atteinte de d\u00e9mence<br \/>\n&#8211;\tAttitude empathique, relation, lien, contact<br \/>\n&#8211;\tSentiments, pulsions et th\u00e8mes de vie comme ressources<br \/>\n&#8211;\t\u00c9laboration et mise en \u0153uvre des \u00e9tapes VAI \u00e0 l&#8217;aide d&#8217;exemples pratiques<\/p>\n<p>Public cible : Aide-soignant\u00b7e, Aide socio-familiale, Auxiliaire de vie, \u00c9ducateur\u00b7rice, Ergoth\u00e9rapeute, Infirmier\u00b7\u00e8re, Kin\u00e9sith\u00e9rapeute, Psychologue et autres professions pertinentes<\/p>\n","protected":false},"excerpt":{"rendered":"<p>Module 5 de la formation psychog\u00e9riatrique Cours de base La Validation Int\u00e9grative selon Richard\u00ae (VAI) est une m\u00e9thode respectueuse de communication et d\u2019accompagnement des personnes atteintes de d\u00e9mence. Elle repose sur une attitude centr\u00e9e sur la personne, acceptant sa diff\u00e9rence et soutenant son identit\u00e9 personnelle. La prise en charge doit faire preuve d&#8217;une grande sensibilit\u00e9, [&hellip;]<\/p>\n","protected":false},"featured_media":0,"comment_status":"closed","ping_status":"closed","template":"","meta":{"_acf_changed":false,"inline_featured_image":false},"product_brand":[],"product_cat":[239],"product_tag":[237],"class_list":{"0":"post-7633","1":"product","2":"type-product","3":"status-publish","5":"product_cat-cours-pro","6":"product_tag-soins-encadrement-therapie-pro","8":"first","9":"instock","10":"virtual","11":"purchasable","12":"product-type-simple"},"acf":[],"yoast_head":"<!-- This site is optimized with the Yoast SEO Premium plugin v27.4 (Yoast SEO v27.5) - https:\/\/yoast.com\/product\/yoast-seo-premium-wordpress\/ -->\n<title>Validation Int\u00e9grative selon Richard\u00ae (VAI) (FCPG V) - GERO<\/title>\n<meta name=\"robots\" content=\"index, follow, max-snippet:-1, max-image-preview:large, max-video-preview:-1\" \/>\n<link rel=\"canonical\" href=\"https:\/\/www.gero.lu\/de\/produit\/validation-integrative-selon-richard-fcpg-v\" \/>\n<meta property=\"og:locale\" content=\"de_DE\" \/>\n<meta property=\"og:type\" content=\"article\" \/>\n<meta property=\"og:title\" content=\"Validation Int\u00e9grative selon Richard\u00ae (VAI) (FCPG V)\" \/>\n<meta property=\"og:description\" content=\"Module 5 de la formation psychog\u00e9riatrique Cours de base La Validation Int\u00e9grative selon Richard\u00ae (VAI) est une m\u00e9thode respectueuse de communication et d\u2019accompagnement des personnes atteintes de d\u00e9mence. Elle repose sur une attitude centr\u00e9e sur la personne, acceptant sa diff\u00e9rence et soutenant son identit\u00e9 personnelle. La prise en charge doit faire preuve d&#8217;une grande sensibilit\u00e9, [&hellip;]\" \/>\n<meta property=\"og:url\" content=\"https:\/\/www.gero.lu\/de\/produit\/validation-integrative-selon-richard-fcpg-v\" \/>\n<meta property=\"og:site_name\" content=\"GERO\" \/>\n<meta property=\"article:publisher\" content=\"https:\/\/www.facebook.com\/Kompetenzzenter\/\" \/>\n<meta property=\"article:modified_time\" content=\"2025-11-26T08:21:34+00:00\" \/>\n<meta property=\"og:image\" content=\"https:\/\/www.gero.lu\/wp-content\/uploads\/2021\/08\/gettyimages-1135289130-2048x2048_RET-1.jpg\" \/>\n\t<meta property=\"og:image:width\" content=\"1227\" \/>\n\t<meta property=\"og:image:height\" content=\"802\" \/>\n\t<meta property=\"og:image:type\" content=\"image\/jpeg\" \/>\n<meta name=\"twitter:card\" content=\"summary_large_image\" \/>\n<meta name=\"twitter:label1\" content=\"Gesch\u00e4tzte Lesezeit\" \/>\n\t<meta name=\"twitter:data1\" content=\"1\u00a0Minute\" \/>\n<script type=\"application\/ld+json\" class=\"yoast-schema-graph\">{\"@context\":\"https:\\\/\\\/schema.org\",\"@graph\":[{\"@type\":\"WebPage\",\"@id\":\"https:\\\/\\\/www.gero.lu\\\/de\\\/produit\\\/validation-integrative-selon-richard-fcpg-v\",\"url\":\"https:\\\/\\\/www.gero.lu\\\/de\\\/produit\\\/validation-integrative-selon-richard-fcpg-v\",\"name\":\"Validation Int\u00e9grative selon Richard\u00ae (VAI) (FCPG V) - GERO\",\"isPartOf\":{\"@id\":\"https:\\\/\\\/www.gero.lu\\\/de\\\/#website\"},\"datePublished\":\"2024-08-09T08:22:00+00:00\",\"dateModified\":\"2025-11-26T08:21:34+00:00\",\"breadcrumb\":{\"@id\":\"https:\\\/\\\/www.gero.lu\\\/de\\\/produit\\\/validation-integrative-selon-richard-fcpg-v#breadcrumb\"},\"inLanguage\":\"de\",\"potentialAction\":[{\"@type\":\"ReadAction\",\"target\":[[\"https:\\\/\\\/www.gero.lu\\\/de\\\/produit\\\/validation-integrative-selon-richard-fcpg-v\"]]}]},{\"@type\":\"BreadcrumbList\",\"@id\":\"https:\\\/\\\/www.gero.lu\\\/de\\\/produit\\\/validation-integrative-selon-richard-fcpg-v#breadcrumb\",\"itemListElement\":[{\"@type\":\"ListItem\",\"position\":1,\"name\":\"Accueil\",\"item\":\"https:\\\/\\\/www.gero.lu\\\/de\\\/\"},{\"@type\":\"ListItem\",\"position\":2,\"name\":\"Shop\",\"item\":\"https:\\\/\\\/www.gero.lu\\\/de\\\/shop\"},{\"@type\":\"ListItem\",\"position\":3,\"name\":\"Validation Int\u00e9grative selon Richard\u00ae (FCPG V)\"}]},{\"@type\":\"WebSite\",\"@id\":\"https:\\\/\\\/www.gero.lu\\\/de\\\/#website\",\"url\":\"https:\\\/\\\/www.gero.lu\\\/de\\\/\",\"name\":\"Gero\",\"description\":\"Kompetenzzenter fir den Alter\",\"publisher\":{\"@id\":\"https:\\\/\\\/www.gero.lu\\\/de\\\/#organization\"},\"potentialAction\":[{\"@type\":\"SearchAction\",\"target\":{\"@type\":\"EntryPoint\",\"urlTemplate\":\"https:\\\/\\\/www.gero.lu\\\/de\\\/?s={search_term_string}\"},\"query-input\":{\"@type\":\"PropertyValueSpecification\",\"valueRequired\":true,\"valueName\":\"search_term_string\"}}],\"inLanguage\":\"de\"},{\"@type\":\"Organization\",\"@id\":\"https:\\\/\\\/www.gero.lu\\\/de\\\/#organization\",\"name\":\"Gero\",\"url\":\"https:\\\/\\\/www.gero.lu\\\/de\\\/\",\"logo\":{\"@type\":\"ImageObject\",\"inLanguage\":\"de\",\"@id\":\"https:\\\/\\\/www.gero.lu\\\/de\\\/#\\\/schema\\\/logo\\\/image\\\/\",\"url\":\"https:\\\/\\\/www.gero.lu\\\/wp-content\\\/uploads\\\/2024\\\/04\\\/logo.svg\",\"contentUrl\":\"https:\\\/\\\/www.gero.lu\\\/wp-content\\\/uploads\\\/2024\\\/04\\\/logo.svg\",\"width\":76,\"height\":30,\"caption\":\"Gero\"},\"image\":{\"@id\":\"https:\\\/\\\/www.gero.lu\\\/de\\\/#\\\/schema\\\/logo\\\/image\\\/\"},\"sameAs\":[\"https:\\\/\\\/www.facebook.com\\\/Kompetenzzenter\\\/\",\"https:\\\/\\\/www.instagram.com\\\/gero.kompetenzzenter\\\/\",\"https:\\\/\\\/linkedin.com\\\/company\\\/gero-kompetenzzenter-fir-den-alter\",\"https:\\\/\\\/www.youtube.com\\\/channel\\\/UCJvmJYSeHh3dYQsLHZupj-Q\"]}]}<\/script>\n<!-- \/ Yoast SEO Premium plugin. -->","yoast_head_json":{"title":"Validation Int\u00e9grative selon Richard\u00ae (VAI) (FCPG V) - GERO","robots":{"index":"index","follow":"follow","max-snippet":"max-snippet:-1","max-image-preview":"max-image-preview:large","max-video-preview":"max-video-preview:-1"},"canonical":"https:\/\/www.gero.lu\/de\/produit\/validation-integrative-selon-richard-fcpg-v","og_locale":"de_DE","og_type":"article","og_title":"Validation Int\u00e9grative selon Richard\u00ae (VAI) (FCPG V)","og_description":"Module 5 de la formation psychog\u00e9riatrique Cours de base La Validation Int\u00e9grative selon Richard\u00ae (VAI) est une m\u00e9thode respectueuse de communication et d\u2019accompagnement des personnes atteintes de d\u00e9mence. Elle repose sur une attitude centr\u00e9e sur la personne, acceptant sa diff\u00e9rence et soutenant son identit\u00e9 personnelle. La prise en charge doit faire preuve d&#8217;une grande sensibilit\u00e9, [&hellip;]","og_url":"https:\/\/www.gero.lu\/de\/produit\/validation-integrative-selon-richard-fcpg-v","og_site_name":"GERO","article_publisher":"https:\/\/www.facebook.com\/Kompetenzzenter\/","article_modified_time":"2025-11-26T08:21:34+00:00","og_image":[{"width":1227,"height":802,"url":"https:\/\/www.gero.lu\/wp-content\/uploads\/2021\/08\/gettyimages-1135289130-2048x2048_RET-1.jpg","type":"image\/jpeg"}],"twitter_card":"summary_large_image","twitter_misc":{"Gesch\u00e4tzte Lesezeit":"1\u00a0Minute"},"schema":{"@context":"https:\/\/schema.org","@graph":[{"@type":"WebPage","@id":"https:\/\/www.gero.lu\/de\/produit\/validation-integrative-selon-richard-fcpg-v","url":"https:\/\/www.gero.lu\/de\/produit\/validation-integrative-selon-richard-fcpg-v","name":"Validation Int\u00e9grative selon Richard\u00ae (VAI) (FCPG V) - GERO","isPartOf":{"@id":"https:\/\/www.gero.lu\/de\/#website"},"datePublished":"2024-08-09T08:22:00+00:00","dateModified":"2025-11-26T08:21:34+00:00","breadcrumb":{"@id":"https:\/\/www.gero.lu\/de\/produit\/validation-integrative-selon-richard-fcpg-v#breadcrumb"},"inLanguage":"de","potentialAction":[{"@type":"ReadAction","target":[["https:\/\/www.gero.lu\/de\/produit\/validation-integrative-selon-richard-fcpg-v"]]}]},{"@type":"BreadcrumbList","@id":"https:\/\/www.gero.lu\/de\/produit\/validation-integrative-selon-richard-fcpg-v#breadcrumb","itemListElement":[{"@type":"ListItem","position":1,"name":"Accueil","item":"https:\/\/www.gero.lu\/de\/"},{"@type":"ListItem","position":2,"name":"Shop","item":"https:\/\/www.gero.lu\/de\/shop"},{"@type":"ListItem","position":3,"name":"Validation Int\u00e9grative selon Richard\u00ae (FCPG V)"}]},{"@type":"WebSite","@id":"https:\/\/www.gero.lu\/de\/#website","url":"https:\/\/www.gero.lu\/de\/","name":"Gero","description":"Kompetenzzenter fir den Alter","publisher":{"@id":"https:\/\/www.gero.lu\/de\/#organization"},"potentialAction":[{"@type":"SearchAction","target":{"@type":"EntryPoint","urlTemplate":"https:\/\/www.gero.lu\/de\/?s={search_term_string}"},"query-input":{"@type":"PropertyValueSpecification","valueRequired":true,"valueName":"search_term_string"}}],"inLanguage":"de"},{"@type":"Organization","@id":"https:\/\/www.gero.lu\/de\/#organization","name":"Gero","url":"https:\/\/www.gero.lu\/de\/","logo":{"@type":"ImageObject","inLanguage":"de","@id":"https:\/\/www.gero.lu\/de\/#\/schema\/logo\/image\/","url":"https:\/\/www.gero.lu\/wp-content\/uploads\/2024\/04\/logo.svg","contentUrl":"https:\/\/www.gero.lu\/wp-content\/uploads\/2024\/04\/logo.svg","width":76,"height":30,"caption":"Gero"},"image":{"@id":"https:\/\/www.gero.lu\/de\/#\/schema\/logo\/image\/"},"sameAs":["https:\/\/www.facebook.com\/Kompetenzzenter\/","https:\/\/www.instagram.com\/gero.kompetenzzenter\/","https:\/\/linkedin.com\/company\/gero-kompetenzzenter-fir-den-alter","https:\/\/www.youtube.com\/channel\/UCJvmJYSeHh3dYQsLHZupj-Q"]}]}},"_links":{"self":[{"href":"https:\/\/www.gero.lu\/de\/wp-json\/wp\/v2\/product\/7633","targetHints":{"allow":["GET"]}}],"collection":[{"href":"https:\/\/www.gero.lu\/de\/wp-json\/wp\/v2\/product"}],"about":[{"href":"https:\/\/www.gero.lu\/de\/wp-json\/wp\/v2\/types\/product"}],"replies":[{"embeddable":true,"href":"https:\/\/www.gero.lu\/de\/wp-json\/wp\/v2\/comments?post=7633"}],"wp:attachment":[{"href":"https:\/\/www.gero.lu\/de\/wp-json\/wp\/v2\/media?parent=7633"}],"wp:term":[{"taxonomy":"product_brand","embeddable":true,"href":"https:\/\/www.gero.lu\/de\/wp-json\/wp\/v2\/product_brand?post=7633"},{"taxonomy":"product_cat","embeddable":true,"href":"https:\/\/www.gero.lu\/de\/wp-json\/wp\/v2\/product_cat?post=7633"},{"taxonomy":"product_tag","embeddable":true,"href":"https:\/\/www.gero.lu\/de\/wp-json\/wp\/v2\/product_tag?post=7633"}],"curies":[{"name":"wp","href":"https:\/\/api.w.org\/{rel}","templated":true}]}}