{"id":7587,"date":"2024-08-02T14:23:40","date_gmt":"2024-08-02T14:23:40","guid":{"rendered":"https:\/\/www.gero.lu\/produit\/atelier-kamishibai-raconte-moi-une-histoire"},"modified":"2024-10-08T08:21:42","modified_gmt":"2024-10-08T08:21:42","slug":"atelier-kamishibai-raconte-moi-une-histoire","status":"publish","type":"product","link":"https:\/\/www.gero.lu\/de\/produit\/atelier-kamishibai-raconte-moi-une-histoire","title":{"rendered":"Atelier Kamishiba\u00ef &#8211; Raconte-moi une histoire"},"content":{"rendered":"<p>Le th\u00e9\u00e2tre Kamishiba\u00ef fait partie de la tradition litt\u00e9raire japonaise et consiste \u00e0 raconter des histoires accompagn\u00e9es d\u2019images \u00e0 ins\u00e9rer dans un petit th\u00e9\u00e2tre de bois. Alors, si conter des histoires dans votre langue maternelle vous pla\u00eet, et que vous souhaitez d\u00e9couvrir cette forme de narration visuelle, ce workshop de deux demi-journ\u00e9es est fait pour vous ! <\/p>\n<p>L\u2019artiste dessinatrice et conteuse Anna Cosima Jentzsch animera cette initiation \u00e0 l\u2019art du Kamishiba\u00ef. Vous apprendrez \u00e0 manipuler ce petit th\u00e9\u00e2tre d\u2019images, mais \u00e9galement \u00e0 m\u00ealer paroles et supports visuels, en vue de susciter le succ\u00e8s et l\u2019engouement de vos r\u00e9cits aupr\u00e8s des plus petit-e-s.<\/p>\n","protected":false},"excerpt":{"rendered":"<p>Le th\u00e9\u00e2tre Kamishiba\u00ef fait partie de la tradition litt\u00e9raire japonaise et consiste \u00e0 raconter des histoires accompagn\u00e9es d\u2019images \u00e0 ins\u00e9rer dans un petit th\u00e9\u00e2tre de bois. Alors, si conter des histoires dans votre langue maternelle vous pla\u00eet, et que vous souhaitez d\u00e9couvrir cette forme de narration visuelle, ce workshop de deux demi-journ\u00e9es est fait pour [&hellip;]<\/p>\n","protected":false},"featured_media":0,"comment_status":"closed","ping_status":"closed","template":"","meta":{"_acf_changed":false,"inline_featured_image":false},"product_brand":[],"product_cat":[229],"product_tag":[203],"class_list":{"0":"post-7587","1":"product","2":"type-product","3":"status-publish","5":"product_cat-workshop","6":"product_tag-connaissance-de-vie-senior","8":"first","9":"instock","10":"virtual","11":"purchasable","12":"product-type-simple"},"acf":[],"yoast_head":"<!-- This site is optimized with the Yoast SEO Premium plugin v27.4 (Yoast SEO v27.5) - https:\/\/yoast.com\/product\/yoast-seo-premium-wordpress\/ -->\n<title>Atelier Kamishiba\u00ef - Raconte-moi une histoire - GERO<\/title>\n<meta name=\"robots\" content=\"index, follow, max-snippet:-1, max-image-preview:large, max-video-preview:-1\" \/>\n<link rel=\"canonical\" href=\"https:\/\/www.gero.lu\/de\/produit\/atelier-kamishibai-raconte-moi-une-histoire\" \/>\n<meta property=\"og:locale\" content=\"de_DE\" \/>\n<meta property=\"og:type\" content=\"article\" \/>\n<meta property=\"og:title\" content=\"Atelier Kamishiba\u00ef - Raconte-moi une histoire\" \/>\n<meta property=\"og:description\" content=\"Le th\u00e9\u00e2tre Kamishiba\u00ef fait partie de la tradition litt\u00e9raire japonaise et consiste \u00e0 raconter des histoires accompagn\u00e9es d\u2019images \u00e0 ins\u00e9rer dans un petit th\u00e9\u00e2tre de bois. Alors, si conter des histoires dans votre langue maternelle vous pla\u00eet, et que vous souhaitez d\u00e9couvrir cette forme de narration visuelle, ce workshop de deux demi-journ\u00e9es est fait pour [&hellip;]\" \/>\n<meta property=\"og:url\" content=\"https:\/\/www.gero.lu\/de\/produit\/atelier-kamishibai-raconte-moi-une-histoire\" \/>\n<meta property=\"og:site_name\" content=\"GERO\" \/>\n<meta property=\"article:publisher\" content=\"https:\/\/www.facebook.com\/Kompetenzzenter\/\" \/>\n<meta property=\"article:modified_time\" content=\"2024-10-08T08:21:42+00:00\" \/>\n<meta property=\"og:image\" content=\"https:\/\/www.gero.lu\/wp-content\/uploads\/2021\/08\/gettyimages-1135289130-2048x2048_RET-1.jpg\" \/>\n\t<meta property=\"og:image:width\" content=\"1227\" \/>\n\t<meta property=\"og:image:height\" content=\"802\" \/>\n\t<meta property=\"og:image:type\" content=\"image\/jpeg\" \/>\n<meta name=\"twitter:card\" content=\"summary_large_image\" \/>\n<meta name=\"twitter:label1\" content=\"Gesch\u00e4tzte Lesezeit\" \/>\n\t<meta name=\"twitter:data1\" content=\"1\u00a0Minute\" \/>\n<script type=\"application\/ld+json\" class=\"yoast-schema-graph\">{\"@context\":\"https:\\\/\\\/schema.org\",\"@graph\":[{\"@type\":\"WebPage\",\"@id\":\"https:\\\/\\\/www.gero.lu\\\/de\\\/produit\\\/atelier-kamishibai-raconte-moi-une-histoire\",\"url\":\"https:\\\/\\\/www.gero.lu\\\/de\\\/produit\\\/atelier-kamishibai-raconte-moi-une-histoire\",\"name\":\"Atelier Kamishiba\u00ef - Raconte-moi une histoire - GERO\",\"isPartOf\":{\"@id\":\"https:\\\/\\\/www.gero.lu\\\/de\\\/#website\"},\"datePublished\":\"2024-08-02T14:23:40+00:00\",\"dateModified\":\"2024-10-08T08:21:42+00:00\",\"breadcrumb\":{\"@id\":\"https:\\\/\\\/www.gero.lu\\\/de\\\/produit\\\/atelier-kamishibai-raconte-moi-une-histoire#breadcrumb\"},\"inLanguage\":\"de\",\"potentialAction\":[{\"@type\":\"ReadAction\",\"target\":[[\"https:\\\/\\\/www.gero.lu\\\/de\\\/produit\\\/atelier-kamishibai-raconte-moi-une-histoire\"]]}]},{\"@type\":\"BreadcrumbList\",\"@id\":\"https:\\\/\\\/www.gero.lu\\\/de\\\/produit\\\/atelier-kamishibai-raconte-moi-une-histoire#breadcrumb\",\"itemListElement\":[{\"@type\":\"ListItem\",\"position\":1,\"name\":\"Accueil\",\"item\":\"https:\\\/\\\/www.gero.lu\\\/de\\\/\"},{\"@type\":\"ListItem\",\"position\":2,\"name\":\"Shop\",\"item\":\"https:\\\/\\\/www.gero.lu\\\/de\\\/shop\"},{\"@type\":\"ListItem\",\"position\":3,\"name\":\"Atelier Kamishiba\u00ef &#8211; Raconte-moi une histoire\"}]},{\"@type\":\"WebSite\",\"@id\":\"https:\\\/\\\/www.gero.lu\\\/de\\\/#website\",\"url\":\"https:\\\/\\\/www.gero.lu\\\/de\\\/\",\"name\":\"Gero\",\"description\":\"Kompetenzzenter fir den Alter\",\"publisher\":{\"@id\":\"https:\\\/\\\/www.gero.lu\\\/de\\\/#organization\"},\"potentialAction\":[{\"@type\":\"SearchAction\",\"target\":{\"@type\":\"EntryPoint\",\"urlTemplate\":\"https:\\\/\\\/www.gero.lu\\\/de\\\/?s={search_term_string}\"},\"query-input\":{\"@type\":\"PropertyValueSpecification\",\"valueRequired\":true,\"valueName\":\"search_term_string\"}}],\"inLanguage\":\"de\"},{\"@type\":\"Organization\",\"@id\":\"https:\\\/\\\/www.gero.lu\\\/de\\\/#organization\",\"name\":\"Gero\",\"url\":\"https:\\\/\\\/www.gero.lu\\\/de\\\/\",\"logo\":{\"@type\":\"ImageObject\",\"inLanguage\":\"de\",\"@id\":\"https:\\\/\\\/www.gero.lu\\\/de\\\/#\\\/schema\\\/logo\\\/image\\\/\",\"url\":\"https:\\\/\\\/www.gero.lu\\\/wp-content\\\/uploads\\\/2024\\\/04\\\/logo.svg\",\"contentUrl\":\"https:\\\/\\\/www.gero.lu\\\/wp-content\\\/uploads\\\/2024\\\/04\\\/logo.svg\",\"width\":76,\"height\":30,\"caption\":\"Gero\"},\"image\":{\"@id\":\"https:\\\/\\\/www.gero.lu\\\/de\\\/#\\\/schema\\\/logo\\\/image\\\/\"},\"sameAs\":[\"https:\\\/\\\/www.facebook.com\\\/Kompetenzzenter\\\/\",\"https:\\\/\\\/www.instagram.com\\\/gero.kompetenzzenter\\\/\",\"https:\\\/\\\/linkedin.com\\\/company\\\/gero-kompetenzzenter-fir-den-alter\",\"https:\\\/\\\/www.youtube.com\\\/channel\\\/UCJvmJYSeHh3dYQsLHZupj-Q\"]}]}<\/script>\n<!-- \/ Yoast SEO Premium plugin. -->","yoast_head_json":{"title":"Atelier Kamishiba\u00ef - Raconte-moi une histoire - GERO","robots":{"index":"index","follow":"follow","max-snippet":"max-snippet:-1","max-image-preview":"max-image-preview:large","max-video-preview":"max-video-preview:-1"},"canonical":"https:\/\/www.gero.lu\/de\/produit\/atelier-kamishibai-raconte-moi-une-histoire","og_locale":"de_DE","og_type":"article","og_title":"Atelier Kamishiba\u00ef - Raconte-moi une histoire","og_description":"Le th\u00e9\u00e2tre Kamishiba\u00ef fait partie de la tradition litt\u00e9raire japonaise et consiste \u00e0 raconter des histoires accompagn\u00e9es d\u2019images \u00e0 ins\u00e9rer dans un petit th\u00e9\u00e2tre de bois. Alors, si conter des histoires dans votre langue maternelle vous pla\u00eet, et que vous souhaitez d\u00e9couvrir cette forme de narration visuelle, ce workshop de deux demi-journ\u00e9es est fait pour [&hellip;]","og_url":"https:\/\/www.gero.lu\/de\/produit\/atelier-kamishibai-raconte-moi-une-histoire","og_site_name":"GERO","article_publisher":"https:\/\/www.facebook.com\/Kompetenzzenter\/","article_modified_time":"2024-10-08T08:21:42+00:00","og_image":[{"width":1227,"height":802,"url":"https:\/\/www.gero.lu\/wp-content\/uploads\/2021\/08\/gettyimages-1135289130-2048x2048_RET-1.jpg","type":"image\/jpeg"}],"twitter_card":"summary_large_image","twitter_misc":{"Gesch\u00e4tzte Lesezeit":"1\u00a0Minute"},"schema":{"@context":"https:\/\/schema.org","@graph":[{"@type":"WebPage","@id":"https:\/\/www.gero.lu\/de\/produit\/atelier-kamishibai-raconte-moi-une-histoire","url":"https:\/\/www.gero.lu\/de\/produit\/atelier-kamishibai-raconte-moi-une-histoire","name":"Atelier Kamishiba\u00ef - Raconte-moi une histoire - GERO","isPartOf":{"@id":"https:\/\/www.gero.lu\/de\/#website"},"datePublished":"2024-08-02T14:23:40+00:00","dateModified":"2024-10-08T08:21:42+00:00","breadcrumb":{"@id":"https:\/\/www.gero.lu\/de\/produit\/atelier-kamishibai-raconte-moi-une-histoire#breadcrumb"},"inLanguage":"de","potentialAction":[{"@type":"ReadAction","target":[["https:\/\/www.gero.lu\/de\/produit\/atelier-kamishibai-raconte-moi-une-histoire"]]}]},{"@type":"BreadcrumbList","@id":"https:\/\/www.gero.lu\/de\/produit\/atelier-kamishibai-raconte-moi-une-histoire#breadcrumb","itemListElement":[{"@type":"ListItem","position":1,"name":"Accueil","item":"https:\/\/www.gero.lu\/de\/"},{"@type":"ListItem","position":2,"name":"Shop","item":"https:\/\/www.gero.lu\/de\/shop"},{"@type":"ListItem","position":3,"name":"Atelier Kamishiba\u00ef &#8211; Raconte-moi une histoire"}]},{"@type":"WebSite","@id":"https:\/\/www.gero.lu\/de\/#website","url":"https:\/\/www.gero.lu\/de\/","name":"Gero","description":"Kompetenzzenter fir den Alter","publisher":{"@id":"https:\/\/www.gero.lu\/de\/#organization"},"potentialAction":[{"@type":"SearchAction","target":{"@type":"EntryPoint","urlTemplate":"https:\/\/www.gero.lu\/de\/?s={search_term_string}"},"query-input":{"@type":"PropertyValueSpecification","valueRequired":true,"valueName":"search_term_string"}}],"inLanguage":"de"},{"@type":"Organization","@id":"https:\/\/www.gero.lu\/de\/#organization","name":"Gero","url":"https:\/\/www.gero.lu\/de\/","logo":{"@type":"ImageObject","inLanguage":"de","@id":"https:\/\/www.gero.lu\/de\/#\/schema\/logo\/image\/","url":"https:\/\/www.gero.lu\/wp-content\/uploads\/2024\/04\/logo.svg","contentUrl":"https:\/\/www.gero.lu\/wp-content\/uploads\/2024\/04\/logo.svg","width":76,"height":30,"caption":"Gero"},"image":{"@id":"https:\/\/www.gero.lu\/de\/#\/schema\/logo\/image\/"},"sameAs":["https:\/\/www.facebook.com\/Kompetenzzenter\/","https:\/\/www.instagram.com\/gero.kompetenzzenter\/","https:\/\/linkedin.com\/company\/gero-kompetenzzenter-fir-den-alter","https:\/\/www.youtube.com\/channel\/UCJvmJYSeHh3dYQsLHZupj-Q"]}]}},"_links":{"self":[{"href":"https:\/\/www.gero.lu\/de\/wp-json\/wp\/v2\/product\/7587","targetHints":{"allow":["GET"]}}],"collection":[{"href":"https:\/\/www.gero.lu\/de\/wp-json\/wp\/v2\/product"}],"about":[{"href":"https:\/\/www.gero.lu\/de\/wp-json\/wp\/v2\/types\/product"}],"replies":[{"embeddable":true,"href":"https:\/\/www.gero.lu\/de\/wp-json\/wp\/v2\/comments?post=7587"}],"wp:attachment":[{"href":"https:\/\/www.gero.lu\/de\/wp-json\/wp\/v2\/media?parent=7587"}],"wp:term":[{"taxonomy":"product_brand","embeddable":true,"href":"https:\/\/www.gero.lu\/de\/wp-json\/wp\/v2\/product_brand?post=7587"},{"taxonomy":"product_cat","embeddable":true,"href":"https:\/\/www.gero.lu\/de\/wp-json\/wp\/v2\/product_cat?post=7587"},{"taxonomy":"product_tag","embeddable":true,"href":"https:\/\/www.gero.lu\/de\/wp-json\/wp\/v2\/product_tag?post=7587"}],"curies":[{"name":"wp","href":"https:\/\/api.w.org\/{rel}","templated":true}]}}