{"id":7582,"date":"2024-08-02T14:23:36","date_gmt":"2024-08-02T14:23:36","guid":{"rendered":"https:\/\/www.gero.lu\/produit\/moglichkeiten-hauslicher-gewalt"},"modified":"2024-10-18T13:21:42","modified_gmt":"2024-10-18T13:21:42","slug":"moglichkeiten-hauslicher-gewalt","status":"publish","type":"product","link":"https:\/\/www.gero.lu\/de\/produit\/moglichkeiten-hauslicher-gewalt","title":{"rendered":"M\u00f6glichkeiten h\u00e4uslicher Pflege"},"content":{"rendered":"<p>In einer Welt, in der Wohlbefinden, Autonomie und Sicherheit zu Hause von gro\u00dfer Bedeutung sind, gibt der Vortrag von Pierrette Biver, Pflegedirektorin Stiftung H\u00ebllef Doheem, und Christian Friden, Leitungskraft Service S\u00e9cher Doheem, einen Einblick, wie ben\u00f6tigte Hilfs- und Pflegeleistungen individuell in den Alltag und innerhalb der eigenen vier W\u00e4nde integriert werden k\u00f6nnen \u2013 sei es kurz- oder l\u00e4ngerfristig. Zus\u00e4tzlich stehen die Themen Telealarm und innovative L\u00f6sungen f\u00fcr aktive Senioren zu Hause auf dem Programm.<\/p>\n","protected":false},"excerpt":{"rendered":"<p>In einer Welt, in der Wohlbefinden, Autonomie und Sicherheit zu Hause von gro\u00dfer Bedeutung sind, gibt der Vortrag von Pierrette Biver, Pflegedirektorin Stiftung H\u00ebllef Doheem, und Christian Friden, Leitungskraft Service S\u00e9cher Doheem, einen Einblick, wie ben\u00f6tigte Hilfs- und Pflegeleistungen individuell in den Alltag und innerhalb der eigenen vier W\u00e4nde integriert werden k\u00f6nnen \u2013 sei es [&hellip;]<\/p>\n","protected":false},"featured_media":0,"comment_status":"closed","ping_status":"closed","template":"","meta":{"_acf_changed":false,"inline_featured_image":false},"product_brand":[],"product_cat":[228],"product_tag":[203],"class_list":{"0":"post-7582","1":"product","2":"type-product","3":"status-publish","5":"product_cat-conference","6":"product_tag-connaissance-de-vie-senior","8":"first","9":"instock","10":"virtual","11":"purchasable","12":"product-type-simple"},"acf":[],"yoast_head":"<!-- This site is optimized with the Yoast SEO Premium plugin v27.4 (Yoast SEO v27.5) - https:\/\/yoast.com\/product\/yoast-seo-premium-wordpress\/ -->\n<title>M\u00f6glichkeiten h\u00e4uslicher Pflege - GERO<\/title>\n<meta name=\"robots\" content=\"index, follow, max-snippet:-1, max-image-preview:large, max-video-preview:-1\" \/>\n<link rel=\"canonical\" href=\"https:\/\/www.gero.lu\/de\/produit\/moglichkeiten-hauslicher-gewalt\" \/>\n<meta property=\"og:locale\" content=\"de_DE\" \/>\n<meta property=\"og:type\" content=\"article\" \/>\n<meta property=\"og:title\" content=\"M\u00f6glichkeiten h\u00e4uslicher Pflege\" \/>\n<meta property=\"og:description\" content=\"In einer Welt, in der Wohlbefinden, Autonomie und Sicherheit zu Hause von gro\u00dfer Bedeutung sind, gibt der Vortrag von Pierrette Biver, Pflegedirektorin Stiftung H\u00ebllef Doheem, und Christian Friden, Leitungskraft Service S\u00e9cher Doheem, einen Einblick, wie ben\u00f6tigte Hilfs- und Pflegeleistungen individuell in den Alltag und innerhalb der eigenen vier W\u00e4nde integriert werden k\u00f6nnen \u2013 sei es [&hellip;]\" \/>\n<meta property=\"og:url\" content=\"https:\/\/www.gero.lu\/de\/produit\/moglichkeiten-hauslicher-gewalt\" \/>\n<meta property=\"og:site_name\" content=\"GERO\" \/>\n<meta property=\"article:publisher\" content=\"https:\/\/www.facebook.com\/Kompetenzzenter\/\" \/>\n<meta property=\"article:modified_time\" content=\"2024-10-18T13:21:42+00:00\" \/>\n<meta property=\"og:image\" content=\"https:\/\/www.gero.lu\/wp-content\/uploads\/2021\/08\/gettyimages-1135289130-2048x2048_RET-1.jpg\" \/>\n\t<meta property=\"og:image:width\" content=\"1227\" \/>\n\t<meta property=\"og:image:height\" content=\"802\" \/>\n\t<meta property=\"og:image:type\" content=\"image\/jpeg\" \/>\n<meta name=\"twitter:card\" content=\"summary_large_image\" \/>\n<script type=\"application\/ld+json\" class=\"yoast-schema-graph\">{\"@context\":\"https:\\\/\\\/schema.org\",\"@graph\":[{\"@type\":\"WebPage\",\"@id\":\"https:\\\/\\\/www.gero.lu\\\/de\\\/produit\\\/moglichkeiten-hauslicher-gewalt\",\"url\":\"https:\\\/\\\/www.gero.lu\\\/de\\\/produit\\\/moglichkeiten-hauslicher-gewalt\",\"name\":\"M\u00f6glichkeiten h\u00e4uslicher Pflege - GERO\",\"isPartOf\":{\"@id\":\"https:\\\/\\\/www.gero.lu\\\/de\\\/#website\"},\"datePublished\":\"2024-08-02T14:23:36+00:00\",\"dateModified\":\"2024-10-18T13:21:42+00:00\",\"breadcrumb\":{\"@id\":\"https:\\\/\\\/www.gero.lu\\\/de\\\/produit\\\/moglichkeiten-hauslicher-gewalt#breadcrumb\"},\"inLanguage\":\"de\",\"potentialAction\":[{\"@type\":\"ReadAction\",\"target\":[[\"https:\\\/\\\/www.gero.lu\\\/de\\\/produit\\\/moglichkeiten-hauslicher-gewalt\"]]}]},{\"@type\":\"BreadcrumbList\",\"@id\":\"https:\\\/\\\/www.gero.lu\\\/de\\\/produit\\\/moglichkeiten-hauslicher-gewalt#breadcrumb\",\"itemListElement\":[{\"@type\":\"ListItem\",\"position\":1,\"name\":\"Accueil\",\"item\":\"https:\\\/\\\/www.gero.lu\\\/de\\\/\"},{\"@type\":\"ListItem\",\"position\":2,\"name\":\"Shop\",\"item\":\"https:\\\/\\\/www.gero.lu\\\/de\\\/shop\"},{\"@type\":\"ListItem\",\"position\":3,\"name\":\"M\u00f6glichkeiten h\u00e4uslicher Pflege\"}]},{\"@type\":\"WebSite\",\"@id\":\"https:\\\/\\\/www.gero.lu\\\/de\\\/#website\",\"url\":\"https:\\\/\\\/www.gero.lu\\\/de\\\/\",\"name\":\"Gero\",\"description\":\"Kompetenzzenter fir den Alter\",\"publisher\":{\"@id\":\"https:\\\/\\\/www.gero.lu\\\/de\\\/#organization\"},\"potentialAction\":[{\"@type\":\"SearchAction\",\"target\":{\"@type\":\"EntryPoint\",\"urlTemplate\":\"https:\\\/\\\/www.gero.lu\\\/de\\\/?s={search_term_string}\"},\"query-input\":{\"@type\":\"PropertyValueSpecification\",\"valueRequired\":true,\"valueName\":\"search_term_string\"}}],\"inLanguage\":\"de\"},{\"@type\":\"Organization\",\"@id\":\"https:\\\/\\\/www.gero.lu\\\/de\\\/#organization\",\"name\":\"Gero\",\"url\":\"https:\\\/\\\/www.gero.lu\\\/de\\\/\",\"logo\":{\"@type\":\"ImageObject\",\"inLanguage\":\"de\",\"@id\":\"https:\\\/\\\/www.gero.lu\\\/de\\\/#\\\/schema\\\/logo\\\/image\\\/\",\"url\":\"https:\\\/\\\/www.gero.lu\\\/wp-content\\\/uploads\\\/2024\\\/04\\\/logo.svg\",\"contentUrl\":\"https:\\\/\\\/www.gero.lu\\\/wp-content\\\/uploads\\\/2024\\\/04\\\/logo.svg\",\"width\":76,\"height\":30,\"caption\":\"Gero\"},\"image\":{\"@id\":\"https:\\\/\\\/www.gero.lu\\\/de\\\/#\\\/schema\\\/logo\\\/image\\\/\"},\"sameAs\":[\"https:\\\/\\\/www.facebook.com\\\/Kompetenzzenter\\\/\",\"https:\\\/\\\/www.instagram.com\\\/gero.kompetenzzenter\\\/\",\"https:\\\/\\\/linkedin.com\\\/company\\\/gero-kompetenzzenter-fir-den-alter\",\"https:\\\/\\\/www.youtube.com\\\/channel\\\/UCJvmJYSeHh3dYQsLHZupj-Q\"]}]}<\/script>\n<!-- \/ Yoast SEO Premium plugin. -->","yoast_head_json":{"title":"M\u00f6glichkeiten h\u00e4uslicher Pflege - GERO","robots":{"index":"index","follow":"follow","max-snippet":"max-snippet:-1","max-image-preview":"max-image-preview:large","max-video-preview":"max-video-preview:-1"},"canonical":"https:\/\/www.gero.lu\/de\/produit\/moglichkeiten-hauslicher-gewalt","og_locale":"de_DE","og_type":"article","og_title":"M\u00f6glichkeiten h\u00e4uslicher Pflege","og_description":"In einer Welt, in der Wohlbefinden, Autonomie und Sicherheit zu Hause von gro\u00dfer Bedeutung sind, gibt der Vortrag von Pierrette Biver, Pflegedirektorin Stiftung H\u00ebllef Doheem, und Christian Friden, Leitungskraft Service S\u00e9cher Doheem, einen Einblick, wie ben\u00f6tigte Hilfs- und Pflegeleistungen individuell in den Alltag und innerhalb der eigenen vier W\u00e4nde integriert werden k\u00f6nnen \u2013 sei es [&hellip;]","og_url":"https:\/\/www.gero.lu\/de\/produit\/moglichkeiten-hauslicher-gewalt","og_site_name":"GERO","article_publisher":"https:\/\/www.facebook.com\/Kompetenzzenter\/","article_modified_time":"2024-10-18T13:21:42+00:00","og_image":[{"width":1227,"height":802,"url":"https:\/\/www.gero.lu\/wp-content\/uploads\/2021\/08\/gettyimages-1135289130-2048x2048_RET-1.jpg","type":"image\/jpeg"}],"twitter_card":"summary_large_image","schema":{"@context":"https:\/\/schema.org","@graph":[{"@type":"WebPage","@id":"https:\/\/www.gero.lu\/de\/produit\/moglichkeiten-hauslicher-gewalt","url":"https:\/\/www.gero.lu\/de\/produit\/moglichkeiten-hauslicher-gewalt","name":"M\u00f6glichkeiten h\u00e4uslicher Pflege - GERO","isPartOf":{"@id":"https:\/\/www.gero.lu\/de\/#website"},"datePublished":"2024-08-02T14:23:36+00:00","dateModified":"2024-10-18T13:21:42+00:00","breadcrumb":{"@id":"https:\/\/www.gero.lu\/de\/produit\/moglichkeiten-hauslicher-gewalt#breadcrumb"},"inLanguage":"de","potentialAction":[{"@type":"ReadAction","target":[["https:\/\/www.gero.lu\/de\/produit\/moglichkeiten-hauslicher-gewalt"]]}]},{"@type":"BreadcrumbList","@id":"https:\/\/www.gero.lu\/de\/produit\/moglichkeiten-hauslicher-gewalt#breadcrumb","itemListElement":[{"@type":"ListItem","position":1,"name":"Accueil","item":"https:\/\/www.gero.lu\/de\/"},{"@type":"ListItem","position":2,"name":"Shop","item":"https:\/\/www.gero.lu\/de\/shop"},{"@type":"ListItem","position":3,"name":"M\u00f6glichkeiten h\u00e4uslicher Pflege"}]},{"@type":"WebSite","@id":"https:\/\/www.gero.lu\/de\/#website","url":"https:\/\/www.gero.lu\/de\/","name":"Gero","description":"Kompetenzzenter fir den Alter","publisher":{"@id":"https:\/\/www.gero.lu\/de\/#organization"},"potentialAction":[{"@type":"SearchAction","target":{"@type":"EntryPoint","urlTemplate":"https:\/\/www.gero.lu\/de\/?s={search_term_string}"},"query-input":{"@type":"PropertyValueSpecification","valueRequired":true,"valueName":"search_term_string"}}],"inLanguage":"de"},{"@type":"Organization","@id":"https:\/\/www.gero.lu\/de\/#organization","name":"Gero","url":"https:\/\/www.gero.lu\/de\/","logo":{"@type":"ImageObject","inLanguage":"de","@id":"https:\/\/www.gero.lu\/de\/#\/schema\/logo\/image\/","url":"https:\/\/www.gero.lu\/wp-content\/uploads\/2024\/04\/logo.svg","contentUrl":"https:\/\/www.gero.lu\/wp-content\/uploads\/2024\/04\/logo.svg","width":76,"height":30,"caption":"Gero"},"image":{"@id":"https:\/\/www.gero.lu\/de\/#\/schema\/logo\/image\/"},"sameAs":["https:\/\/www.facebook.com\/Kompetenzzenter\/","https:\/\/www.instagram.com\/gero.kompetenzzenter\/","https:\/\/linkedin.com\/company\/gero-kompetenzzenter-fir-den-alter","https:\/\/www.youtube.com\/channel\/UCJvmJYSeHh3dYQsLHZupj-Q"]}]}},"_links":{"self":[{"href":"https:\/\/www.gero.lu\/de\/wp-json\/wp\/v2\/product\/7582","targetHints":{"allow":["GET"]}}],"collection":[{"href":"https:\/\/www.gero.lu\/de\/wp-json\/wp\/v2\/product"}],"about":[{"href":"https:\/\/www.gero.lu\/de\/wp-json\/wp\/v2\/types\/product"}],"replies":[{"embeddable":true,"href":"https:\/\/www.gero.lu\/de\/wp-json\/wp\/v2\/comments?post=7582"}],"wp:attachment":[{"href":"https:\/\/www.gero.lu\/de\/wp-json\/wp\/v2\/media?parent=7582"}],"wp:term":[{"taxonomy":"product_brand","embeddable":true,"href":"https:\/\/www.gero.lu\/de\/wp-json\/wp\/v2\/product_brand?post=7582"},{"taxonomy":"product_cat","embeddable":true,"href":"https:\/\/www.gero.lu\/de\/wp-json\/wp\/v2\/product_cat?post=7582"},{"taxonomy":"product_tag","embeddable":true,"href":"https:\/\/www.gero.lu\/de\/wp-json\/wp\/v2\/product_tag?post=7582"}],"curies":[{"name":"wp","href":"https:\/\/api.w.org\/{rel}","templated":true}]}}