{"id":7455,"date":"2024-06-27T07:26:38","date_gmt":"2024-06-27T07:26:38","guid":{"rendered":"https:\/\/www.gero.lu\/produit\/allies-of-all-ages-in-pride-3"},"modified":"2024-07-12T14:12:28","modified_gmt":"2024-07-12T14:12:28","slug":"allies-of-all-ages-in-pride-3","status":"publish","type":"product","link":"https:\/\/www.gero.lu\/de\/produit\/allies-of-all-ages-in-pride-3","title":{"rendered":"Allies of All Ages in Pride"},"content":{"rendered":"<p>Zesumme fir Diversit\u00e9it an Inklusioun an all Alter!<\/p>\n<p>Fannt Dir och, dass den eelere M\u00ebnsch nach m\u00e9ik\u00e9int represent\u00e9iert sinn ob der \u201eLuxembourg Pride\u201c zu Esch?<\/p>\n<p>Komm mir weisen eis Solidarit\u00e9it an \u00cbnnerst\u00ebtzungfir d\u2019LGBT+ Community a ginn Zesummen als gem\u00ebschte Grupp vu pensionn\u00e9iertenLeit a Matarbechter*innen aus dem grousse Betreiungssecteur vum 3ten a 4tenAlter op Esch.<\/p>\n<p>Mellt dech\/Iech wegl un, sou dass mir mat Iech a Kontakt kommen an e Block kenne reserv\u00e9ieren.<br \/>\nWeider Informatiounen kritt Dir nach no, wann Dir ugemellt sidd.<\/p>\n<p>Ensemble pour la diversit\u00e9 et l\u2019inclusion \u00e0 tous les \u00e2ges ! <\/p>\n<p>Pensez-vous \u00e9galement que les personnes \u00e2g\u00e9es sont encore plus repr\u00e9sent\u00e9es \u00e0 la &#8222;Luxembourg Pride&#8220; \u00e0 Esch ? <\/p>\n<p>Montrons notre solidarit\u00e9 et notre soutien \u00e0 la communaut\u00e9 LGBT+ et partons ensemble \u00e0 Esch en tant que groupe mixte de retrait\u00e9.e.s et de collaborateurs et collaboratrices du grand secteur de l\u2019encadrement du 3\u00e8me et 4\u00e8me \u00e2ge. <\/p>\n<p>Veuillez vous inscrire afin que nous puissions vous contacter et r\u00e9server un bloc. Vous auriez plus d\u2019informations par mail.<\/p>\n","protected":false},"excerpt":{"rendered":"<p>Zesumme fir Diversit\u00e9it an Inklusioun an all Alter! Fannt Dir och, dass den eelere M\u00ebnsch nach m\u00e9ik\u00e9int represent\u00e9iert sinn ob der \u201eLuxembourg Pride\u201c zu Esch? Komm mir weisen eis Solidarit\u00e9it an \u00cbnnerst\u00ebtzungfir d\u2019LGBT+ Community a ginn Zesummen als gem\u00ebschte Grupp vu pensionn\u00e9iertenLeit a Matarbechter*innen aus dem grousse Betreiungssecteur vum 3ten a 4tenAlter op Esch. Mellt [&hellip;]<\/p>\n","protected":false},"featured_media":7453,"comment_status":"closed","ping_status":"closed","template":"","meta":{"_acf_changed":false,"inline_featured_image":false},"product_brand":[],"product_cat":[243],"product_tag":[238],"class_list":{"0":"post-7455","1":"product","2":"type-product","3":"status-publish","4":"has-post-thumbnail","6":"product_cat-divers-pro","7":"product_tag-divers-pro","9":"first","10":"instock","11":"virtual","12":"purchasable","13":"product-type-simple"},"acf":[],"yoast_head":"<!-- This site is optimized with the Yoast SEO Premium plugin v27.4 (Yoast SEO v27.5) - https:\/\/yoast.com\/product\/yoast-seo-premium-wordpress\/ -->\n<title>Allies of All Ages in Pride - GERO<\/title>\n<meta name=\"robots\" content=\"index, follow, max-snippet:-1, max-image-preview:large, max-video-preview:-1\" \/>\n<link rel=\"canonical\" href=\"https:\/\/www.gero.lu\/de\/produit\/allies-of-all-ages-in-pride-3\" \/>\n<meta property=\"og:locale\" content=\"de_DE\" \/>\n<meta property=\"og:type\" content=\"article\" \/>\n<meta property=\"og:title\" content=\"Allies of All Ages in Pride\" \/>\n<meta property=\"og:description\" content=\"Zesumme fir Diversit\u00e9it an Inklusioun an all Alter! Fannt Dir och, dass den eelere M\u00ebnsch nach m\u00e9ik\u00e9int represent\u00e9iert sinn ob der \u201eLuxembourg Pride\u201c zu Esch? Komm mir weisen eis Solidarit\u00e9it an \u00cbnnerst\u00ebtzungfir d\u2019LGBT+ Community a ginn Zesummen als gem\u00ebschte Grupp vu pensionn\u00e9iertenLeit a Matarbechter*innen aus dem grousse Betreiungssecteur vum 3ten a 4tenAlter op Esch. Mellt [&hellip;]\" \/>\n<meta property=\"og:url\" content=\"https:\/\/www.gero.lu\/de\/produit\/allies-of-all-ages-in-pride-3\" \/>\n<meta property=\"og:site_name\" content=\"GERO\" \/>\n<meta property=\"article:publisher\" content=\"https:\/\/www.facebook.com\/Kompetenzzenter\/\" \/>\n<meta property=\"article:modified_time\" content=\"2024-07-12T14:12:28+00:00\" \/>\n<meta property=\"og:image\" content=\"https:\/\/www.gero.lu\/wp-content\/uploads\/2024\/05\/Image-letz-ai-e1719471177370.png\" \/>\n\t<meta property=\"og:image:width\" content=\"1356\" \/>\n\t<meta property=\"og:image:height\" content=\"1062\" \/>\n\t<meta property=\"og:image:type\" content=\"image\/png\" \/>\n<meta name=\"twitter:card\" content=\"summary_large_image\" \/>\n<meta name=\"twitter:label1\" content=\"Gesch\u00e4tzte Lesezeit\" \/>\n\t<meta name=\"twitter:data1\" content=\"2\u00a0Minuten\" \/>\n<script type=\"application\/ld+json\" class=\"yoast-schema-graph\">{\"@context\":\"https:\\\/\\\/schema.org\",\"@graph\":[{\"@type\":\"WebPage\",\"@id\":\"https:\\\/\\\/www.gero.lu\\\/de\\\/produit\\\/allies-of-all-ages-in-pride-3\",\"url\":\"https:\\\/\\\/www.gero.lu\\\/de\\\/produit\\\/allies-of-all-ages-in-pride-3\",\"name\":\"Allies of All Ages in Pride - GERO\",\"isPartOf\":{\"@id\":\"https:\\\/\\\/www.gero.lu\\\/de\\\/#website\"},\"primaryImageOfPage\":{\"@id\":\"https:\\\/\\\/www.gero.lu\\\/de\\\/produit\\\/allies-of-all-ages-in-pride-3#primaryimage\"},\"image\":{\"@id\":\"https:\\\/\\\/www.gero.lu\\\/produit\\\/allies-of-all-ages-in-pride-3#primaryimage\"},\"thumbnailUrl\":\"https:\\\/\\\/www.gero.lu\\\/wp-content\\\/uploads\\\/2024\\\/05\\\/Image-letz-ai-e1719471177370.png\",\"datePublished\":\"2024-06-27T07:26:38+00:00\",\"dateModified\":\"2024-07-12T14:12:28+00:00\",\"breadcrumb\":{\"@id\":\"https:\\\/\\\/www.gero.lu\\\/de\\\/produit\\\/allies-of-all-ages-in-pride-3#breadcrumb\"},\"inLanguage\":\"de\",\"potentialAction\":[{\"@type\":\"ReadAction\",\"target\":[[\"https:\\\/\\\/www.gero.lu\\\/de\\\/produit\\\/allies-of-all-ages-in-pride-3\"]]}]},{\"@type\":\"ImageObject\",\"inLanguage\":\"de\",\"@id\":\"https:\\\/\\\/www.gero.lu\\\/de\\\/produit\\\/allies-of-all-ages-in-pride-3#primaryimage\",\"url\":\"https:\\\/\\\/www.gero.lu\\\/wp-content\\\/uploads\\\/2024\\\/05\\\/Image-letz-ai-e1719471177370.png\",\"contentUrl\":\"https:\\\/\\\/www.gero.lu\\\/wp-content\\\/uploads\\\/2024\\\/05\\\/Image-letz-ai-e1719471177370.png\",\"width\":1356,\"height\":1062},{\"@type\":\"BreadcrumbList\",\"@id\":\"https:\\\/\\\/www.gero.lu\\\/de\\\/produit\\\/allies-of-all-ages-in-pride-3#breadcrumb\",\"itemListElement\":[{\"@type\":\"ListItem\",\"position\":1,\"name\":\"Accueil\",\"item\":\"https:\\\/\\\/www.gero.lu\\\/de\\\/\"},{\"@type\":\"ListItem\",\"position\":2,\"name\":\"Shop\",\"item\":\"https:\\\/\\\/www.gero.lu\\\/de\\\/shop\"},{\"@type\":\"ListItem\",\"position\":3,\"name\":\"Allies of All Ages in Pride\"}]},{\"@type\":\"WebSite\",\"@id\":\"https:\\\/\\\/www.gero.lu\\\/de\\\/#website\",\"url\":\"https:\\\/\\\/www.gero.lu\\\/de\\\/\",\"name\":\"Gero\",\"description\":\"Kompetenzzenter fir den Alter\",\"publisher\":{\"@id\":\"https:\\\/\\\/www.gero.lu\\\/de\\\/#organization\"},\"potentialAction\":[{\"@type\":\"SearchAction\",\"target\":{\"@type\":\"EntryPoint\",\"urlTemplate\":\"https:\\\/\\\/www.gero.lu\\\/de\\\/?s={search_term_string}\"},\"query-input\":{\"@type\":\"PropertyValueSpecification\",\"valueRequired\":true,\"valueName\":\"search_term_string\"}}],\"inLanguage\":\"de\"},{\"@type\":\"Organization\",\"@id\":\"https:\\\/\\\/www.gero.lu\\\/de\\\/#organization\",\"name\":\"Gero\",\"url\":\"https:\\\/\\\/www.gero.lu\\\/de\\\/\",\"logo\":{\"@type\":\"ImageObject\",\"inLanguage\":\"de\",\"@id\":\"https:\\\/\\\/www.gero.lu\\\/de\\\/#\\\/schema\\\/logo\\\/image\\\/\",\"url\":\"https:\\\/\\\/www.gero.lu\\\/wp-content\\\/uploads\\\/2024\\\/04\\\/logo.svg\",\"contentUrl\":\"https:\\\/\\\/www.gero.lu\\\/wp-content\\\/uploads\\\/2024\\\/04\\\/logo.svg\",\"width\":76,\"height\":30,\"caption\":\"Gero\"},\"image\":{\"@id\":\"https:\\\/\\\/www.gero.lu\\\/de\\\/#\\\/schema\\\/logo\\\/image\\\/\"},\"sameAs\":[\"https:\\\/\\\/www.facebook.com\\\/Kompetenzzenter\\\/\",\"https:\\\/\\\/www.instagram.com\\\/gero.kompetenzzenter\\\/\",\"https:\\\/\\\/linkedin.com\\\/company\\\/gero-kompetenzzenter-fir-den-alter\",\"https:\\\/\\\/www.youtube.com\\\/channel\\\/UCJvmJYSeHh3dYQsLHZupj-Q\"]}]}<\/script>\n<!-- \/ Yoast SEO Premium plugin. -->","yoast_head_json":{"title":"Allies of All Ages in Pride - GERO","robots":{"index":"index","follow":"follow","max-snippet":"max-snippet:-1","max-image-preview":"max-image-preview:large","max-video-preview":"max-video-preview:-1"},"canonical":"https:\/\/www.gero.lu\/de\/produit\/allies-of-all-ages-in-pride-3","og_locale":"de_DE","og_type":"article","og_title":"Allies of All Ages in Pride","og_description":"Zesumme fir Diversit\u00e9it an Inklusioun an all Alter! Fannt Dir och, dass den eelere M\u00ebnsch nach m\u00e9ik\u00e9int represent\u00e9iert sinn ob der \u201eLuxembourg Pride\u201c zu Esch? Komm mir weisen eis Solidarit\u00e9it an \u00cbnnerst\u00ebtzungfir d\u2019LGBT+ Community a ginn Zesummen als gem\u00ebschte Grupp vu pensionn\u00e9iertenLeit a Matarbechter*innen aus dem grousse Betreiungssecteur vum 3ten a 4tenAlter op Esch. Mellt [&hellip;]","og_url":"https:\/\/www.gero.lu\/de\/produit\/allies-of-all-ages-in-pride-3","og_site_name":"GERO","article_publisher":"https:\/\/www.facebook.com\/Kompetenzzenter\/","article_modified_time":"2024-07-12T14:12:28+00:00","og_image":[{"width":1356,"height":1062,"url":"https:\/\/www.gero.lu\/wp-content\/uploads\/2024\/05\/Image-letz-ai-e1719471177370.png","type":"image\/png"}],"twitter_card":"summary_large_image","twitter_misc":{"Gesch\u00e4tzte Lesezeit":"2\u00a0Minuten"},"schema":{"@context":"https:\/\/schema.org","@graph":[{"@type":"WebPage","@id":"https:\/\/www.gero.lu\/de\/produit\/allies-of-all-ages-in-pride-3","url":"https:\/\/www.gero.lu\/de\/produit\/allies-of-all-ages-in-pride-3","name":"Allies of All Ages in Pride - GERO","isPartOf":{"@id":"https:\/\/www.gero.lu\/de\/#website"},"primaryImageOfPage":{"@id":"https:\/\/www.gero.lu\/de\/produit\/allies-of-all-ages-in-pride-3#primaryimage"},"image":{"@id":"https:\/\/www.gero.lu\/produit\/allies-of-all-ages-in-pride-3#primaryimage"},"thumbnailUrl":"https:\/\/www.gero.lu\/wp-content\/uploads\/2024\/05\/Image-letz-ai-e1719471177370.png","datePublished":"2024-06-27T07:26:38+00:00","dateModified":"2024-07-12T14:12:28+00:00","breadcrumb":{"@id":"https:\/\/www.gero.lu\/de\/produit\/allies-of-all-ages-in-pride-3#breadcrumb"},"inLanguage":"de","potentialAction":[{"@type":"ReadAction","target":[["https:\/\/www.gero.lu\/de\/produit\/allies-of-all-ages-in-pride-3"]]}]},{"@type":"ImageObject","inLanguage":"de","@id":"https:\/\/www.gero.lu\/de\/produit\/allies-of-all-ages-in-pride-3#primaryimage","url":"https:\/\/www.gero.lu\/wp-content\/uploads\/2024\/05\/Image-letz-ai-e1719471177370.png","contentUrl":"https:\/\/www.gero.lu\/wp-content\/uploads\/2024\/05\/Image-letz-ai-e1719471177370.png","width":1356,"height":1062},{"@type":"BreadcrumbList","@id":"https:\/\/www.gero.lu\/de\/produit\/allies-of-all-ages-in-pride-3#breadcrumb","itemListElement":[{"@type":"ListItem","position":1,"name":"Accueil","item":"https:\/\/www.gero.lu\/de\/"},{"@type":"ListItem","position":2,"name":"Shop","item":"https:\/\/www.gero.lu\/de\/shop"},{"@type":"ListItem","position":3,"name":"Allies of All Ages in Pride"}]},{"@type":"WebSite","@id":"https:\/\/www.gero.lu\/de\/#website","url":"https:\/\/www.gero.lu\/de\/","name":"Gero","description":"Kompetenzzenter fir den Alter","publisher":{"@id":"https:\/\/www.gero.lu\/de\/#organization"},"potentialAction":[{"@type":"SearchAction","target":{"@type":"EntryPoint","urlTemplate":"https:\/\/www.gero.lu\/de\/?s={search_term_string}"},"query-input":{"@type":"PropertyValueSpecification","valueRequired":true,"valueName":"search_term_string"}}],"inLanguage":"de"},{"@type":"Organization","@id":"https:\/\/www.gero.lu\/de\/#organization","name":"Gero","url":"https:\/\/www.gero.lu\/de\/","logo":{"@type":"ImageObject","inLanguage":"de","@id":"https:\/\/www.gero.lu\/de\/#\/schema\/logo\/image\/","url":"https:\/\/www.gero.lu\/wp-content\/uploads\/2024\/04\/logo.svg","contentUrl":"https:\/\/www.gero.lu\/wp-content\/uploads\/2024\/04\/logo.svg","width":76,"height":30,"caption":"Gero"},"image":{"@id":"https:\/\/www.gero.lu\/de\/#\/schema\/logo\/image\/"},"sameAs":["https:\/\/www.facebook.com\/Kompetenzzenter\/","https:\/\/www.instagram.com\/gero.kompetenzzenter\/","https:\/\/linkedin.com\/company\/gero-kompetenzzenter-fir-den-alter","https:\/\/www.youtube.com\/channel\/UCJvmJYSeHh3dYQsLHZupj-Q"]}]}},"_links":{"self":[{"href":"https:\/\/www.gero.lu\/de\/wp-json\/wp\/v2\/product\/7455","targetHints":{"allow":["GET"]}}],"collection":[{"href":"https:\/\/www.gero.lu\/de\/wp-json\/wp\/v2\/product"}],"about":[{"href":"https:\/\/www.gero.lu\/de\/wp-json\/wp\/v2\/types\/product"}],"replies":[{"embeddable":true,"href":"https:\/\/www.gero.lu\/de\/wp-json\/wp\/v2\/comments?post=7455"}],"wp:featuredmedia":[{"embeddable":true,"href":"https:\/\/www.gero.lu\/de\/wp-json\/wp\/v2\/media\/7453"}],"wp:attachment":[{"href":"https:\/\/www.gero.lu\/de\/wp-json\/wp\/v2\/media?parent=7455"}],"wp:term":[{"taxonomy":"product_brand","embeddable":true,"href":"https:\/\/www.gero.lu\/de\/wp-json\/wp\/v2\/product_brand?post=7455"},{"taxonomy":"product_cat","embeddable":true,"href":"https:\/\/www.gero.lu\/de\/wp-json\/wp\/v2\/product_cat?post=7455"},{"taxonomy":"product_tag","embeddable":true,"href":"https:\/\/www.gero.lu\/de\/wp-json\/wp\/v2\/product_tag?post=7455"}],"curies":[{"name":"wp","href":"https:\/\/api.w.org\/{rel}","templated":true}]}}