{"id":7224,"date":"2024-05-10T08:23:00","date_gmt":"2024-05-10T08:23:00","guid":{"rendered":"https:\/\/www.gero.lu\/produit\/digitale-sprechstunde-2"},"modified":"2024-06-10T12:23:08","modified_gmt":"2024-06-10T12:23:08","slug":"digitale-sprechstunde-2","status":"publish","type":"product","link":"https:\/\/www.gero.lu\/de\/produit\/digitale-sprechstunde-2","title":{"rendered":"Digitale Sprechstunde"},"content":{"rendered":"<p>Handys, Tablet, Laptop \u2013 all diese digitalen Hilfsmittel sind aus unserem allt\u00e4glichen Leben nicht mehr wegzudenken. Ob zum Surfen im Internet, f\u00fcr Verwaltungsvorg\u00e4nge oder zur Kommunikation: die Vielzahl ihrer Funktionen hat sie zu einem wichtigen Begleiter zu Hause oder auch unterwegs gemacht.<br \/>\nWenn Sie konkrete Fragen zur Bedienung Ihres Smartphones, Ihrem Tablet oder Laptop haben, besuchen Sie gerne unsere digitale Sprechstunde mit Patrick Schmit (Computerhouse), bestens bekannter Experte vom GERO Digibus.<\/p>\n<p>T\u00e9l\u00e9phones portables, tablettes, ordinateurs portables, tous ces outils num\u00e9riques font partie int\u00e9grante de notre vie quotidienne. Que ce soit pour surfer sur Internet, pour effectuer des d\u00e9marches administratives ou pour communiquer, la multiplicit\u00e9 de leurs fonctions en a fait des compagnons essentiels, \u00e0 la maison comme en d\u00e9placement.<br \/>\nSi vous avez des questions concr\u00e8tes sur l&#8217;utilisation de votre smartphone, de votre tablette ou de votre ordinateur portable, n&#8217;h\u00e9sitez pas \u00e0 vous rendre \u00e0 notre consultation num\u00e9rique avec Patrick Schmit (Computerhouse), expert bien connu du GERO Digibus.<\/p>\n","protected":false},"excerpt":{"rendered":"<p>Handys, Tablet, Laptop \u2013 all diese digitalen Hilfsmittel sind aus unserem allt\u00e4glichen Leben nicht mehr wegzudenken. Ob zum Surfen im Internet, f\u00fcr Verwaltungsvorg\u00e4nge oder zur Kommunikation: die Vielzahl ihrer Funktionen hat sie zu einem wichtigen Begleiter zu Hause oder auch unterwegs gemacht. Wenn Sie konkrete Fragen zur Bedienung Ihres Smartphones, Ihrem Tablet oder Laptop haben, [&hellip;]<\/p>\n","protected":false},"featured_media":0,"comment_status":"closed","ping_status":"closed","template":"","meta":{"_acf_changed":false,"inline_featured_image":false},"product_brand":[],"product_cat":[229],"product_tag":[202],"class_list":{"0":"post-7224","1":"product","2":"type-product","3":"status-publish","5":"product_cat-workshop","6":"product_tag-monde-digital-senior","8":"first","9":"instock","10":"virtual","11":"purchasable","12":"product-type-simple"},"acf":[],"yoast_head":"<!-- This site is optimized with the Yoast SEO Premium plugin v27.4 (Yoast SEO v27.5) - https:\/\/yoast.com\/product\/yoast-seo-premium-wordpress\/ -->\n<title>Digitale Sprechstunde - GERO<\/title>\n<meta name=\"robots\" content=\"index, follow, max-snippet:-1, max-image-preview:large, max-video-preview:-1\" \/>\n<link rel=\"canonical\" href=\"https:\/\/www.gero.lu\/de\/produit\/digitale-sprechstunde-2\" \/>\n<meta property=\"og:locale\" content=\"de_DE\" \/>\n<meta property=\"og:type\" content=\"article\" \/>\n<meta property=\"og:title\" content=\"Digitale Sprechstunde\" \/>\n<meta property=\"og:description\" content=\"Handys, Tablet, Laptop \u2013 all diese digitalen Hilfsmittel sind aus unserem allt\u00e4glichen Leben nicht mehr wegzudenken. Ob zum Surfen im Internet, f\u00fcr Verwaltungsvorg\u00e4nge oder zur Kommunikation: die Vielzahl ihrer Funktionen hat sie zu einem wichtigen Begleiter zu Hause oder auch unterwegs gemacht. Wenn Sie konkrete Fragen zur Bedienung Ihres Smartphones, Ihrem Tablet oder Laptop haben, [&hellip;]\" \/>\n<meta property=\"og:url\" content=\"https:\/\/www.gero.lu\/de\/produit\/digitale-sprechstunde-2\" \/>\n<meta property=\"og:site_name\" content=\"GERO\" \/>\n<meta property=\"article:publisher\" content=\"https:\/\/www.facebook.com\/Kompetenzzenter\/\" \/>\n<meta property=\"article:modified_time\" content=\"2024-06-10T12:23:08+00:00\" \/>\n<meta property=\"og:image\" content=\"https:\/\/www.gero.lu\/wp-content\/uploads\/2021\/08\/gettyimages-1135289130-2048x2048_RET-1.jpg\" \/>\n\t<meta property=\"og:image:width\" content=\"1227\" \/>\n\t<meta property=\"og:image:height\" content=\"802\" \/>\n\t<meta property=\"og:image:type\" content=\"image\/jpeg\" \/>\n<meta name=\"twitter:card\" content=\"summary_large_image\" \/>\n<meta name=\"twitter:label1\" content=\"Gesch\u00e4tzte Lesezeit\" \/>\n\t<meta name=\"twitter:data1\" content=\"1\u00a0Minute\" \/>\n<script type=\"application\/ld+json\" class=\"yoast-schema-graph\">{\"@context\":\"https:\\\/\\\/schema.org\",\"@graph\":[{\"@type\":\"WebPage\",\"@id\":\"https:\\\/\\\/www.gero.lu\\\/de\\\/produit\\\/digitale-sprechstunde-2\",\"url\":\"https:\\\/\\\/www.gero.lu\\\/de\\\/produit\\\/digitale-sprechstunde-2\",\"name\":\"Digitale Sprechstunde - GERO\",\"isPartOf\":{\"@id\":\"https:\\\/\\\/www.gero.lu\\\/de\\\/#website\"},\"datePublished\":\"2024-05-10T08:23:00+00:00\",\"dateModified\":\"2024-06-10T12:23:08+00:00\",\"breadcrumb\":{\"@id\":\"https:\\\/\\\/www.gero.lu\\\/de\\\/produit\\\/digitale-sprechstunde-2#breadcrumb\"},\"inLanguage\":\"de\",\"potentialAction\":[{\"@type\":\"ReadAction\",\"target\":[[\"https:\\\/\\\/www.gero.lu\\\/de\\\/produit\\\/digitale-sprechstunde-2\"]]}]},{\"@type\":\"BreadcrumbList\",\"@id\":\"https:\\\/\\\/www.gero.lu\\\/de\\\/produit\\\/digitale-sprechstunde-2#breadcrumb\",\"itemListElement\":[{\"@type\":\"ListItem\",\"position\":1,\"name\":\"Accueil\",\"item\":\"https:\\\/\\\/www.gero.lu\\\/de\\\/\"},{\"@type\":\"ListItem\",\"position\":2,\"name\":\"Shop\",\"item\":\"https:\\\/\\\/www.gero.lu\\\/de\\\/shop\"},{\"@type\":\"ListItem\",\"position\":3,\"name\":\"Digitale Sprechstunde\"}]},{\"@type\":\"WebSite\",\"@id\":\"https:\\\/\\\/www.gero.lu\\\/de\\\/#website\",\"url\":\"https:\\\/\\\/www.gero.lu\\\/de\\\/\",\"name\":\"Gero\",\"description\":\"Kompetenzzenter fir den Alter\",\"publisher\":{\"@id\":\"https:\\\/\\\/www.gero.lu\\\/de\\\/#organization\"},\"potentialAction\":[{\"@type\":\"SearchAction\",\"target\":{\"@type\":\"EntryPoint\",\"urlTemplate\":\"https:\\\/\\\/www.gero.lu\\\/de\\\/?s={search_term_string}\"},\"query-input\":{\"@type\":\"PropertyValueSpecification\",\"valueRequired\":true,\"valueName\":\"search_term_string\"}}],\"inLanguage\":\"de\"},{\"@type\":\"Organization\",\"@id\":\"https:\\\/\\\/www.gero.lu\\\/de\\\/#organization\",\"name\":\"Gero\",\"url\":\"https:\\\/\\\/www.gero.lu\\\/de\\\/\",\"logo\":{\"@type\":\"ImageObject\",\"inLanguage\":\"de\",\"@id\":\"https:\\\/\\\/www.gero.lu\\\/de\\\/#\\\/schema\\\/logo\\\/image\\\/\",\"url\":\"https:\\\/\\\/www.gero.lu\\\/wp-content\\\/uploads\\\/2024\\\/04\\\/logo.svg\",\"contentUrl\":\"https:\\\/\\\/www.gero.lu\\\/wp-content\\\/uploads\\\/2024\\\/04\\\/logo.svg\",\"width\":76,\"height\":30,\"caption\":\"Gero\"},\"image\":{\"@id\":\"https:\\\/\\\/www.gero.lu\\\/de\\\/#\\\/schema\\\/logo\\\/image\\\/\"},\"sameAs\":[\"https:\\\/\\\/www.facebook.com\\\/Kompetenzzenter\\\/\",\"https:\\\/\\\/www.instagram.com\\\/gero.kompetenzzenter\\\/\",\"https:\\\/\\\/linkedin.com\\\/company\\\/gero-kompetenzzenter-fir-den-alter\",\"https:\\\/\\\/www.youtube.com\\\/channel\\\/UCJvmJYSeHh3dYQsLHZupj-Q\"]}]}<\/script>\n<!-- \/ Yoast SEO Premium plugin. -->","yoast_head_json":{"title":"Digitale Sprechstunde - GERO","robots":{"index":"index","follow":"follow","max-snippet":"max-snippet:-1","max-image-preview":"max-image-preview:large","max-video-preview":"max-video-preview:-1"},"canonical":"https:\/\/www.gero.lu\/de\/produit\/digitale-sprechstunde-2","og_locale":"de_DE","og_type":"article","og_title":"Digitale Sprechstunde","og_description":"Handys, Tablet, Laptop \u2013 all diese digitalen Hilfsmittel sind aus unserem allt\u00e4glichen Leben nicht mehr wegzudenken. Ob zum Surfen im Internet, f\u00fcr Verwaltungsvorg\u00e4nge oder zur Kommunikation: die Vielzahl ihrer Funktionen hat sie zu einem wichtigen Begleiter zu Hause oder auch unterwegs gemacht. Wenn Sie konkrete Fragen zur Bedienung Ihres Smartphones, Ihrem Tablet oder Laptop haben, [&hellip;]","og_url":"https:\/\/www.gero.lu\/de\/produit\/digitale-sprechstunde-2","og_site_name":"GERO","article_publisher":"https:\/\/www.facebook.com\/Kompetenzzenter\/","article_modified_time":"2024-06-10T12:23:08+00:00","og_image":[{"width":1227,"height":802,"url":"https:\/\/www.gero.lu\/wp-content\/uploads\/2021\/08\/gettyimages-1135289130-2048x2048_RET-1.jpg","type":"image\/jpeg"}],"twitter_card":"summary_large_image","twitter_misc":{"Gesch\u00e4tzte Lesezeit":"1\u00a0Minute"},"schema":{"@context":"https:\/\/schema.org","@graph":[{"@type":"WebPage","@id":"https:\/\/www.gero.lu\/de\/produit\/digitale-sprechstunde-2","url":"https:\/\/www.gero.lu\/de\/produit\/digitale-sprechstunde-2","name":"Digitale Sprechstunde - GERO","isPartOf":{"@id":"https:\/\/www.gero.lu\/de\/#website"},"datePublished":"2024-05-10T08:23:00+00:00","dateModified":"2024-06-10T12:23:08+00:00","breadcrumb":{"@id":"https:\/\/www.gero.lu\/de\/produit\/digitale-sprechstunde-2#breadcrumb"},"inLanguage":"de","potentialAction":[{"@type":"ReadAction","target":[["https:\/\/www.gero.lu\/de\/produit\/digitale-sprechstunde-2"]]}]},{"@type":"BreadcrumbList","@id":"https:\/\/www.gero.lu\/de\/produit\/digitale-sprechstunde-2#breadcrumb","itemListElement":[{"@type":"ListItem","position":1,"name":"Accueil","item":"https:\/\/www.gero.lu\/de\/"},{"@type":"ListItem","position":2,"name":"Shop","item":"https:\/\/www.gero.lu\/de\/shop"},{"@type":"ListItem","position":3,"name":"Digitale Sprechstunde"}]},{"@type":"WebSite","@id":"https:\/\/www.gero.lu\/de\/#website","url":"https:\/\/www.gero.lu\/de\/","name":"Gero","description":"Kompetenzzenter fir den Alter","publisher":{"@id":"https:\/\/www.gero.lu\/de\/#organization"},"potentialAction":[{"@type":"SearchAction","target":{"@type":"EntryPoint","urlTemplate":"https:\/\/www.gero.lu\/de\/?s={search_term_string}"},"query-input":{"@type":"PropertyValueSpecification","valueRequired":true,"valueName":"search_term_string"}}],"inLanguage":"de"},{"@type":"Organization","@id":"https:\/\/www.gero.lu\/de\/#organization","name":"Gero","url":"https:\/\/www.gero.lu\/de\/","logo":{"@type":"ImageObject","inLanguage":"de","@id":"https:\/\/www.gero.lu\/de\/#\/schema\/logo\/image\/","url":"https:\/\/www.gero.lu\/wp-content\/uploads\/2024\/04\/logo.svg","contentUrl":"https:\/\/www.gero.lu\/wp-content\/uploads\/2024\/04\/logo.svg","width":76,"height":30,"caption":"Gero"},"image":{"@id":"https:\/\/www.gero.lu\/de\/#\/schema\/logo\/image\/"},"sameAs":["https:\/\/www.facebook.com\/Kompetenzzenter\/","https:\/\/www.instagram.com\/gero.kompetenzzenter\/","https:\/\/linkedin.com\/company\/gero-kompetenzzenter-fir-den-alter","https:\/\/www.youtube.com\/channel\/UCJvmJYSeHh3dYQsLHZupj-Q"]}]}},"_links":{"self":[{"href":"https:\/\/www.gero.lu\/de\/wp-json\/wp\/v2\/product\/7224","targetHints":{"allow":["GET"]}}],"collection":[{"href":"https:\/\/www.gero.lu\/de\/wp-json\/wp\/v2\/product"}],"about":[{"href":"https:\/\/www.gero.lu\/de\/wp-json\/wp\/v2\/types\/product"}],"replies":[{"embeddable":true,"href":"https:\/\/www.gero.lu\/de\/wp-json\/wp\/v2\/comments?post=7224"}],"wp:attachment":[{"href":"https:\/\/www.gero.lu\/de\/wp-json\/wp\/v2\/media?parent=7224"}],"wp:term":[{"taxonomy":"product_brand","embeddable":true,"href":"https:\/\/www.gero.lu\/de\/wp-json\/wp\/v2\/product_brand?post=7224"},{"taxonomy":"product_cat","embeddable":true,"href":"https:\/\/www.gero.lu\/de\/wp-json\/wp\/v2\/product_cat?post=7224"},{"taxonomy":"product_tag","embeddable":true,"href":"https:\/\/www.gero.lu\/de\/wp-json\/wp\/v2\/product_tag?post=7224"}],"curies":[{"name":"wp","href":"https:\/\/api.w.org\/{rel}","templated":true}]}}