{"id":6308,"date":"2023-11-03T08:21:32","date_gmt":"2023-11-03T08:21:32","guid":{"rendered":"https:\/\/www.gero.lu\/fr\/produit\/prendre-en-compte-la-pluralite-de-nos-publics-ages-un-enjeu-de-qualite-et-bientraitance"},"modified":"2024-06-19T06:21:44","modified_gmt":"2024-06-19T06:21:44","slug":"prendre-en-compte-la-pluralite-de-nos-publics-ages-un-enjeu-de-qualite-et-bientraitance","status":"publish","type":"product","link":"https:\/\/www.gero.lu\/de\/produit\/prendre-en-compte-la-pluralite-de-nos-publics-ages-un-enjeu-de-qualite-et-bientraitance","title":{"rendered":"Prendre en compte la pluralit\u00e9 de nos publics \u00e2g\u00e9s, un enjeu de qualit\u00e9 et bientraitance"},"content":{"rendered":"<p>Journ\u00e9e de sensibilisation aux questions de diversit\u00e9 <\/p>\n<p>Cette formation vise \u00e0 doter les professionnel\u00b7le\u00b7s du secteur de la g\u00e9rontologie des comp\u00e9tences et aptitudes n\u00e9cessaires \u00e0 la prise en charge d\u2019un public \u00e2g\u00e9 toujours plus diversifi\u00e9, et \u00e0 r\u00e9pondre aux attentes et besoins des participant\u00b7e\u00b7s en mati\u00e8re d\u2019inclusion.<\/p>\n<p>Sensibilisation<\/p>\n<p>Les participant\u00b7e\u00b7s seront, par des approches participatives, sensibilis\u00e9\u00b7e\u00b7s \u00e0 la Diversit\u00e9. Nous verrons \u00e9galement les enjeux et les risques de ne pas prendre en compte la diversit\u00e9 de nos publics \u00e2g\u00e9s, ainsi que l\u2019importance de la biographie des personnes \u00e2g\u00e9es.<\/p>\n<p>Formation et Accompagnement<\/p>\n<p>Les participant\u00b7e\u00b7s seront invit\u00e9\u00b7e\u00b7s \u00e0 r\u00e9fl\u00e9chir \u00e0 des pistes de bonnes pratiques sur le terrain. L\u2019approche par l\u2019exp\u00e9rience et les p\u00e9dagogies inductives permettront la transmission d\u2019outils concrets en vue d\u2019acqu\u00e9rir le savoir-faire et le savoir-\u00eatre ad\u00e9quats.<\/p>\n<p>Les diff\u00e9rents points abord\u00e9s dans cette formation sont :<br \/>\n\uf02d\tLa diversit\u00e9 et l\u2019interculturalit\u00e9<br \/>\n\uf02d\tLes croyances religieuses et confessionnelles<br \/>\n\uf02d\tL\u2019identit\u00e9 de genre et l\u2019orientation sexuelle<br \/>\n\uf02d\tLes situations de handicap physique et psychique, visible ou non-visible<br \/>\n\uf02d\tLes pr\u00e9jug\u00e9s et les st\u00e9r\u00e9otypes ethno-raciaux<br \/>\n\uf02d\tL\u2019importance de la sant\u00e9 mentale<br \/>\n\uf02d\tLes m\u00e9canismes de biais cognitifs, et ses possibilit\u00e9s de contournements<br \/>\n\uf02d\tLa bienveillance et la bientraitance<br \/>\n\uf02d\tL\u2019approche inclusive et ses pratiques<\/p>\n<p>Public cible : Toute personne int\u00e9ress\u00e9e<\/p>\n","protected":false},"excerpt":{"rendered":"<p>Journ\u00e9e de sensibilisation aux questions de diversit\u00e9 Cette formation vise \u00e0 doter les professionnel\u00b7le\u00b7s du secteur de la g\u00e9rontologie des comp\u00e9tences et aptitudes n\u00e9cessaires \u00e0 la prise en charge d\u2019un public \u00e2g\u00e9 toujours plus diversifi\u00e9, et \u00e0 r\u00e9pondre aux attentes et besoins des participant\u00b7e\u00b7s en mati\u00e8re d\u2019inclusion. Sensibilisation Les participant\u00b7e\u00b7s seront, par des approches participatives, [&hellip;]<\/p>\n","protected":false},"featured_media":6519,"comment_status":"closed","ping_status":"closed","template":"","meta":{"_acf_changed":false,"inline_featured_image":false},"product_brand":[],"product_cat":[239],"product_tag":[238],"class_list":{"0":"post-6308","1":"product","2":"type-product","3":"status-publish","4":"has-post-thumbnail","6":"product_cat-cours-pro","7":"product_tag-divers-pro","9":"first","10":"instock","11":"virtual","12":"purchasable","13":"product-type-simple"},"acf":[],"yoast_head":"<!-- This site is optimized with the Yoast SEO Premium plugin v27.4 (Yoast SEO v27.5) - https:\/\/yoast.com\/product\/yoast-seo-premium-wordpress\/ -->\n<title>Prendre en compte la pluralit\u00e9 de nos publics \u00e2g\u00e9s, un enjeu de qualit\u00e9 et bientraitance - GERO<\/title>\n<meta name=\"robots\" content=\"index, follow, max-snippet:-1, max-image-preview:large, max-video-preview:-1\" \/>\n<link rel=\"canonical\" href=\"https:\/\/www.gero.lu\/de\/produit\/prendre-en-compte-la-pluralite-de-nos-publics-ages-un-enjeu-de-qualite-et-bientraitance\" \/>\n<meta property=\"og:locale\" content=\"de_DE\" \/>\n<meta property=\"og:type\" content=\"article\" \/>\n<meta property=\"og:title\" content=\"Prendre en compte la pluralit\u00e9 de nos publics \u00e2g\u00e9s, un enjeu de qualit\u00e9 et bientraitance\" \/>\n<meta property=\"og:description\" content=\"Journ\u00e9e de sensibilisation aux questions de diversit\u00e9 Cette formation vise \u00e0 doter les professionnel\u00b7le\u00b7s du secteur de la g\u00e9rontologie des comp\u00e9tences et aptitudes n\u00e9cessaires \u00e0 la prise en charge d\u2019un public \u00e2g\u00e9 toujours plus diversifi\u00e9, et \u00e0 r\u00e9pondre aux attentes et besoins des participant\u00b7e\u00b7s en mati\u00e8re d\u2019inclusion. Sensibilisation Les participant\u00b7e\u00b7s seront, par des approches participatives, [&hellip;]\" \/>\n<meta property=\"og:url\" content=\"https:\/\/www.gero.lu\/de\/produit\/prendre-en-compte-la-pluralite-de-nos-publics-ages-un-enjeu-de-qualite-et-bientraitance\" \/>\n<meta property=\"og:site_name\" content=\"GERO\" \/>\n<meta property=\"article:publisher\" content=\"https:\/\/www.facebook.com\/Kompetenzzenter\/\" \/>\n<meta property=\"article:modified_time\" content=\"2024-06-19T06:21:44+00:00\" \/>\n<meta property=\"og:image\" content=\"https:\/\/www.gero.lu\/wp-content\/uploads\/2023\/11\/Logo-A4-Paysage.png\" \/>\n\t<meta property=\"og:image:width\" content=\"1920\" \/>\n\t<meta property=\"og:image:height\" content=\"1357\" \/>\n\t<meta property=\"og:image:type\" content=\"image\/png\" \/>\n<meta name=\"twitter:card\" content=\"summary_large_image\" \/>\n<meta name=\"twitter:label1\" content=\"Gesch\u00e4tzte Lesezeit\" \/>\n\t<meta name=\"twitter:data1\" content=\"2\u00a0Minuten\" \/>\n<script type=\"application\/ld+json\" class=\"yoast-schema-graph\">{\"@context\":\"https:\\\/\\\/schema.org\",\"@graph\":[{\"@type\":\"WebPage\",\"@id\":\"https:\\\/\\\/www.gero.lu\\\/de\\\/produit\\\/prendre-en-compte-la-pluralite-de-nos-publics-ages-un-enjeu-de-qualite-et-bientraitance\",\"url\":\"https:\\\/\\\/www.gero.lu\\\/de\\\/produit\\\/prendre-en-compte-la-pluralite-de-nos-publics-ages-un-enjeu-de-qualite-et-bientraitance\",\"name\":\"Prendre en compte la pluralit\u00e9 de nos publics \u00e2g\u00e9s, un enjeu de qualit\u00e9 et bientraitance - GERO\",\"isPartOf\":{\"@id\":\"https:\\\/\\\/www.gero.lu\\\/de\\\/#website\"},\"primaryImageOfPage\":{\"@id\":\"https:\\\/\\\/www.gero.lu\\\/de\\\/produit\\\/prendre-en-compte-la-pluralite-de-nos-publics-ages-un-enjeu-de-qualite-et-bientraitance#primaryimage\"},\"image\":{\"@id\":\"https:\\\/\\\/www.gero.lu\\\/produit\\\/prendre-en-compte-la-pluralite-de-nos-publics-ages-un-enjeu-de-qualite-et-bientraitance#primaryimage\"},\"thumbnailUrl\":\"https:\\\/\\\/www.gero.lu\\\/wp-content\\\/uploads\\\/2023\\\/11\\\/Logo-A4-Paysage.png\",\"datePublished\":\"2023-11-03T08:21:32+00:00\",\"dateModified\":\"2024-06-19T06:21:44+00:00\",\"breadcrumb\":{\"@id\":\"https:\\\/\\\/www.gero.lu\\\/de\\\/produit\\\/prendre-en-compte-la-pluralite-de-nos-publics-ages-un-enjeu-de-qualite-et-bientraitance#breadcrumb\"},\"inLanguage\":\"de\",\"potentialAction\":[{\"@type\":\"ReadAction\",\"target\":[[\"https:\\\/\\\/www.gero.lu\\\/de\\\/produit\\\/prendre-en-compte-la-pluralite-de-nos-publics-ages-un-enjeu-de-qualite-et-bientraitance\"]]}]},{\"@type\":\"ImageObject\",\"inLanguage\":\"de\",\"@id\":\"https:\\\/\\\/www.gero.lu\\\/de\\\/produit\\\/prendre-en-compte-la-pluralite-de-nos-publics-ages-un-enjeu-de-qualite-et-bientraitance#primaryimage\",\"url\":\"https:\\\/\\\/www.gero.lu\\\/wp-content\\\/uploads\\\/2023\\\/11\\\/Logo-A4-Paysage.png\",\"contentUrl\":\"https:\\\/\\\/www.gero.lu\\\/wp-content\\\/uploads\\\/2023\\\/11\\\/Logo-A4-Paysage.png\",\"width\":1920,\"height\":1357},{\"@type\":\"BreadcrumbList\",\"@id\":\"https:\\\/\\\/www.gero.lu\\\/de\\\/produit\\\/prendre-en-compte-la-pluralite-de-nos-publics-ages-un-enjeu-de-qualite-et-bientraitance#breadcrumb\",\"itemListElement\":[{\"@type\":\"ListItem\",\"position\":1,\"name\":\"Accueil\",\"item\":\"https:\\\/\\\/www.gero.lu\\\/de\\\/\"},{\"@type\":\"ListItem\",\"position\":2,\"name\":\"Shop\",\"item\":\"https:\\\/\\\/www.gero.lu\\\/de\\\/shop\"},{\"@type\":\"ListItem\",\"position\":3,\"name\":\"Prendre en compte la pluralit\u00e9 de nos publics \u00e2g\u00e9s, un enjeu de qualit\u00e9 et bientraitance\"}]},{\"@type\":\"WebSite\",\"@id\":\"https:\\\/\\\/www.gero.lu\\\/de\\\/#website\",\"url\":\"https:\\\/\\\/www.gero.lu\\\/de\\\/\",\"name\":\"Gero\",\"description\":\"Kompetenzzenter fir den Alter\",\"publisher\":{\"@id\":\"https:\\\/\\\/www.gero.lu\\\/de\\\/#organization\"},\"potentialAction\":[{\"@type\":\"SearchAction\",\"target\":{\"@type\":\"EntryPoint\",\"urlTemplate\":\"https:\\\/\\\/www.gero.lu\\\/de\\\/?s={search_term_string}\"},\"query-input\":{\"@type\":\"PropertyValueSpecification\",\"valueRequired\":true,\"valueName\":\"search_term_string\"}}],\"inLanguage\":\"de\"},{\"@type\":\"Organization\",\"@id\":\"https:\\\/\\\/www.gero.lu\\\/de\\\/#organization\",\"name\":\"Gero\",\"url\":\"https:\\\/\\\/www.gero.lu\\\/de\\\/\",\"logo\":{\"@type\":\"ImageObject\",\"inLanguage\":\"de\",\"@id\":\"https:\\\/\\\/www.gero.lu\\\/de\\\/#\\\/schema\\\/logo\\\/image\\\/\",\"url\":\"https:\\\/\\\/www.gero.lu\\\/wp-content\\\/uploads\\\/2024\\\/04\\\/logo.svg\",\"contentUrl\":\"https:\\\/\\\/www.gero.lu\\\/wp-content\\\/uploads\\\/2024\\\/04\\\/logo.svg\",\"width\":76,\"height\":30,\"caption\":\"Gero\"},\"image\":{\"@id\":\"https:\\\/\\\/www.gero.lu\\\/de\\\/#\\\/schema\\\/logo\\\/image\\\/\"},\"sameAs\":[\"https:\\\/\\\/www.facebook.com\\\/Kompetenzzenter\\\/\",\"https:\\\/\\\/www.instagram.com\\\/gero.kompetenzzenter\\\/\",\"https:\\\/\\\/linkedin.com\\\/company\\\/gero-kompetenzzenter-fir-den-alter\",\"https:\\\/\\\/www.youtube.com\\\/channel\\\/UCJvmJYSeHh3dYQsLHZupj-Q\"]}]}<\/script>\n<!-- \/ Yoast SEO Premium plugin. -->","yoast_head_json":{"title":"Prendre en compte la pluralit\u00e9 de nos publics \u00e2g\u00e9s, un enjeu de qualit\u00e9 et bientraitance - GERO","robots":{"index":"index","follow":"follow","max-snippet":"max-snippet:-1","max-image-preview":"max-image-preview:large","max-video-preview":"max-video-preview:-1"},"canonical":"https:\/\/www.gero.lu\/de\/produit\/prendre-en-compte-la-pluralite-de-nos-publics-ages-un-enjeu-de-qualite-et-bientraitance","og_locale":"de_DE","og_type":"article","og_title":"Prendre en compte la pluralit\u00e9 de nos publics \u00e2g\u00e9s, un enjeu de qualit\u00e9 et bientraitance","og_description":"Journ\u00e9e de sensibilisation aux questions de diversit\u00e9 Cette formation vise \u00e0 doter les professionnel\u00b7le\u00b7s du secteur de la g\u00e9rontologie des comp\u00e9tences et aptitudes n\u00e9cessaires \u00e0 la prise en charge d\u2019un public \u00e2g\u00e9 toujours plus diversifi\u00e9, et \u00e0 r\u00e9pondre aux attentes et besoins des participant\u00b7e\u00b7s en mati\u00e8re d\u2019inclusion. Sensibilisation Les participant\u00b7e\u00b7s seront, par des approches participatives, [&hellip;]","og_url":"https:\/\/www.gero.lu\/de\/produit\/prendre-en-compte-la-pluralite-de-nos-publics-ages-un-enjeu-de-qualite-et-bientraitance","og_site_name":"GERO","article_publisher":"https:\/\/www.facebook.com\/Kompetenzzenter\/","article_modified_time":"2024-06-19T06:21:44+00:00","og_image":[{"width":1920,"height":1357,"url":"https:\/\/www.gero.lu\/wp-content\/uploads\/2023\/11\/Logo-A4-Paysage.png","type":"image\/png"}],"twitter_card":"summary_large_image","twitter_misc":{"Gesch\u00e4tzte Lesezeit":"2\u00a0Minuten"},"schema":{"@context":"https:\/\/schema.org","@graph":[{"@type":"WebPage","@id":"https:\/\/www.gero.lu\/de\/produit\/prendre-en-compte-la-pluralite-de-nos-publics-ages-un-enjeu-de-qualite-et-bientraitance","url":"https:\/\/www.gero.lu\/de\/produit\/prendre-en-compte-la-pluralite-de-nos-publics-ages-un-enjeu-de-qualite-et-bientraitance","name":"Prendre en compte la pluralit\u00e9 de nos publics \u00e2g\u00e9s, un enjeu de qualit\u00e9 et bientraitance - GERO","isPartOf":{"@id":"https:\/\/www.gero.lu\/de\/#website"},"primaryImageOfPage":{"@id":"https:\/\/www.gero.lu\/de\/produit\/prendre-en-compte-la-pluralite-de-nos-publics-ages-un-enjeu-de-qualite-et-bientraitance#primaryimage"},"image":{"@id":"https:\/\/www.gero.lu\/produit\/prendre-en-compte-la-pluralite-de-nos-publics-ages-un-enjeu-de-qualite-et-bientraitance#primaryimage"},"thumbnailUrl":"https:\/\/www.gero.lu\/wp-content\/uploads\/2023\/11\/Logo-A4-Paysage.png","datePublished":"2023-11-03T08:21:32+00:00","dateModified":"2024-06-19T06:21:44+00:00","breadcrumb":{"@id":"https:\/\/www.gero.lu\/de\/produit\/prendre-en-compte-la-pluralite-de-nos-publics-ages-un-enjeu-de-qualite-et-bientraitance#breadcrumb"},"inLanguage":"de","potentialAction":[{"@type":"ReadAction","target":[["https:\/\/www.gero.lu\/de\/produit\/prendre-en-compte-la-pluralite-de-nos-publics-ages-un-enjeu-de-qualite-et-bientraitance"]]}]},{"@type":"ImageObject","inLanguage":"de","@id":"https:\/\/www.gero.lu\/de\/produit\/prendre-en-compte-la-pluralite-de-nos-publics-ages-un-enjeu-de-qualite-et-bientraitance#primaryimage","url":"https:\/\/www.gero.lu\/wp-content\/uploads\/2023\/11\/Logo-A4-Paysage.png","contentUrl":"https:\/\/www.gero.lu\/wp-content\/uploads\/2023\/11\/Logo-A4-Paysage.png","width":1920,"height":1357},{"@type":"BreadcrumbList","@id":"https:\/\/www.gero.lu\/de\/produit\/prendre-en-compte-la-pluralite-de-nos-publics-ages-un-enjeu-de-qualite-et-bientraitance#breadcrumb","itemListElement":[{"@type":"ListItem","position":1,"name":"Accueil","item":"https:\/\/www.gero.lu\/de\/"},{"@type":"ListItem","position":2,"name":"Shop","item":"https:\/\/www.gero.lu\/de\/shop"},{"@type":"ListItem","position":3,"name":"Prendre en compte la pluralit\u00e9 de nos publics \u00e2g\u00e9s, un enjeu de qualit\u00e9 et bientraitance"}]},{"@type":"WebSite","@id":"https:\/\/www.gero.lu\/de\/#website","url":"https:\/\/www.gero.lu\/de\/","name":"Gero","description":"Kompetenzzenter fir den Alter","publisher":{"@id":"https:\/\/www.gero.lu\/de\/#organization"},"potentialAction":[{"@type":"SearchAction","target":{"@type":"EntryPoint","urlTemplate":"https:\/\/www.gero.lu\/de\/?s={search_term_string}"},"query-input":{"@type":"PropertyValueSpecification","valueRequired":true,"valueName":"search_term_string"}}],"inLanguage":"de"},{"@type":"Organization","@id":"https:\/\/www.gero.lu\/de\/#organization","name":"Gero","url":"https:\/\/www.gero.lu\/de\/","logo":{"@type":"ImageObject","inLanguage":"de","@id":"https:\/\/www.gero.lu\/de\/#\/schema\/logo\/image\/","url":"https:\/\/www.gero.lu\/wp-content\/uploads\/2024\/04\/logo.svg","contentUrl":"https:\/\/www.gero.lu\/wp-content\/uploads\/2024\/04\/logo.svg","width":76,"height":30,"caption":"Gero"},"image":{"@id":"https:\/\/www.gero.lu\/de\/#\/schema\/logo\/image\/"},"sameAs":["https:\/\/www.facebook.com\/Kompetenzzenter\/","https:\/\/www.instagram.com\/gero.kompetenzzenter\/","https:\/\/linkedin.com\/company\/gero-kompetenzzenter-fir-den-alter","https:\/\/www.youtube.com\/channel\/UCJvmJYSeHh3dYQsLHZupj-Q"]}]}},"_links":{"self":[{"href":"https:\/\/www.gero.lu\/de\/wp-json\/wp\/v2\/product\/6308","targetHints":{"allow":["GET"]}}],"collection":[{"href":"https:\/\/www.gero.lu\/de\/wp-json\/wp\/v2\/product"}],"about":[{"href":"https:\/\/www.gero.lu\/de\/wp-json\/wp\/v2\/types\/product"}],"replies":[{"embeddable":true,"href":"https:\/\/www.gero.lu\/de\/wp-json\/wp\/v2\/comments?post=6308"}],"wp:featuredmedia":[{"embeddable":true,"href":"https:\/\/www.gero.lu\/de\/wp-json\/wp\/v2\/media\/6519"}],"wp:attachment":[{"href":"https:\/\/www.gero.lu\/de\/wp-json\/wp\/v2\/media?parent=6308"}],"wp:term":[{"taxonomy":"product_brand","embeddable":true,"href":"https:\/\/www.gero.lu\/de\/wp-json\/wp\/v2\/product_brand?post=6308"},{"taxonomy":"product_cat","embeddable":true,"href":"https:\/\/www.gero.lu\/de\/wp-json\/wp\/v2\/product_cat?post=6308"},{"taxonomy":"product_tag","embeddable":true,"href":"https:\/\/www.gero.lu\/de\/wp-json\/wp\/v2\/product_tag?post=6308"}],"curies":[{"name":"wp","href":"https:\/\/api.w.org\/{rel}","templated":true}]}}