{"id":5887,"date":"2023-08-07T15:25:28","date_gmt":"2023-08-07T15:25:28","guid":{"rendered":"https:\/\/www.gero.lu\/fr\/produit\/leadership-module-1-6-2"},"modified":"2025-01-15T15:42:46","modified_gmt":"2025-01-15T15:42:46","slug":"leadership-module-1-6-2","status":"publish","type":"product","link":"https:\/\/www.gero.lu\/de\/produit\/leadership-module-1-6-2","title":{"rendered":"Leadership module 1-6"},"content":{"rendered":"<p>Concept de la formation <\/p>\n<p>Cette s\u00e9rie de s\u00e9minaires s\u2019adresse sp\u00e9cifiquement \u00e0 tous ceux et toutes celles qui souhaitent exercer des fonctions \u00e0 des postes de responsabilit\u00e9 et professionnaliser leurs comp\u00e9tences dans leur (future) fonction dirigeante.<\/p>\n<p>Dans le cadre de cette formation, les participant-e-s d\u00e9veloppent leurs comp\u00e9tences manag\u00e9riales et sociales individuelles dont ils-elles ont besoin pour g\u00e9rer quotidiennement leur (futur) travail de direction.<\/p>\n<p>Concr\u00e8tement, cela signifie :<\/p>\n<p>\u2022\tConnaissance du leadership, des responsabilit\u00e9s de direction et des instruments de gouvernance<br \/>\n\u2022\tTraduire les connaissances en actions concr\u00e8tes<br \/>\n\u2022\t\u00c9largir les comp\u00e9tences individuelles en mati\u00e8re de leadership et de protection sociale<\/p>\n<p>La formation comporte 6 modules  :<\/p>\n<p>Module 1 : Le r\u00f4le du manager, 18 septembre 024<br \/>\nModule 2 : Conduite d\u2019entretien avec les collaborateur-rice-s, 16 octobre 2024<br \/>\nModule 3 : Mener son \u00e9quipe avec succ\u00e8s, 13 novembre 2024<br \/>\nModule 4 : R\u00e9soudre les conflits avec succ\u00e8s, 11 d\u00e9cembre 2024<br \/>\nModule 5 : Le stress et la gestion du temps, 15 janvier 2025<br \/>\nModule 6 : Le management ax\u00e9 sur la solution, 12 f\u00e9vrier 2025<\/p>\n","protected":false},"excerpt":{"rendered":"<p>Concept de la formation Cette s\u00e9rie de s\u00e9minaires s\u2019adresse sp\u00e9cifiquement \u00e0 tous ceux et toutes celles qui souhaitent exercer des fonctions \u00e0 des postes de responsabilit\u00e9 et professionnaliser leurs comp\u00e9tences dans leur (future) fonction dirigeante. Dans le cadre de cette formation, les participant-e-s d\u00e9veloppent leurs comp\u00e9tences manag\u00e9riales et sociales individuelles dont ils-elles ont besoin pour [&hellip;]<\/p>\n","protected":false},"featured_media":0,"comment_status":"closed","ping_status":"closed","template":"","meta":{"_acf_changed":false,"inline_featured_image":false},"product_brand":[],"product_cat":[239],"product_tag":[233],"class_list":{"0":"post-5887","1":"product","2":"type-product","3":"status-publish","5":"product_cat-cours-pro","6":"product_tag-management-leadership-pro","8":"first","9":"outofstock","10":"virtual","11":"purchasable","12":"product-type-simple"},"acf":[],"yoast_head":"<!-- This site is optimized with the Yoast SEO Premium plugin v27.4 (Yoast SEO v27.5) - https:\/\/yoast.com\/product\/yoast-seo-premium-wordpress\/ -->\n<title>Leadership module 1-6 - GERO<\/title>\n<meta name=\"robots\" content=\"index, follow, max-snippet:-1, max-image-preview:large, max-video-preview:-1\" \/>\n<link rel=\"canonical\" href=\"https:\/\/www.gero.lu\/de\/produit\/leadership-module-1-6-2\" \/>\n<meta property=\"og:locale\" content=\"de_DE\" \/>\n<meta property=\"og:type\" content=\"article\" \/>\n<meta property=\"og:title\" content=\"Leadership module 1-6\" \/>\n<meta property=\"og:description\" content=\"Concept de la formation Cette s\u00e9rie de s\u00e9minaires s\u2019adresse sp\u00e9cifiquement \u00e0 tous ceux et toutes celles qui souhaitent exercer des fonctions \u00e0 des postes de responsabilit\u00e9 et professionnaliser leurs comp\u00e9tences dans leur (future) fonction dirigeante. Dans le cadre de cette formation, les participant-e-s d\u00e9veloppent leurs comp\u00e9tences manag\u00e9riales et sociales individuelles dont ils-elles ont besoin pour [&hellip;]\" \/>\n<meta property=\"og:url\" content=\"https:\/\/www.gero.lu\/de\/produit\/leadership-module-1-6-2\" \/>\n<meta property=\"og:site_name\" content=\"GERO\" \/>\n<meta property=\"article:publisher\" content=\"https:\/\/www.facebook.com\/Kompetenzzenter\/\" \/>\n<meta property=\"article:modified_time\" content=\"2025-01-15T15:42:46+00:00\" \/>\n<meta property=\"og:image\" content=\"https:\/\/www.gero.lu\/wp-content\/uploads\/2021\/08\/gettyimages-1135289130-2048x2048_RET-1.jpg\" \/>\n\t<meta property=\"og:image:width\" content=\"1227\" \/>\n\t<meta property=\"og:image:height\" content=\"802\" \/>\n\t<meta property=\"og:image:type\" content=\"image\/jpeg\" \/>\n<meta name=\"twitter:card\" content=\"summary_large_image\" \/>\n<meta name=\"twitter:label1\" content=\"Gesch\u00e4tzte Lesezeit\" \/>\n\t<meta name=\"twitter:data1\" content=\"1\u00a0Minute\" \/>\n<script type=\"application\/ld+json\" class=\"yoast-schema-graph\">{\"@context\":\"https:\\\/\\\/schema.org\",\"@graph\":[{\"@type\":\"WebPage\",\"@id\":\"https:\\\/\\\/www.gero.lu\\\/de\\\/produit\\\/leadership-module-1-6-2\",\"url\":\"https:\\\/\\\/www.gero.lu\\\/de\\\/produit\\\/leadership-module-1-6-2\",\"name\":\"Leadership module 1-6 - GERO\",\"isPartOf\":{\"@id\":\"https:\\\/\\\/www.gero.lu\\\/de\\\/#website\"},\"datePublished\":\"2023-08-07T15:25:28+00:00\",\"dateModified\":\"2025-01-15T15:42:46+00:00\",\"breadcrumb\":{\"@id\":\"https:\\\/\\\/www.gero.lu\\\/de\\\/produit\\\/leadership-module-1-6-2#breadcrumb\"},\"inLanguage\":\"de\",\"potentialAction\":[{\"@type\":\"ReadAction\",\"target\":[[\"https:\\\/\\\/www.gero.lu\\\/de\\\/produit\\\/leadership-module-1-6-2\"]]}]},{\"@type\":\"BreadcrumbList\",\"@id\":\"https:\\\/\\\/www.gero.lu\\\/de\\\/produit\\\/leadership-module-1-6-2#breadcrumb\",\"itemListElement\":[{\"@type\":\"ListItem\",\"position\":1,\"name\":\"Accueil\",\"item\":\"https:\\\/\\\/www.gero.lu\\\/de\\\/\"},{\"@type\":\"ListItem\",\"position\":2,\"name\":\"Shop\",\"item\":\"https:\\\/\\\/www.gero.lu\\\/de\\\/shop\"},{\"@type\":\"ListItem\",\"position\":3,\"name\":\"Leadership module 1-6\"}]},{\"@type\":\"WebSite\",\"@id\":\"https:\\\/\\\/www.gero.lu\\\/de\\\/#website\",\"url\":\"https:\\\/\\\/www.gero.lu\\\/de\\\/\",\"name\":\"Gero\",\"description\":\"Kompetenzzenter fir den Alter\",\"publisher\":{\"@id\":\"https:\\\/\\\/www.gero.lu\\\/de\\\/#organization\"},\"potentialAction\":[{\"@type\":\"SearchAction\",\"target\":{\"@type\":\"EntryPoint\",\"urlTemplate\":\"https:\\\/\\\/www.gero.lu\\\/de\\\/?s={search_term_string}\"},\"query-input\":{\"@type\":\"PropertyValueSpecification\",\"valueRequired\":true,\"valueName\":\"search_term_string\"}}],\"inLanguage\":\"de\"},{\"@type\":\"Organization\",\"@id\":\"https:\\\/\\\/www.gero.lu\\\/de\\\/#organization\",\"name\":\"Gero\",\"url\":\"https:\\\/\\\/www.gero.lu\\\/de\\\/\",\"logo\":{\"@type\":\"ImageObject\",\"inLanguage\":\"de\",\"@id\":\"https:\\\/\\\/www.gero.lu\\\/de\\\/#\\\/schema\\\/logo\\\/image\\\/\",\"url\":\"https:\\\/\\\/www.gero.lu\\\/wp-content\\\/uploads\\\/2024\\\/04\\\/logo.svg\",\"contentUrl\":\"https:\\\/\\\/www.gero.lu\\\/wp-content\\\/uploads\\\/2024\\\/04\\\/logo.svg\",\"width\":76,\"height\":30,\"caption\":\"Gero\"},\"image\":{\"@id\":\"https:\\\/\\\/www.gero.lu\\\/de\\\/#\\\/schema\\\/logo\\\/image\\\/\"},\"sameAs\":[\"https:\\\/\\\/www.facebook.com\\\/Kompetenzzenter\\\/\",\"https:\\\/\\\/www.instagram.com\\\/gero.kompetenzzenter\\\/\",\"https:\\\/\\\/linkedin.com\\\/company\\\/gero-kompetenzzenter-fir-den-alter\",\"https:\\\/\\\/www.youtube.com\\\/channel\\\/UCJvmJYSeHh3dYQsLHZupj-Q\"]}]}<\/script>\n<!-- \/ Yoast SEO Premium plugin. -->","yoast_head_json":{"title":"Leadership module 1-6 - GERO","robots":{"index":"index","follow":"follow","max-snippet":"max-snippet:-1","max-image-preview":"max-image-preview:large","max-video-preview":"max-video-preview:-1"},"canonical":"https:\/\/www.gero.lu\/de\/produit\/leadership-module-1-6-2","og_locale":"de_DE","og_type":"article","og_title":"Leadership module 1-6","og_description":"Concept de la formation Cette s\u00e9rie de s\u00e9minaires s\u2019adresse sp\u00e9cifiquement \u00e0 tous ceux et toutes celles qui souhaitent exercer des fonctions \u00e0 des postes de responsabilit\u00e9 et professionnaliser leurs comp\u00e9tences dans leur (future) fonction dirigeante. Dans le cadre de cette formation, les participant-e-s d\u00e9veloppent leurs comp\u00e9tences manag\u00e9riales et sociales individuelles dont ils-elles ont besoin pour [&hellip;]","og_url":"https:\/\/www.gero.lu\/de\/produit\/leadership-module-1-6-2","og_site_name":"GERO","article_publisher":"https:\/\/www.facebook.com\/Kompetenzzenter\/","article_modified_time":"2025-01-15T15:42:46+00:00","og_image":[{"width":1227,"height":802,"url":"https:\/\/www.gero.lu\/wp-content\/uploads\/2021\/08\/gettyimages-1135289130-2048x2048_RET-1.jpg","type":"image\/jpeg"}],"twitter_card":"summary_large_image","twitter_misc":{"Gesch\u00e4tzte Lesezeit":"1\u00a0Minute"},"schema":{"@context":"https:\/\/schema.org","@graph":[{"@type":"WebPage","@id":"https:\/\/www.gero.lu\/de\/produit\/leadership-module-1-6-2","url":"https:\/\/www.gero.lu\/de\/produit\/leadership-module-1-6-2","name":"Leadership module 1-6 - GERO","isPartOf":{"@id":"https:\/\/www.gero.lu\/de\/#website"},"datePublished":"2023-08-07T15:25:28+00:00","dateModified":"2025-01-15T15:42:46+00:00","breadcrumb":{"@id":"https:\/\/www.gero.lu\/de\/produit\/leadership-module-1-6-2#breadcrumb"},"inLanguage":"de","potentialAction":[{"@type":"ReadAction","target":[["https:\/\/www.gero.lu\/de\/produit\/leadership-module-1-6-2"]]}]},{"@type":"BreadcrumbList","@id":"https:\/\/www.gero.lu\/de\/produit\/leadership-module-1-6-2#breadcrumb","itemListElement":[{"@type":"ListItem","position":1,"name":"Accueil","item":"https:\/\/www.gero.lu\/de\/"},{"@type":"ListItem","position":2,"name":"Shop","item":"https:\/\/www.gero.lu\/de\/shop"},{"@type":"ListItem","position":3,"name":"Leadership module 1-6"}]},{"@type":"WebSite","@id":"https:\/\/www.gero.lu\/de\/#website","url":"https:\/\/www.gero.lu\/de\/","name":"Gero","description":"Kompetenzzenter fir den Alter","publisher":{"@id":"https:\/\/www.gero.lu\/de\/#organization"},"potentialAction":[{"@type":"SearchAction","target":{"@type":"EntryPoint","urlTemplate":"https:\/\/www.gero.lu\/de\/?s={search_term_string}"},"query-input":{"@type":"PropertyValueSpecification","valueRequired":true,"valueName":"search_term_string"}}],"inLanguage":"de"},{"@type":"Organization","@id":"https:\/\/www.gero.lu\/de\/#organization","name":"Gero","url":"https:\/\/www.gero.lu\/de\/","logo":{"@type":"ImageObject","inLanguage":"de","@id":"https:\/\/www.gero.lu\/de\/#\/schema\/logo\/image\/","url":"https:\/\/www.gero.lu\/wp-content\/uploads\/2024\/04\/logo.svg","contentUrl":"https:\/\/www.gero.lu\/wp-content\/uploads\/2024\/04\/logo.svg","width":76,"height":30,"caption":"Gero"},"image":{"@id":"https:\/\/www.gero.lu\/de\/#\/schema\/logo\/image\/"},"sameAs":["https:\/\/www.facebook.com\/Kompetenzzenter\/","https:\/\/www.instagram.com\/gero.kompetenzzenter\/","https:\/\/linkedin.com\/company\/gero-kompetenzzenter-fir-den-alter","https:\/\/www.youtube.com\/channel\/UCJvmJYSeHh3dYQsLHZupj-Q"]}]}},"_links":{"self":[{"href":"https:\/\/www.gero.lu\/de\/wp-json\/wp\/v2\/product\/5887","targetHints":{"allow":["GET"]}}],"collection":[{"href":"https:\/\/www.gero.lu\/de\/wp-json\/wp\/v2\/product"}],"about":[{"href":"https:\/\/www.gero.lu\/de\/wp-json\/wp\/v2\/types\/product"}],"replies":[{"embeddable":true,"href":"https:\/\/www.gero.lu\/de\/wp-json\/wp\/v2\/comments?post=5887"}],"wp:attachment":[{"href":"https:\/\/www.gero.lu\/de\/wp-json\/wp\/v2\/media?parent=5887"}],"wp:term":[{"taxonomy":"product_brand","embeddable":true,"href":"https:\/\/www.gero.lu\/de\/wp-json\/wp\/v2\/product_brand?post=5887"},{"taxonomy":"product_cat","embeddable":true,"href":"https:\/\/www.gero.lu\/de\/wp-json\/wp\/v2\/product_cat?post=5887"},{"taxonomy":"product_tag","embeddable":true,"href":"https:\/\/www.gero.lu\/de\/wp-json\/wp\/v2\/product_tag?post=5887"}],"curies":[{"name":"wp","href":"https:\/\/api.w.org\/{rel}","templated":true}]}}