{"id":5559,"date":"2023-06-01T11:21:58","date_gmt":"2023-06-01T11:21:58","guid":{"rendered":"https:\/\/www.gero.lu\/fr\/produit\/psychotherapie-perspektiven-fur-die-psyche-im-alter-psychotherapie-quelles-perspectives-pour-le-psychisme-viellissant"},"modified":"2023-10-09T09:21:40","modified_gmt":"2023-10-09T09:21:40","slug":"psychotherapie-perspektiven-fur-die-psyche-im-alter-psychotherapie-quelles-perspectives-pour-le-psychisme-viellissant","status":"publish","type":"product","link":"https:\/\/www.gero.lu\/de\/produit\/psychotherapie-perspektiven-fur-die-psyche-im-alter-psychotherapie-quelles-perspectives-pour-le-psychisme-viellissant","title":{"rendered":"Psychotherapie: Perspektiven f\u00fcr die Psyche im Alter \/ Psychoth\u00e9rapie: Quelles perspectives pour le psychisme viellissant?"},"content":{"rendered":"<p>Zielgruppe: Alle Interessenten<\/p>\n<p>DE<\/p>\n<p>Das Alter sch\u00fctzt vor Krisen nicht. Manchmal knackt und kracht es nicht nur im K\u00f6rper, sondern auch in der Seele. Die Gedanken drehen sich im Kreis und es scheint schwer, allein aus diesem Karussell auszusteigen. In ihrem Vortrag zeigt die Psychologin und Psychotherapeutin Dr. Kerstin Weber Wege auf, wie sich auch im fortgeschrittenen Alter psychische Schieflagen und Herausforderungen bearbeiten lassen. Oft hilft es, eine andere Perspektive einzunehmen, um festgefahrenen Mustern auf die Spur zu kommen und sich von alten Glaubenss\u00e4tzen zu l\u00f6sen. Dabei k\u00f6nnen psychotherapeutische Herangehensweisen eine wichtige Rolle spielen. Nach dem Motto: Man ist nie zu alt, um sein Leben anders (oder sogar besser) zu gestalten.  <\/p>\n<p>Der Vortrag wird in Zusammenarbeit zwischen dem GERO-Kompetenzzenter fir den Alter www.gero.lu und dem Institut Luxembourgeois de Pens\u00e9e Syst\u00e9mique et de Th\u00e9rapie Familiale (ILPS www.ilps.lu) organisiert. <\/p>\n<p>Der Vortag ist auf Luxemburgisch mit Simultan\u00fcbersetzung auf Franz\u00f6sisch!<\/p>\n<p>Daran anschlie\u00dfend besteht Gelegenheit zu Austausch und Diskussion bei einem Umtrunk.<\/p>\n<p>Groupe cible: tout(es) int\u00e9ress\u00e9(es)<br \/>\nFR<\/p>\n<p>En prenant de l\u2019\u00e2ge, parfois notre \u00e2me (tout comme notre corps) se met \u00e0 fissurer et \u00e0 craqueler. Les pens\u00e9es tournent en rond, et nous avons de la peine \u00e0 quitter ce man\u00e8ge tout seul. Lors de la conf\u00e9rence, le docteur Kerstin WEBER, psychologue-psychoth\u00e9rapeute (H\u00f4pitaux Universitaires de Gen\u00e8ve) pr\u00e9sentera des pistes qui permettent d\u2019aborder ces difficult\u00e9s et d\u00e9fis m\u00eame \u00e0 un \u00e2ge avanc\u00e9. Souvent il s\u2019av\u00e8re utile de changer de perspective pour mieux comprendre des modes de fonctionnement devenus obsol\u00e8tes, et pour se lib\u00e9rer d\u2019anciennes croyances. Le choix de l\u2019approche psychoth\u00e9rapeutique peut jouer un r\u00f4le essentiel. Selon la devise : Il n\u2019est jamais trop tard pour changer de vie !<\/p>\n<p>La conf\u00e9rence est organis\u00e9e en coop\u00e9ration par Gero Kompetenzzenter fir den Alter et l\u2019ILPS (Institut Luxembourgeois de Pens\u00e9e Syst\u00e9mique et de Th\u00e9rapie Familiale). <\/p>\n<p>La conf\u00e9rence est en langue Luxembourgeoise avec une traduction simultan\u00e9e en fran\u00e7ais. <\/p>\n<p>Elle sera suivie d\u2019un moment d\u2019\u00e9change et de discussion autour d\u2019un ap\u00e9ritif.<\/p>\n","protected":false},"excerpt":{"rendered":"<p>Zielgruppe: Alle Interessenten DE Das Alter sch\u00fctzt vor Krisen nicht. Manchmal knackt und kracht es nicht nur im K\u00f6rper, sondern auch in der Seele. Die Gedanken drehen sich im Kreis und es scheint schwer, allein aus diesem Karussell auszusteigen. In ihrem Vortrag zeigt die Psychologin und Psychotherapeutin Dr. Kerstin Weber Wege auf, wie sich auch [&hellip;]<\/p>\n","protected":false},"featured_media":5932,"comment_status":"closed","ping_status":"closed","template":"","meta":{"_acf_changed":false,"inline_featured_image":false},"product_brand":[],"product_cat":[228],"product_tag":[200],"class_list":{"0":"post-5559","1":"product","2":"type-product","3":"status-publish","4":"has-post-thumbnail","6":"product_cat-conference","7":"product_tag-sante-senior","9":"first","10":"outofstock","11":"virtual","12":"purchasable","13":"product-type-simple"},"acf":[],"yoast_head":"<!-- This site is optimized with the Yoast SEO Premium plugin v27.4 (Yoast SEO v27.5) - https:\/\/yoast.com\/product\/yoast-seo-premium-wordpress\/ -->\n<title>Psychotherapie: Perspektiven f\u00fcr die Psyche im Alter \/ Psychoth\u00e9rapie: Quelles perspectives pour le psychisme viellissant? - GERO<\/title>\n<meta name=\"robots\" content=\"index, follow, max-snippet:-1, max-image-preview:large, max-video-preview:-1\" \/>\n<link rel=\"canonical\" href=\"https:\/\/www.gero.lu\/de\/produit\/psychotherapie-perspektiven-fur-die-psyche-im-alter-psychotherapie-quelles-perspectives-pour-le-psychisme-viellissant\" \/>\n<meta property=\"og:locale\" content=\"de_DE\" \/>\n<meta property=\"og:type\" content=\"article\" \/>\n<meta property=\"og:title\" content=\"Psychotherapie: Perspektiven f\u00fcr die Psyche im Alter \/ Psychoth\u00e9rapie: Quelles perspectives pour le psychisme viellissant?\" \/>\n<meta property=\"og:description\" content=\"Zielgruppe: Alle Interessenten DE Das Alter sch\u00fctzt vor Krisen nicht. Manchmal knackt und kracht es nicht nur im K\u00f6rper, sondern auch in der Seele. Die Gedanken drehen sich im Kreis und es scheint schwer, allein aus diesem Karussell auszusteigen. In ihrem Vortrag zeigt die Psychologin und Psychotherapeutin Dr. Kerstin Weber Wege auf, wie sich auch [&hellip;]\" \/>\n<meta property=\"og:url\" content=\"https:\/\/www.gero.lu\/de\/produit\/psychotherapie-perspektiven-fur-die-psyche-im-alter-psychotherapie-quelles-perspectives-pour-le-psychisme-viellissant\" \/>\n<meta property=\"og:site_name\" content=\"GERO\" \/>\n<meta property=\"article:publisher\" content=\"https:\/\/www.facebook.com\/Kompetenzzenter\/\" \/>\n<meta property=\"article:modified_time\" content=\"2023-10-09T09:21:40+00:00\" \/>\n<meta property=\"og:image\" content=\"https:\/\/www.gero.lu\/wp-content\/uploads\/2023\/06\/LOGO.jpg\" \/>\n\t<meta property=\"og:image:width\" content=\"993\" \/>\n\t<meta property=\"og:image:height\" content=\"665\" \/>\n\t<meta property=\"og:image:type\" content=\"image\/jpeg\" \/>\n<meta name=\"twitter:card\" content=\"summary_large_image\" \/>\n<meta name=\"twitter:label1\" content=\"Gesch\u00e4tzte Lesezeit\" \/>\n\t<meta name=\"twitter:data1\" content=\"2\u00a0Minuten\" \/>\n<script type=\"application\/ld+json\" class=\"yoast-schema-graph\">{\"@context\":\"https:\\\/\\\/schema.org\",\"@graph\":[{\"@type\":\"WebPage\",\"@id\":\"https:\\\/\\\/www.gero.lu\\\/de\\\/produit\\\/psychotherapie-perspektiven-fur-die-psyche-im-alter-psychotherapie-quelles-perspectives-pour-le-psychisme-viellissant\",\"url\":\"https:\\\/\\\/www.gero.lu\\\/de\\\/produit\\\/psychotherapie-perspektiven-fur-die-psyche-im-alter-psychotherapie-quelles-perspectives-pour-le-psychisme-viellissant\",\"name\":\"Psychotherapie: Perspektiven f\u00fcr die Psyche im Alter \\\/ Psychoth\u00e9rapie: Quelles perspectives pour le psychisme viellissant? - GERO\",\"isPartOf\":{\"@id\":\"https:\\\/\\\/www.gero.lu\\\/de\\\/#website\"},\"primaryImageOfPage\":{\"@id\":\"https:\\\/\\\/www.gero.lu\\\/de\\\/produit\\\/psychotherapie-perspektiven-fur-die-psyche-im-alter-psychotherapie-quelles-perspectives-pour-le-psychisme-viellissant#primaryimage\"},\"image\":{\"@id\":\"https:\\\/\\\/www.gero.lu\\\/produit\\\/psychotherapie-perspektiven-fur-die-psyche-im-alter-psychotherapie-quelles-perspectives-pour-le-psychisme-viellissant#primaryimage\"},\"thumbnailUrl\":\"https:\\\/\\\/www.gero.lu\\\/wp-content\\\/uploads\\\/2023\\\/06\\\/LOGO.jpg\",\"datePublished\":\"2023-06-01T11:21:58+00:00\",\"dateModified\":\"2023-10-09T09:21:40+00:00\",\"breadcrumb\":{\"@id\":\"https:\\\/\\\/www.gero.lu\\\/de\\\/produit\\\/psychotherapie-perspektiven-fur-die-psyche-im-alter-psychotherapie-quelles-perspectives-pour-le-psychisme-viellissant#breadcrumb\"},\"inLanguage\":\"de\",\"potentialAction\":[{\"@type\":\"ReadAction\",\"target\":[[\"https:\\\/\\\/www.gero.lu\\\/de\\\/produit\\\/psychotherapie-perspektiven-fur-die-psyche-im-alter-psychotherapie-quelles-perspectives-pour-le-psychisme-viellissant\"]]}]},{\"@type\":\"ImageObject\",\"inLanguage\":\"de\",\"@id\":\"https:\\\/\\\/www.gero.lu\\\/de\\\/produit\\\/psychotherapie-perspektiven-fur-die-psyche-im-alter-psychotherapie-quelles-perspectives-pour-le-psychisme-viellissant#primaryimage\",\"url\":\"https:\\\/\\\/www.gero.lu\\\/wp-content\\\/uploads\\\/2023\\\/06\\\/LOGO.jpg\",\"contentUrl\":\"https:\\\/\\\/www.gero.lu\\\/wp-content\\\/uploads\\\/2023\\\/06\\\/LOGO.jpg\",\"width\":993,\"height\":665},{\"@type\":\"BreadcrumbList\",\"@id\":\"https:\\\/\\\/www.gero.lu\\\/de\\\/produit\\\/psychotherapie-perspektiven-fur-die-psyche-im-alter-psychotherapie-quelles-perspectives-pour-le-psychisme-viellissant#breadcrumb\",\"itemListElement\":[{\"@type\":\"ListItem\",\"position\":1,\"name\":\"Accueil\",\"item\":\"https:\\\/\\\/www.gero.lu\\\/de\\\/\"},{\"@type\":\"ListItem\",\"position\":2,\"name\":\"Shop\",\"item\":\"https:\\\/\\\/www.gero.lu\\\/de\\\/shop\"},{\"@type\":\"ListItem\",\"position\":3,\"name\":\"Psychotherapie: Perspektiven f\u00fcr die Psyche im Alter \\\/ Psychoth\u00e9rapie: Quelles perspectives pour le psychisme viellissant?\"}]},{\"@type\":\"WebSite\",\"@id\":\"https:\\\/\\\/www.gero.lu\\\/de\\\/#website\",\"url\":\"https:\\\/\\\/www.gero.lu\\\/de\\\/\",\"name\":\"Gero\",\"description\":\"Kompetenzzenter fir den Alter\",\"publisher\":{\"@id\":\"https:\\\/\\\/www.gero.lu\\\/de\\\/#organization\"},\"potentialAction\":[{\"@type\":\"SearchAction\",\"target\":{\"@type\":\"EntryPoint\",\"urlTemplate\":\"https:\\\/\\\/www.gero.lu\\\/de\\\/?s={search_term_string}\"},\"query-input\":{\"@type\":\"PropertyValueSpecification\",\"valueRequired\":true,\"valueName\":\"search_term_string\"}}],\"inLanguage\":\"de\"},{\"@type\":\"Organization\",\"@id\":\"https:\\\/\\\/www.gero.lu\\\/de\\\/#organization\",\"name\":\"Gero\",\"url\":\"https:\\\/\\\/www.gero.lu\\\/de\\\/\",\"logo\":{\"@type\":\"ImageObject\",\"inLanguage\":\"de\",\"@id\":\"https:\\\/\\\/www.gero.lu\\\/de\\\/#\\\/schema\\\/logo\\\/image\\\/\",\"url\":\"https:\\\/\\\/www.gero.lu\\\/wp-content\\\/uploads\\\/2024\\\/04\\\/logo.svg\",\"contentUrl\":\"https:\\\/\\\/www.gero.lu\\\/wp-content\\\/uploads\\\/2024\\\/04\\\/logo.svg\",\"width\":76,\"height\":30,\"caption\":\"Gero\"},\"image\":{\"@id\":\"https:\\\/\\\/www.gero.lu\\\/de\\\/#\\\/schema\\\/logo\\\/image\\\/\"},\"sameAs\":[\"https:\\\/\\\/www.facebook.com\\\/Kompetenzzenter\\\/\",\"https:\\\/\\\/www.instagram.com\\\/gero.kompetenzzenter\\\/\",\"https:\\\/\\\/linkedin.com\\\/company\\\/gero-kompetenzzenter-fir-den-alter\",\"https:\\\/\\\/www.youtube.com\\\/channel\\\/UCJvmJYSeHh3dYQsLHZupj-Q\"]}]}<\/script>\n<!-- \/ Yoast SEO Premium plugin. -->","yoast_head_json":{"title":"Psychotherapie: Perspektiven f\u00fcr die Psyche im Alter \/ Psychoth\u00e9rapie: Quelles perspectives pour le psychisme viellissant? - GERO","robots":{"index":"index","follow":"follow","max-snippet":"max-snippet:-1","max-image-preview":"max-image-preview:large","max-video-preview":"max-video-preview:-1"},"canonical":"https:\/\/www.gero.lu\/de\/produit\/psychotherapie-perspektiven-fur-die-psyche-im-alter-psychotherapie-quelles-perspectives-pour-le-psychisme-viellissant","og_locale":"de_DE","og_type":"article","og_title":"Psychotherapie: Perspektiven f\u00fcr die Psyche im Alter \/ Psychoth\u00e9rapie: Quelles perspectives pour le psychisme viellissant?","og_description":"Zielgruppe: Alle Interessenten DE Das Alter sch\u00fctzt vor Krisen nicht. Manchmal knackt und kracht es nicht nur im K\u00f6rper, sondern auch in der Seele. Die Gedanken drehen sich im Kreis und es scheint schwer, allein aus diesem Karussell auszusteigen. In ihrem Vortrag zeigt die Psychologin und Psychotherapeutin Dr. Kerstin Weber Wege auf, wie sich auch [&hellip;]","og_url":"https:\/\/www.gero.lu\/de\/produit\/psychotherapie-perspektiven-fur-die-psyche-im-alter-psychotherapie-quelles-perspectives-pour-le-psychisme-viellissant","og_site_name":"GERO","article_publisher":"https:\/\/www.facebook.com\/Kompetenzzenter\/","article_modified_time":"2023-10-09T09:21:40+00:00","og_image":[{"width":993,"height":665,"url":"https:\/\/www.gero.lu\/wp-content\/uploads\/2023\/06\/LOGO.jpg","type":"image\/jpeg"}],"twitter_card":"summary_large_image","twitter_misc":{"Gesch\u00e4tzte Lesezeit":"2\u00a0Minuten"},"schema":{"@context":"https:\/\/schema.org","@graph":[{"@type":"WebPage","@id":"https:\/\/www.gero.lu\/de\/produit\/psychotherapie-perspektiven-fur-die-psyche-im-alter-psychotherapie-quelles-perspectives-pour-le-psychisme-viellissant","url":"https:\/\/www.gero.lu\/de\/produit\/psychotherapie-perspektiven-fur-die-psyche-im-alter-psychotherapie-quelles-perspectives-pour-le-psychisme-viellissant","name":"Psychotherapie: Perspektiven f\u00fcr die Psyche im Alter \/ Psychoth\u00e9rapie: Quelles perspectives pour le psychisme viellissant? - GERO","isPartOf":{"@id":"https:\/\/www.gero.lu\/de\/#website"},"primaryImageOfPage":{"@id":"https:\/\/www.gero.lu\/de\/produit\/psychotherapie-perspektiven-fur-die-psyche-im-alter-psychotherapie-quelles-perspectives-pour-le-psychisme-viellissant#primaryimage"},"image":{"@id":"https:\/\/www.gero.lu\/produit\/psychotherapie-perspektiven-fur-die-psyche-im-alter-psychotherapie-quelles-perspectives-pour-le-psychisme-viellissant#primaryimage"},"thumbnailUrl":"https:\/\/www.gero.lu\/wp-content\/uploads\/2023\/06\/LOGO.jpg","datePublished":"2023-06-01T11:21:58+00:00","dateModified":"2023-10-09T09:21:40+00:00","breadcrumb":{"@id":"https:\/\/www.gero.lu\/de\/produit\/psychotherapie-perspektiven-fur-die-psyche-im-alter-psychotherapie-quelles-perspectives-pour-le-psychisme-viellissant#breadcrumb"},"inLanguage":"de","potentialAction":[{"@type":"ReadAction","target":[["https:\/\/www.gero.lu\/de\/produit\/psychotherapie-perspektiven-fur-die-psyche-im-alter-psychotherapie-quelles-perspectives-pour-le-psychisme-viellissant"]]}]},{"@type":"ImageObject","inLanguage":"de","@id":"https:\/\/www.gero.lu\/de\/produit\/psychotherapie-perspektiven-fur-die-psyche-im-alter-psychotherapie-quelles-perspectives-pour-le-psychisme-viellissant#primaryimage","url":"https:\/\/www.gero.lu\/wp-content\/uploads\/2023\/06\/LOGO.jpg","contentUrl":"https:\/\/www.gero.lu\/wp-content\/uploads\/2023\/06\/LOGO.jpg","width":993,"height":665},{"@type":"BreadcrumbList","@id":"https:\/\/www.gero.lu\/de\/produit\/psychotherapie-perspektiven-fur-die-psyche-im-alter-psychotherapie-quelles-perspectives-pour-le-psychisme-viellissant#breadcrumb","itemListElement":[{"@type":"ListItem","position":1,"name":"Accueil","item":"https:\/\/www.gero.lu\/de\/"},{"@type":"ListItem","position":2,"name":"Shop","item":"https:\/\/www.gero.lu\/de\/shop"},{"@type":"ListItem","position":3,"name":"Psychotherapie: Perspektiven f\u00fcr die Psyche im Alter \/ Psychoth\u00e9rapie: Quelles perspectives pour le psychisme viellissant?"}]},{"@type":"WebSite","@id":"https:\/\/www.gero.lu\/de\/#website","url":"https:\/\/www.gero.lu\/de\/","name":"Gero","description":"Kompetenzzenter fir den Alter","publisher":{"@id":"https:\/\/www.gero.lu\/de\/#organization"},"potentialAction":[{"@type":"SearchAction","target":{"@type":"EntryPoint","urlTemplate":"https:\/\/www.gero.lu\/de\/?s={search_term_string}"},"query-input":{"@type":"PropertyValueSpecification","valueRequired":true,"valueName":"search_term_string"}}],"inLanguage":"de"},{"@type":"Organization","@id":"https:\/\/www.gero.lu\/de\/#organization","name":"Gero","url":"https:\/\/www.gero.lu\/de\/","logo":{"@type":"ImageObject","inLanguage":"de","@id":"https:\/\/www.gero.lu\/de\/#\/schema\/logo\/image\/","url":"https:\/\/www.gero.lu\/wp-content\/uploads\/2024\/04\/logo.svg","contentUrl":"https:\/\/www.gero.lu\/wp-content\/uploads\/2024\/04\/logo.svg","width":76,"height":30,"caption":"Gero"},"image":{"@id":"https:\/\/www.gero.lu\/de\/#\/schema\/logo\/image\/"},"sameAs":["https:\/\/www.facebook.com\/Kompetenzzenter\/","https:\/\/www.instagram.com\/gero.kompetenzzenter\/","https:\/\/linkedin.com\/company\/gero-kompetenzzenter-fir-den-alter","https:\/\/www.youtube.com\/channel\/UCJvmJYSeHh3dYQsLHZupj-Q"]}]}},"_links":{"self":[{"href":"https:\/\/www.gero.lu\/de\/wp-json\/wp\/v2\/product\/5559","targetHints":{"allow":["GET"]}}],"collection":[{"href":"https:\/\/www.gero.lu\/de\/wp-json\/wp\/v2\/product"}],"about":[{"href":"https:\/\/www.gero.lu\/de\/wp-json\/wp\/v2\/types\/product"}],"replies":[{"embeddable":true,"href":"https:\/\/www.gero.lu\/de\/wp-json\/wp\/v2\/comments?post=5559"}],"wp:featuredmedia":[{"embeddable":true,"href":"https:\/\/www.gero.lu\/de\/wp-json\/wp\/v2\/media\/5932"}],"wp:attachment":[{"href":"https:\/\/www.gero.lu\/de\/wp-json\/wp\/v2\/media?parent=5559"}],"wp:term":[{"taxonomy":"product_brand","embeddable":true,"href":"https:\/\/www.gero.lu\/de\/wp-json\/wp\/v2\/product_brand?post=5559"},{"taxonomy":"product_cat","embeddable":true,"href":"https:\/\/www.gero.lu\/de\/wp-json\/wp\/v2\/product_cat?post=5559"},{"taxonomy":"product_tag","embeddable":true,"href":"https:\/\/www.gero.lu\/de\/wp-json\/wp\/v2\/product_tag?post=5559"}],"curies":[{"name":"wp","href":"https:\/\/api.w.org\/{rel}","templated":true}]}}