{"id":5511,"date":"2023-05-22T08:35:59","date_gmt":"2023-05-22T08:35:59","guid":{"rendered":"https:\/\/www.gero.lu\/fr\/produit\/kommunikation-im-beziehungsdreieck-zwischen-alten-menschen-professionellen-betreuerinnen-und-angehorigen"},"modified":"2023-10-12T09:23:28","modified_gmt":"2023-10-12T09:23:28","slug":"kommunikation-im-beziehungsdreieck-zwischen-alten-menschen-professionellen-betreuerinnen-und-angehorigen","status":"publish","type":"product","link":"https:\/\/www.gero.lu\/de\/produit\/kommunikation-im-beziehungsdreieck-zwischen-alten-menschen-professionellen-betreuerinnen-und-angehorigen","title":{"rendered":"Kommunikation im Beziehungsdreieck zwischen alten Menschen, professionellen Betreuer*innen und Angeh\u00f6rigen"},"content":{"rendered":"<p>(DE)<br \/>\nDie Betreuung alter Menschen im Heim oder in ihrem Zuhause stellen professionelle und ehrenamtliche Mitarbeitende oft vor schwierige Fragen und Herausforderungen. Als Bindeglied zwischen Klient*innen und der Familie sehen sich Betreuer*innen mit den Erwartungen der Familie und des Umfelds konfrontiert. Was tun, wenn ich mich in meiner professionellen Rolle \u00fcberfordert oder in der Zwickm\u00fchle durch zu wenig Zeit f\u00fcr angemessene Pflege f\u00fchle?<\/p>\n<p>In Rahmen des Workshops werden folgende Fragestellungen beleuchtet:<br \/>\n\u2022 Wie kann sich die multidisziplin\u00e4re Zusammenarbeit im Unterst\u00fctzungsnetzwerk rund um den \u00e4lteren Menschen und seine Familie gestalten?<br \/>\n\u2022 Wie kann ich herausforderndem Verhalten wirkungsvoll begegnen?<br \/>\n\u2022 Darf ich Grenzen setzen, wenn es mir zu viel wird?<\/p>\n<p>Anhand des systemischen Blickwinkels wird die Bedeutung dynamischer Prozesse in der Interaktion beleuchtet. Konkrete Fallbeispiele aus dem eigenen Umfeld oder professionellen Praxis stellen die Basis dar, auf der in Kleingruppen gemeinsame L\u00f6sungsmodelle erarbeitet werden.<\/p>\n<p>Der Workshop wurde in Zusammenarbeit mit dem \u00ab Institut Luxembourgeois de Pens\u00e9e Syst\u00e9mique et de Th\u00e9rapie Familiale \u00bb organisiert und richtet sich an Psychotherapeut*innen sowie an Berufsgruppen, die im psychosozialen und in altenpflegerischen Arbeitsfeldern t\u00e4tig sind, sowie an Studierende in entsprechenden Studieng\u00e4ngen.<\/p>\n<p>(FR)<br \/>\nLa communication dans la triade relationnelle entre les personnes \u00e2g\u00e9es, les professionnels et les proches aidants.<\/p>\n<p>La prise en charge de personnes \u00e2g\u00e9es en institution ou \u00e0 domicile confronte les professionnel-le-s de la sant\u00e9 et les b\u00e9n\u00e9voles \u00e0 des questions et des d\u00e9fis complexes. Servant de lien entre le\/la patient-e et sa famille, les soignant-e-s se heurtent aux attentes des proches et de l\u2019environnement du\/de la patient-e. Que faire, lorsque je me sens d\u00e9pass\u00e9 dans mon r\u00f4le de professionnel ou que la pression temporelle emp\u00eache un accompagnement de qualit\u00e9 ?<\/p>\n<p>Dans le cadre de ce s\u00e9minaire, nous aborderons les questions suivantes :<\/p>\n<p>\u2022\tComment construire la collaboration multidisciplinaire et le travail en r\u00e9seau autour de la personne \u00e2g\u00e9e et de sa famille ?<br \/>\n\u2022\tComment accueillir de mani\u00e8re efficace un comportement qui me met \u00e0 l\u2019\u00e9preuve ?<br \/>\n\u2022\tComment mettre des limites lorsque je me sens d\u00e9bord\u00e9 ?<\/p>\n<p>En adoptant un regard syst\u00e9mique, nous allons mettre en lumi\u00e8re le sens des dynamiques relationnelles sous-jacentes.  A partir des situations cliniques concr\u00e8tes issues de votre propre environnement ou de votre pratique professionnelle, nous allons \u00e9laborer ensemble des r\u00e9solutions de probl\u00e8mes en petits groupes.<\/p>\n<p>Le s\u00e9minaire est organis\u00e9 en coop\u00e9ration par GERO www.gero.lu  et l\u2019ILPS (Institut Luxembourgeois de Pens\u00e9e Syst\u00e9mique et de Th\u00e9rapie Familiale www.ilps.lu) et s\u2019adresse \u00e0 des psychologues, des psychoth\u00e9rapeutes et \u00e0 tous\/toutes les professionnel-le-s qui travaillent ou s\u2019int\u00e9ressent \u00e0 l\u2019accompagnement psychosocial et le soin des personnes \u00e2g\u00e9es, ainsi qu\u2019aux \u00e9tudiant-e-s de ces cursus.<\/p>\n<p>Die Referentin Dr. Kerstin Weber ist Psychotherapeutin an den H\u00f4pitaux Universitaires de Gen\u00e8ve.<\/p>\n<p>ILPS-Mitglieder\/-membres und\/et Studierende\/ \u00e9tudiants: 50\u20ac \/ Anmeldung \u00fcber\/ inscription par info@gero.lu<\/p>\n","protected":false},"excerpt":{"rendered":"<p>(DE) Die Betreuung alter Menschen im Heim oder in ihrem Zuhause stellen professionelle und ehrenamtliche Mitarbeitende oft vor schwierige Fragen und Herausforderungen. Als Bindeglied zwischen Klient*innen und der Familie sehen sich Betreuer*innen mit den Erwartungen der Familie und des Umfelds konfrontiert. Was tun, wenn ich mich in meiner professionellen Rolle \u00fcberfordert oder in der Zwickm\u00fchle [&hellip;]<\/p>\n","protected":false},"featured_media":0,"comment_status":"closed","ping_status":"closed","template":"","meta":{"_acf_changed":false,"inline_featured_image":false},"product_brand":[],"product_cat":[241],"product_tag":[238],"class_list":{"0":"post-5511","1":"product","2":"type-product","3":"status-publish","5":"product_cat-workshop-pro","6":"product_tag-divers-pro","8":"first","9":"instock","10":"virtual","11":"purchasable","12":"product-type-simple"},"acf":[],"yoast_head":"<!-- This site is optimized with the Yoast SEO Premium plugin v27.4 (Yoast SEO v27.5) - https:\/\/yoast.com\/product\/yoast-seo-premium-wordpress\/ -->\n<title>Kommunikation im Beziehungsdreieck zwischen alten Menschen, professionellen Betreuer*innen und Angeh\u00f6rigen - GERO<\/title>\n<meta name=\"robots\" content=\"index, follow, max-snippet:-1, max-image-preview:large, max-video-preview:-1\" \/>\n<link rel=\"canonical\" href=\"https:\/\/www.gero.lu\/de\/produit\/kommunikation-im-beziehungsdreieck-zwischen-alten-menschen-professionellen-betreuerinnen-und-angehorigen\" \/>\n<meta property=\"og:locale\" content=\"de_DE\" \/>\n<meta property=\"og:type\" content=\"article\" \/>\n<meta property=\"og:title\" content=\"Kommunikation im Beziehungsdreieck zwischen alten Menschen, professionellen Betreuer*innen und Angeh\u00f6rigen\" \/>\n<meta property=\"og:description\" content=\"(DE) Die Betreuung alter Menschen im Heim oder in ihrem Zuhause stellen professionelle und ehrenamtliche Mitarbeitende oft vor schwierige Fragen und Herausforderungen. Als Bindeglied zwischen Klient*innen und der Familie sehen sich Betreuer*innen mit den Erwartungen der Familie und des Umfelds konfrontiert. Was tun, wenn ich mich in meiner professionellen Rolle \u00fcberfordert oder in der Zwickm\u00fchle [&hellip;]\" \/>\n<meta property=\"og:url\" content=\"https:\/\/www.gero.lu\/de\/produit\/kommunikation-im-beziehungsdreieck-zwischen-alten-menschen-professionellen-betreuerinnen-und-angehorigen\" \/>\n<meta property=\"og:site_name\" content=\"GERO\" \/>\n<meta property=\"article:publisher\" content=\"https:\/\/www.facebook.com\/Kompetenzzenter\/\" \/>\n<meta property=\"article:modified_time\" content=\"2023-10-12T09:23:28+00:00\" \/>\n<meta property=\"og:image\" content=\"https:\/\/www.gero.lu\/wp-content\/uploads\/2021\/08\/gettyimages-1135289130-2048x2048_RET-1.jpg\" \/>\n\t<meta property=\"og:image:width\" content=\"1227\" \/>\n\t<meta property=\"og:image:height\" content=\"802\" \/>\n\t<meta property=\"og:image:type\" content=\"image\/jpeg\" \/>\n<meta name=\"twitter:card\" content=\"summary_large_image\" \/>\n<meta name=\"twitter:label1\" content=\"Gesch\u00e4tzte Lesezeit\" \/>\n\t<meta name=\"twitter:data1\" content=\"2\u00a0Minuten\" \/>\n<script type=\"application\/ld+json\" class=\"yoast-schema-graph\">{\"@context\":\"https:\\\/\\\/schema.org\",\"@graph\":[{\"@type\":\"WebPage\",\"@id\":\"https:\\\/\\\/www.gero.lu\\\/de\\\/produit\\\/kommunikation-im-beziehungsdreieck-zwischen-alten-menschen-professionellen-betreuerinnen-und-angehorigen\",\"url\":\"https:\\\/\\\/www.gero.lu\\\/de\\\/produit\\\/kommunikation-im-beziehungsdreieck-zwischen-alten-menschen-professionellen-betreuerinnen-und-angehorigen\",\"name\":\"Kommunikation im Beziehungsdreieck zwischen alten Menschen, professionellen Betreuer*innen und Angeh\u00f6rigen - GERO\",\"isPartOf\":{\"@id\":\"https:\\\/\\\/www.gero.lu\\\/de\\\/#website\"},\"datePublished\":\"2023-05-22T08:35:59+00:00\",\"dateModified\":\"2023-10-12T09:23:28+00:00\",\"breadcrumb\":{\"@id\":\"https:\\\/\\\/www.gero.lu\\\/de\\\/produit\\\/kommunikation-im-beziehungsdreieck-zwischen-alten-menschen-professionellen-betreuerinnen-und-angehorigen#breadcrumb\"},\"inLanguage\":\"de\",\"potentialAction\":[{\"@type\":\"ReadAction\",\"target\":[[\"https:\\\/\\\/www.gero.lu\\\/de\\\/produit\\\/kommunikation-im-beziehungsdreieck-zwischen-alten-menschen-professionellen-betreuerinnen-und-angehorigen\"]]}]},{\"@type\":\"BreadcrumbList\",\"@id\":\"https:\\\/\\\/www.gero.lu\\\/de\\\/produit\\\/kommunikation-im-beziehungsdreieck-zwischen-alten-menschen-professionellen-betreuerinnen-und-angehorigen#breadcrumb\",\"itemListElement\":[{\"@type\":\"ListItem\",\"position\":1,\"name\":\"Accueil\",\"item\":\"https:\\\/\\\/www.gero.lu\\\/de\\\/\"},{\"@type\":\"ListItem\",\"position\":2,\"name\":\"Shop\",\"item\":\"https:\\\/\\\/www.gero.lu\\\/de\\\/shop\"},{\"@type\":\"ListItem\",\"position\":3,\"name\":\"Kommunikation im Beziehungsdreieck zwischen alten Menschen, professionellen Betreuer*innen und Angeh\u00f6rigen\"}]},{\"@type\":\"WebSite\",\"@id\":\"https:\\\/\\\/www.gero.lu\\\/de\\\/#website\",\"url\":\"https:\\\/\\\/www.gero.lu\\\/de\\\/\",\"name\":\"Gero\",\"description\":\"Kompetenzzenter fir den Alter\",\"publisher\":{\"@id\":\"https:\\\/\\\/www.gero.lu\\\/de\\\/#organization\"},\"potentialAction\":[{\"@type\":\"SearchAction\",\"target\":{\"@type\":\"EntryPoint\",\"urlTemplate\":\"https:\\\/\\\/www.gero.lu\\\/de\\\/?s={search_term_string}\"},\"query-input\":{\"@type\":\"PropertyValueSpecification\",\"valueRequired\":true,\"valueName\":\"search_term_string\"}}],\"inLanguage\":\"de\"},{\"@type\":\"Organization\",\"@id\":\"https:\\\/\\\/www.gero.lu\\\/de\\\/#organization\",\"name\":\"Gero\",\"url\":\"https:\\\/\\\/www.gero.lu\\\/de\\\/\",\"logo\":{\"@type\":\"ImageObject\",\"inLanguage\":\"de\",\"@id\":\"https:\\\/\\\/www.gero.lu\\\/de\\\/#\\\/schema\\\/logo\\\/image\\\/\",\"url\":\"https:\\\/\\\/www.gero.lu\\\/wp-content\\\/uploads\\\/2024\\\/04\\\/logo.svg\",\"contentUrl\":\"https:\\\/\\\/www.gero.lu\\\/wp-content\\\/uploads\\\/2024\\\/04\\\/logo.svg\",\"width\":76,\"height\":30,\"caption\":\"Gero\"},\"image\":{\"@id\":\"https:\\\/\\\/www.gero.lu\\\/de\\\/#\\\/schema\\\/logo\\\/image\\\/\"},\"sameAs\":[\"https:\\\/\\\/www.facebook.com\\\/Kompetenzzenter\\\/\",\"https:\\\/\\\/www.instagram.com\\\/gero.kompetenzzenter\\\/\",\"https:\\\/\\\/linkedin.com\\\/company\\\/gero-kompetenzzenter-fir-den-alter\",\"https:\\\/\\\/www.youtube.com\\\/channel\\\/UCJvmJYSeHh3dYQsLHZupj-Q\"]}]}<\/script>\n<!-- \/ Yoast SEO Premium plugin. -->","yoast_head_json":{"title":"Kommunikation im Beziehungsdreieck zwischen alten Menschen, professionellen Betreuer*innen und Angeh\u00f6rigen - GERO","robots":{"index":"index","follow":"follow","max-snippet":"max-snippet:-1","max-image-preview":"max-image-preview:large","max-video-preview":"max-video-preview:-1"},"canonical":"https:\/\/www.gero.lu\/de\/produit\/kommunikation-im-beziehungsdreieck-zwischen-alten-menschen-professionellen-betreuerinnen-und-angehorigen","og_locale":"de_DE","og_type":"article","og_title":"Kommunikation im Beziehungsdreieck zwischen alten Menschen, professionellen Betreuer*innen und Angeh\u00f6rigen","og_description":"(DE) Die Betreuung alter Menschen im Heim oder in ihrem Zuhause stellen professionelle und ehrenamtliche Mitarbeitende oft vor schwierige Fragen und Herausforderungen. Als Bindeglied zwischen Klient*innen und der Familie sehen sich Betreuer*innen mit den Erwartungen der Familie und des Umfelds konfrontiert. Was tun, wenn ich mich in meiner professionellen Rolle \u00fcberfordert oder in der Zwickm\u00fchle [&hellip;]","og_url":"https:\/\/www.gero.lu\/de\/produit\/kommunikation-im-beziehungsdreieck-zwischen-alten-menschen-professionellen-betreuerinnen-und-angehorigen","og_site_name":"GERO","article_publisher":"https:\/\/www.facebook.com\/Kompetenzzenter\/","article_modified_time":"2023-10-12T09:23:28+00:00","og_image":[{"width":1227,"height":802,"url":"https:\/\/www.gero.lu\/wp-content\/uploads\/2021\/08\/gettyimages-1135289130-2048x2048_RET-1.jpg","type":"image\/jpeg"}],"twitter_card":"summary_large_image","twitter_misc":{"Gesch\u00e4tzte Lesezeit":"2\u00a0Minuten"},"schema":{"@context":"https:\/\/schema.org","@graph":[{"@type":"WebPage","@id":"https:\/\/www.gero.lu\/de\/produit\/kommunikation-im-beziehungsdreieck-zwischen-alten-menschen-professionellen-betreuerinnen-und-angehorigen","url":"https:\/\/www.gero.lu\/de\/produit\/kommunikation-im-beziehungsdreieck-zwischen-alten-menschen-professionellen-betreuerinnen-und-angehorigen","name":"Kommunikation im Beziehungsdreieck zwischen alten Menschen, professionellen Betreuer*innen und Angeh\u00f6rigen - GERO","isPartOf":{"@id":"https:\/\/www.gero.lu\/de\/#website"},"datePublished":"2023-05-22T08:35:59+00:00","dateModified":"2023-10-12T09:23:28+00:00","breadcrumb":{"@id":"https:\/\/www.gero.lu\/de\/produit\/kommunikation-im-beziehungsdreieck-zwischen-alten-menschen-professionellen-betreuerinnen-und-angehorigen#breadcrumb"},"inLanguage":"de","potentialAction":[{"@type":"ReadAction","target":[["https:\/\/www.gero.lu\/de\/produit\/kommunikation-im-beziehungsdreieck-zwischen-alten-menschen-professionellen-betreuerinnen-und-angehorigen"]]}]},{"@type":"BreadcrumbList","@id":"https:\/\/www.gero.lu\/de\/produit\/kommunikation-im-beziehungsdreieck-zwischen-alten-menschen-professionellen-betreuerinnen-und-angehorigen#breadcrumb","itemListElement":[{"@type":"ListItem","position":1,"name":"Accueil","item":"https:\/\/www.gero.lu\/de\/"},{"@type":"ListItem","position":2,"name":"Shop","item":"https:\/\/www.gero.lu\/de\/shop"},{"@type":"ListItem","position":3,"name":"Kommunikation im Beziehungsdreieck zwischen alten Menschen, professionellen Betreuer*innen und Angeh\u00f6rigen"}]},{"@type":"WebSite","@id":"https:\/\/www.gero.lu\/de\/#website","url":"https:\/\/www.gero.lu\/de\/","name":"Gero","description":"Kompetenzzenter fir den Alter","publisher":{"@id":"https:\/\/www.gero.lu\/de\/#organization"},"potentialAction":[{"@type":"SearchAction","target":{"@type":"EntryPoint","urlTemplate":"https:\/\/www.gero.lu\/de\/?s={search_term_string}"},"query-input":{"@type":"PropertyValueSpecification","valueRequired":true,"valueName":"search_term_string"}}],"inLanguage":"de"},{"@type":"Organization","@id":"https:\/\/www.gero.lu\/de\/#organization","name":"Gero","url":"https:\/\/www.gero.lu\/de\/","logo":{"@type":"ImageObject","inLanguage":"de","@id":"https:\/\/www.gero.lu\/de\/#\/schema\/logo\/image\/","url":"https:\/\/www.gero.lu\/wp-content\/uploads\/2024\/04\/logo.svg","contentUrl":"https:\/\/www.gero.lu\/wp-content\/uploads\/2024\/04\/logo.svg","width":76,"height":30,"caption":"Gero"},"image":{"@id":"https:\/\/www.gero.lu\/de\/#\/schema\/logo\/image\/"},"sameAs":["https:\/\/www.facebook.com\/Kompetenzzenter\/","https:\/\/www.instagram.com\/gero.kompetenzzenter\/","https:\/\/linkedin.com\/company\/gero-kompetenzzenter-fir-den-alter","https:\/\/www.youtube.com\/channel\/UCJvmJYSeHh3dYQsLHZupj-Q"]}]}},"_links":{"self":[{"href":"https:\/\/www.gero.lu\/de\/wp-json\/wp\/v2\/product\/5511","targetHints":{"allow":["GET"]}}],"collection":[{"href":"https:\/\/www.gero.lu\/de\/wp-json\/wp\/v2\/product"}],"about":[{"href":"https:\/\/www.gero.lu\/de\/wp-json\/wp\/v2\/types\/product"}],"replies":[{"embeddable":true,"href":"https:\/\/www.gero.lu\/de\/wp-json\/wp\/v2\/comments?post=5511"}],"wp:attachment":[{"href":"https:\/\/www.gero.lu\/de\/wp-json\/wp\/v2\/media?parent=5511"}],"wp:term":[{"taxonomy":"product_brand","embeddable":true,"href":"https:\/\/www.gero.lu\/de\/wp-json\/wp\/v2\/product_brand?post=5511"},{"taxonomy":"product_cat","embeddable":true,"href":"https:\/\/www.gero.lu\/de\/wp-json\/wp\/v2\/product_cat?post=5511"},{"taxonomy":"product_tag","embeddable":true,"href":"https:\/\/www.gero.lu\/de\/wp-json\/wp\/v2\/product_tag?post=5511"}],"curies":[{"name":"wp","href":"https:\/\/api.w.org\/{rel}","templated":true}]}}