{"id":5058,"date":"2023-03-15T09:29:34","date_gmt":"2023-03-15T09:29:34","guid":{"rendered":"https:\/\/www.gero.lu\/fr\/produit\/nur-vergesslich-oder-schon-dement"},"modified":"2023-06-26T14:22:58","modified_gmt":"2023-06-26T14:22:58","slug":"nur-vergesslich-oder-schon-dement","status":"publish","type":"product","link":"https:\/\/www.gero.lu\/de\/produit\/nur-vergesslich-oder-schon-dement","title":{"rendered":"Nur vergesslich oder schon dement? \/ Simple oubli ou d\u00e9mence?"},"content":{"rendered":"<p>DE<\/p>\n<p>Vergesslichkeit und die daraus entstehende Angst vor Demenz, ist ein Thema, das sowohl \u00e4ltere auch j\u00fcngere Menschen betrifft. Die Aufkl\u00e4rung in Sachen \u201enur\u201c Vergesslichkeit oder doch Demenz ist daher sehr wichtig. In dem Vortrag von Christine Dahm (Direktionsbeauftragte Info-Zenter Demenz) wird u.a. behandelt was Demenz eigentlich ist, ob man sich vor ihr sch\u00fctzen kann und welche Risikofaktoren sowie M\u00f6glichkeiten der Pr\u00e4vention es gibt.<br \/>\nNach dem Vortrag besteht die M\u00f6glichkeit einer Frage\/Antwortrunde sowie Austausch bei einem Umtrunk, der freundlicherweise von der Gemeinde Larochette ausgerichtet wird.<br \/>\nDer Vortrag findet auf Luxemburgisch statt, eine franz\u00f6sische Simultan-\u00fcbersetzung ist vorgesehen.<\/p>\n<p>Die Veranstaltung wird in Zusammenarbeit von GERO- Kompetenzzenter fir den Alter, Info-Zenter Demenz und der Gemeinde Larochette durchgef\u00fchrt.<\/p>\n<p>FR<\/p>\n<p>L&#8217;oubli et la peur de la d\u00e9mence qui en d\u00e9coule est un sujet qui aussi bien les seniors que des personnes plus jeunes. Il est donc important de diff\u00e9rencier s\u2019il s\u2019agit d\u2019un simple oubli ou de signes pr\u00e9curseurs de troubles cognitifs. Lors de cette conf\u00e9rence Christine Dahm (charg\u00e9e de direction Info-Zenter Demenz) expliquera e.a. ce qu\u2019est une d\u00e9mence, comment la distinguer d\u2019un simple oubli, quels sont les facteurs de risque et les moyens de pr\u00e9vention.<br \/>\nApr\u00e8s la conf\u00e9rence un moment de questions\/r\u00e9ponses est pr\u00e9vu ainsi qu\u2019un \u00e9change lors d\u2019un vin d\u2019honneur gracieusement offert par la commune de Larochette.<br \/>\nLa conf\u00e9rence se d\u00e9roulera en luxembourgeois, une traduction simultan\u00e9e en fran\u00e7ais sera organis\u00e9e.<\/p>\n<p>L\u2019\u00e9v\u00e9nement est organis\u00e9 en collaboration avec GERO \u2013 Centre de comp\u00e9tence g\u00e9rontologique, Info-Zelter Demenz et la commune de Larochette.<\/p>\n","protected":false},"excerpt":{"rendered":"<p>DE Vergesslichkeit und die daraus entstehende Angst vor Demenz, ist ein Thema, das sowohl \u00e4ltere auch j\u00fcngere Menschen betrifft. Die Aufkl\u00e4rung in Sachen \u201enur\u201c Vergesslichkeit oder doch Demenz ist daher sehr wichtig. In dem Vortrag von Christine Dahm (Direktionsbeauftragte Info-Zenter Demenz) wird u.a. behandelt was Demenz eigentlich ist, ob man sich vor ihr sch\u00fctzen kann [&hellip;]<\/p>\n","protected":false},"featured_media":5680,"comment_status":"closed","ping_status":"closed","template":"","meta":{"_acf_changed":false,"inline_featured_image":false},"product_brand":[],"product_cat":[228],"product_tag":[200],"class_list":{"0":"post-5058","1":"product","2":"type-product","3":"status-publish","4":"has-post-thumbnail","6":"product_cat-conference","7":"product_tag-sante-senior","9":"first","10":"instock","11":"virtual","12":"purchasable","13":"product-type-simple"},"acf":[],"yoast_head":"<!-- This site is optimized with the Yoast SEO Premium plugin v27.4 (Yoast SEO v27.5) - https:\/\/yoast.com\/product\/yoast-seo-premium-wordpress\/ -->\n<title>Nur vergesslich oder schon dement? \/ Simple oubli ou d\u00e9mence? - GERO<\/title>\n<meta name=\"robots\" content=\"index, follow, max-snippet:-1, max-image-preview:large, max-video-preview:-1\" \/>\n<link rel=\"canonical\" href=\"https:\/\/www.gero.lu\/de\/produit\/nur-vergesslich-oder-schon-dement\" \/>\n<meta property=\"og:locale\" content=\"de_DE\" \/>\n<meta property=\"og:type\" content=\"article\" \/>\n<meta property=\"og:title\" content=\"Nur vergesslich oder schon dement? \/ Simple oubli ou d\u00e9mence?\" \/>\n<meta property=\"og:description\" content=\"DE Vergesslichkeit und die daraus entstehende Angst vor Demenz, ist ein Thema, das sowohl \u00e4ltere auch j\u00fcngere Menschen betrifft. Die Aufkl\u00e4rung in Sachen \u201enur\u201c Vergesslichkeit oder doch Demenz ist daher sehr wichtig. In dem Vortrag von Christine Dahm (Direktionsbeauftragte Info-Zenter Demenz) wird u.a. behandelt was Demenz eigentlich ist, ob man sich vor ihr sch\u00fctzen kann [&hellip;]\" \/>\n<meta property=\"og:url\" content=\"https:\/\/www.gero.lu\/de\/produit\/nur-vergesslich-oder-schon-dement\" \/>\n<meta property=\"og:site_name\" content=\"GERO\" \/>\n<meta property=\"article:publisher\" content=\"https:\/\/www.facebook.com\/Kompetenzzenter\/\" \/>\n<meta property=\"article:modified_time\" content=\"2023-06-26T14:22:58+00:00\" \/>\n<meta property=\"og:image\" content=\"https:\/\/www.gero.lu\/wp-content\/uploads\/2023\/03\/Fotolia_180645195_L.jpg\" \/>\n\t<meta property=\"og:image:width\" content=\"1920\" \/>\n\t<meta property=\"og:image:height\" content=\"1335\" \/>\n\t<meta property=\"og:image:type\" content=\"image\/jpeg\" \/>\n<meta name=\"twitter:card\" content=\"summary_large_image\" \/>\n<meta name=\"twitter:image\" content=\"https:\/\/www.gero.lu\/wp-content\/uploads\/2023\/03\/Fotolia_180645195_L.jpg\" \/>\n<meta name=\"twitter:label1\" content=\"Gesch\u00e4tzte Lesezeit\" \/>\n\t<meta name=\"twitter:data1\" content=\"2\u00a0Minuten\" \/>\n<script type=\"application\/ld+json\" class=\"yoast-schema-graph\">{\"@context\":\"https:\\\/\\\/schema.org\",\"@graph\":[{\"@type\":\"WebPage\",\"@id\":\"https:\\\/\\\/www.gero.lu\\\/de\\\/produit\\\/nur-vergesslich-oder-schon-dement\",\"url\":\"https:\\\/\\\/www.gero.lu\\\/de\\\/produit\\\/nur-vergesslich-oder-schon-dement\",\"name\":\"Nur vergesslich oder schon dement? \\\/ Simple oubli ou d\u00e9mence? - GERO\",\"isPartOf\":{\"@id\":\"https:\\\/\\\/www.gero.lu\\\/de\\\/#website\"},\"primaryImageOfPage\":{\"@id\":\"https:\\\/\\\/www.gero.lu\\\/de\\\/produit\\\/nur-vergesslich-oder-schon-dement#primaryimage\"},\"image\":{\"@id\":\"https:\\\/\\\/www.gero.lu\\\/produit\\\/nur-vergesslich-oder-schon-dement#primaryimage\"},\"thumbnailUrl\":\"https:\\\/\\\/www.gero.lu\\\/wp-content\\\/uploads\\\/2023\\\/03\\\/Fotolia_180645195_L.jpg\",\"datePublished\":\"2023-03-15T09:29:34+00:00\",\"dateModified\":\"2023-06-26T14:22:58+00:00\",\"breadcrumb\":{\"@id\":\"https:\\\/\\\/www.gero.lu\\\/de\\\/produit\\\/nur-vergesslich-oder-schon-dement#breadcrumb\"},\"inLanguage\":\"de\",\"potentialAction\":[{\"@type\":\"ReadAction\",\"target\":[[\"https:\\\/\\\/www.gero.lu\\\/de\\\/produit\\\/nur-vergesslich-oder-schon-dement\"]]}]},{\"@type\":\"ImageObject\",\"inLanguage\":\"de\",\"@id\":\"https:\\\/\\\/www.gero.lu\\\/de\\\/produit\\\/nur-vergesslich-oder-schon-dement#primaryimage\",\"url\":\"https:\\\/\\\/www.gero.lu\\\/wp-content\\\/uploads\\\/2023\\\/03\\\/Fotolia_180645195_L.jpg\",\"contentUrl\":\"https:\\\/\\\/www.gero.lu\\\/wp-content\\\/uploads\\\/2023\\\/03\\\/Fotolia_180645195_L.jpg\",\"width\":1920,\"height\":1335},{\"@type\":\"BreadcrumbList\",\"@id\":\"https:\\\/\\\/www.gero.lu\\\/de\\\/produit\\\/nur-vergesslich-oder-schon-dement#breadcrumb\",\"itemListElement\":[{\"@type\":\"ListItem\",\"position\":1,\"name\":\"Accueil\",\"item\":\"https:\\\/\\\/www.gero.lu\\\/de\\\/\"},{\"@type\":\"ListItem\",\"position\":2,\"name\":\"Shop\",\"item\":\"https:\\\/\\\/www.gero.lu\\\/de\\\/shop\"},{\"@type\":\"ListItem\",\"position\":3,\"name\":\"Nur vergesslich oder schon dement? \\\/ Simple oubli ou d\u00e9mence?\"}]},{\"@type\":\"WebSite\",\"@id\":\"https:\\\/\\\/www.gero.lu\\\/de\\\/#website\",\"url\":\"https:\\\/\\\/www.gero.lu\\\/de\\\/\",\"name\":\"Gero\",\"description\":\"Kompetenzzenter fir den Alter\",\"publisher\":{\"@id\":\"https:\\\/\\\/www.gero.lu\\\/de\\\/#organization\"},\"potentialAction\":[{\"@type\":\"SearchAction\",\"target\":{\"@type\":\"EntryPoint\",\"urlTemplate\":\"https:\\\/\\\/www.gero.lu\\\/de\\\/?s={search_term_string}\"},\"query-input\":{\"@type\":\"PropertyValueSpecification\",\"valueRequired\":true,\"valueName\":\"search_term_string\"}}],\"inLanguage\":\"de\"},{\"@type\":\"Organization\",\"@id\":\"https:\\\/\\\/www.gero.lu\\\/de\\\/#organization\",\"name\":\"Gero\",\"url\":\"https:\\\/\\\/www.gero.lu\\\/de\\\/\",\"logo\":{\"@type\":\"ImageObject\",\"inLanguage\":\"de\",\"@id\":\"https:\\\/\\\/www.gero.lu\\\/de\\\/#\\\/schema\\\/logo\\\/image\\\/\",\"url\":\"https:\\\/\\\/www.gero.lu\\\/wp-content\\\/uploads\\\/2024\\\/04\\\/logo.svg\",\"contentUrl\":\"https:\\\/\\\/www.gero.lu\\\/wp-content\\\/uploads\\\/2024\\\/04\\\/logo.svg\",\"width\":76,\"height\":30,\"caption\":\"Gero\"},\"image\":{\"@id\":\"https:\\\/\\\/www.gero.lu\\\/de\\\/#\\\/schema\\\/logo\\\/image\\\/\"},\"sameAs\":[\"https:\\\/\\\/www.facebook.com\\\/Kompetenzzenter\\\/\",\"https:\\\/\\\/www.instagram.com\\\/gero.kompetenzzenter\\\/\",\"https:\\\/\\\/linkedin.com\\\/company\\\/gero-kompetenzzenter-fir-den-alter\",\"https:\\\/\\\/www.youtube.com\\\/channel\\\/UCJvmJYSeHh3dYQsLHZupj-Q\"]}]}<\/script>\n<!-- \/ Yoast SEO Premium plugin. -->","yoast_head_json":{"title":"Nur vergesslich oder schon dement? \/ Simple oubli ou d\u00e9mence? - GERO","robots":{"index":"index","follow":"follow","max-snippet":"max-snippet:-1","max-image-preview":"max-image-preview:large","max-video-preview":"max-video-preview:-1"},"canonical":"https:\/\/www.gero.lu\/de\/produit\/nur-vergesslich-oder-schon-dement","og_locale":"de_DE","og_type":"article","og_title":"Nur vergesslich oder schon dement? \/ Simple oubli ou d\u00e9mence?","og_description":"DE Vergesslichkeit und die daraus entstehende Angst vor Demenz, ist ein Thema, das sowohl \u00e4ltere auch j\u00fcngere Menschen betrifft. Die Aufkl\u00e4rung in Sachen \u201enur\u201c Vergesslichkeit oder doch Demenz ist daher sehr wichtig. In dem Vortrag von Christine Dahm (Direktionsbeauftragte Info-Zenter Demenz) wird u.a. behandelt was Demenz eigentlich ist, ob man sich vor ihr sch\u00fctzen kann [&hellip;]","og_url":"https:\/\/www.gero.lu\/de\/produit\/nur-vergesslich-oder-schon-dement","og_site_name":"GERO","article_publisher":"https:\/\/www.facebook.com\/Kompetenzzenter\/","article_modified_time":"2023-06-26T14:22:58+00:00","og_image":[{"width":1920,"height":1335,"url":"https:\/\/www.gero.lu\/wp-content\/uploads\/2023\/03\/Fotolia_180645195_L.jpg","type":"image\/jpeg"}],"twitter_card":"summary_large_image","twitter_image":"https:\/\/www.gero.lu\/wp-content\/uploads\/2023\/03\/Fotolia_180645195_L.jpg","twitter_misc":{"Gesch\u00e4tzte Lesezeit":"2\u00a0Minuten"},"schema":{"@context":"https:\/\/schema.org","@graph":[{"@type":"WebPage","@id":"https:\/\/www.gero.lu\/de\/produit\/nur-vergesslich-oder-schon-dement","url":"https:\/\/www.gero.lu\/de\/produit\/nur-vergesslich-oder-schon-dement","name":"Nur vergesslich oder schon dement? \/ Simple oubli ou d\u00e9mence? - GERO","isPartOf":{"@id":"https:\/\/www.gero.lu\/de\/#website"},"primaryImageOfPage":{"@id":"https:\/\/www.gero.lu\/de\/produit\/nur-vergesslich-oder-schon-dement#primaryimage"},"image":{"@id":"https:\/\/www.gero.lu\/produit\/nur-vergesslich-oder-schon-dement#primaryimage"},"thumbnailUrl":"https:\/\/www.gero.lu\/wp-content\/uploads\/2023\/03\/Fotolia_180645195_L.jpg","datePublished":"2023-03-15T09:29:34+00:00","dateModified":"2023-06-26T14:22:58+00:00","breadcrumb":{"@id":"https:\/\/www.gero.lu\/de\/produit\/nur-vergesslich-oder-schon-dement#breadcrumb"},"inLanguage":"de","potentialAction":[{"@type":"ReadAction","target":[["https:\/\/www.gero.lu\/de\/produit\/nur-vergesslich-oder-schon-dement"]]}]},{"@type":"ImageObject","inLanguage":"de","@id":"https:\/\/www.gero.lu\/de\/produit\/nur-vergesslich-oder-schon-dement#primaryimage","url":"https:\/\/www.gero.lu\/wp-content\/uploads\/2023\/03\/Fotolia_180645195_L.jpg","contentUrl":"https:\/\/www.gero.lu\/wp-content\/uploads\/2023\/03\/Fotolia_180645195_L.jpg","width":1920,"height":1335},{"@type":"BreadcrumbList","@id":"https:\/\/www.gero.lu\/de\/produit\/nur-vergesslich-oder-schon-dement#breadcrumb","itemListElement":[{"@type":"ListItem","position":1,"name":"Accueil","item":"https:\/\/www.gero.lu\/de\/"},{"@type":"ListItem","position":2,"name":"Shop","item":"https:\/\/www.gero.lu\/de\/shop"},{"@type":"ListItem","position":3,"name":"Nur vergesslich oder schon dement? \/ Simple oubli ou d\u00e9mence?"}]},{"@type":"WebSite","@id":"https:\/\/www.gero.lu\/de\/#website","url":"https:\/\/www.gero.lu\/de\/","name":"Gero","description":"Kompetenzzenter fir den Alter","publisher":{"@id":"https:\/\/www.gero.lu\/de\/#organization"},"potentialAction":[{"@type":"SearchAction","target":{"@type":"EntryPoint","urlTemplate":"https:\/\/www.gero.lu\/de\/?s={search_term_string}"},"query-input":{"@type":"PropertyValueSpecification","valueRequired":true,"valueName":"search_term_string"}}],"inLanguage":"de"},{"@type":"Organization","@id":"https:\/\/www.gero.lu\/de\/#organization","name":"Gero","url":"https:\/\/www.gero.lu\/de\/","logo":{"@type":"ImageObject","inLanguage":"de","@id":"https:\/\/www.gero.lu\/de\/#\/schema\/logo\/image\/","url":"https:\/\/www.gero.lu\/wp-content\/uploads\/2024\/04\/logo.svg","contentUrl":"https:\/\/www.gero.lu\/wp-content\/uploads\/2024\/04\/logo.svg","width":76,"height":30,"caption":"Gero"},"image":{"@id":"https:\/\/www.gero.lu\/de\/#\/schema\/logo\/image\/"},"sameAs":["https:\/\/www.facebook.com\/Kompetenzzenter\/","https:\/\/www.instagram.com\/gero.kompetenzzenter\/","https:\/\/linkedin.com\/company\/gero-kompetenzzenter-fir-den-alter","https:\/\/www.youtube.com\/channel\/UCJvmJYSeHh3dYQsLHZupj-Q"]}]}},"_links":{"self":[{"href":"https:\/\/www.gero.lu\/de\/wp-json\/wp\/v2\/product\/5058","targetHints":{"allow":["GET"]}}],"collection":[{"href":"https:\/\/www.gero.lu\/de\/wp-json\/wp\/v2\/product"}],"about":[{"href":"https:\/\/www.gero.lu\/de\/wp-json\/wp\/v2\/types\/product"}],"replies":[{"embeddable":true,"href":"https:\/\/www.gero.lu\/de\/wp-json\/wp\/v2\/comments?post=5058"}],"wp:featuredmedia":[{"embeddable":true,"href":"https:\/\/www.gero.lu\/de\/wp-json\/wp\/v2\/media\/5680"}],"wp:attachment":[{"href":"https:\/\/www.gero.lu\/de\/wp-json\/wp\/v2\/media?parent=5058"}],"wp:term":[{"taxonomy":"product_brand","embeddable":true,"href":"https:\/\/www.gero.lu\/de\/wp-json\/wp\/v2\/product_brand?post=5058"},{"taxonomy":"product_cat","embeddable":true,"href":"https:\/\/www.gero.lu\/de\/wp-json\/wp\/v2\/product_cat?post=5058"},{"taxonomy":"product_tag","embeddable":true,"href":"https:\/\/www.gero.lu\/de\/wp-json\/wp\/v2\/product_tag?post=5058"}],"curies":[{"name":"wp","href":"https:\/\/api.w.org\/{rel}","templated":true}]}}