{"id":4400,"date":"2022-10-03T15:21:38","date_gmt":"2022-10-03T15:21:38","guid":{"rendered":"https:\/\/www.gero.lu\/fr\/produit\/professionalisierung-der-eigenen-person-modul-1-innere-und-aussere-belastungsfaktoren"},"modified":"2023-02-01T07:24:43","modified_gmt":"2023-02-01T07:24:43","slug":"professionalisierung-der-eigenen-person-modul-1-innere-und-aussere-belastungsfaktoren","status":"publish","type":"product","link":"https:\/\/www.gero.lu\/de\/produit\/professionalisierung-der-eigenen-person-modul-1-innere-und-aussere-belastungsfaktoren","title":{"rendered":"Professionalisierung der eigenen Person &#8211; Modul 1: Innere und \u00e4ussere Belastungsfaktoren"},"content":{"rendered":"<p>Innere und \u00e4u\u00dfere Belastungsfaktoren:<br \/>\nerkennen, benennen, loslassen<\/p>\n<p>Die besten Effekte werden beim betrieblichen Gesundheitsmanagement erzielt, wenn die Schnittstellen individueller Belastungsfaktoren im systemischen Stress-Geschehen erkannt werden, ohne inneren oder \u00e4u\u00dferen Kampf, sondern mit Bewusstsein, Akzeptanz, Geduld und Selbstzuwendung \u2013 dann erzielen wir eine Professionalisierung der eigenen Person, um langfristig und situationsflexibel sowohl berufliches und pers\u00f6nliches Leistungsverm\u00f6gen als auch Entlastung und Wohlbefinden zu erfahren.<\/p>\n<p>Neue Arbeits- und Lebenswelt, Zunahme der Anforderungen<br \/>\no\tAltersbedingte Ver\u00e4nderungen in Kompetenzfeldern wert-sch\u00e4tzen lernen,<br \/>\nDer Wandel hat sich gewandelt, Wesensmerkmale des Wandels und Auswirkungen auf das Lebensgef\u00fchl<br \/>\no\tWas h\u00e4lt uns gesund? Was ist ein gutes Lebensgef\u00fchl?<br \/>\no\tStress als multifaktorielles Geschehen verstehen, akuten von chronischem Stress unterscheiden, Stress: \u201edie W\u00fcrze des Lebens\u201c?<br \/>\no\tInterne und externe Belastungsfaktoren im Stressmodell, welche wir kennen, welche wir beeinflussen k\u00f6nnen und welche nicht<br \/>\no\tDie k\u00f6rperlichen und psychischen Auswirkungen von Stress<br \/>\no\tWirksame Stressregulation, z.B. Gr\u00fcbelfallen und Katastrophisieren reduzieren, erholsameren Schlaf und Ruhezeiten erh\u00f6hen\u2026<br \/>\nUnsere Glaubenss\u00e4tze im Stressgeschehen identifizieren<br \/>\no\tWie unsere Gedanken unser Stressgeschehen beeinflussen, top-down-Prozesse, Muster erkennen<br \/>\nUnsere Emotionen im Stressgeschehen, bottom-up-Prozesse, Muster erkennen<br \/>\no\tWelche Emotionen wir haben, wo sie entstehen, K\u00f6rperbewusstsein, hochfunktionale Wirkung der Emotionen? Fehlannahmen in Bezug auf Emotionen<br \/>\nEmotionsregulation, Empathie, Selbst-Mitgef\u00fchl und Selbst-F\u00fcrsorge als essentielle Kompetenzen in der sozialen Arbeit<br \/>\no\tWie uns Achtsamkeit dabei unterst\u00fctzen kann (Ausblick auf Modul 2 und 3)<\/p>\n","protected":false},"excerpt":{"rendered":"<p>Innere und \u00e4u\u00dfere Belastungsfaktoren: erkennen, benennen, loslassen Die besten Effekte werden beim betrieblichen Gesundheitsmanagement erzielt, wenn die Schnittstellen individueller Belastungsfaktoren im systemischen Stress-Geschehen erkannt werden, ohne inneren oder \u00e4u\u00dferen Kampf, sondern mit Bewusstsein, Akzeptanz, Geduld und Selbstzuwendung \u2013 dann erzielen wir eine Professionalisierung der eigenen Person, um langfristig und situationsflexibel sowohl berufliches und pers\u00f6nliches Leistungsverm\u00f6gen [&hellip;]<\/p>\n","protected":false},"featured_media":0,"comment_status":"closed","ping_status":"closed","template":"","meta":{"_acf_changed":false,"inline_featured_image":false},"product_brand":[],"product_cat":[239],"product_tag":[234],"class_list":{"0":"post-4400","1":"product","2":"type-product","3":"status-publish","5":"product_cat-cours-pro","6":"product_tag-competence-personnelles-pro","8":"first","9":"instock","10":"virtual","11":"purchasable","12":"product-type-simple"},"acf":[],"yoast_head":"<!-- This site is optimized with the Yoast SEO Premium plugin v27.4 (Yoast SEO v27.5) - https:\/\/yoast.com\/product\/yoast-seo-premium-wordpress\/ -->\n<title>Professionalisierung der eigenen Person - Modul 1: Innere und \u00e4ussere Belastungsfaktoren - GERO<\/title>\n<meta name=\"robots\" content=\"index, follow, max-snippet:-1, max-image-preview:large, max-video-preview:-1\" \/>\n<link rel=\"canonical\" href=\"https:\/\/www.gero.lu\/de\/produit\/professionalisierung-der-eigenen-person-modul-1-innere-und-aussere-belastungsfaktoren\" \/>\n<meta property=\"og:locale\" content=\"de_DE\" \/>\n<meta property=\"og:type\" content=\"article\" \/>\n<meta property=\"og:title\" content=\"Professionalisierung der eigenen Person - Modul 1: Innere und \u00e4ussere Belastungsfaktoren\" \/>\n<meta property=\"og:description\" content=\"Innere und \u00e4u\u00dfere Belastungsfaktoren: erkennen, benennen, loslassen Die besten Effekte werden beim betrieblichen Gesundheitsmanagement erzielt, wenn die Schnittstellen individueller Belastungsfaktoren im systemischen Stress-Geschehen erkannt werden, ohne inneren oder \u00e4u\u00dferen Kampf, sondern mit Bewusstsein, Akzeptanz, Geduld und Selbstzuwendung \u2013 dann erzielen wir eine Professionalisierung der eigenen Person, um langfristig und situationsflexibel sowohl berufliches und pers\u00f6nliches Leistungsverm\u00f6gen [&hellip;]\" \/>\n<meta property=\"og:url\" content=\"https:\/\/www.gero.lu\/de\/produit\/professionalisierung-der-eigenen-person-modul-1-innere-und-aussere-belastungsfaktoren\" \/>\n<meta property=\"og:site_name\" content=\"GERO\" \/>\n<meta property=\"article:publisher\" content=\"https:\/\/www.facebook.com\/Kompetenzzenter\/\" \/>\n<meta property=\"article:modified_time\" content=\"2023-02-01T07:24:43+00:00\" \/>\n<meta property=\"og:image\" content=\"https:\/\/www.gero.lu\/wp-content\/uploads\/2021\/08\/gettyimages-1135289130-2048x2048_RET-1.jpg\" \/>\n\t<meta property=\"og:image:width\" content=\"1227\" \/>\n\t<meta property=\"og:image:height\" content=\"802\" \/>\n\t<meta property=\"og:image:type\" content=\"image\/jpeg\" \/>\n<meta name=\"twitter:card\" content=\"summary_large_image\" \/>\n<meta name=\"twitter:label1\" content=\"Gesch\u00e4tzte Lesezeit\" \/>\n\t<meta name=\"twitter:data1\" content=\"1\u00a0Minute\" \/>\n<script type=\"application\/ld+json\" class=\"yoast-schema-graph\">{\"@context\":\"https:\\\/\\\/schema.org\",\"@graph\":[{\"@type\":\"WebPage\",\"@id\":\"https:\\\/\\\/www.gero.lu\\\/de\\\/produit\\\/professionalisierung-der-eigenen-person-modul-1-innere-und-aussere-belastungsfaktoren\",\"url\":\"https:\\\/\\\/www.gero.lu\\\/de\\\/produit\\\/professionalisierung-der-eigenen-person-modul-1-innere-und-aussere-belastungsfaktoren\",\"name\":\"Professionalisierung der eigenen Person - Modul 1: Innere und \u00e4ussere Belastungsfaktoren - GERO\",\"isPartOf\":{\"@id\":\"https:\\\/\\\/www.gero.lu\\\/de\\\/#website\"},\"datePublished\":\"2022-10-03T15:21:38+00:00\",\"dateModified\":\"2023-02-01T07:24:43+00:00\",\"breadcrumb\":{\"@id\":\"https:\\\/\\\/www.gero.lu\\\/de\\\/produit\\\/professionalisierung-der-eigenen-person-modul-1-innere-und-aussere-belastungsfaktoren#breadcrumb\"},\"inLanguage\":\"de\",\"potentialAction\":[{\"@type\":\"ReadAction\",\"target\":[[\"https:\\\/\\\/www.gero.lu\\\/de\\\/produit\\\/professionalisierung-der-eigenen-person-modul-1-innere-und-aussere-belastungsfaktoren\"]]}]},{\"@type\":\"BreadcrumbList\",\"@id\":\"https:\\\/\\\/www.gero.lu\\\/de\\\/produit\\\/professionalisierung-der-eigenen-person-modul-1-innere-und-aussere-belastungsfaktoren#breadcrumb\",\"itemListElement\":[{\"@type\":\"ListItem\",\"position\":1,\"name\":\"Accueil\",\"item\":\"https:\\\/\\\/www.gero.lu\\\/de\\\/\"},{\"@type\":\"ListItem\",\"position\":2,\"name\":\"Shop\",\"item\":\"https:\\\/\\\/www.gero.lu\\\/de\\\/shop\"},{\"@type\":\"ListItem\",\"position\":3,\"name\":\"Professionalisierung der eigenen Person &#8211; Modul 1: Innere und \u00e4ussere Belastungsfaktoren\"}]},{\"@type\":\"WebSite\",\"@id\":\"https:\\\/\\\/www.gero.lu\\\/de\\\/#website\",\"url\":\"https:\\\/\\\/www.gero.lu\\\/de\\\/\",\"name\":\"Gero\",\"description\":\"Kompetenzzenter fir den Alter\",\"publisher\":{\"@id\":\"https:\\\/\\\/www.gero.lu\\\/de\\\/#organization\"},\"potentialAction\":[{\"@type\":\"SearchAction\",\"target\":{\"@type\":\"EntryPoint\",\"urlTemplate\":\"https:\\\/\\\/www.gero.lu\\\/de\\\/?s={search_term_string}\"},\"query-input\":{\"@type\":\"PropertyValueSpecification\",\"valueRequired\":true,\"valueName\":\"search_term_string\"}}],\"inLanguage\":\"de\"},{\"@type\":\"Organization\",\"@id\":\"https:\\\/\\\/www.gero.lu\\\/de\\\/#organization\",\"name\":\"Gero\",\"url\":\"https:\\\/\\\/www.gero.lu\\\/de\\\/\",\"logo\":{\"@type\":\"ImageObject\",\"inLanguage\":\"de\",\"@id\":\"https:\\\/\\\/www.gero.lu\\\/de\\\/#\\\/schema\\\/logo\\\/image\\\/\",\"url\":\"https:\\\/\\\/www.gero.lu\\\/wp-content\\\/uploads\\\/2024\\\/04\\\/logo.svg\",\"contentUrl\":\"https:\\\/\\\/www.gero.lu\\\/wp-content\\\/uploads\\\/2024\\\/04\\\/logo.svg\",\"width\":76,\"height\":30,\"caption\":\"Gero\"},\"image\":{\"@id\":\"https:\\\/\\\/www.gero.lu\\\/de\\\/#\\\/schema\\\/logo\\\/image\\\/\"},\"sameAs\":[\"https:\\\/\\\/www.facebook.com\\\/Kompetenzzenter\\\/\",\"https:\\\/\\\/www.instagram.com\\\/gero.kompetenzzenter\\\/\",\"https:\\\/\\\/linkedin.com\\\/company\\\/gero-kompetenzzenter-fir-den-alter\",\"https:\\\/\\\/www.youtube.com\\\/channel\\\/UCJvmJYSeHh3dYQsLHZupj-Q\"]}]}<\/script>\n<!-- \/ Yoast SEO Premium plugin. -->","yoast_head_json":{"title":"Professionalisierung der eigenen Person - Modul 1: Innere und \u00e4ussere Belastungsfaktoren - GERO","robots":{"index":"index","follow":"follow","max-snippet":"max-snippet:-1","max-image-preview":"max-image-preview:large","max-video-preview":"max-video-preview:-1"},"canonical":"https:\/\/www.gero.lu\/de\/produit\/professionalisierung-der-eigenen-person-modul-1-innere-und-aussere-belastungsfaktoren","og_locale":"de_DE","og_type":"article","og_title":"Professionalisierung der eigenen Person - Modul 1: Innere und \u00e4ussere Belastungsfaktoren","og_description":"Innere und \u00e4u\u00dfere Belastungsfaktoren: erkennen, benennen, loslassen Die besten Effekte werden beim betrieblichen Gesundheitsmanagement erzielt, wenn die Schnittstellen individueller Belastungsfaktoren im systemischen Stress-Geschehen erkannt werden, ohne inneren oder \u00e4u\u00dferen Kampf, sondern mit Bewusstsein, Akzeptanz, Geduld und Selbstzuwendung \u2013 dann erzielen wir eine Professionalisierung der eigenen Person, um langfristig und situationsflexibel sowohl berufliches und pers\u00f6nliches Leistungsverm\u00f6gen [&hellip;]","og_url":"https:\/\/www.gero.lu\/de\/produit\/professionalisierung-der-eigenen-person-modul-1-innere-und-aussere-belastungsfaktoren","og_site_name":"GERO","article_publisher":"https:\/\/www.facebook.com\/Kompetenzzenter\/","article_modified_time":"2023-02-01T07:24:43+00:00","og_image":[{"width":1227,"height":802,"url":"https:\/\/www.gero.lu\/wp-content\/uploads\/2021\/08\/gettyimages-1135289130-2048x2048_RET-1.jpg","type":"image\/jpeg"}],"twitter_card":"summary_large_image","twitter_misc":{"Gesch\u00e4tzte Lesezeit":"1\u00a0Minute"},"schema":{"@context":"https:\/\/schema.org","@graph":[{"@type":"WebPage","@id":"https:\/\/www.gero.lu\/de\/produit\/professionalisierung-der-eigenen-person-modul-1-innere-und-aussere-belastungsfaktoren","url":"https:\/\/www.gero.lu\/de\/produit\/professionalisierung-der-eigenen-person-modul-1-innere-und-aussere-belastungsfaktoren","name":"Professionalisierung der eigenen Person - Modul 1: Innere und \u00e4ussere Belastungsfaktoren - GERO","isPartOf":{"@id":"https:\/\/www.gero.lu\/de\/#website"},"datePublished":"2022-10-03T15:21:38+00:00","dateModified":"2023-02-01T07:24:43+00:00","breadcrumb":{"@id":"https:\/\/www.gero.lu\/de\/produit\/professionalisierung-der-eigenen-person-modul-1-innere-und-aussere-belastungsfaktoren#breadcrumb"},"inLanguage":"de","potentialAction":[{"@type":"ReadAction","target":[["https:\/\/www.gero.lu\/de\/produit\/professionalisierung-der-eigenen-person-modul-1-innere-und-aussere-belastungsfaktoren"]]}]},{"@type":"BreadcrumbList","@id":"https:\/\/www.gero.lu\/de\/produit\/professionalisierung-der-eigenen-person-modul-1-innere-und-aussere-belastungsfaktoren#breadcrumb","itemListElement":[{"@type":"ListItem","position":1,"name":"Accueil","item":"https:\/\/www.gero.lu\/de\/"},{"@type":"ListItem","position":2,"name":"Shop","item":"https:\/\/www.gero.lu\/de\/shop"},{"@type":"ListItem","position":3,"name":"Professionalisierung der eigenen Person &#8211; Modul 1: Innere und \u00e4ussere Belastungsfaktoren"}]},{"@type":"WebSite","@id":"https:\/\/www.gero.lu\/de\/#website","url":"https:\/\/www.gero.lu\/de\/","name":"Gero","description":"Kompetenzzenter fir den Alter","publisher":{"@id":"https:\/\/www.gero.lu\/de\/#organization"},"potentialAction":[{"@type":"SearchAction","target":{"@type":"EntryPoint","urlTemplate":"https:\/\/www.gero.lu\/de\/?s={search_term_string}"},"query-input":{"@type":"PropertyValueSpecification","valueRequired":true,"valueName":"search_term_string"}}],"inLanguage":"de"},{"@type":"Organization","@id":"https:\/\/www.gero.lu\/de\/#organization","name":"Gero","url":"https:\/\/www.gero.lu\/de\/","logo":{"@type":"ImageObject","inLanguage":"de","@id":"https:\/\/www.gero.lu\/de\/#\/schema\/logo\/image\/","url":"https:\/\/www.gero.lu\/wp-content\/uploads\/2024\/04\/logo.svg","contentUrl":"https:\/\/www.gero.lu\/wp-content\/uploads\/2024\/04\/logo.svg","width":76,"height":30,"caption":"Gero"},"image":{"@id":"https:\/\/www.gero.lu\/de\/#\/schema\/logo\/image\/"},"sameAs":["https:\/\/www.facebook.com\/Kompetenzzenter\/","https:\/\/www.instagram.com\/gero.kompetenzzenter\/","https:\/\/linkedin.com\/company\/gero-kompetenzzenter-fir-den-alter","https:\/\/www.youtube.com\/channel\/UCJvmJYSeHh3dYQsLHZupj-Q"]}]}},"_links":{"self":[{"href":"https:\/\/www.gero.lu\/de\/wp-json\/wp\/v2\/product\/4400","targetHints":{"allow":["GET"]}}],"collection":[{"href":"https:\/\/www.gero.lu\/de\/wp-json\/wp\/v2\/product"}],"about":[{"href":"https:\/\/www.gero.lu\/de\/wp-json\/wp\/v2\/types\/product"}],"replies":[{"embeddable":true,"href":"https:\/\/www.gero.lu\/de\/wp-json\/wp\/v2\/comments?post=4400"}],"wp:attachment":[{"href":"https:\/\/www.gero.lu\/de\/wp-json\/wp\/v2\/media?parent=4400"}],"wp:term":[{"taxonomy":"product_brand","embeddable":true,"href":"https:\/\/www.gero.lu\/de\/wp-json\/wp\/v2\/product_brand?post=4400"},{"taxonomy":"product_cat","embeddable":true,"href":"https:\/\/www.gero.lu\/de\/wp-json\/wp\/v2\/product_cat?post=4400"},{"taxonomy":"product_tag","embeddable":true,"href":"https:\/\/www.gero.lu\/de\/wp-json\/wp\/v2\/product_tag?post=4400"}],"curies":[{"name":"wp","href":"https:\/\/api.w.org\/{rel}","templated":true}]}}