{"id":4392,"date":"2022-10-03T15:21:36","date_gmt":"2022-10-03T15:21:36","guid":{"rendered":"https:\/\/www.gero.lu\/fr\/produit\/leadership-module-5-le-stress-et-la-gestion-du-temps"},"modified":"2023-03-13T15:23:54","modified_gmt":"2023-03-13T15:23:54","slug":"leadership-module-5-le-stress-et-la-gestion-du-temps","status":"publish","type":"product","link":"https:\/\/www.gero.lu\/de\/produit\/leadership-module-5-le-stress-et-la-gestion-du-temps","title":{"rendered":"Leadership module 5 &#8211; Le stress et la gestion du temps"},"content":{"rendered":"<p>Le stress et la gestion du temps<br \/>\nEn cette p\u00e9riode de changement, la situation professionnelle sur le lieu de travail devient de plus en plus fr\u00e9n\u00e9tique, voire intenable. Les t\u00e2ches et le travail du-de la dirigeant-e augmentent. Il est d\u2019autant plus important de garder une t\u00eate \u00ab froide \u00bb et de relever les d\u00e9fis. Le monde actuel entraine des changements rapides. Comment g\u00e9rer le travail et son \u00ab temps libre \u00bb et rester en \u00e9quilibre ?<br \/>\nLes diff\u00e9rents points abord\u00e9s dans cette formation sont :<br \/>\n\u2022\tABC de la gestion du temps<br \/>\n\u2022\tL\u2019effet de scie<br \/>\n\u2022\t\u00c9quilibre Travail &#8211; Vie<br \/>\n\u2022\tUtiliser les sources d\u2019\u00e9nergie de la vie quotidienne<br \/>\n\u2022\tR\u00e9duire le niveau de stress<br \/>\n\u2022\tPlanifier et fa\u00e7onner l\u2019avenir de mani\u00e8re judicieuse<br \/>\n\u2022\t\u00catre en contact avec soi-m\u00eame<br \/>\n\u2022\tLa gestion des \u00e9motions<br \/>\n\u2022\tLa strat\u00e9gie 4 A<\/p>\n","protected":false},"excerpt":{"rendered":"<p>Le stress et la gestion du temps En cette p\u00e9riode de changement, la situation professionnelle sur le lieu de travail devient de plus en plus fr\u00e9n\u00e9tique, voire intenable. Les t\u00e2ches et le travail du-de la dirigeant-e augmentent. Il est d\u2019autant plus important de garder une t\u00eate \u00ab froide \u00bb et de relever les d\u00e9fis. Le [&hellip;]<\/p>\n","protected":false},"featured_media":0,"comment_status":"closed","ping_status":"closed","template":"","meta":{"_acf_changed":false,"inline_featured_image":false},"product_brand":[],"product_cat":[239],"product_tag":[233],"class_list":{"0":"post-4392","1":"product","2":"type-product","3":"status-publish","5":"product_cat-cours-pro","6":"product_tag-management-leadership-pro","8":"first","9":"outofstock","10":"virtual","11":"purchasable","12":"product-type-simple"},"acf":[],"yoast_head":"<!-- This site is optimized with the Yoast SEO Premium plugin v27.4 (Yoast SEO v27.5) - https:\/\/yoast.com\/product\/yoast-seo-premium-wordpress\/ -->\n<title>Leadership module 5 - Le stress et la gestion du temps - GERO<\/title>\n<meta name=\"robots\" content=\"index, follow, max-snippet:-1, max-image-preview:large, max-video-preview:-1\" \/>\n<link rel=\"canonical\" href=\"https:\/\/www.gero.lu\/de\/produit\/leadership-module-5-le-stress-et-la-gestion-du-temps\" \/>\n<meta property=\"og:locale\" content=\"de_DE\" \/>\n<meta property=\"og:type\" content=\"article\" \/>\n<meta property=\"og:title\" content=\"Leadership module 5 - Le stress et la gestion du temps\" \/>\n<meta property=\"og:description\" content=\"Le stress et la gestion du temps En cette p\u00e9riode de changement, la situation professionnelle sur le lieu de travail devient de plus en plus fr\u00e9n\u00e9tique, voire intenable. Les t\u00e2ches et le travail du-de la dirigeant-e augmentent. Il est d\u2019autant plus important de garder une t\u00eate \u00ab froide \u00bb et de relever les d\u00e9fis. Le [&hellip;]\" \/>\n<meta property=\"og:url\" content=\"https:\/\/www.gero.lu\/de\/produit\/leadership-module-5-le-stress-et-la-gestion-du-temps\" \/>\n<meta property=\"og:site_name\" content=\"GERO\" \/>\n<meta property=\"article:publisher\" content=\"https:\/\/www.facebook.com\/Kompetenzzenter\/\" \/>\n<meta property=\"article:modified_time\" content=\"2023-03-13T15:23:54+00:00\" \/>\n<meta property=\"og:image\" content=\"https:\/\/www.gero.lu\/wp-content\/uploads\/2021\/08\/gettyimages-1135289130-2048x2048_RET-1.jpg\" \/>\n\t<meta property=\"og:image:width\" content=\"1227\" \/>\n\t<meta property=\"og:image:height\" content=\"802\" \/>\n\t<meta property=\"og:image:type\" content=\"image\/jpeg\" \/>\n<meta name=\"twitter:card\" content=\"summary_large_image\" \/>\n<meta name=\"twitter:label1\" content=\"Gesch\u00e4tzte Lesezeit\" \/>\n\t<meta name=\"twitter:data1\" content=\"1\u00a0Minute\" \/>\n<script type=\"application\/ld+json\" class=\"yoast-schema-graph\">{\"@context\":\"https:\\\/\\\/schema.org\",\"@graph\":[{\"@type\":\"WebPage\",\"@id\":\"https:\\\/\\\/www.gero.lu\\\/de\\\/produit\\\/leadership-module-5-le-stress-et-la-gestion-du-temps\",\"url\":\"https:\\\/\\\/www.gero.lu\\\/de\\\/produit\\\/leadership-module-5-le-stress-et-la-gestion-du-temps\",\"name\":\"Leadership module 5 - Le stress et la gestion du temps - GERO\",\"isPartOf\":{\"@id\":\"https:\\\/\\\/www.gero.lu\\\/de\\\/#website\"},\"datePublished\":\"2022-10-03T15:21:36+00:00\",\"dateModified\":\"2023-03-13T15:23:54+00:00\",\"breadcrumb\":{\"@id\":\"https:\\\/\\\/www.gero.lu\\\/de\\\/produit\\\/leadership-module-5-le-stress-et-la-gestion-du-temps#breadcrumb\"},\"inLanguage\":\"de\",\"potentialAction\":[{\"@type\":\"ReadAction\",\"target\":[[\"https:\\\/\\\/www.gero.lu\\\/de\\\/produit\\\/leadership-module-5-le-stress-et-la-gestion-du-temps\"]]}]},{\"@type\":\"BreadcrumbList\",\"@id\":\"https:\\\/\\\/www.gero.lu\\\/de\\\/produit\\\/leadership-module-5-le-stress-et-la-gestion-du-temps#breadcrumb\",\"itemListElement\":[{\"@type\":\"ListItem\",\"position\":1,\"name\":\"Accueil\",\"item\":\"https:\\\/\\\/www.gero.lu\\\/de\\\/\"},{\"@type\":\"ListItem\",\"position\":2,\"name\":\"Shop\",\"item\":\"https:\\\/\\\/www.gero.lu\\\/de\\\/shop\"},{\"@type\":\"ListItem\",\"position\":3,\"name\":\"Leadership module 5 &#8211; Le stress et la gestion du temps\"}]},{\"@type\":\"WebSite\",\"@id\":\"https:\\\/\\\/www.gero.lu\\\/de\\\/#website\",\"url\":\"https:\\\/\\\/www.gero.lu\\\/de\\\/\",\"name\":\"Gero\",\"description\":\"Kompetenzzenter fir den Alter\",\"publisher\":{\"@id\":\"https:\\\/\\\/www.gero.lu\\\/de\\\/#organization\"},\"potentialAction\":[{\"@type\":\"SearchAction\",\"target\":{\"@type\":\"EntryPoint\",\"urlTemplate\":\"https:\\\/\\\/www.gero.lu\\\/de\\\/?s={search_term_string}\"},\"query-input\":{\"@type\":\"PropertyValueSpecification\",\"valueRequired\":true,\"valueName\":\"search_term_string\"}}],\"inLanguage\":\"de\"},{\"@type\":\"Organization\",\"@id\":\"https:\\\/\\\/www.gero.lu\\\/de\\\/#organization\",\"name\":\"Gero\",\"url\":\"https:\\\/\\\/www.gero.lu\\\/de\\\/\",\"logo\":{\"@type\":\"ImageObject\",\"inLanguage\":\"de\",\"@id\":\"https:\\\/\\\/www.gero.lu\\\/de\\\/#\\\/schema\\\/logo\\\/image\\\/\",\"url\":\"https:\\\/\\\/www.gero.lu\\\/wp-content\\\/uploads\\\/2024\\\/04\\\/logo.svg\",\"contentUrl\":\"https:\\\/\\\/www.gero.lu\\\/wp-content\\\/uploads\\\/2024\\\/04\\\/logo.svg\",\"width\":76,\"height\":30,\"caption\":\"Gero\"},\"image\":{\"@id\":\"https:\\\/\\\/www.gero.lu\\\/de\\\/#\\\/schema\\\/logo\\\/image\\\/\"},\"sameAs\":[\"https:\\\/\\\/www.facebook.com\\\/Kompetenzzenter\\\/\",\"https:\\\/\\\/www.instagram.com\\\/gero.kompetenzzenter\\\/\",\"https:\\\/\\\/linkedin.com\\\/company\\\/gero-kompetenzzenter-fir-den-alter\",\"https:\\\/\\\/www.youtube.com\\\/channel\\\/UCJvmJYSeHh3dYQsLHZupj-Q\"]}]}<\/script>\n<!-- \/ Yoast SEO Premium plugin. -->","yoast_head_json":{"title":"Leadership module 5 - Le stress et la gestion du temps - GERO","robots":{"index":"index","follow":"follow","max-snippet":"max-snippet:-1","max-image-preview":"max-image-preview:large","max-video-preview":"max-video-preview:-1"},"canonical":"https:\/\/www.gero.lu\/de\/produit\/leadership-module-5-le-stress-et-la-gestion-du-temps","og_locale":"de_DE","og_type":"article","og_title":"Leadership module 5 - Le stress et la gestion du temps","og_description":"Le stress et la gestion du temps En cette p\u00e9riode de changement, la situation professionnelle sur le lieu de travail devient de plus en plus fr\u00e9n\u00e9tique, voire intenable. Les t\u00e2ches et le travail du-de la dirigeant-e augmentent. Il est d\u2019autant plus important de garder une t\u00eate \u00ab froide \u00bb et de relever les d\u00e9fis. Le [&hellip;]","og_url":"https:\/\/www.gero.lu\/de\/produit\/leadership-module-5-le-stress-et-la-gestion-du-temps","og_site_name":"GERO","article_publisher":"https:\/\/www.facebook.com\/Kompetenzzenter\/","article_modified_time":"2023-03-13T15:23:54+00:00","og_image":[{"width":1227,"height":802,"url":"https:\/\/www.gero.lu\/wp-content\/uploads\/2021\/08\/gettyimages-1135289130-2048x2048_RET-1.jpg","type":"image\/jpeg"}],"twitter_card":"summary_large_image","twitter_misc":{"Gesch\u00e4tzte Lesezeit":"1\u00a0Minute"},"schema":{"@context":"https:\/\/schema.org","@graph":[{"@type":"WebPage","@id":"https:\/\/www.gero.lu\/de\/produit\/leadership-module-5-le-stress-et-la-gestion-du-temps","url":"https:\/\/www.gero.lu\/de\/produit\/leadership-module-5-le-stress-et-la-gestion-du-temps","name":"Leadership module 5 - Le stress et la gestion du temps - GERO","isPartOf":{"@id":"https:\/\/www.gero.lu\/de\/#website"},"datePublished":"2022-10-03T15:21:36+00:00","dateModified":"2023-03-13T15:23:54+00:00","breadcrumb":{"@id":"https:\/\/www.gero.lu\/de\/produit\/leadership-module-5-le-stress-et-la-gestion-du-temps#breadcrumb"},"inLanguage":"de","potentialAction":[{"@type":"ReadAction","target":[["https:\/\/www.gero.lu\/de\/produit\/leadership-module-5-le-stress-et-la-gestion-du-temps"]]}]},{"@type":"BreadcrumbList","@id":"https:\/\/www.gero.lu\/de\/produit\/leadership-module-5-le-stress-et-la-gestion-du-temps#breadcrumb","itemListElement":[{"@type":"ListItem","position":1,"name":"Accueil","item":"https:\/\/www.gero.lu\/de\/"},{"@type":"ListItem","position":2,"name":"Shop","item":"https:\/\/www.gero.lu\/de\/shop"},{"@type":"ListItem","position":3,"name":"Leadership module 5 &#8211; Le stress et la gestion du temps"}]},{"@type":"WebSite","@id":"https:\/\/www.gero.lu\/de\/#website","url":"https:\/\/www.gero.lu\/de\/","name":"Gero","description":"Kompetenzzenter fir den Alter","publisher":{"@id":"https:\/\/www.gero.lu\/de\/#organization"},"potentialAction":[{"@type":"SearchAction","target":{"@type":"EntryPoint","urlTemplate":"https:\/\/www.gero.lu\/de\/?s={search_term_string}"},"query-input":{"@type":"PropertyValueSpecification","valueRequired":true,"valueName":"search_term_string"}}],"inLanguage":"de"},{"@type":"Organization","@id":"https:\/\/www.gero.lu\/de\/#organization","name":"Gero","url":"https:\/\/www.gero.lu\/de\/","logo":{"@type":"ImageObject","inLanguage":"de","@id":"https:\/\/www.gero.lu\/de\/#\/schema\/logo\/image\/","url":"https:\/\/www.gero.lu\/wp-content\/uploads\/2024\/04\/logo.svg","contentUrl":"https:\/\/www.gero.lu\/wp-content\/uploads\/2024\/04\/logo.svg","width":76,"height":30,"caption":"Gero"},"image":{"@id":"https:\/\/www.gero.lu\/de\/#\/schema\/logo\/image\/"},"sameAs":["https:\/\/www.facebook.com\/Kompetenzzenter\/","https:\/\/www.instagram.com\/gero.kompetenzzenter\/","https:\/\/linkedin.com\/company\/gero-kompetenzzenter-fir-den-alter","https:\/\/www.youtube.com\/channel\/UCJvmJYSeHh3dYQsLHZupj-Q"]}]}},"_links":{"self":[{"href":"https:\/\/www.gero.lu\/de\/wp-json\/wp\/v2\/product\/4392","targetHints":{"allow":["GET"]}}],"collection":[{"href":"https:\/\/www.gero.lu\/de\/wp-json\/wp\/v2\/product"}],"about":[{"href":"https:\/\/www.gero.lu\/de\/wp-json\/wp\/v2\/types\/product"}],"replies":[{"embeddable":true,"href":"https:\/\/www.gero.lu\/de\/wp-json\/wp\/v2\/comments?post=4392"}],"wp:attachment":[{"href":"https:\/\/www.gero.lu\/de\/wp-json\/wp\/v2\/media?parent=4392"}],"wp:term":[{"taxonomy":"product_brand","embeddable":true,"href":"https:\/\/www.gero.lu\/de\/wp-json\/wp\/v2\/product_brand?post=4392"},{"taxonomy":"product_cat","embeddable":true,"href":"https:\/\/www.gero.lu\/de\/wp-json\/wp\/v2\/product_cat?post=4392"},{"taxonomy":"product_tag","embeddable":true,"href":"https:\/\/www.gero.lu\/de\/wp-json\/wp\/v2\/product_tag?post=4392"}],"curies":[{"name":"wp","href":"https:\/\/api.w.org\/{rel}","templated":true}]}}