{"id":4112,"date":"2022-07-25T10:27:53","date_gmt":"2022-07-25T10:27:53","guid":{"rendered":"https:\/\/www.gero.lu\/fr\/produit\/geschlechtsidentitat-und-alter-beides-bleibt-lebendig"},"modified":"2022-09-22T13:21:44","modified_gmt":"2022-09-22T13:21:44","slug":"geschlechtsidentitat-und-alter-beides-bleibt-lebendig","status":"publish","type":"product","link":"https:\/\/www.gero.lu\/de\/produit\/geschlechtsidentitat-und-alter-beides-bleibt-lebendig","title":{"rendered":"ABGESAGT !!! Geschlechtsidentit\u00e4t und Alter: Beides bleibt lebendig"},"content":{"rendered":"<p>GERO m\u00f6chte Impulse setzen f\u00fcr die Akzeptanz und Wertsch\u00e4tzung von Diversit\u00e4t und geschlechtlicher Vielfalt im Alter. Dieses Jahr steht die Fachtagung von geroRESEARCH daher ganz im Zeichen dieser Thematik und legt den Fokus die Aspekte: Was bedeutet Geschlechtervielfalt? Warum ist Geschlechtsidentit\u00e4t auch ein Altersthema? Wie kann ein diversit\u00e4tssensibler Umgang in der Pflege und Gesundheitsversorgung gef\u00f6rdert werden?<br \/>\nAnnette G\u00fcldenring, Fach\u00e4rztin f\u00fcr Psychiatrie und Psychotherapie, wird sich diesen und anderen Fragen in ihrem praxisorientierten Vortrag widmen.<br \/>\nAnschlie\u00dfend findet ein geselliger Umtrunk statt. Die Konferenzsprache ist Deutsch.<\/p>\n","protected":false},"excerpt":{"rendered":"<p>GERO m\u00f6chte Impulse setzen f\u00fcr die Akzeptanz und Wertsch\u00e4tzung von Diversit\u00e4t und geschlechtlicher Vielfalt im Alter. Dieses Jahr steht die Fachtagung von geroRESEARCH daher ganz im Zeichen dieser Thematik und legt den Fokus die Aspekte: Was bedeutet Geschlechtervielfalt? Warum ist Geschlechtsidentit\u00e4t auch ein Altersthema? Wie kann ein diversit\u00e4tssensibler Umgang in der Pflege und Gesundheitsversorgung gef\u00f6rdert [&hellip;]<\/p>\n","protected":false},"featured_media":0,"comment_status":"closed","ping_status":"closed","template":"","meta":{"_acf_changed":false,"inline_featured_image":false},"product_brand":[],"product_cat":[228],"product_tag":[203],"class_list":{"0":"post-4112","1":"product","2":"type-product","3":"status-publish","5":"product_cat-conference","6":"product_tag-connaissance-de-vie-senior","8":"first","9":"instock","10":"virtual","11":"purchasable","12":"product-type-simple"},"acf":[],"yoast_head":"<!-- This site is optimized with the Yoast SEO Premium plugin v27.4 (Yoast SEO v27.4) - https:\/\/yoast.com\/product\/yoast-seo-premium-wordpress\/ -->\n<title>ABGESAGT !!! Geschlechtsidentit\u00e4t und Alter: Beides bleibt lebendig - GERO<\/title>\n<meta name=\"robots\" content=\"index, follow, max-snippet:-1, max-image-preview:large, max-video-preview:-1\" \/>\n<link rel=\"canonical\" href=\"https:\/\/www.gero.lu\/de\/produit\/geschlechtsidentitat-und-alter-beides-bleibt-lebendig\" \/>\n<meta property=\"og:locale\" content=\"de_DE\" \/>\n<meta property=\"og:type\" content=\"article\" \/>\n<meta property=\"og:title\" content=\"ABGESAGT !!! Geschlechtsidentit\u00e4t und Alter: Beides bleibt lebendig\" \/>\n<meta property=\"og:description\" content=\"GERO m\u00f6chte Impulse setzen f\u00fcr die Akzeptanz und Wertsch\u00e4tzung von Diversit\u00e4t und geschlechtlicher Vielfalt im Alter. Dieses Jahr steht die Fachtagung von geroRESEARCH daher ganz im Zeichen dieser Thematik und legt den Fokus die Aspekte: Was bedeutet Geschlechtervielfalt? Warum ist Geschlechtsidentit\u00e4t auch ein Altersthema? Wie kann ein diversit\u00e4tssensibler Umgang in der Pflege und Gesundheitsversorgung gef\u00f6rdert [&hellip;]\" \/>\n<meta property=\"og:url\" content=\"https:\/\/www.gero.lu\/de\/produit\/geschlechtsidentitat-und-alter-beides-bleibt-lebendig\" \/>\n<meta property=\"og:site_name\" content=\"GERO\" \/>\n<meta property=\"article:publisher\" content=\"https:\/\/www.facebook.com\/Kompetenzzenter\/\" \/>\n<meta property=\"article:modified_time\" content=\"2022-09-22T13:21:44+00:00\" \/>\n<meta property=\"og:image\" content=\"https:\/\/www.gero.lu\/wp-content\/uploads\/2021\/08\/gettyimages-1135289130-2048x2048_RET-1.jpg\" \/>\n\t<meta property=\"og:image:width\" content=\"1227\" \/>\n\t<meta property=\"og:image:height\" content=\"802\" \/>\n\t<meta property=\"og:image:type\" content=\"image\/jpeg\" \/>\n<meta name=\"twitter:card\" content=\"summary_large_image\" \/>\n<meta name=\"twitter:label1\" content=\"Gesch\u00e4tzte Lesezeit\" \/>\n\t<meta name=\"twitter:data1\" content=\"1\u00a0Minute\" \/>\n<script type=\"application\/ld+json\" class=\"yoast-schema-graph\">{\"@context\":\"https:\\\/\\\/schema.org\",\"@graph\":[{\"@type\":\"WebPage\",\"@id\":\"https:\\\/\\\/www.gero.lu\\\/de\\\/produit\\\/geschlechtsidentitat-und-alter-beides-bleibt-lebendig\",\"url\":\"https:\\\/\\\/www.gero.lu\\\/de\\\/produit\\\/geschlechtsidentitat-und-alter-beides-bleibt-lebendig\",\"name\":\"ABGESAGT !!! Geschlechtsidentit\u00e4t und Alter: Beides bleibt lebendig - GERO\",\"isPartOf\":{\"@id\":\"https:\\\/\\\/www.gero.lu\\\/de\\\/#website\"},\"datePublished\":\"2022-07-25T10:27:53+00:00\",\"dateModified\":\"2022-09-22T13:21:44+00:00\",\"breadcrumb\":{\"@id\":\"https:\\\/\\\/www.gero.lu\\\/de\\\/produit\\\/geschlechtsidentitat-und-alter-beides-bleibt-lebendig#breadcrumb\"},\"inLanguage\":\"de\",\"potentialAction\":[{\"@type\":\"ReadAction\",\"target\":[[\"https:\\\/\\\/www.gero.lu\\\/de\\\/produit\\\/geschlechtsidentitat-und-alter-beides-bleibt-lebendig\"]]}]},{\"@type\":\"BreadcrumbList\",\"@id\":\"https:\\\/\\\/www.gero.lu\\\/de\\\/produit\\\/geschlechtsidentitat-und-alter-beides-bleibt-lebendig#breadcrumb\",\"itemListElement\":[{\"@type\":\"ListItem\",\"position\":1,\"name\":\"Accueil\",\"item\":\"https:\\\/\\\/www.gero.lu\\\/de\\\/\"},{\"@type\":\"ListItem\",\"position\":2,\"name\":\"Shop\",\"item\":\"https:\\\/\\\/www.gero.lu\\\/de\\\/shop\"},{\"@type\":\"ListItem\",\"position\":3,\"name\":\"ABGESAGT !!! Geschlechtsidentit\u00e4t und Alter: Beides bleibt lebendig\"}]},{\"@type\":\"WebSite\",\"@id\":\"https:\\\/\\\/www.gero.lu\\\/de\\\/#website\",\"url\":\"https:\\\/\\\/www.gero.lu\\\/de\\\/\",\"name\":\"Gero\",\"description\":\"Kompetenzzenter fir den Alter\",\"publisher\":{\"@id\":\"https:\\\/\\\/www.gero.lu\\\/de\\\/#organization\"},\"potentialAction\":[{\"@type\":\"SearchAction\",\"target\":{\"@type\":\"EntryPoint\",\"urlTemplate\":\"https:\\\/\\\/www.gero.lu\\\/de\\\/?s={search_term_string}\"},\"query-input\":{\"@type\":\"PropertyValueSpecification\",\"valueRequired\":true,\"valueName\":\"search_term_string\"}}],\"inLanguage\":\"de\"},{\"@type\":\"Organization\",\"@id\":\"https:\\\/\\\/www.gero.lu\\\/de\\\/#organization\",\"name\":\"Gero\",\"url\":\"https:\\\/\\\/www.gero.lu\\\/de\\\/\",\"logo\":{\"@type\":\"ImageObject\",\"inLanguage\":\"de\",\"@id\":\"https:\\\/\\\/www.gero.lu\\\/de\\\/#\\\/schema\\\/logo\\\/image\\\/\",\"url\":\"https:\\\/\\\/www.gero.lu\\\/wp-content\\\/uploads\\\/2024\\\/04\\\/logo.svg\",\"contentUrl\":\"https:\\\/\\\/www.gero.lu\\\/wp-content\\\/uploads\\\/2024\\\/04\\\/logo.svg\",\"width\":76,\"height\":30,\"caption\":\"Gero\"},\"image\":{\"@id\":\"https:\\\/\\\/www.gero.lu\\\/de\\\/#\\\/schema\\\/logo\\\/image\\\/\"},\"sameAs\":[\"https:\\\/\\\/www.facebook.com\\\/Kompetenzzenter\\\/\",\"https:\\\/\\\/www.instagram.com\\\/gero.kompetenzzenter\\\/\",\"https:\\\/\\\/linkedin.com\\\/company\\\/gero-kompetenzzenter-fir-den-alter\",\"https:\\\/\\\/www.youtube.com\\\/channel\\\/UCJvmJYSeHh3dYQsLHZupj-Q\"]}]}<\/script>\n<!-- \/ Yoast SEO Premium plugin. -->","yoast_head_json":{"title":"ABGESAGT !!! Geschlechtsidentit\u00e4t und Alter: Beides bleibt lebendig - GERO","robots":{"index":"index","follow":"follow","max-snippet":"max-snippet:-1","max-image-preview":"max-image-preview:large","max-video-preview":"max-video-preview:-1"},"canonical":"https:\/\/www.gero.lu\/de\/produit\/geschlechtsidentitat-und-alter-beides-bleibt-lebendig","og_locale":"de_DE","og_type":"article","og_title":"ABGESAGT !!! Geschlechtsidentit\u00e4t und Alter: Beides bleibt lebendig","og_description":"GERO m\u00f6chte Impulse setzen f\u00fcr die Akzeptanz und Wertsch\u00e4tzung von Diversit\u00e4t und geschlechtlicher Vielfalt im Alter. Dieses Jahr steht die Fachtagung von geroRESEARCH daher ganz im Zeichen dieser Thematik und legt den Fokus die Aspekte: Was bedeutet Geschlechtervielfalt? Warum ist Geschlechtsidentit\u00e4t auch ein Altersthema? Wie kann ein diversit\u00e4tssensibler Umgang in der Pflege und Gesundheitsversorgung gef\u00f6rdert [&hellip;]","og_url":"https:\/\/www.gero.lu\/de\/produit\/geschlechtsidentitat-und-alter-beides-bleibt-lebendig","og_site_name":"GERO","article_publisher":"https:\/\/www.facebook.com\/Kompetenzzenter\/","article_modified_time":"2022-09-22T13:21:44+00:00","og_image":[{"width":1227,"height":802,"url":"https:\/\/www.gero.lu\/wp-content\/uploads\/2021\/08\/gettyimages-1135289130-2048x2048_RET-1.jpg","type":"image\/jpeg"}],"twitter_card":"summary_large_image","twitter_misc":{"Gesch\u00e4tzte Lesezeit":"1\u00a0Minute"},"schema":{"@context":"https:\/\/schema.org","@graph":[{"@type":"WebPage","@id":"https:\/\/www.gero.lu\/de\/produit\/geschlechtsidentitat-und-alter-beides-bleibt-lebendig","url":"https:\/\/www.gero.lu\/de\/produit\/geschlechtsidentitat-und-alter-beides-bleibt-lebendig","name":"ABGESAGT !!! Geschlechtsidentit\u00e4t und Alter: Beides bleibt lebendig - GERO","isPartOf":{"@id":"https:\/\/www.gero.lu\/de\/#website"},"datePublished":"2022-07-25T10:27:53+00:00","dateModified":"2022-09-22T13:21:44+00:00","breadcrumb":{"@id":"https:\/\/www.gero.lu\/de\/produit\/geschlechtsidentitat-und-alter-beides-bleibt-lebendig#breadcrumb"},"inLanguage":"de","potentialAction":[{"@type":"ReadAction","target":[["https:\/\/www.gero.lu\/de\/produit\/geschlechtsidentitat-und-alter-beides-bleibt-lebendig"]]}]},{"@type":"BreadcrumbList","@id":"https:\/\/www.gero.lu\/de\/produit\/geschlechtsidentitat-und-alter-beides-bleibt-lebendig#breadcrumb","itemListElement":[{"@type":"ListItem","position":1,"name":"Accueil","item":"https:\/\/www.gero.lu\/de\/"},{"@type":"ListItem","position":2,"name":"Shop","item":"https:\/\/www.gero.lu\/de\/shop"},{"@type":"ListItem","position":3,"name":"ABGESAGT !!! Geschlechtsidentit\u00e4t und Alter: Beides bleibt lebendig"}]},{"@type":"WebSite","@id":"https:\/\/www.gero.lu\/de\/#website","url":"https:\/\/www.gero.lu\/de\/","name":"Gero","description":"Kompetenzzenter fir den Alter","publisher":{"@id":"https:\/\/www.gero.lu\/de\/#organization"},"potentialAction":[{"@type":"SearchAction","target":{"@type":"EntryPoint","urlTemplate":"https:\/\/www.gero.lu\/de\/?s={search_term_string}"},"query-input":{"@type":"PropertyValueSpecification","valueRequired":true,"valueName":"search_term_string"}}],"inLanguage":"de"},{"@type":"Organization","@id":"https:\/\/www.gero.lu\/de\/#organization","name":"Gero","url":"https:\/\/www.gero.lu\/de\/","logo":{"@type":"ImageObject","inLanguage":"de","@id":"https:\/\/www.gero.lu\/de\/#\/schema\/logo\/image\/","url":"https:\/\/www.gero.lu\/wp-content\/uploads\/2024\/04\/logo.svg","contentUrl":"https:\/\/www.gero.lu\/wp-content\/uploads\/2024\/04\/logo.svg","width":76,"height":30,"caption":"Gero"},"image":{"@id":"https:\/\/www.gero.lu\/de\/#\/schema\/logo\/image\/"},"sameAs":["https:\/\/www.facebook.com\/Kompetenzzenter\/","https:\/\/www.instagram.com\/gero.kompetenzzenter\/","https:\/\/linkedin.com\/company\/gero-kompetenzzenter-fir-den-alter","https:\/\/www.youtube.com\/channel\/UCJvmJYSeHh3dYQsLHZupj-Q"]}]}},"_links":{"self":[{"href":"https:\/\/www.gero.lu\/de\/wp-json\/wp\/v2\/product\/4112","targetHints":{"allow":["GET"]}}],"collection":[{"href":"https:\/\/www.gero.lu\/de\/wp-json\/wp\/v2\/product"}],"about":[{"href":"https:\/\/www.gero.lu\/de\/wp-json\/wp\/v2\/types\/product"}],"replies":[{"embeddable":true,"href":"https:\/\/www.gero.lu\/de\/wp-json\/wp\/v2\/comments?post=4112"}],"wp:attachment":[{"href":"https:\/\/www.gero.lu\/de\/wp-json\/wp\/v2\/media?parent=4112"}],"wp:term":[{"taxonomy":"product_brand","embeddable":true,"href":"https:\/\/www.gero.lu\/de\/wp-json\/wp\/v2\/product_brand?post=4112"},{"taxonomy":"product_cat","embeddable":true,"href":"https:\/\/www.gero.lu\/de\/wp-json\/wp\/v2\/product_cat?post=4112"},{"taxonomy":"product_tag","embeddable":true,"href":"https:\/\/www.gero.lu\/de\/wp-json\/wp\/v2\/product_tag?post=4112"}],"curies":[{"name":"wp","href":"https:\/\/api.w.org\/{rel}","templated":true}]}}