{"id":3854,"date":"2022-05-05T13:21:49","date_gmt":"2022-05-05T13:21:49","guid":{"rendered":"https:\/\/www.gero.lu\/fr\/produit\/quand-le-dement-dement"},"modified":"2022-09-12T08:22:30","modified_gmt":"2022-09-12T08:22:30","slug":"quand-le-dement-dement","status":"publish","type":"product","link":"https:\/\/www.gero.lu\/de\/produit\/quand-le-dement-dement","title":{"rendered":"Quand le d\u00e9ment d\u00e9ment&#8230;"},"content":{"rendered":"<p>Une approche interactionnelle et strat\u00e9gique des probl\u00e9matiques relationnelles\u2026<br \/>\nCette formation va vous permettre de revisiter, de mani\u00e8re br\u00e8ve, la d\u00e9mence et ses comportements paradoxaux, dans le pr\u00e9sent et dans la relation. Bon nombres de soignants, d\u2019\u00e9quipes se trouvent \u00ab paralys\u00e9s \u00bb face \u00e0 la recherche de solution de ses comportements paradoxaux : fugues, agressivit\u00e9, sexualit\u00e9, insultes, refus\u2026 <\/p>\n<p>Faire plus de la m\u00eame chose permet de maintenir le probl\u00e8me ou de m\u00e9dicaliser la personne dite d\u00e9mente\u2026<\/p>\n<p>Vous d\u00e9couvrirez une mani\u00e8re d\u2019intervenir, sur mesure, \u00e0 multiples niveaux. Cette approche non-normative et non-pathologisante est une approche centr\u00e9e sur la solution du comment et non sur le probl\u00e8me du pourquoi.<\/p>\n<p>Contenu :<br \/>\n\u2022\tLa d\u00e9mence dans l\u2019interaction selon une vision syst\u00e9mique : quand la d\u00e9mence et ses comportements deviennent des moyens de relation et de communication<br \/>\n\u2022\tApproche non-normative<br \/>\n\u2022\tMa place dans la relation et dans le probl\u00e8me que j\u2019induis \u00e0 l\u2019autre<br \/>\n\u2022\tLes diff\u00e9rents m\u00e9canismes d\u2019apprentissage<br \/>\n\u2022\tLe syst\u00e8me et le sympt\u00f4me<br \/>\n\u2022\tQuand le sympt\u00f4me isol\u00e9 est un comportement dans le cadre de r\u00e9f\u00e9rence, dans le syst\u00e8me<br \/>\n\u2022\tQuand la solution est dans le pr\u00e9sent et qu\u2019aujourd\u2019hui peut changer demain<br \/>\n\u2022\tEtude de cas pratique et apprentissage d\u2019une grille de r\u00e9solution de probl\u00e8me<\/p>\n","protected":false},"excerpt":{"rendered":"<p>Une approche interactionnelle et strat\u00e9gique des probl\u00e9matiques relationnelles\u2026 Cette formation va vous permettre de revisiter, de mani\u00e8re br\u00e8ve, la d\u00e9mence et ses comportements paradoxaux, dans le pr\u00e9sent et dans la relation. Bon nombres de soignants, d\u2019\u00e9quipes se trouvent \u00ab paralys\u00e9s \u00bb face \u00e0 la recherche de solution de ses comportements paradoxaux : fugues, agressivit\u00e9, sexualit\u00e9, [&hellip;]<\/p>\n","protected":false},"featured_media":0,"comment_status":"closed","ping_status":"closed","template":"","meta":{"_acf_changed":false,"inline_featured_image":false},"product_brand":[],"product_cat":[239],"product_tag":[237],"class_list":{"0":"post-3854","1":"product","2":"type-product","3":"status-publish","5":"product_cat-cours-pro","6":"product_tag-soins-encadrement-therapie-pro","8":"first","9":"instock","10":"virtual","11":"purchasable","12":"product-type-simple"},"acf":[],"yoast_head":"<!-- This site is optimized with the Yoast SEO Premium plugin v27.4 (Yoast SEO v27.5) - https:\/\/yoast.com\/product\/yoast-seo-premium-wordpress\/ -->\n<title>Quand le d\u00e9ment d\u00e9ment... - GERO<\/title>\n<meta name=\"robots\" content=\"index, follow, max-snippet:-1, max-image-preview:large, max-video-preview:-1\" \/>\n<link rel=\"canonical\" href=\"https:\/\/www.gero.lu\/de\/produit\/quand-le-dement-dement\" \/>\n<meta property=\"og:locale\" content=\"de_DE\" \/>\n<meta property=\"og:type\" content=\"article\" \/>\n<meta property=\"og:title\" content=\"Quand le d\u00e9ment d\u00e9ment...\" \/>\n<meta property=\"og:description\" content=\"Une approche interactionnelle et strat\u00e9gique des probl\u00e9matiques relationnelles\u2026 Cette formation va vous permettre de revisiter, de mani\u00e8re br\u00e8ve, la d\u00e9mence et ses comportements paradoxaux, dans le pr\u00e9sent et dans la relation. Bon nombres de soignants, d\u2019\u00e9quipes se trouvent \u00ab paralys\u00e9s \u00bb face \u00e0 la recherche de solution de ses comportements paradoxaux : fugues, agressivit\u00e9, sexualit\u00e9, [&hellip;]\" \/>\n<meta property=\"og:url\" content=\"https:\/\/www.gero.lu\/de\/produit\/quand-le-dement-dement\" \/>\n<meta property=\"og:site_name\" content=\"GERO\" \/>\n<meta property=\"article:publisher\" content=\"https:\/\/www.facebook.com\/Kompetenzzenter\/\" \/>\n<meta property=\"article:modified_time\" content=\"2022-09-12T08:22:30+00:00\" \/>\n<meta property=\"og:image\" content=\"https:\/\/www.gero.lu\/wp-content\/uploads\/2021\/08\/gettyimages-1135289130-2048x2048_RET-1.jpg\" \/>\n\t<meta property=\"og:image:width\" content=\"1227\" \/>\n\t<meta property=\"og:image:height\" content=\"802\" \/>\n\t<meta property=\"og:image:type\" content=\"image\/jpeg\" \/>\n<meta name=\"twitter:card\" content=\"summary_large_image\" \/>\n<meta name=\"twitter:label1\" content=\"Gesch\u00e4tzte Lesezeit\" \/>\n\t<meta name=\"twitter:data1\" content=\"1\u00a0Minute\" \/>\n<script type=\"application\/ld+json\" class=\"yoast-schema-graph\">{\"@context\":\"https:\\\/\\\/schema.org\",\"@graph\":[{\"@type\":\"WebPage\",\"@id\":\"https:\\\/\\\/www.gero.lu\\\/de\\\/produit\\\/quand-le-dement-dement\",\"url\":\"https:\\\/\\\/www.gero.lu\\\/de\\\/produit\\\/quand-le-dement-dement\",\"name\":\"Quand le d\u00e9ment d\u00e9ment... - GERO\",\"isPartOf\":{\"@id\":\"https:\\\/\\\/www.gero.lu\\\/de\\\/#website\"},\"datePublished\":\"2022-05-05T13:21:49+00:00\",\"dateModified\":\"2022-09-12T08:22:30+00:00\",\"breadcrumb\":{\"@id\":\"https:\\\/\\\/www.gero.lu\\\/de\\\/produit\\\/quand-le-dement-dement#breadcrumb\"},\"inLanguage\":\"de\",\"potentialAction\":[{\"@type\":\"ReadAction\",\"target\":[[\"https:\\\/\\\/www.gero.lu\\\/de\\\/produit\\\/quand-le-dement-dement\"]]}]},{\"@type\":\"BreadcrumbList\",\"@id\":\"https:\\\/\\\/www.gero.lu\\\/de\\\/produit\\\/quand-le-dement-dement#breadcrumb\",\"itemListElement\":[{\"@type\":\"ListItem\",\"position\":1,\"name\":\"Accueil\",\"item\":\"https:\\\/\\\/www.gero.lu\\\/de\\\/\"},{\"@type\":\"ListItem\",\"position\":2,\"name\":\"Shop\",\"item\":\"https:\\\/\\\/www.gero.lu\\\/de\\\/shop\"},{\"@type\":\"ListItem\",\"position\":3,\"name\":\"Quand le d\u00e9ment d\u00e9ment&#8230;\"}]},{\"@type\":\"WebSite\",\"@id\":\"https:\\\/\\\/www.gero.lu\\\/de\\\/#website\",\"url\":\"https:\\\/\\\/www.gero.lu\\\/de\\\/\",\"name\":\"Gero\",\"description\":\"Kompetenzzenter fir den Alter\",\"publisher\":{\"@id\":\"https:\\\/\\\/www.gero.lu\\\/de\\\/#organization\"},\"potentialAction\":[{\"@type\":\"SearchAction\",\"target\":{\"@type\":\"EntryPoint\",\"urlTemplate\":\"https:\\\/\\\/www.gero.lu\\\/de\\\/?s={search_term_string}\"},\"query-input\":{\"@type\":\"PropertyValueSpecification\",\"valueRequired\":true,\"valueName\":\"search_term_string\"}}],\"inLanguage\":\"de\"},{\"@type\":\"Organization\",\"@id\":\"https:\\\/\\\/www.gero.lu\\\/de\\\/#organization\",\"name\":\"Gero\",\"url\":\"https:\\\/\\\/www.gero.lu\\\/de\\\/\",\"logo\":{\"@type\":\"ImageObject\",\"inLanguage\":\"de\",\"@id\":\"https:\\\/\\\/www.gero.lu\\\/de\\\/#\\\/schema\\\/logo\\\/image\\\/\",\"url\":\"https:\\\/\\\/www.gero.lu\\\/wp-content\\\/uploads\\\/2024\\\/04\\\/logo.svg\",\"contentUrl\":\"https:\\\/\\\/www.gero.lu\\\/wp-content\\\/uploads\\\/2024\\\/04\\\/logo.svg\",\"width\":76,\"height\":30,\"caption\":\"Gero\"},\"image\":{\"@id\":\"https:\\\/\\\/www.gero.lu\\\/de\\\/#\\\/schema\\\/logo\\\/image\\\/\"},\"sameAs\":[\"https:\\\/\\\/www.facebook.com\\\/Kompetenzzenter\\\/\",\"https:\\\/\\\/www.instagram.com\\\/gero.kompetenzzenter\\\/\",\"https:\\\/\\\/linkedin.com\\\/company\\\/gero-kompetenzzenter-fir-den-alter\",\"https:\\\/\\\/www.youtube.com\\\/channel\\\/UCJvmJYSeHh3dYQsLHZupj-Q\"]}]}<\/script>\n<!-- \/ Yoast SEO Premium plugin. -->","yoast_head_json":{"title":"Quand le d\u00e9ment d\u00e9ment... - GERO","robots":{"index":"index","follow":"follow","max-snippet":"max-snippet:-1","max-image-preview":"max-image-preview:large","max-video-preview":"max-video-preview:-1"},"canonical":"https:\/\/www.gero.lu\/de\/produit\/quand-le-dement-dement","og_locale":"de_DE","og_type":"article","og_title":"Quand le d\u00e9ment d\u00e9ment...","og_description":"Une approche interactionnelle et strat\u00e9gique des probl\u00e9matiques relationnelles\u2026 Cette formation va vous permettre de revisiter, de mani\u00e8re br\u00e8ve, la d\u00e9mence et ses comportements paradoxaux, dans le pr\u00e9sent et dans la relation. Bon nombres de soignants, d\u2019\u00e9quipes se trouvent \u00ab paralys\u00e9s \u00bb face \u00e0 la recherche de solution de ses comportements paradoxaux : fugues, agressivit\u00e9, sexualit\u00e9, [&hellip;]","og_url":"https:\/\/www.gero.lu\/de\/produit\/quand-le-dement-dement","og_site_name":"GERO","article_publisher":"https:\/\/www.facebook.com\/Kompetenzzenter\/","article_modified_time":"2022-09-12T08:22:30+00:00","og_image":[{"width":1227,"height":802,"url":"https:\/\/www.gero.lu\/wp-content\/uploads\/2021\/08\/gettyimages-1135289130-2048x2048_RET-1.jpg","type":"image\/jpeg"}],"twitter_card":"summary_large_image","twitter_misc":{"Gesch\u00e4tzte Lesezeit":"1\u00a0Minute"},"schema":{"@context":"https:\/\/schema.org","@graph":[{"@type":"WebPage","@id":"https:\/\/www.gero.lu\/de\/produit\/quand-le-dement-dement","url":"https:\/\/www.gero.lu\/de\/produit\/quand-le-dement-dement","name":"Quand le d\u00e9ment d\u00e9ment... - GERO","isPartOf":{"@id":"https:\/\/www.gero.lu\/de\/#website"},"datePublished":"2022-05-05T13:21:49+00:00","dateModified":"2022-09-12T08:22:30+00:00","breadcrumb":{"@id":"https:\/\/www.gero.lu\/de\/produit\/quand-le-dement-dement#breadcrumb"},"inLanguage":"de","potentialAction":[{"@type":"ReadAction","target":[["https:\/\/www.gero.lu\/de\/produit\/quand-le-dement-dement"]]}]},{"@type":"BreadcrumbList","@id":"https:\/\/www.gero.lu\/de\/produit\/quand-le-dement-dement#breadcrumb","itemListElement":[{"@type":"ListItem","position":1,"name":"Accueil","item":"https:\/\/www.gero.lu\/de\/"},{"@type":"ListItem","position":2,"name":"Shop","item":"https:\/\/www.gero.lu\/de\/shop"},{"@type":"ListItem","position":3,"name":"Quand le d\u00e9ment d\u00e9ment&#8230;"}]},{"@type":"WebSite","@id":"https:\/\/www.gero.lu\/de\/#website","url":"https:\/\/www.gero.lu\/de\/","name":"Gero","description":"Kompetenzzenter fir den Alter","publisher":{"@id":"https:\/\/www.gero.lu\/de\/#organization"},"potentialAction":[{"@type":"SearchAction","target":{"@type":"EntryPoint","urlTemplate":"https:\/\/www.gero.lu\/de\/?s={search_term_string}"},"query-input":{"@type":"PropertyValueSpecification","valueRequired":true,"valueName":"search_term_string"}}],"inLanguage":"de"},{"@type":"Organization","@id":"https:\/\/www.gero.lu\/de\/#organization","name":"Gero","url":"https:\/\/www.gero.lu\/de\/","logo":{"@type":"ImageObject","inLanguage":"de","@id":"https:\/\/www.gero.lu\/de\/#\/schema\/logo\/image\/","url":"https:\/\/www.gero.lu\/wp-content\/uploads\/2024\/04\/logo.svg","contentUrl":"https:\/\/www.gero.lu\/wp-content\/uploads\/2024\/04\/logo.svg","width":76,"height":30,"caption":"Gero"},"image":{"@id":"https:\/\/www.gero.lu\/de\/#\/schema\/logo\/image\/"},"sameAs":["https:\/\/www.facebook.com\/Kompetenzzenter\/","https:\/\/www.instagram.com\/gero.kompetenzzenter\/","https:\/\/linkedin.com\/company\/gero-kompetenzzenter-fir-den-alter","https:\/\/www.youtube.com\/channel\/UCJvmJYSeHh3dYQsLHZupj-Q"]}]}},"_links":{"self":[{"href":"https:\/\/www.gero.lu\/de\/wp-json\/wp\/v2\/product\/3854","targetHints":{"allow":["GET"]}}],"collection":[{"href":"https:\/\/www.gero.lu\/de\/wp-json\/wp\/v2\/product"}],"about":[{"href":"https:\/\/www.gero.lu\/de\/wp-json\/wp\/v2\/types\/product"}],"replies":[{"embeddable":true,"href":"https:\/\/www.gero.lu\/de\/wp-json\/wp\/v2\/comments?post=3854"}],"wp:attachment":[{"href":"https:\/\/www.gero.lu\/de\/wp-json\/wp\/v2\/media?parent=3854"}],"wp:term":[{"taxonomy":"product_brand","embeddable":true,"href":"https:\/\/www.gero.lu\/de\/wp-json\/wp\/v2\/product_brand?post=3854"},{"taxonomy":"product_cat","embeddable":true,"href":"https:\/\/www.gero.lu\/de\/wp-json\/wp\/v2\/product_cat?post=3854"},{"taxonomy":"product_tag","embeddable":true,"href":"https:\/\/www.gero.lu\/de\/wp-json\/wp\/v2\/product_tag?post=3854"}],"curies":[{"name":"wp","href":"https:\/\/api.w.org\/{rel}","templated":true}]}}