{"id":3787,"date":"2022-04-26T11:26:16","date_gmt":"2022-04-26T11:26:16","guid":{"rendered":"https:\/\/www.gero.lu\/fr\/produit\/sexuelle-orientierung-und-geschlechtsvielfalt-kein-altersthema"},"modified":"2022-09-22T13:21:44","modified_gmt":"2022-09-22T13:21:44","slug":"sexuelle-orientierung-und-geschlechtsvielfalt-kein-altersthema","status":"publish","type":"product","link":"https:\/\/www.gero.lu\/de\/produit\/sexuelle-orientierung-und-geschlechtsvielfalt-kein-altersthema","title":{"rendered":"ABGESAGT !!!  Sexuelle Orientierung und Geschlechtsvielfalt: (K)ein Altersthema?!"},"content":{"rendered":"<p>Sexuelle Orientierungen und geschlechtliche Identit\u00e4ten sind psychische Repr\u00e4sentationen, die im zwischenmenschlichen Bereich Kontakt und Austausch suchen in einer Form, die individuell ist und immer einmalig f\u00fcr den Moment der jeweiligen Begegnung. Geschlechtliche Sichtbarkeit, N\u00e4he, Zuneigung, Z\u00e4rtlichkeit, Intimit\u00e4t, Erotik und vieles mehr sind Erlebensfelder, die bedeutsam sind f\u00fcr die k\u00f6rperliche und emotionale Gesundheit des Menschen \u2013 und zwar ein Leben lang. <\/p>\n<p>In unserer traditionell zweigeschlechtlichen Gesellschaft werden vielf\u00e4ltige Sexualit\u00e4ten und Geschlechtsidentit\u00e4ten viel zu wenig beachtet, nicht selten stigmatisiert und diskriminiert. Oft fehlen basale Kenntnisse \u00fcber die nahezu endlosen Formen sexueller und geschlechtlicher Lebensw\u00fcnsche, andererseits bestehen immer noch Hemmungen und Unsicherheiten im Kontakt mit sexuell und geschlechtlich varianten Menschen. <\/p>\n<p>Dies umso mehr in der Begegnung, Begleitung und Pflege mit \u00e4lteren Menschen. Dem mag die weit verbreitete Fehlannahme zugrunde liegen, dass der \u00e4ltere Mensch das Interesse an seiner Sexualit\u00e4t und K\u00f6rperlichkeit verloren habe.<\/p>\n<p>Der Workshop setzt sich mit der Vielfalt sexueller und geschlechtlicher Lebenswelten und Erlebensw\u00fcnsche des Menschen auseinander und behandelt folgende Themen:<\/p>\n<p>&#8211; medizin- und gesellschaftshistorischer Exkurs<br \/>\n&#8211; geschlechtliche Identit\u00e4ten und sexuelle Orientierungen<br \/>\n&#8211; M\u00f6glichkeiten und Herausforderungen aus diversit\u00e4tssensitiver Optik: Anti-Diskriminierung, Ent(psycho)pathologisierung und Wertsch\u00e4tzung von Trans*Personen.<br \/>\n&#8211; Selbstreflektion: Welche Bilder\/Stereotypen hat man im Kopf? Welche Erfahrungen hat man evt. schon gemacht?<br \/>\n&#8211; Worauf ist bei der Beratung und Begleitung von \u00e4lteren LGBTQAI+ Personen zu achten?<\/p>\n","protected":false},"excerpt":{"rendered":"<p>Sexuelle Orientierungen und geschlechtliche Identit\u00e4ten sind psychische Repr\u00e4sentationen, die im zwischenmenschlichen Bereich Kontakt und Austausch suchen in einer Form, die individuell ist und immer einmalig f\u00fcr den Moment der jeweiligen Begegnung. Geschlechtliche Sichtbarkeit, N\u00e4he, Zuneigung, Z\u00e4rtlichkeit, Intimit\u00e4t, Erotik und vieles mehr sind Erlebensfelder, die bedeutsam sind f\u00fcr die k\u00f6rperliche und emotionale Gesundheit des Menschen \u2013 [&hellip;]<\/p>\n","protected":false},"featured_media":3894,"comment_status":"closed","ping_status":"closed","template":"","meta":{"_acf_changed":false,"inline_featured_image":false},"product_brand":[],"product_cat":[241],"product_tag":[],"class_list":{"0":"post-3787","1":"product","2":"type-product","3":"status-publish","4":"has-post-thumbnail","6":"product_cat-workshop-pro","8":"first","9":"instock","10":"virtual","11":"purchasable","12":"product-type-simple"},"acf":[],"yoast_head":"<!-- This site is optimized with the Yoast SEO Premium plugin v27.4 (Yoast SEO v27.4) - https:\/\/yoast.com\/product\/yoast-seo-premium-wordpress\/ -->\n<title>ABGESAGT !!! Sexuelle Orientierung und Geschlechtsvielfalt: (K)ein Altersthema?! - GERO<\/title>\n<meta name=\"robots\" content=\"index, follow, max-snippet:-1, max-image-preview:large, max-video-preview:-1\" \/>\n<link rel=\"canonical\" href=\"https:\/\/www.gero.lu\/de\/produit\/sexuelle-orientierung-und-geschlechtsvielfalt-kein-altersthema\" \/>\n<meta property=\"og:locale\" content=\"de_DE\" \/>\n<meta property=\"og:type\" content=\"article\" \/>\n<meta property=\"og:title\" content=\"ABGESAGT !!! Sexuelle Orientierung und Geschlechtsvielfalt: (K)ein Altersthema?!\" \/>\n<meta property=\"og:description\" content=\"Sexuelle Orientierungen und geschlechtliche Identit\u00e4ten sind psychische Repr\u00e4sentationen, die im zwischenmenschlichen Bereich Kontakt und Austausch suchen in einer Form, die individuell ist und immer einmalig f\u00fcr den Moment der jeweiligen Begegnung. Geschlechtliche Sichtbarkeit, N\u00e4he, Zuneigung, Z\u00e4rtlichkeit, Intimit\u00e4t, Erotik und vieles mehr sind Erlebensfelder, die bedeutsam sind f\u00fcr die k\u00f6rperliche und emotionale Gesundheit des Menschen \u2013 [&hellip;]\" \/>\n<meta property=\"og:url\" content=\"https:\/\/www.gero.lu\/de\/produit\/sexuelle-orientierung-und-geschlechtsvielfalt-kein-altersthema\" \/>\n<meta property=\"og:site_name\" content=\"GERO\" \/>\n<meta property=\"article:publisher\" content=\"https:\/\/www.facebook.com\/Kompetenzzenter\/\" \/>\n<meta property=\"article:modified_time\" content=\"2022-09-22T13:21:44+00:00\" \/>\n<meta property=\"og:image\" content=\"https:\/\/www.gero.lu\/wp-content\/uploads\/2022\/04\/download.png\" \/>\n\t<meta property=\"og:image:width\" content=\"275\" \/>\n\t<meta property=\"og:image:height\" content=\"183\" \/>\n\t<meta property=\"og:image:type\" content=\"image\/png\" \/>\n<meta name=\"twitter:card\" content=\"summary_large_image\" \/>\n<meta name=\"twitter:label1\" content=\"Gesch\u00e4tzte Lesezeit\" \/>\n\t<meta name=\"twitter:data1\" content=\"2\u00a0Minuten\" \/>\n<script type=\"application\/ld+json\" class=\"yoast-schema-graph\">{\"@context\":\"https:\\\/\\\/schema.org\",\"@graph\":[{\"@type\":\"WebPage\",\"@id\":\"https:\\\/\\\/www.gero.lu\\\/de\\\/produit\\\/sexuelle-orientierung-und-geschlechtsvielfalt-kein-altersthema\",\"url\":\"https:\\\/\\\/www.gero.lu\\\/de\\\/produit\\\/sexuelle-orientierung-und-geschlechtsvielfalt-kein-altersthema\",\"name\":\"ABGESAGT !!! Sexuelle Orientierung und Geschlechtsvielfalt: (K)ein Altersthema?! - GERO\",\"isPartOf\":{\"@id\":\"https:\\\/\\\/www.gero.lu\\\/de\\\/#website\"},\"primaryImageOfPage\":{\"@id\":\"https:\\\/\\\/www.gero.lu\\\/de\\\/produit\\\/sexuelle-orientierung-und-geschlechtsvielfalt-kein-altersthema#primaryimage\"},\"image\":{\"@id\":\"https:\\\/\\\/www.gero.lu\\\/produit\\\/sexuelle-orientierung-und-geschlechtsvielfalt-kein-altersthema#primaryimage\"},\"thumbnailUrl\":\"https:\\\/\\\/www.gero.lu\\\/wp-content\\\/uploads\\\/2022\\\/04\\\/download.png\",\"datePublished\":\"2022-04-26T11:26:16+00:00\",\"dateModified\":\"2022-09-22T13:21:44+00:00\",\"breadcrumb\":{\"@id\":\"https:\\\/\\\/www.gero.lu\\\/de\\\/produit\\\/sexuelle-orientierung-und-geschlechtsvielfalt-kein-altersthema#breadcrumb\"},\"inLanguage\":\"de\",\"potentialAction\":[{\"@type\":\"ReadAction\",\"target\":[[\"https:\\\/\\\/www.gero.lu\\\/de\\\/produit\\\/sexuelle-orientierung-und-geschlechtsvielfalt-kein-altersthema\"]]}]},{\"@type\":\"ImageObject\",\"inLanguage\":\"de\",\"@id\":\"https:\\\/\\\/www.gero.lu\\\/de\\\/produit\\\/sexuelle-orientierung-und-geschlechtsvielfalt-kein-altersthema#primaryimage\",\"url\":\"https:\\\/\\\/www.gero.lu\\\/wp-content\\\/uploads\\\/2022\\\/04\\\/download.png\",\"contentUrl\":\"https:\\\/\\\/www.gero.lu\\\/wp-content\\\/uploads\\\/2022\\\/04\\\/download.png\",\"width\":275,\"height\":183},{\"@type\":\"BreadcrumbList\",\"@id\":\"https:\\\/\\\/www.gero.lu\\\/de\\\/produit\\\/sexuelle-orientierung-und-geschlechtsvielfalt-kein-altersthema#breadcrumb\",\"itemListElement\":[{\"@type\":\"ListItem\",\"position\":1,\"name\":\"Accueil\",\"item\":\"https:\\\/\\\/www.gero.lu\\\/de\\\/\"},{\"@type\":\"ListItem\",\"position\":2,\"name\":\"Shop\",\"item\":\"https:\\\/\\\/www.gero.lu\\\/de\\\/shop\"},{\"@type\":\"ListItem\",\"position\":3,\"name\":\"ABGESAGT !!! Sexuelle Orientierung und Geschlechtsvielfalt: (K)ein Altersthema?!\"}]},{\"@type\":\"WebSite\",\"@id\":\"https:\\\/\\\/www.gero.lu\\\/de\\\/#website\",\"url\":\"https:\\\/\\\/www.gero.lu\\\/de\\\/\",\"name\":\"Gero\",\"description\":\"Kompetenzzenter fir den Alter\",\"publisher\":{\"@id\":\"https:\\\/\\\/www.gero.lu\\\/de\\\/#organization\"},\"potentialAction\":[{\"@type\":\"SearchAction\",\"target\":{\"@type\":\"EntryPoint\",\"urlTemplate\":\"https:\\\/\\\/www.gero.lu\\\/de\\\/?s={search_term_string}\"},\"query-input\":{\"@type\":\"PropertyValueSpecification\",\"valueRequired\":true,\"valueName\":\"search_term_string\"}}],\"inLanguage\":\"de\"},{\"@type\":\"Organization\",\"@id\":\"https:\\\/\\\/www.gero.lu\\\/de\\\/#organization\",\"name\":\"Gero\",\"url\":\"https:\\\/\\\/www.gero.lu\\\/de\\\/\",\"logo\":{\"@type\":\"ImageObject\",\"inLanguage\":\"de\",\"@id\":\"https:\\\/\\\/www.gero.lu\\\/de\\\/#\\\/schema\\\/logo\\\/image\\\/\",\"url\":\"https:\\\/\\\/www.gero.lu\\\/wp-content\\\/uploads\\\/2024\\\/04\\\/logo.svg\",\"contentUrl\":\"https:\\\/\\\/www.gero.lu\\\/wp-content\\\/uploads\\\/2024\\\/04\\\/logo.svg\",\"width\":76,\"height\":30,\"caption\":\"Gero\"},\"image\":{\"@id\":\"https:\\\/\\\/www.gero.lu\\\/de\\\/#\\\/schema\\\/logo\\\/image\\\/\"},\"sameAs\":[\"https:\\\/\\\/www.facebook.com\\\/Kompetenzzenter\\\/\",\"https:\\\/\\\/www.instagram.com\\\/gero.kompetenzzenter\\\/\",\"https:\\\/\\\/linkedin.com\\\/company\\\/gero-kompetenzzenter-fir-den-alter\",\"https:\\\/\\\/www.youtube.com\\\/channel\\\/UCJvmJYSeHh3dYQsLHZupj-Q\"]}]}<\/script>\n<!-- \/ Yoast SEO Premium plugin. -->","yoast_head_json":{"title":"ABGESAGT !!! Sexuelle Orientierung und Geschlechtsvielfalt: (K)ein Altersthema?! - GERO","robots":{"index":"index","follow":"follow","max-snippet":"max-snippet:-1","max-image-preview":"max-image-preview:large","max-video-preview":"max-video-preview:-1"},"canonical":"https:\/\/www.gero.lu\/de\/produit\/sexuelle-orientierung-und-geschlechtsvielfalt-kein-altersthema","og_locale":"de_DE","og_type":"article","og_title":"ABGESAGT !!! Sexuelle Orientierung und Geschlechtsvielfalt: (K)ein Altersthema?!","og_description":"Sexuelle Orientierungen und geschlechtliche Identit\u00e4ten sind psychische Repr\u00e4sentationen, die im zwischenmenschlichen Bereich Kontakt und Austausch suchen in einer Form, die individuell ist und immer einmalig f\u00fcr den Moment der jeweiligen Begegnung. Geschlechtliche Sichtbarkeit, N\u00e4he, Zuneigung, Z\u00e4rtlichkeit, Intimit\u00e4t, Erotik und vieles mehr sind Erlebensfelder, die bedeutsam sind f\u00fcr die k\u00f6rperliche und emotionale Gesundheit des Menschen \u2013 [&hellip;]","og_url":"https:\/\/www.gero.lu\/de\/produit\/sexuelle-orientierung-und-geschlechtsvielfalt-kein-altersthema","og_site_name":"GERO","article_publisher":"https:\/\/www.facebook.com\/Kompetenzzenter\/","article_modified_time":"2022-09-22T13:21:44+00:00","og_image":[{"width":275,"height":183,"url":"https:\/\/www.gero.lu\/wp-content\/uploads\/2022\/04\/download.png","type":"image\/png"}],"twitter_card":"summary_large_image","twitter_misc":{"Gesch\u00e4tzte Lesezeit":"2\u00a0Minuten"},"schema":{"@context":"https:\/\/schema.org","@graph":[{"@type":"WebPage","@id":"https:\/\/www.gero.lu\/de\/produit\/sexuelle-orientierung-und-geschlechtsvielfalt-kein-altersthema","url":"https:\/\/www.gero.lu\/de\/produit\/sexuelle-orientierung-und-geschlechtsvielfalt-kein-altersthema","name":"ABGESAGT !!! Sexuelle Orientierung und Geschlechtsvielfalt: (K)ein Altersthema?! - GERO","isPartOf":{"@id":"https:\/\/www.gero.lu\/de\/#website"},"primaryImageOfPage":{"@id":"https:\/\/www.gero.lu\/de\/produit\/sexuelle-orientierung-und-geschlechtsvielfalt-kein-altersthema#primaryimage"},"image":{"@id":"https:\/\/www.gero.lu\/produit\/sexuelle-orientierung-und-geschlechtsvielfalt-kein-altersthema#primaryimage"},"thumbnailUrl":"https:\/\/www.gero.lu\/wp-content\/uploads\/2022\/04\/download.png","datePublished":"2022-04-26T11:26:16+00:00","dateModified":"2022-09-22T13:21:44+00:00","breadcrumb":{"@id":"https:\/\/www.gero.lu\/de\/produit\/sexuelle-orientierung-und-geschlechtsvielfalt-kein-altersthema#breadcrumb"},"inLanguage":"de","potentialAction":[{"@type":"ReadAction","target":[["https:\/\/www.gero.lu\/de\/produit\/sexuelle-orientierung-und-geschlechtsvielfalt-kein-altersthema"]]}]},{"@type":"ImageObject","inLanguage":"de","@id":"https:\/\/www.gero.lu\/de\/produit\/sexuelle-orientierung-und-geschlechtsvielfalt-kein-altersthema#primaryimage","url":"https:\/\/www.gero.lu\/wp-content\/uploads\/2022\/04\/download.png","contentUrl":"https:\/\/www.gero.lu\/wp-content\/uploads\/2022\/04\/download.png","width":275,"height":183},{"@type":"BreadcrumbList","@id":"https:\/\/www.gero.lu\/de\/produit\/sexuelle-orientierung-und-geschlechtsvielfalt-kein-altersthema#breadcrumb","itemListElement":[{"@type":"ListItem","position":1,"name":"Accueil","item":"https:\/\/www.gero.lu\/de\/"},{"@type":"ListItem","position":2,"name":"Shop","item":"https:\/\/www.gero.lu\/de\/shop"},{"@type":"ListItem","position":3,"name":"ABGESAGT !!! Sexuelle Orientierung und Geschlechtsvielfalt: (K)ein Altersthema?!"}]},{"@type":"WebSite","@id":"https:\/\/www.gero.lu\/de\/#website","url":"https:\/\/www.gero.lu\/de\/","name":"Gero","description":"Kompetenzzenter fir den Alter","publisher":{"@id":"https:\/\/www.gero.lu\/de\/#organization"},"potentialAction":[{"@type":"SearchAction","target":{"@type":"EntryPoint","urlTemplate":"https:\/\/www.gero.lu\/de\/?s={search_term_string}"},"query-input":{"@type":"PropertyValueSpecification","valueRequired":true,"valueName":"search_term_string"}}],"inLanguage":"de"},{"@type":"Organization","@id":"https:\/\/www.gero.lu\/de\/#organization","name":"Gero","url":"https:\/\/www.gero.lu\/de\/","logo":{"@type":"ImageObject","inLanguage":"de","@id":"https:\/\/www.gero.lu\/de\/#\/schema\/logo\/image\/","url":"https:\/\/www.gero.lu\/wp-content\/uploads\/2024\/04\/logo.svg","contentUrl":"https:\/\/www.gero.lu\/wp-content\/uploads\/2024\/04\/logo.svg","width":76,"height":30,"caption":"Gero"},"image":{"@id":"https:\/\/www.gero.lu\/de\/#\/schema\/logo\/image\/"},"sameAs":["https:\/\/www.facebook.com\/Kompetenzzenter\/","https:\/\/www.instagram.com\/gero.kompetenzzenter\/","https:\/\/linkedin.com\/company\/gero-kompetenzzenter-fir-den-alter","https:\/\/www.youtube.com\/channel\/UCJvmJYSeHh3dYQsLHZupj-Q"]}]}},"_links":{"self":[{"href":"https:\/\/www.gero.lu\/de\/wp-json\/wp\/v2\/product\/3787","targetHints":{"allow":["GET"]}}],"collection":[{"href":"https:\/\/www.gero.lu\/de\/wp-json\/wp\/v2\/product"}],"about":[{"href":"https:\/\/www.gero.lu\/de\/wp-json\/wp\/v2\/types\/product"}],"replies":[{"embeddable":true,"href":"https:\/\/www.gero.lu\/de\/wp-json\/wp\/v2\/comments?post=3787"}],"wp:featuredmedia":[{"embeddable":true,"href":"https:\/\/www.gero.lu\/de\/wp-json\/wp\/v2\/media\/3894"}],"wp:attachment":[{"href":"https:\/\/www.gero.lu\/de\/wp-json\/wp\/v2\/media?parent=3787"}],"wp:term":[{"taxonomy":"product_brand","embeddable":true,"href":"https:\/\/www.gero.lu\/de\/wp-json\/wp\/v2\/product_brand?post=3787"},{"taxonomy":"product_cat","embeddable":true,"href":"https:\/\/www.gero.lu\/de\/wp-json\/wp\/v2\/product_cat?post=3787"},{"taxonomy":"product_tag","embeddable":true,"href":"https:\/\/www.gero.lu\/de\/wp-json\/wp\/v2\/product_tag?post=3787"}],"curies":[{"name":"wp","href":"https:\/\/api.w.org\/{rel}","templated":true}]}}