{"id":3402,"date":"2022-02-22T14:03:38","date_gmt":"2022-02-22T14:03:38","guid":{"rendered":"https:\/\/www.gero.lu\/produit\/selbstbestimmt-sterben"},"modified":"2022-02-22T14:03:38","modified_gmt":"2022-02-22T14:03:38","slug":"selbstbestimmt-sterben","status":"publish","type":"product","link":"https:\/\/www.gero.lu\/de\/produit\/selbstbestimmt-sterben","title":{"rendered":"SELBSTBESTIMMT STERBEN"},"content":{"rendered":"<p>Das Gesetz von 2009 erm\u00f6glicht es kranken<br \/>\nMenschen in Luxemburg, in verschiedenen<br \/>\nF\u00e4llen auf eine aktive Sterbehilfe zur\u00fcckgreifen<br \/>\nzu k\u00f6nnen.<\/p>\n<p>In welchen Situationen ist dies der Fall?<\/p>\n<p>Was ist der Unterschied zwischen dem<br \/>\nassistierten Freitod und der Sterbehilfe?<\/p>\n<p>Was ist der Unterschied zwischen der<br \/>\nPatientenverf\u00fcgung und den Bestimmungen<br \/>\nzum Lebensende?<\/p>\n<p>Der Tod und das Leiden werden in unserer<br \/>\nGesellschaft oft tabuisiert. Dennoch werden wir<br \/>\nh\u00e4ufig mit dem Lebensende konfrontiert. Wie<br \/>\nk\u00f6nnen wir f\u00fcr uns selbst einen angemessenen<br \/>\nUmgang mit diesen Themen finden und unseren<br \/>\nWillen jetzt schon festhalten? Diese und andere<br \/>\nFragen werden angesprochen und diskutiert.<br \/>\nEine Veranstaltung in Zusammenarbiet mit \u201eM\u00e4i<br \/>\nW\u00ebllen, M\u00e4i Wee \u2013 Association pour le Droit de<br \/>\nMourir dans la Dignit\u00e9 L\u00ebtzebuerg a.s.b.l.\u201d.<\/p>\n","protected":false},"excerpt":{"rendered":"<p>Das Gesetz von 2009 erm\u00f6glicht es kranken Menschen in Luxemburg, in verschiedenen F\u00e4llen auf eine aktive Sterbehilfe zur\u00fcckgreifen zu k\u00f6nnen. In welchen Situationen ist dies der Fall? Was ist der Unterschied zwischen dem assistierten Freitod und der Sterbehilfe? Was ist der Unterschied zwischen der Patientenverf\u00fcgung und den Bestimmungen zum Lebensende? Der Tod und das Leiden [&hellip;]<\/p>\n","protected":false},"featured_media":0,"comment_status":"","ping_status":"closed","template":"","meta":{"_acf_changed":false,"inline_featured_image":false},"product_brand":[],"product_cat":[228],"product_tag":[203],"class_list":{"0":"post-3402","1":"product","2":"type-product","3":"status-publish","5":"product_cat-conference","6":"product_tag-connaissance-de-vie-senior","8":"first","9":"instock","10":"virtual","11":"purchasable","12":"product-type-simple"},"acf":[],"yoast_head":"<!-- This site is optimized with the Yoast SEO Premium plugin v27.4 (Yoast SEO v27.5) - https:\/\/yoast.com\/product\/yoast-seo-premium-wordpress\/ -->\n<title>SELBSTBESTIMMT STERBEN - GERO<\/title>\n<meta name=\"robots\" content=\"index, follow, max-snippet:-1, max-image-preview:large, max-video-preview:-1\" \/>\n<link rel=\"canonical\" href=\"https:\/\/www.gero.lu\/de\/produit\/selbstbestimmt-sterben\" \/>\n<meta property=\"og:locale\" content=\"de_DE\" \/>\n<meta property=\"og:type\" content=\"article\" \/>\n<meta property=\"og:title\" content=\"SELBSTBESTIMMT STERBEN\" \/>\n<meta property=\"og:description\" content=\"Das Gesetz von 2009 erm\u00f6glicht es kranken Menschen in Luxemburg, in verschiedenen F\u00e4llen auf eine aktive Sterbehilfe zur\u00fcckgreifen zu k\u00f6nnen. In welchen Situationen ist dies der Fall? Was ist der Unterschied zwischen dem assistierten Freitod und der Sterbehilfe? Was ist der Unterschied zwischen der Patientenverf\u00fcgung und den Bestimmungen zum Lebensende? Der Tod und das Leiden [&hellip;]\" \/>\n<meta property=\"og:url\" content=\"https:\/\/www.gero.lu\/de\/produit\/selbstbestimmt-sterben\" \/>\n<meta property=\"og:site_name\" content=\"GERO\" \/>\n<meta property=\"article:publisher\" content=\"https:\/\/www.facebook.com\/Kompetenzzenter\/\" \/>\n<meta property=\"og:image\" content=\"https:\/\/www.gero.lu\/wp-content\/uploads\/2021\/08\/gettyimages-1135289130-2048x2048_RET-1.jpg\" \/>\n\t<meta property=\"og:image:width\" content=\"1227\" \/>\n\t<meta property=\"og:image:height\" content=\"802\" \/>\n\t<meta property=\"og:image:type\" content=\"image\/jpeg\" \/>\n<meta name=\"twitter:card\" content=\"summary_large_image\" \/>\n<meta name=\"twitter:label1\" content=\"Gesch\u00e4tzte Lesezeit\" \/>\n\t<meta name=\"twitter:data1\" content=\"1\u00a0Minute\" \/>\n<script type=\"application\/ld+json\" class=\"yoast-schema-graph\">{\"@context\":\"https:\\\/\\\/schema.org\",\"@graph\":[{\"@type\":\"WebPage\",\"@id\":\"https:\\\/\\\/www.gero.lu\\\/de\\\/produit\\\/selbstbestimmt-sterben\",\"url\":\"https:\\\/\\\/www.gero.lu\\\/de\\\/produit\\\/selbstbestimmt-sterben\",\"name\":\"SELBSTBESTIMMT STERBEN - GERO\",\"isPartOf\":{\"@id\":\"https:\\\/\\\/www.gero.lu\\\/de\\\/#website\"},\"datePublished\":\"2022-02-22T14:03:38+00:00\",\"breadcrumb\":{\"@id\":\"https:\\\/\\\/www.gero.lu\\\/de\\\/produit\\\/selbstbestimmt-sterben#breadcrumb\"},\"inLanguage\":\"de\",\"potentialAction\":[{\"@type\":\"ReadAction\",\"target\":[[\"https:\\\/\\\/www.gero.lu\\\/de\\\/produit\\\/selbstbestimmt-sterben\"]]}]},{\"@type\":\"BreadcrumbList\",\"@id\":\"https:\\\/\\\/www.gero.lu\\\/de\\\/produit\\\/selbstbestimmt-sterben#breadcrumb\",\"itemListElement\":[{\"@type\":\"ListItem\",\"position\":1,\"name\":\"Accueil\",\"item\":\"https:\\\/\\\/www.gero.lu\\\/de\\\/\"},{\"@type\":\"ListItem\",\"position\":2,\"name\":\"Shop\",\"item\":\"https:\\\/\\\/www.gero.lu\\\/de\\\/shop\"},{\"@type\":\"ListItem\",\"position\":3,\"name\":\"SELBSTBESTIMMT STERBEN\"}]},{\"@type\":\"WebSite\",\"@id\":\"https:\\\/\\\/www.gero.lu\\\/de\\\/#website\",\"url\":\"https:\\\/\\\/www.gero.lu\\\/de\\\/\",\"name\":\"Gero\",\"description\":\"Kompetenzzenter fir den Alter\",\"publisher\":{\"@id\":\"https:\\\/\\\/www.gero.lu\\\/de\\\/#organization\"},\"potentialAction\":[{\"@type\":\"SearchAction\",\"target\":{\"@type\":\"EntryPoint\",\"urlTemplate\":\"https:\\\/\\\/www.gero.lu\\\/de\\\/?s={search_term_string}\"},\"query-input\":{\"@type\":\"PropertyValueSpecification\",\"valueRequired\":true,\"valueName\":\"search_term_string\"}}],\"inLanguage\":\"de\"},{\"@type\":\"Organization\",\"@id\":\"https:\\\/\\\/www.gero.lu\\\/de\\\/#organization\",\"name\":\"Gero\",\"url\":\"https:\\\/\\\/www.gero.lu\\\/de\\\/\",\"logo\":{\"@type\":\"ImageObject\",\"inLanguage\":\"de\",\"@id\":\"https:\\\/\\\/www.gero.lu\\\/de\\\/#\\\/schema\\\/logo\\\/image\\\/\",\"url\":\"https:\\\/\\\/www.gero.lu\\\/wp-content\\\/uploads\\\/2024\\\/04\\\/logo.svg\",\"contentUrl\":\"https:\\\/\\\/www.gero.lu\\\/wp-content\\\/uploads\\\/2024\\\/04\\\/logo.svg\",\"width\":76,\"height\":30,\"caption\":\"Gero\"},\"image\":{\"@id\":\"https:\\\/\\\/www.gero.lu\\\/de\\\/#\\\/schema\\\/logo\\\/image\\\/\"},\"sameAs\":[\"https:\\\/\\\/www.facebook.com\\\/Kompetenzzenter\\\/\",\"https:\\\/\\\/www.instagram.com\\\/gero.kompetenzzenter\\\/\",\"https:\\\/\\\/linkedin.com\\\/company\\\/gero-kompetenzzenter-fir-den-alter\",\"https:\\\/\\\/www.youtube.com\\\/channel\\\/UCJvmJYSeHh3dYQsLHZupj-Q\"]}]}<\/script>\n<!-- \/ Yoast SEO Premium plugin. -->","yoast_head_json":{"title":"SELBSTBESTIMMT STERBEN - GERO","robots":{"index":"index","follow":"follow","max-snippet":"max-snippet:-1","max-image-preview":"max-image-preview:large","max-video-preview":"max-video-preview:-1"},"canonical":"https:\/\/www.gero.lu\/de\/produit\/selbstbestimmt-sterben","og_locale":"de_DE","og_type":"article","og_title":"SELBSTBESTIMMT STERBEN","og_description":"Das Gesetz von 2009 erm\u00f6glicht es kranken Menschen in Luxemburg, in verschiedenen F\u00e4llen auf eine aktive Sterbehilfe zur\u00fcckgreifen zu k\u00f6nnen. In welchen Situationen ist dies der Fall? Was ist der Unterschied zwischen dem assistierten Freitod und der Sterbehilfe? Was ist der Unterschied zwischen der Patientenverf\u00fcgung und den Bestimmungen zum Lebensende? Der Tod und das Leiden [&hellip;]","og_url":"https:\/\/www.gero.lu\/de\/produit\/selbstbestimmt-sterben","og_site_name":"GERO","article_publisher":"https:\/\/www.facebook.com\/Kompetenzzenter\/","og_image":[{"width":1227,"height":802,"url":"https:\/\/www.gero.lu\/wp-content\/uploads\/2021\/08\/gettyimages-1135289130-2048x2048_RET-1.jpg","type":"image\/jpeg"}],"twitter_card":"summary_large_image","twitter_misc":{"Gesch\u00e4tzte Lesezeit":"1\u00a0Minute"},"schema":{"@context":"https:\/\/schema.org","@graph":[{"@type":"WebPage","@id":"https:\/\/www.gero.lu\/de\/produit\/selbstbestimmt-sterben","url":"https:\/\/www.gero.lu\/de\/produit\/selbstbestimmt-sterben","name":"SELBSTBESTIMMT STERBEN - GERO","isPartOf":{"@id":"https:\/\/www.gero.lu\/de\/#website"},"datePublished":"2022-02-22T14:03:38+00:00","breadcrumb":{"@id":"https:\/\/www.gero.lu\/de\/produit\/selbstbestimmt-sterben#breadcrumb"},"inLanguage":"de","potentialAction":[{"@type":"ReadAction","target":[["https:\/\/www.gero.lu\/de\/produit\/selbstbestimmt-sterben"]]}]},{"@type":"BreadcrumbList","@id":"https:\/\/www.gero.lu\/de\/produit\/selbstbestimmt-sterben#breadcrumb","itemListElement":[{"@type":"ListItem","position":1,"name":"Accueil","item":"https:\/\/www.gero.lu\/de\/"},{"@type":"ListItem","position":2,"name":"Shop","item":"https:\/\/www.gero.lu\/de\/shop"},{"@type":"ListItem","position":3,"name":"SELBSTBESTIMMT STERBEN"}]},{"@type":"WebSite","@id":"https:\/\/www.gero.lu\/de\/#website","url":"https:\/\/www.gero.lu\/de\/","name":"Gero","description":"Kompetenzzenter fir den Alter","publisher":{"@id":"https:\/\/www.gero.lu\/de\/#organization"},"potentialAction":[{"@type":"SearchAction","target":{"@type":"EntryPoint","urlTemplate":"https:\/\/www.gero.lu\/de\/?s={search_term_string}"},"query-input":{"@type":"PropertyValueSpecification","valueRequired":true,"valueName":"search_term_string"}}],"inLanguage":"de"},{"@type":"Organization","@id":"https:\/\/www.gero.lu\/de\/#organization","name":"Gero","url":"https:\/\/www.gero.lu\/de\/","logo":{"@type":"ImageObject","inLanguage":"de","@id":"https:\/\/www.gero.lu\/de\/#\/schema\/logo\/image\/","url":"https:\/\/www.gero.lu\/wp-content\/uploads\/2024\/04\/logo.svg","contentUrl":"https:\/\/www.gero.lu\/wp-content\/uploads\/2024\/04\/logo.svg","width":76,"height":30,"caption":"Gero"},"image":{"@id":"https:\/\/www.gero.lu\/de\/#\/schema\/logo\/image\/"},"sameAs":["https:\/\/www.facebook.com\/Kompetenzzenter\/","https:\/\/www.instagram.com\/gero.kompetenzzenter\/","https:\/\/linkedin.com\/company\/gero-kompetenzzenter-fir-den-alter","https:\/\/www.youtube.com\/channel\/UCJvmJYSeHh3dYQsLHZupj-Q"]}]}},"_links":{"self":[{"href":"https:\/\/www.gero.lu\/de\/wp-json\/wp\/v2\/product\/3402","targetHints":{"allow":["GET"]}}],"collection":[{"href":"https:\/\/www.gero.lu\/de\/wp-json\/wp\/v2\/product"}],"about":[{"href":"https:\/\/www.gero.lu\/de\/wp-json\/wp\/v2\/types\/product"}],"replies":[{"embeddable":true,"href":"https:\/\/www.gero.lu\/de\/wp-json\/wp\/v2\/comments?post=3402"}],"wp:attachment":[{"href":"https:\/\/www.gero.lu\/de\/wp-json\/wp\/v2\/media?parent=3402"}],"wp:term":[{"taxonomy":"product_brand","embeddable":true,"href":"https:\/\/www.gero.lu\/de\/wp-json\/wp\/v2\/product_brand?post=3402"},{"taxonomy":"product_cat","embeddable":true,"href":"https:\/\/www.gero.lu\/de\/wp-json\/wp\/v2\/product_cat?post=3402"},{"taxonomy":"product_tag","embeddable":true,"href":"https:\/\/www.gero.lu\/de\/wp-json\/wp\/v2\/product_tag?post=3402"}],"curies":[{"name":"wp","href":"https:\/\/api.w.org\/{rel}","templated":true}]}}