{"id":3380,"date":"2022-02-22T13:55:55","date_gmt":"2022-02-22T13:55:55","guid":{"rendered":"https:\/\/www.gero.lu\/produit\/depression-alterer-menschen"},"modified":"2022-06-28T11:21:38","modified_gmt":"2022-06-28T11:21:38","slug":"depression-alterer-menschen","status":"publish","type":"product","link":"https:\/\/www.gero.lu\/de\/produit\/depression-alterer-menschen","title":{"rendered":"Depression \u00e4lterer Menschen"},"content":{"rendered":"<p>Hintergr\u00fcnde und heilsamer Umgang<\/p>\n<p>Depressionen geh\u00f6ren nach Demenz zu den zweith\u00e4ufigsten Erkrankungen im h\u00f6heren Lebensalter. Sich mit diesem Thema n\u00e4her zu befassen, ist wesentlich, wenn es darum geht die Lebensfreude \u00e4lterer Menschen zu steigern bzw. zu erhalten.<\/p>\n<p>In diesem Seminar werden wir uns mit folgenden Fragen besch\u00e4ftigen:<br \/>\n\u2022\tWoran k\u00f6nnen wir erkennen, dass jemand unter Depression leidet?<\/p>\n<p>\u2022\tWorin liegen m\u00f6gliche Ursachen, Ausl\u00f6ser und Risikofaktoren?<\/p>\n<p>\u2022\tWelche Behandlungsm\u00f6glichkeiten gibt es zur Zeit?<\/p>\n<p>\u2022\tWie k\u00f6nnen Pflegende und Begleitpersonen hilfreich mit den Betroffenen umgehen? <\/p>\n<p>\u2022\tEs gibt einige \u00e4hnliche Symptome bei Depression und Demenz, worin liegen die wesentlichen Unterschiede?<\/p>\n<p>\u2022\tWorin unterscheidet sich eine sinnvolle Begleitung f\u00fcr Menschen mit Depression gegen\u00fcber Menschen mit Demenz?<\/p>\n<p>\u2022\tWelche Menschen sind besonders gef\u00e4hrdet Suizidabsichten zu entwickeln und wie verhalten wir uns am besten, wenn sie derartige Gedanken \u00e4u\u00dfern?<\/p>\n<p>\u2022\tWie k\u00f6nnen wir uns als Begleiter*innen davor sch\u00fctzen, in die \u201ed\u00fcsteren Stimmungen mit hinein zu rutschen\u201c?<\/p>\n<p>\u2022\tWas k\u00f6nnen wir dazu beitragen, dass \u00e4ltere Menschen keine Depressionen entwickeln? Welche M\u00f6glichkeiten der Pr\u00e4vention und Selbsthilfe sind besonders wirksam?<\/p>\n<p>Es werden aktuelle Informationen vermittelt und anhand von Fallbeispielen gekl\u00e4rt, welche Umgangsformen hilfreich und heilsam f\u00fcr alle Beteiligten sind.<\/p>\n","protected":false},"excerpt":{"rendered":"<p>Hintergr\u00fcnde und heilsamer Umgang Depressionen geh\u00f6ren nach Demenz zu den zweith\u00e4ufigsten Erkrankungen im h\u00f6heren Lebensalter. Sich mit diesem Thema n\u00e4her zu befassen, ist wesentlich, wenn es darum geht die Lebensfreude \u00e4lterer Menschen zu steigern bzw. zu erhalten. In diesem Seminar werden wir uns mit folgenden Fragen besch\u00e4ftigen: \u2022 Woran k\u00f6nnen wir erkennen, dass jemand unter [&hellip;]<\/p>\n","protected":false},"featured_media":0,"comment_status":"closed","ping_status":"closed","template":"","meta":{"_acf_changed":false,"inline_featured_image":false},"product_brand":[],"product_cat":[239],"product_tag":[237],"class_list":{"0":"post-3380","1":"product","2":"type-product","3":"status-publish","5":"product_cat-cours-pro","6":"product_tag-soins-encadrement-therapie-pro","8":"first","9":"instock","10":"virtual","11":"purchasable","12":"product-type-simple"},"acf":[],"yoast_head":"<!-- This site is optimized with the Yoast SEO Premium plugin v27.4 (Yoast SEO v27.5) - https:\/\/yoast.com\/product\/yoast-seo-premium-wordpress\/ -->\n<title>Depression \u00e4lterer Menschen - GERO<\/title>\n<meta name=\"robots\" content=\"index, follow, max-snippet:-1, max-image-preview:large, max-video-preview:-1\" \/>\n<link rel=\"canonical\" href=\"https:\/\/www.gero.lu\/de\/produit\/depression-alterer-menschen\" \/>\n<meta property=\"og:locale\" content=\"de_DE\" \/>\n<meta property=\"og:type\" content=\"article\" \/>\n<meta property=\"og:title\" content=\"Depression \u00e4lterer Menschen\" \/>\n<meta property=\"og:description\" content=\"Hintergr\u00fcnde und heilsamer Umgang Depressionen geh\u00f6ren nach Demenz zu den zweith\u00e4ufigsten Erkrankungen im h\u00f6heren Lebensalter. Sich mit diesem Thema n\u00e4her zu befassen, ist wesentlich, wenn es darum geht die Lebensfreude \u00e4lterer Menschen zu steigern bzw. zu erhalten. In diesem Seminar werden wir uns mit folgenden Fragen besch\u00e4ftigen: \u2022 Woran k\u00f6nnen wir erkennen, dass jemand unter [&hellip;]\" \/>\n<meta property=\"og:url\" content=\"https:\/\/www.gero.lu\/de\/produit\/depression-alterer-menschen\" \/>\n<meta property=\"og:site_name\" content=\"GERO\" \/>\n<meta property=\"article:publisher\" content=\"https:\/\/www.facebook.com\/Kompetenzzenter\/\" \/>\n<meta property=\"article:modified_time\" content=\"2022-06-28T11:21:38+00:00\" \/>\n<meta property=\"og:image\" content=\"https:\/\/www.gero.lu\/wp-content\/uploads\/2021\/08\/gettyimages-1135289130-2048x2048_RET-1.jpg\" \/>\n\t<meta property=\"og:image:width\" content=\"1227\" \/>\n\t<meta property=\"og:image:height\" content=\"802\" \/>\n\t<meta property=\"og:image:type\" content=\"image\/jpeg\" \/>\n<meta name=\"twitter:card\" content=\"summary_large_image\" \/>\n<meta name=\"twitter:label1\" content=\"Gesch\u00e4tzte Lesezeit\" \/>\n\t<meta name=\"twitter:data1\" content=\"1\u00a0Minute\" \/>\n<script type=\"application\/ld+json\" class=\"yoast-schema-graph\">{\"@context\":\"https:\\\/\\\/schema.org\",\"@graph\":[{\"@type\":\"WebPage\",\"@id\":\"https:\\\/\\\/www.gero.lu\\\/de\\\/produit\\\/depression-alterer-menschen\",\"url\":\"https:\\\/\\\/www.gero.lu\\\/de\\\/produit\\\/depression-alterer-menschen\",\"name\":\"Depression \u00e4lterer Menschen - GERO\",\"isPartOf\":{\"@id\":\"https:\\\/\\\/www.gero.lu\\\/de\\\/#website\"},\"datePublished\":\"2022-02-22T13:55:55+00:00\",\"dateModified\":\"2022-06-28T11:21:38+00:00\",\"breadcrumb\":{\"@id\":\"https:\\\/\\\/www.gero.lu\\\/de\\\/produit\\\/depression-alterer-menschen#breadcrumb\"},\"inLanguage\":\"de\",\"potentialAction\":[{\"@type\":\"ReadAction\",\"target\":[[\"https:\\\/\\\/www.gero.lu\\\/de\\\/produit\\\/depression-alterer-menschen\"]]}]},{\"@type\":\"BreadcrumbList\",\"@id\":\"https:\\\/\\\/www.gero.lu\\\/de\\\/produit\\\/depression-alterer-menschen#breadcrumb\",\"itemListElement\":[{\"@type\":\"ListItem\",\"position\":1,\"name\":\"Accueil\",\"item\":\"https:\\\/\\\/www.gero.lu\\\/de\\\/\"},{\"@type\":\"ListItem\",\"position\":2,\"name\":\"Shop\",\"item\":\"https:\\\/\\\/www.gero.lu\\\/de\\\/shop\"},{\"@type\":\"ListItem\",\"position\":3,\"name\":\"Depression \u00e4lterer Menschen\"}]},{\"@type\":\"WebSite\",\"@id\":\"https:\\\/\\\/www.gero.lu\\\/de\\\/#website\",\"url\":\"https:\\\/\\\/www.gero.lu\\\/de\\\/\",\"name\":\"Gero\",\"description\":\"Kompetenzzenter fir den Alter\",\"publisher\":{\"@id\":\"https:\\\/\\\/www.gero.lu\\\/de\\\/#organization\"},\"potentialAction\":[{\"@type\":\"SearchAction\",\"target\":{\"@type\":\"EntryPoint\",\"urlTemplate\":\"https:\\\/\\\/www.gero.lu\\\/de\\\/?s={search_term_string}\"},\"query-input\":{\"@type\":\"PropertyValueSpecification\",\"valueRequired\":true,\"valueName\":\"search_term_string\"}}],\"inLanguage\":\"de\"},{\"@type\":\"Organization\",\"@id\":\"https:\\\/\\\/www.gero.lu\\\/de\\\/#organization\",\"name\":\"Gero\",\"url\":\"https:\\\/\\\/www.gero.lu\\\/de\\\/\",\"logo\":{\"@type\":\"ImageObject\",\"inLanguage\":\"de\",\"@id\":\"https:\\\/\\\/www.gero.lu\\\/de\\\/#\\\/schema\\\/logo\\\/image\\\/\",\"url\":\"https:\\\/\\\/www.gero.lu\\\/wp-content\\\/uploads\\\/2024\\\/04\\\/logo.svg\",\"contentUrl\":\"https:\\\/\\\/www.gero.lu\\\/wp-content\\\/uploads\\\/2024\\\/04\\\/logo.svg\",\"width\":76,\"height\":30,\"caption\":\"Gero\"},\"image\":{\"@id\":\"https:\\\/\\\/www.gero.lu\\\/de\\\/#\\\/schema\\\/logo\\\/image\\\/\"},\"sameAs\":[\"https:\\\/\\\/www.facebook.com\\\/Kompetenzzenter\\\/\",\"https:\\\/\\\/www.instagram.com\\\/gero.kompetenzzenter\\\/\",\"https:\\\/\\\/linkedin.com\\\/company\\\/gero-kompetenzzenter-fir-den-alter\",\"https:\\\/\\\/www.youtube.com\\\/channel\\\/UCJvmJYSeHh3dYQsLHZupj-Q\"]}]}<\/script>\n<!-- \/ Yoast SEO Premium plugin. -->","yoast_head_json":{"title":"Depression \u00e4lterer Menschen - GERO","robots":{"index":"index","follow":"follow","max-snippet":"max-snippet:-1","max-image-preview":"max-image-preview:large","max-video-preview":"max-video-preview:-1"},"canonical":"https:\/\/www.gero.lu\/de\/produit\/depression-alterer-menschen","og_locale":"de_DE","og_type":"article","og_title":"Depression \u00e4lterer Menschen","og_description":"Hintergr\u00fcnde und heilsamer Umgang Depressionen geh\u00f6ren nach Demenz zu den zweith\u00e4ufigsten Erkrankungen im h\u00f6heren Lebensalter. Sich mit diesem Thema n\u00e4her zu befassen, ist wesentlich, wenn es darum geht die Lebensfreude \u00e4lterer Menschen zu steigern bzw. zu erhalten. In diesem Seminar werden wir uns mit folgenden Fragen besch\u00e4ftigen: \u2022 Woran k\u00f6nnen wir erkennen, dass jemand unter [&hellip;]","og_url":"https:\/\/www.gero.lu\/de\/produit\/depression-alterer-menschen","og_site_name":"GERO","article_publisher":"https:\/\/www.facebook.com\/Kompetenzzenter\/","article_modified_time":"2022-06-28T11:21:38+00:00","og_image":[{"width":1227,"height":802,"url":"https:\/\/www.gero.lu\/wp-content\/uploads\/2021\/08\/gettyimages-1135289130-2048x2048_RET-1.jpg","type":"image\/jpeg"}],"twitter_card":"summary_large_image","twitter_misc":{"Gesch\u00e4tzte Lesezeit":"1\u00a0Minute"},"schema":{"@context":"https:\/\/schema.org","@graph":[{"@type":"WebPage","@id":"https:\/\/www.gero.lu\/de\/produit\/depression-alterer-menschen","url":"https:\/\/www.gero.lu\/de\/produit\/depression-alterer-menschen","name":"Depression \u00e4lterer Menschen - GERO","isPartOf":{"@id":"https:\/\/www.gero.lu\/de\/#website"},"datePublished":"2022-02-22T13:55:55+00:00","dateModified":"2022-06-28T11:21:38+00:00","breadcrumb":{"@id":"https:\/\/www.gero.lu\/de\/produit\/depression-alterer-menschen#breadcrumb"},"inLanguage":"de","potentialAction":[{"@type":"ReadAction","target":[["https:\/\/www.gero.lu\/de\/produit\/depression-alterer-menschen"]]}]},{"@type":"BreadcrumbList","@id":"https:\/\/www.gero.lu\/de\/produit\/depression-alterer-menschen#breadcrumb","itemListElement":[{"@type":"ListItem","position":1,"name":"Accueil","item":"https:\/\/www.gero.lu\/de\/"},{"@type":"ListItem","position":2,"name":"Shop","item":"https:\/\/www.gero.lu\/de\/shop"},{"@type":"ListItem","position":3,"name":"Depression \u00e4lterer Menschen"}]},{"@type":"WebSite","@id":"https:\/\/www.gero.lu\/de\/#website","url":"https:\/\/www.gero.lu\/de\/","name":"Gero","description":"Kompetenzzenter fir den Alter","publisher":{"@id":"https:\/\/www.gero.lu\/de\/#organization"},"potentialAction":[{"@type":"SearchAction","target":{"@type":"EntryPoint","urlTemplate":"https:\/\/www.gero.lu\/de\/?s={search_term_string}"},"query-input":{"@type":"PropertyValueSpecification","valueRequired":true,"valueName":"search_term_string"}}],"inLanguage":"de"},{"@type":"Organization","@id":"https:\/\/www.gero.lu\/de\/#organization","name":"Gero","url":"https:\/\/www.gero.lu\/de\/","logo":{"@type":"ImageObject","inLanguage":"de","@id":"https:\/\/www.gero.lu\/de\/#\/schema\/logo\/image\/","url":"https:\/\/www.gero.lu\/wp-content\/uploads\/2024\/04\/logo.svg","contentUrl":"https:\/\/www.gero.lu\/wp-content\/uploads\/2024\/04\/logo.svg","width":76,"height":30,"caption":"Gero"},"image":{"@id":"https:\/\/www.gero.lu\/de\/#\/schema\/logo\/image\/"},"sameAs":["https:\/\/www.facebook.com\/Kompetenzzenter\/","https:\/\/www.instagram.com\/gero.kompetenzzenter\/","https:\/\/linkedin.com\/company\/gero-kompetenzzenter-fir-den-alter","https:\/\/www.youtube.com\/channel\/UCJvmJYSeHh3dYQsLHZupj-Q"]}]}},"_links":{"self":[{"href":"https:\/\/www.gero.lu\/de\/wp-json\/wp\/v2\/product\/3380","targetHints":{"allow":["GET"]}}],"collection":[{"href":"https:\/\/www.gero.lu\/de\/wp-json\/wp\/v2\/product"}],"about":[{"href":"https:\/\/www.gero.lu\/de\/wp-json\/wp\/v2\/types\/product"}],"replies":[{"embeddable":true,"href":"https:\/\/www.gero.lu\/de\/wp-json\/wp\/v2\/comments?post=3380"}],"wp:attachment":[{"href":"https:\/\/www.gero.lu\/de\/wp-json\/wp\/v2\/media?parent=3380"}],"wp:term":[{"taxonomy":"product_brand","embeddable":true,"href":"https:\/\/www.gero.lu\/de\/wp-json\/wp\/v2\/product_brand?post=3380"},{"taxonomy":"product_cat","embeddable":true,"href":"https:\/\/www.gero.lu\/de\/wp-json\/wp\/v2\/product_cat?post=3380"},{"taxonomy":"product_tag","embeddable":true,"href":"https:\/\/www.gero.lu\/de\/wp-json\/wp\/v2\/product_tag?post=3380"}],"curies":[{"name":"wp","href":"https:\/\/api.w.org\/{rel}","templated":true}]}}