{"id":3374,"date":"2022-02-22T13:55:53","date_gmt":"2022-02-22T13:55:53","guid":{"rendered":"https:\/\/www.gero.lu\/produit\/leadership-modul1-die-rolle-der-fuhrungskraft"},"modified":"2022-02-22T13:55:53","modified_gmt":"2022-02-22T13:55:53","slug":"leadership-modul1-die-rolle-der-fuhrungskraft","status":"publish","type":"product","link":"https:\/\/www.gero.lu\/de\/produit\/leadership-modul1-die-rolle-der-fuhrungskraft","title":{"rendered":"Leadership Modul1 &#8211; Die Rolle der F\u00fchrungskraft"},"content":{"rendered":"<p>Ausgehend von pers\u00f6nlichen Erfahrungen und basierend auf die heutige Philosophie des Managements reflektieren junge oder angehende F\u00fchrungskr\u00e4fte und Teamleiter, welche Charakteristika und Kompetenzen eine gute F\u00fchrungskraft kennzeichnen und welche Erwartungen an sie gestellt werden.<br \/>\nWie den externen und pers\u00f6nlichen Erwartungen gerecht werden, Wachsen in die eigene Rolle und die t\u00e4gliche F\u00fchrungsarbeit sind Themen dieses Tages.<\/p>\n<p>In diesem Seminar werden wir uns mit folgenden Fragen besch\u00e4ftigen:<\/p>\n<p>\u2022\tMein Konzept von F\u00fchrung<br \/>\n\u2022\tMeine Pers\u00f6nlichkeit<br \/>\n\u2022\tVorstellungen von Macht und Machtpositionen<br \/>\n\u2022\tKlarheiten \u00fcber die eigene Rolle<br \/>\n\u2022\tF\u00fchrungsst\u00e4rken und Entwicklungspotentiale<br \/>\n\u2022\tF\u00fchrungsstil und Effizienz<br \/>\n\u2022\tVom kooperativen \u00fcber den situativen zum individuellen F\u00fchrungsstil<br \/>\n\u2022\tSicherheit in der F\u00fchrungskompetenz<\/p>\n","protected":false},"excerpt":{"rendered":"<p>Ausgehend von pers\u00f6nlichen Erfahrungen und basierend auf die heutige Philosophie des Managements reflektieren junge oder angehende F\u00fchrungskr\u00e4fte und Teamleiter, welche Charakteristika und Kompetenzen eine gute F\u00fchrungskraft kennzeichnen und welche Erwartungen an sie gestellt werden. Wie den externen und pers\u00f6nlichen Erwartungen gerecht werden, Wachsen in die eigene Rolle und die t\u00e4gliche F\u00fchrungsarbeit sind Themen dieses Tages. [&hellip;]<\/p>\n","protected":false},"featured_media":0,"comment_status":"","ping_status":"closed","template":"","meta":{"_acf_changed":false,"inline_featured_image":false},"product_brand":[],"product_cat":[239],"product_tag":[233],"class_list":{"0":"post-3374","1":"product","2":"type-product","3":"status-publish","5":"product_cat-cours-pro","6":"product_tag-management-leadership-pro","8":"first","9":"instock","10":"virtual","11":"purchasable","12":"product-type-simple"},"acf":[],"yoast_head":"<!-- This site is optimized with the Yoast SEO Premium plugin v27.4 (Yoast SEO v27.5) - https:\/\/yoast.com\/product\/yoast-seo-premium-wordpress\/ -->\n<title>Leadership Modul1 - Die Rolle der F\u00fchrungskraft - GERO<\/title>\n<meta name=\"robots\" content=\"index, follow, max-snippet:-1, max-image-preview:large, max-video-preview:-1\" \/>\n<link rel=\"canonical\" href=\"https:\/\/www.gero.lu\/de\/produit\/leadership-modul1-die-rolle-der-fuhrungskraft\" \/>\n<meta property=\"og:locale\" content=\"de_DE\" \/>\n<meta property=\"og:type\" content=\"article\" \/>\n<meta property=\"og:title\" content=\"Leadership Modul1 - Die Rolle der F\u00fchrungskraft\" \/>\n<meta property=\"og:description\" content=\"Ausgehend von pers\u00f6nlichen Erfahrungen und basierend auf die heutige Philosophie des Managements reflektieren junge oder angehende F\u00fchrungskr\u00e4fte und Teamleiter, welche Charakteristika und Kompetenzen eine gute F\u00fchrungskraft kennzeichnen und welche Erwartungen an sie gestellt werden. Wie den externen und pers\u00f6nlichen Erwartungen gerecht werden, Wachsen in die eigene Rolle und die t\u00e4gliche F\u00fchrungsarbeit sind Themen dieses Tages. [&hellip;]\" \/>\n<meta property=\"og:url\" content=\"https:\/\/www.gero.lu\/de\/produit\/leadership-modul1-die-rolle-der-fuhrungskraft\" \/>\n<meta property=\"og:site_name\" content=\"GERO\" \/>\n<meta property=\"article:publisher\" content=\"https:\/\/www.facebook.com\/Kompetenzzenter\/\" \/>\n<meta property=\"og:image\" content=\"https:\/\/www.gero.lu\/wp-content\/uploads\/2021\/08\/gettyimages-1135289130-2048x2048_RET-1.jpg\" \/>\n\t<meta property=\"og:image:width\" content=\"1227\" \/>\n\t<meta property=\"og:image:height\" content=\"802\" \/>\n\t<meta property=\"og:image:type\" content=\"image\/jpeg\" \/>\n<meta name=\"twitter:card\" content=\"summary_large_image\" \/>\n<meta name=\"twitter:label1\" content=\"Gesch\u00e4tzte Lesezeit\" \/>\n\t<meta name=\"twitter:data1\" content=\"1\u00a0Minute\" \/>\n<script type=\"application\/ld+json\" class=\"yoast-schema-graph\">{\"@context\":\"https:\\\/\\\/schema.org\",\"@graph\":[{\"@type\":\"WebPage\",\"@id\":\"https:\\\/\\\/www.gero.lu\\\/de\\\/produit\\\/leadership-modul1-die-rolle-der-fuhrungskraft\",\"url\":\"https:\\\/\\\/www.gero.lu\\\/de\\\/produit\\\/leadership-modul1-die-rolle-der-fuhrungskraft\",\"name\":\"Leadership Modul1 - Die Rolle der F\u00fchrungskraft - GERO\",\"isPartOf\":{\"@id\":\"https:\\\/\\\/www.gero.lu\\\/de\\\/#website\"},\"datePublished\":\"2022-02-22T13:55:53+00:00\",\"breadcrumb\":{\"@id\":\"https:\\\/\\\/www.gero.lu\\\/de\\\/produit\\\/leadership-modul1-die-rolle-der-fuhrungskraft#breadcrumb\"},\"inLanguage\":\"de\",\"potentialAction\":[{\"@type\":\"ReadAction\",\"target\":[[\"https:\\\/\\\/www.gero.lu\\\/de\\\/produit\\\/leadership-modul1-die-rolle-der-fuhrungskraft\"]]}]},{\"@type\":\"BreadcrumbList\",\"@id\":\"https:\\\/\\\/www.gero.lu\\\/de\\\/produit\\\/leadership-modul1-die-rolle-der-fuhrungskraft#breadcrumb\",\"itemListElement\":[{\"@type\":\"ListItem\",\"position\":1,\"name\":\"Accueil\",\"item\":\"https:\\\/\\\/www.gero.lu\\\/de\\\/\"},{\"@type\":\"ListItem\",\"position\":2,\"name\":\"Shop\",\"item\":\"https:\\\/\\\/www.gero.lu\\\/de\\\/shop\"},{\"@type\":\"ListItem\",\"position\":3,\"name\":\"Leadership Modul1 &#8211; Die Rolle der F\u00fchrungskraft\"}]},{\"@type\":\"WebSite\",\"@id\":\"https:\\\/\\\/www.gero.lu\\\/de\\\/#website\",\"url\":\"https:\\\/\\\/www.gero.lu\\\/de\\\/\",\"name\":\"Gero\",\"description\":\"Kompetenzzenter fir den Alter\",\"publisher\":{\"@id\":\"https:\\\/\\\/www.gero.lu\\\/de\\\/#organization\"},\"potentialAction\":[{\"@type\":\"SearchAction\",\"target\":{\"@type\":\"EntryPoint\",\"urlTemplate\":\"https:\\\/\\\/www.gero.lu\\\/de\\\/?s={search_term_string}\"},\"query-input\":{\"@type\":\"PropertyValueSpecification\",\"valueRequired\":true,\"valueName\":\"search_term_string\"}}],\"inLanguage\":\"de\"},{\"@type\":\"Organization\",\"@id\":\"https:\\\/\\\/www.gero.lu\\\/de\\\/#organization\",\"name\":\"Gero\",\"url\":\"https:\\\/\\\/www.gero.lu\\\/de\\\/\",\"logo\":{\"@type\":\"ImageObject\",\"inLanguage\":\"de\",\"@id\":\"https:\\\/\\\/www.gero.lu\\\/de\\\/#\\\/schema\\\/logo\\\/image\\\/\",\"url\":\"https:\\\/\\\/www.gero.lu\\\/wp-content\\\/uploads\\\/2024\\\/04\\\/logo.svg\",\"contentUrl\":\"https:\\\/\\\/www.gero.lu\\\/wp-content\\\/uploads\\\/2024\\\/04\\\/logo.svg\",\"width\":76,\"height\":30,\"caption\":\"Gero\"},\"image\":{\"@id\":\"https:\\\/\\\/www.gero.lu\\\/de\\\/#\\\/schema\\\/logo\\\/image\\\/\"},\"sameAs\":[\"https:\\\/\\\/www.facebook.com\\\/Kompetenzzenter\\\/\",\"https:\\\/\\\/www.instagram.com\\\/gero.kompetenzzenter\\\/\",\"https:\\\/\\\/linkedin.com\\\/company\\\/gero-kompetenzzenter-fir-den-alter\",\"https:\\\/\\\/www.youtube.com\\\/channel\\\/UCJvmJYSeHh3dYQsLHZupj-Q\"]}]}<\/script>\n<!-- \/ Yoast SEO Premium plugin. -->","yoast_head_json":{"title":"Leadership Modul1 - Die Rolle der F\u00fchrungskraft - GERO","robots":{"index":"index","follow":"follow","max-snippet":"max-snippet:-1","max-image-preview":"max-image-preview:large","max-video-preview":"max-video-preview:-1"},"canonical":"https:\/\/www.gero.lu\/de\/produit\/leadership-modul1-die-rolle-der-fuhrungskraft","og_locale":"de_DE","og_type":"article","og_title":"Leadership Modul1 - Die Rolle der F\u00fchrungskraft","og_description":"Ausgehend von pers\u00f6nlichen Erfahrungen und basierend auf die heutige Philosophie des Managements reflektieren junge oder angehende F\u00fchrungskr\u00e4fte und Teamleiter, welche Charakteristika und Kompetenzen eine gute F\u00fchrungskraft kennzeichnen und welche Erwartungen an sie gestellt werden. Wie den externen und pers\u00f6nlichen Erwartungen gerecht werden, Wachsen in die eigene Rolle und die t\u00e4gliche F\u00fchrungsarbeit sind Themen dieses Tages. [&hellip;]","og_url":"https:\/\/www.gero.lu\/de\/produit\/leadership-modul1-die-rolle-der-fuhrungskraft","og_site_name":"GERO","article_publisher":"https:\/\/www.facebook.com\/Kompetenzzenter\/","og_image":[{"width":1227,"height":802,"url":"https:\/\/www.gero.lu\/wp-content\/uploads\/2021\/08\/gettyimages-1135289130-2048x2048_RET-1.jpg","type":"image\/jpeg"}],"twitter_card":"summary_large_image","twitter_misc":{"Gesch\u00e4tzte Lesezeit":"1\u00a0Minute"},"schema":{"@context":"https:\/\/schema.org","@graph":[{"@type":"WebPage","@id":"https:\/\/www.gero.lu\/de\/produit\/leadership-modul1-die-rolle-der-fuhrungskraft","url":"https:\/\/www.gero.lu\/de\/produit\/leadership-modul1-die-rolle-der-fuhrungskraft","name":"Leadership Modul1 - Die Rolle der F\u00fchrungskraft - GERO","isPartOf":{"@id":"https:\/\/www.gero.lu\/de\/#website"},"datePublished":"2022-02-22T13:55:53+00:00","breadcrumb":{"@id":"https:\/\/www.gero.lu\/de\/produit\/leadership-modul1-die-rolle-der-fuhrungskraft#breadcrumb"},"inLanguage":"de","potentialAction":[{"@type":"ReadAction","target":[["https:\/\/www.gero.lu\/de\/produit\/leadership-modul1-die-rolle-der-fuhrungskraft"]]}]},{"@type":"BreadcrumbList","@id":"https:\/\/www.gero.lu\/de\/produit\/leadership-modul1-die-rolle-der-fuhrungskraft#breadcrumb","itemListElement":[{"@type":"ListItem","position":1,"name":"Accueil","item":"https:\/\/www.gero.lu\/de\/"},{"@type":"ListItem","position":2,"name":"Shop","item":"https:\/\/www.gero.lu\/de\/shop"},{"@type":"ListItem","position":3,"name":"Leadership Modul1 &#8211; Die Rolle der F\u00fchrungskraft"}]},{"@type":"WebSite","@id":"https:\/\/www.gero.lu\/de\/#website","url":"https:\/\/www.gero.lu\/de\/","name":"Gero","description":"Kompetenzzenter fir den Alter","publisher":{"@id":"https:\/\/www.gero.lu\/de\/#organization"},"potentialAction":[{"@type":"SearchAction","target":{"@type":"EntryPoint","urlTemplate":"https:\/\/www.gero.lu\/de\/?s={search_term_string}"},"query-input":{"@type":"PropertyValueSpecification","valueRequired":true,"valueName":"search_term_string"}}],"inLanguage":"de"},{"@type":"Organization","@id":"https:\/\/www.gero.lu\/de\/#organization","name":"Gero","url":"https:\/\/www.gero.lu\/de\/","logo":{"@type":"ImageObject","inLanguage":"de","@id":"https:\/\/www.gero.lu\/de\/#\/schema\/logo\/image\/","url":"https:\/\/www.gero.lu\/wp-content\/uploads\/2024\/04\/logo.svg","contentUrl":"https:\/\/www.gero.lu\/wp-content\/uploads\/2024\/04\/logo.svg","width":76,"height":30,"caption":"Gero"},"image":{"@id":"https:\/\/www.gero.lu\/de\/#\/schema\/logo\/image\/"},"sameAs":["https:\/\/www.facebook.com\/Kompetenzzenter\/","https:\/\/www.instagram.com\/gero.kompetenzzenter\/","https:\/\/linkedin.com\/company\/gero-kompetenzzenter-fir-den-alter","https:\/\/www.youtube.com\/channel\/UCJvmJYSeHh3dYQsLHZupj-Q"]}]}},"_links":{"self":[{"href":"https:\/\/www.gero.lu\/de\/wp-json\/wp\/v2\/product\/3374","targetHints":{"allow":["GET"]}}],"collection":[{"href":"https:\/\/www.gero.lu\/de\/wp-json\/wp\/v2\/product"}],"about":[{"href":"https:\/\/www.gero.lu\/de\/wp-json\/wp\/v2\/types\/product"}],"replies":[{"embeddable":true,"href":"https:\/\/www.gero.lu\/de\/wp-json\/wp\/v2\/comments?post=3374"}],"wp:attachment":[{"href":"https:\/\/www.gero.lu\/de\/wp-json\/wp\/v2\/media?parent=3374"}],"wp:term":[{"taxonomy":"product_brand","embeddable":true,"href":"https:\/\/www.gero.lu\/de\/wp-json\/wp\/v2\/product_brand?post=3374"},{"taxonomy":"product_cat","embeddable":true,"href":"https:\/\/www.gero.lu\/de\/wp-json\/wp\/v2\/product_cat?post=3374"},{"taxonomy":"product_tag","embeddable":true,"href":"https:\/\/www.gero.lu\/de\/wp-json\/wp\/v2\/product_tag?post=3374"}],"curies":[{"name":"wp","href":"https:\/\/api.w.org\/{rel}","templated":true}]}}