{"id":11918,"date":"2026-08-27T09:30:13","date_gmt":"2026-08-27T09:30:13","guid":{"rendered":"https:\/\/www.gero.lu\/produit\/der-korper-als-begleiter-eine-reise-zu-mehr-korperverbundenheit"},"modified":"2026-08-27T09:30:13","modified_gmt":"2026-08-27T09:30:13","slug":"der-korper-als-begleiter-eine-reise-zu-mehr-korperverbundenheit","status":"publish","type":"product","link":"https:\/\/www.gero.lu\/de\/produit\/der-korper-als-begleiter-eine-reise-zu-mehr-korperverbundenheit","title":{"rendered":"Der K\u00f6rper als Begleiter \u2013 eine Reise zu mehr K\u00f6rperverbundenheit"},"content":{"rendered":"<p>Wie k\u00f6nnen wir unserem K\u00f6rper auch in Zeiten der Ver\u00e4nderung mit mehr Wertsch\u00e4tzung, Vertrauen und Freundlichkeit begegnen? In diesem dreiteiligen Workshop unter der Leitung der diplomierten Psychologin Natacha Stevenin entdecken wir unseren K\u00f6rper neu und st\u00e4rken die Verbindung zu ihm \u2013 mit psychologischen Impulsen, Meditation, sanfter Bewegung und kreativen \u00dcbungen. Es geht nicht um Leistung oder darum, etwas ver\u00e4ndern zu m\u00fcssen, sondern darum, sich im eigenen K\u00f6rper wieder mehr zu Hause zu f\u00fchlen.<\/p>\n<p>\u2022 \u201eWahrnehmen (17. November): Was pr\u00e4gt meinen Blick auf meinen K\u00f6rper? \u201c Wir entdecken, wie Erfahrungen und innere \u00dcberzeugungen unsere K\u00f6rperwahrnehmung beeinflussen, und schaffen Raum f\u00fcr neue, freundlichere Perspektiven.<\/p>\n<p>\u2022 \u201eSp\u00fcren (24. November): Meinem K\u00f6rper wieder zuh\u00f6ren\u201c Durch Meditation und intuitive, sanfte Bewegungen kommen wir vom Denken ins Sp\u00fcren und Entdecken den K\u00f6rper als Quelle von Vertrauen und Lebendigkeit.<\/p>\n<p>\u2022 \u201eAusdr\u00fccken (1. Dezember): Was m\u00f6chte ich meinem K\u00f6rper sagen?\u201c Mit Meditation, intuitivem Schreiben und kreativen \u00dcbungen geben wir unserer Beziehung zum eigenen K\u00f6rper eine pers\u00f6nliche Stimme und richten den Blick auf Wertsch\u00e4tzung und Selbstmitgef\u00fchl.<\/p>\n","protected":false},"excerpt":{"rendered":"<p>Wie k\u00f6nnen wir unserem K\u00f6rper auch in Zeiten der Ver\u00e4nderung mit mehr Wertsch\u00e4tzung, Vertrauen und Freundlichkeit begegnen? In diesem dreiteiligen Workshop unter der Leitung der diplomierten Psychologin Natacha Stevenin entdecken wir unseren K\u00f6rper neu und st\u00e4rken die Verbindung zu ihm \u2013 mit psychologischen Impulsen, Meditation, sanfter Bewegung und kreativen \u00dcbungen. Es geht nicht um Leistung [&hellip;]<\/p>\n","protected":false},"featured_media":0,"comment_status":"","ping_status":"closed","template":"","meta":{"_acf_changed":false,"inline_featured_image":false},"product_brand":[],"product_cat":[229],"product_tag":[203],"class_list":["post-11918","product","type-product","status-publish","product_cat-workshop","product_tag-connaissance-de-vie-senior","first","instock","virtual","purchasable","product-type-simple"],"acf":[],"yoast_head":"<!-- This site is optimized with the Yoast SEO Premium plugin v28.3 (Yoast SEO v28.3) - https:\/\/yoast.com\/product\/yoast-seo-premium-wordpress\/ -->\n<title>Der K\u00f6rper als Begleiter \u2013 eine Reise zu mehr K\u00f6rperverbundenheit - GERO<\/title>\n<meta name=\"robots\" content=\"index, follow, max-snippet:-1, max-image-preview:large, max-video-preview:-1\" \/>\n<link rel=\"canonical\" href=\"https:\/\/www.gero.lu\/de\/produit\/der-korper-als-begleiter-eine-reise-zu-mehr-korperverbundenheit\" \/>\n<meta property=\"og:locale\" content=\"de_DE\" \/>\n<meta property=\"og:type\" content=\"article\" \/>\n<meta property=\"og:title\" content=\"Der K\u00f6rper als Begleiter \u2013 eine Reise zu mehr K\u00f6rperverbundenheit\" \/>\n<meta property=\"og:description\" content=\"Wie k\u00f6nnen wir unserem K\u00f6rper auch in Zeiten der Ver\u00e4nderung mit mehr Wertsch\u00e4tzung, Vertrauen und Freundlichkeit begegnen? In diesem dreiteiligen Workshop unter der Leitung der diplomierten Psychologin Natacha Stevenin entdecken wir unseren K\u00f6rper neu und st\u00e4rken die Verbindung zu ihm \u2013 mit psychologischen Impulsen, Meditation, sanfter Bewegung und kreativen \u00dcbungen. Es geht nicht um Leistung [&hellip;]\" \/>\n<meta property=\"og:url\" content=\"https:\/\/www.gero.lu\/de\/produit\/der-korper-als-begleiter-eine-reise-zu-mehr-korperverbundenheit\" \/>\n<meta property=\"og:site_name\" content=\"GERO\" \/>\n<meta property=\"article:publisher\" content=\"https:\/\/www.facebook.com\/Kompetenzzenter\/\" \/>\n<meta property=\"og:image\" content=\"https:\/\/www.gero.lu\/wp-content\/uploads\/2021\/08\/gettyimages-1135289130-2048x2048_RET-1.jpg\" \/>\n\t<meta property=\"og:image:width\" content=\"1227\" \/>\n\t<meta property=\"og:image:height\" content=\"802\" \/>\n\t<meta property=\"og:image:type\" content=\"image\/jpeg\" \/>\n<meta name=\"twitter:card\" content=\"summary_large_image\" \/>\n<meta name=\"twitter:label1\" content=\"Gesch\u00e4tzte Lesezeit\" \/>\n\t<meta name=\"twitter:data1\" content=\"1\u00a0Minute\" \/>\n<script type=\"application\/ld+json\" class=\"yoast-schema-graph\">{\"@context\":\"https:\\\/\\\/schema.org\",\"@graph\":[{\"@type\":\"WebPage\",\"@id\":\"https:\\\/\\\/www.gero.lu\\\/de\\\/produit\\\/der-korper-als-begleiter-eine-reise-zu-mehr-korperverbundenheit\",\"url\":\"https:\\\/\\\/www.gero.lu\\\/de\\\/produit\\\/der-korper-als-begleiter-eine-reise-zu-mehr-korperverbundenheit\",\"name\":\"Der K\u00f6rper als Begleiter \u2013 eine Reise zu mehr K\u00f6rperverbundenheit - GERO\",\"isPartOf\":{\"@id\":\"https:\\\/\\\/www.gero.lu\\\/de\\\/#website\"},\"datePublished\":\"2026-08-27T09:30:13+00:00\",\"breadcrumb\":{\"@id\":\"https:\\\/\\\/www.gero.lu\\\/de\\\/produit\\\/der-korper-als-begleiter-eine-reise-zu-mehr-korperverbundenheit#breadcrumb\"},\"inLanguage\":\"de\",\"potentialAction\":[{\"@type\":\"ReadAction\",\"target\":[[\"https:\\\/\\\/www.gero.lu\\\/de\\\/produit\\\/der-korper-als-begleiter-eine-reise-zu-mehr-korperverbundenheit\"]]}]},{\"@type\":\"BreadcrumbList\",\"@id\":\"https:\\\/\\\/www.gero.lu\\\/de\\\/produit\\\/der-korper-als-begleiter-eine-reise-zu-mehr-korperverbundenheit#breadcrumb\",\"itemListElement\":[{\"@type\":\"ListItem\",\"position\":1,\"name\":\"Accueil\",\"item\":\"https:\\\/\\\/www.gero.lu\\\/de\\\/\"},{\"@type\":\"ListItem\",\"position\":2,\"name\":\"Shop\",\"item\":\"https:\\\/\\\/www.gero.lu\\\/de\\\/shop\"},{\"@type\":\"ListItem\",\"position\":3,\"name\":\"Der K\u00f6rper als Begleiter \u2013 eine Reise zu mehr K\u00f6rperverbundenheit\"}]},{\"@type\":\"WebSite\",\"@id\":\"https:\\\/\\\/www.gero.lu\\\/de\\\/#website\",\"url\":\"https:\\\/\\\/www.gero.lu\\\/de\\\/\",\"name\":\"Gero\",\"description\":\"Kompetenzzenter fir den Alter\",\"publisher\":{\"@id\":\"https:\\\/\\\/www.gero.lu\\\/de\\\/#organization\"},\"potentialAction\":[{\"@type\":\"SearchAction\",\"target\":{\"@type\":\"EntryPoint\",\"urlTemplate\":\"https:\\\/\\\/www.gero.lu\\\/de\\\/?s={search_term_string}\"},\"query-input\":{\"@type\":\"PropertyValueSpecification\",\"valueRequired\":true,\"valueName\":\"search_term_string\"}}],\"inLanguage\":\"de\"},{\"@type\":\"Organization\",\"@id\":\"https:\\\/\\\/www.gero.lu\\\/de\\\/#organization\",\"name\":\"Gero\",\"url\":\"https:\\\/\\\/www.gero.lu\\\/de\\\/\",\"logo\":{\"@type\":\"ImageObject\",\"inLanguage\":\"de\",\"@id\":\"https:\\\/\\\/www.gero.lu\\\/de\\\/#\\\/schema\\\/logo\\\/image\\\/\",\"url\":\"https:\\\/\\\/www.gero.lu\\\/wp-content\\\/uploads\\\/2024\\\/04\\\/logo.svg\",\"contentUrl\":\"https:\\\/\\\/www.gero.lu\\\/wp-content\\\/uploads\\\/2024\\\/04\\\/logo.svg\",\"width\":76,\"height\":30,\"caption\":\"Gero\"},\"image\":{\"@id\":\"https:\\\/\\\/www.gero.lu\\\/de\\\/#\\\/schema\\\/logo\\\/image\\\/\"},\"sameAs\":[\"https:\\\/\\\/www.facebook.com\\\/Kompetenzzenter\\\/\",\"https:\\\/\\\/www.instagram.com\\\/gero.kompetenzzenter\\\/\",\"https:\\\/\\\/linkedin.com\\\/company\\\/gero-kompetenzzenter-fir-den-alter\",\"https:\\\/\\\/www.youtube.com\\\/channel\\\/UCJvmJYSeHh3dYQsLHZupj-Q\"]}]}<\/script>\n<!-- \/ Yoast SEO Premium plugin. -->","yoast_head_json":{"title":"Der K\u00f6rper als Begleiter \u2013 eine Reise zu mehr K\u00f6rperverbundenheit - GERO","robots":{"index":"index","follow":"follow","max-snippet":"max-snippet:-1","max-image-preview":"max-image-preview:large","max-video-preview":"max-video-preview:-1"},"canonical":"https:\/\/www.gero.lu\/de\/produit\/der-korper-als-begleiter-eine-reise-zu-mehr-korperverbundenheit","og_locale":"de_DE","og_type":"article","og_title":"Der K\u00f6rper als Begleiter \u2013 eine Reise zu mehr K\u00f6rperverbundenheit","og_description":"Wie k\u00f6nnen wir unserem K\u00f6rper auch in Zeiten der Ver\u00e4nderung mit mehr Wertsch\u00e4tzung, Vertrauen und Freundlichkeit begegnen? In diesem dreiteiligen Workshop unter der Leitung der diplomierten Psychologin Natacha Stevenin entdecken wir unseren K\u00f6rper neu und st\u00e4rken die Verbindung zu ihm \u2013 mit psychologischen Impulsen, Meditation, sanfter Bewegung und kreativen \u00dcbungen. Es geht nicht um Leistung [&hellip;]","og_url":"https:\/\/www.gero.lu\/de\/produit\/der-korper-als-begleiter-eine-reise-zu-mehr-korperverbundenheit","og_site_name":"GERO","article_publisher":"https:\/\/www.facebook.com\/Kompetenzzenter\/","og_image":[{"width":1227,"height":802,"url":"https:\/\/www.gero.lu\/wp-content\/uploads\/2021\/08\/gettyimages-1135289130-2048x2048_RET-1.jpg","type":"image\/jpeg"}],"twitter_card":"summary_large_image","twitter_misc":{"Gesch\u00e4tzte Lesezeit":"1\u00a0Minute"},"schema":{"@context":"https:\/\/schema.org","@graph":[{"@type":"WebPage","@id":"https:\/\/www.gero.lu\/de\/produit\/der-korper-als-begleiter-eine-reise-zu-mehr-korperverbundenheit","url":"https:\/\/www.gero.lu\/de\/produit\/der-korper-als-begleiter-eine-reise-zu-mehr-korperverbundenheit","name":"Der K\u00f6rper als Begleiter \u2013 eine Reise zu mehr K\u00f6rperverbundenheit - GERO","isPartOf":{"@id":"https:\/\/www.gero.lu\/de\/#website"},"datePublished":"2026-08-27T09:30:13+00:00","breadcrumb":{"@id":"https:\/\/www.gero.lu\/de\/produit\/der-korper-als-begleiter-eine-reise-zu-mehr-korperverbundenheit#breadcrumb"},"inLanguage":"de","potentialAction":[{"@type":"ReadAction","target":[["https:\/\/www.gero.lu\/de\/produit\/der-korper-als-begleiter-eine-reise-zu-mehr-korperverbundenheit"]]}]},{"@type":"BreadcrumbList","@id":"https:\/\/www.gero.lu\/de\/produit\/der-korper-als-begleiter-eine-reise-zu-mehr-korperverbundenheit#breadcrumb","itemListElement":[{"@type":"ListItem","position":1,"name":"Accueil","item":"https:\/\/www.gero.lu\/de\/"},{"@type":"ListItem","position":2,"name":"Shop","item":"https:\/\/www.gero.lu\/de\/shop"},{"@type":"ListItem","position":3,"name":"Der K\u00f6rper als Begleiter \u2013 eine Reise zu mehr K\u00f6rperverbundenheit"}]},{"@type":"WebSite","@id":"https:\/\/www.gero.lu\/de\/#website","url":"https:\/\/www.gero.lu\/de\/","name":"Gero","description":"Kompetenzzenter fir den Alter","publisher":{"@id":"https:\/\/www.gero.lu\/de\/#organization"},"potentialAction":[{"@type":"SearchAction","target":{"@type":"EntryPoint","urlTemplate":"https:\/\/www.gero.lu\/de\/?s={search_term_string}"},"query-input":{"@type":"PropertyValueSpecification","valueRequired":true,"valueName":"search_term_string"}}],"inLanguage":"de"},{"@type":"Organization","@id":"https:\/\/www.gero.lu\/de\/#organization","name":"Gero","url":"https:\/\/www.gero.lu\/de\/","logo":{"@type":"ImageObject","inLanguage":"de","@id":"https:\/\/www.gero.lu\/de\/#\/schema\/logo\/image\/","url":"https:\/\/www.gero.lu\/wp-content\/uploads\/2024\/04\/logo.svg","contentUrl":"https:\/\/www.gero.lu\/wp-content\/uploads\/2024\/04\/logo.svg","width":76,"height":30,"caption":"Gero"},"image":{"@id":"https:\/\/www.gero.lu\/de\/#\/schema\/logo\/image\/"},"sameAs":["https:\/\/www.facebook.com\/Kompetenzzenter\/","https:\/\/www.instagram.com\/gero.kompetenzzenter\/","https:\/\/linkedin.com\/company\/gero-kompetenzzenter-fir-den-alter","https:\/\/www.youtube.com\/channel\/UCJvmJYSeHh3dYQsLHZupj-Q"]}]}},"_links":{"self":[{"href":"https:\/\/www.gero.lu\/de\/wp-json\/wp\/v2\/product\/11918","targetHints":{"allow":["GET"]}}],"collection":[{"href":"https:\/\/www.gero.lu\/de\/wp-json\/wp\/v2\/product"}],"about":[{"href":"https:\/\/www.gero.lu\/de\/wp-json\/wp\/v2\/types\/product"}],"replies":[{"embeddable":true,"href":"https:\/\/www.gero.lu\/de\/wp-json\/wp\/v2\/comments?post=11918"}],"wp:attachment":[{"href":"https:\/\/www.gero.lu\/de\/wp-json\/wp\/v2\/media?parent=11918"}],"wp:term":[{"taxonomy":"product_brand","embeddable":true,"href":"https:\/\/www.gero.lu\/de\/wp-json\/wp\/v2\/product_brand?post=11918"},{"taxonomy":"product_cat","embeddable":true,"href":"https:\/\/www.gero.lu\/de\/wp-json\/wp\/v2\/product_cat?post=11918"},{"taxonomy":"product_tag","embeddable":true,"href":"https:\/\/www.gero.lu\/de\/wp-json\/wp\/v2\/product_tag?post=11918"}],"curies":[{"name":"wp","href":"https:\/\/api.w.org\/{rel}","templated":true}]}}