{"id":11222,"date":"2026-04-20T10:30:06","date_gmt":"2026-04-20T10:30:06","guid":{"rendered":"https:\/\/www.gero.lu\/produit\/das-demenz-balance-modell-fcpg-v-agrement-2025-agr-12-003"},"modified":"2026-04-20T10:30:06","modified_gmt":"2026-04-20T10:30:06","slug":"das-demenz-balance-modell-fcpg-v-agrement-2025-agr-12-003","status":"publish","type":"product","link":"https:\/\/www.gero.lu\/de\/produit\/das-demenz-balance-modell-fcpg-v-agrement-2025-agr-12-003","title":{"rendered":"Das Demenz Balance Modell\u00a9 (FCPG V) (Agr\u00e9ment: 2025-AGR-12-003)"},"content":{"rendered":"<p>Gef\u00fchle und Bed\u00fcrfnisse von Menschen mit Demenz<\/p>\n<p>Formation continue agr\u00e9\u00e9 conform\u00e9ment \u00e0 l&#8217;article 12 de la loi modifi\u00e9e du 26 mars 1992 sur l&#8217;exercice et la revalorisation de certaines professions de sant\u00e9. Agr\u00e9ment MISA : Agr\u00e9ment: 2025-AGR-12-003<\/p>\n<p>Modul V der \u201eWeiterbildung Psychogeriatrie\u201c <\/p>\n<p>Tauchen Sie ein in die besondere Welt der Menschen mit Demenz. Lernen Sie mit allen Sinnen verstehen, wie sich diese Erkrankung f\u00fcr die Betroffenen anf\u00fchlen muss, was in ihnen vorgeht, wie ihr Gef\u00fchlsleben und wie ihre Bed\u00fcrfnisse aussehen. Kommen Sie mit auf diese spannende, aufschlussreiche Reise.<\/p>\n<p>Hierzu kommt im Kurs das Demenz Balance Modell\u00a9 zum Einsatz.<\/p>\n<p>Das Demenz Balance Modell\u00a9 ist eine speziell entwickelte Selbsterfahrungsmethode mit dem Ziel, das Vorstellungsverm\u00f6gen und die Empathief\u00e4higkeit bez\u00fcglich der Befindlichkeit und der Bed\u00fcrfnisse von Menschen mit Demenz zu erweitern. Es wurde von Barbara Klee-Reiter entwickelt und gliedert sich in die drei Phasen:<br \/>\n\u2022\tErleben<br \/>\n\u2022\tVerstehen<br \/>\n\u2022\tHandeln<\/p>\n<p>Zielgruppe: Aide Socio-Familiale, Auxiliaire de Vie, Ergotherapeut*in, Erzieher*in, Krankenpfleger*in, Krankenpflegerhelfer*in, Physiotherapeut*in, Psycholog*in und andere relevante Berufsgruppen<\/p>\n","protected":false},"excerpt":{"rendered":"<p>Gef\u00fchle und Bed\u00fcrfnisse von Menschen mit Demenz Formation continue agr\u00e9\u00e9 conform\u00e9ment \u00e0 l&#8217;article 12 de la loi modifi\u00e9e du 26 mars 1992 sur l&#8217;exercice et la revalorisation de certaines professions de sant\u00e9. Agr\u00e9ment MISA : Agr\u00e9ment: 2025-AGR-12-003 Modul V der \u201eWeiterbildung Psychogeriatrie\u201c Tauchen Sie ein in die besondere Welt der Menschen mit Demenz. Lernen Sie [&hellip;]<\/p>\n","protected":false},"featured_media":0,"comment_status":"","ping_status":"closed","template":"","meta":{"_acf_changed":false,"inline_featured_image":false},"product_brand":[],"product_cat":[239],"product_tag":[237],"class_list":{"0":"post-11222","1":"product","2":"type-product","3":"status-publish","5":"product_cat-cours-pro","6":"product_tag-soins-encadrement-therapie-pro","8":"first","9":"instock","10":"virtual","11":"purchasable","12":"product-type-simple"},"acf":[],"yoast_head":"<!-- This site is optimized with the Yoast SEO Premium plugin v27.4 (Yoast SEO v27.5) - https:\/\/yoast.com\/product\/yoast-seo-premium-wordpress\/ -->\n<title>Das Demenz Balance Modell\u00a9 (FCPG V) (Agr\u00e9ment: 2025-AGR-12-003) - GERO<\/title>\n<meta name=\"robots\" content=\"index, follow, max-snippet:-1, max-image-preview:large, max-video-preview:-1\" \/>\n<link rel=\"canonical\" href=\"https:\/\/www.gero.lu\/de\/produit\/das-demenz-balance-modell-fcpg-v-agrement-2025-agr-12-003\" \/>\n<meta property=\"og:locale\" content=\"de_DE\" \/>\n<meta property=\"og:type\" content=\"article\" \/>\n<meta property=\"og:title\" content=\"Das Demenz Balance Modell\u00a9 (FCPG V) (Agr\u00e9ment: 2025-AGR-12-003)\" \/>\n<meta property=\"og:description\" content=\"Gef\u00fchle und Bed\u00fcrfnisse von Menschen mit Demenz Formation continue agr\u00e9\u00e9 conform\u00e9ment \u00e0 l&#8217;article 12 de la loi modifi\u00e9e du 26 mars 1992 sur l&#8217;exercice et la revalorisation de certaines professions de sant\u00e9. Agr\u00e9ment MISA : Agr\u00e9ment: 2025-AGR-12-003 Modul V der \u201eWeiterbildung Psychogeriatrie\u201c Tauchen Sie ein in die besondere Welt der Menschen mit Demenz. Lernen Sie [&hellip;]\" \/>\n<meta property=\"og:url\" content=\"https:\/\/www.gero.lu\/de\/produit\/das-demenz-balance-modell-fcpg-v-agrement-2025-agr-12-003\" \/>\n<meta property=\"og:site_name\" content=\"GERO\" \/>\n<meta property=\"article:publisher\" content=\"https:\/\/www.facebook.com\/Kompetenzzenter\/\" \/>\n<meta property=\"og:image\" content=\"https:\/\/www.gero.lu\/wp-content\/uploads\/2021\/08\/gettyimages-1135289130-2048x2048_RET-1.jpg\" \/>\n\t<meta property=\"og:image:width\" content=\"1227\" \/>\n\t<meta property=\"og:image:height\" content=\"802\" \/>\n\t<meta property=\"og:image:type\" content=\"image\/jpeg\" \/>\n<meta name=\"twitter:card\" content=\"summary_large_image\" \/>\n<meta name=\"twitter:label1\" content=\"Gesch\u00e4tzte Lesezeit\" \/>\n\t<meta name=\"twitter:data1\" content=\"1\u00a0Minute\" \/>\n<script type=\"application\/ld+json\" class=\"yoast-schema-graph\">{\"@context\":\"https:\\\/\\\/schema.org\",\"@graph\":[{\"@type\":\"WebPage\",\"@id\":\"https:\\\/\\\/www.gero.lu\\\/de\\\/produit\\\/das-demenz-balance-modell-fcpg-v-agrement-2025-agr-12-003\",\"url\":\"https:\\\/\\\/www.gero.lu\\\/de\\\/produit\\\/das-demenz-balance-modell-fcpg-v-agrement-2025-agr-12-003\",\"name\":\"Das Demenz Balance Modell\u00a9 (FCPG V) (Agr\u00e9ment: 2025-AGR-12-003) - GERO\",\"isPartOf\":{\"@id\":\"https:\\\/\\\/www.gero.lu\\\/de\\\/#website\"},\"datePublished\":\"2026-04-20T10:30:06+00:00\",\"breadcrumb\":{\"@id\":\"https:\\\/\\\/www.gero.lu\\\/de\\\/produit\\\/das-demenz-balance-modell-fcpg-v-agrement-2025-agr-12-003#breadcrumb\"},\"inLanguage\":\"de\",\"potentialAction\":[{\"@type\":\"ReadAction\",\"target\":[[\"https:\\\/\\\/www.gero.lu\\\/de\\\/produit\\\/das-demenz-balance-modell-fcpg-v-agrement-2025-agr-12-003\"]]}]},{\"@type\":\"BreadcrumbList\",\"@id\":\"https:\\\/\\\/www.gero.lu\\\/de\\\/produit\\\/das-demenz-balance-modell-fcpg-v-agrement-2025-agr-12-003#breadcrumb\",\"itemListElement\":[{\"@type\":\"ListItem\",\"position\":1,\"name\":\"Accueil\",\"item\":\"https:\\\/\\\/www.gero.lu\\\/de\\\/\"},{\"@type\":\"ListItem\",\"position\":2,\"name\":\"Shop\",\"item\":\"https:\\\/\\\/www.gero.lu\\\/de\\\/shop\"},{\"@type\":\"ListItem\",\"position\":3,\"name\":\"Das Demenz Balance Modell\u00a9 (FCPG V) (Agr\u00e9ment: 2025-AGR-12-003)\"}]},{\"@type\":\"WebSite\",\"@id\":\"https:\\\/\\\/www.gero.lu\\\/de\\\/#website\",\"url\":\"https:\\\/\\\/www.gero.lu\\\/de\\\/\",\"name\":\"Gero\",\"description\":\"Kompetenzzenter fir den Alter\",\"publisher\":{\"@id\":\"https:\\\/\\\/www.gero.lu\\\/de\\\/#organization\"},\"potentialAction\":[{\"@type\":\"SearchAction\",\"target\":{\"@type\":\"EntryPoint\",\"urlTemplate\":\"https:\\\/\\\/www.gero.lu\\\/de\\\/?s={search_term_string}\"},\"query-input\":{\"@type\":\"PropertyValueSpecification\",\"valueRequired\":true,\"valueName\":\"search_term_string\"}}],\"inLanguage\":\"de\"},{\"@type\":\"Organization\",\"@id\":\"https:\\\/\\\/www.gero.lu\\\/de\\\/#organization\",\"name\":\"Gero\",\"url\":\"https:\\\/\\\/www.gero.lu\\\/de\\\/\",\"logo\":{\"@type\":\"ImageObject\",\"inLanguage\":\"de\",\"@id\":\"https:\\\/\\\/www.gero.lu\\\/de\\\/#\\\/schema\\\/logo\\\/image\\\/\",\"url\":\"https:\\\/\\\/www.gero.lu\\\/wp-content\\\/uploads\\\/2024\\\/04\\\/logo.svg\",\"contentUrl\":\"https:\\\/\\\/www.gero.lu\\\/wp-content\\\/uploads\\\/2024\\\/04\\\/logo.svg\",\"width\":76,\"height\":30,\"caption\":\"Gero\"},\"image\":{\"@id\":\"https:\\\/\\\/www.gero.lu\\\/de\\\/#\\\/schema\\\/logo\\\/image\\\/\"},\"sameAs\":[\"https:\\\/\\\/www.facebook.com\\\/Kompetenzzenter\\\/\",\"https:\\\/\\\/www.instagram.com\\\/gero.kompetenzzenter\\\/\",\"https:\\\/\\\/linkedin.com\\\/company\\\/gero-kompetenzzenter-fir-den-alter\",\"https:\\\/\\\/www.youtube.com\\\/channel\\\/UCJvmJYSeHh3dYQsLHZupj-Q\"]}]}<\/script>\n<!-- \/ Yoast SEO Premium plugin. -->","yoast_head_json":{"title":"Das Demenz Balance Modell\u00a9 (FCPG V) (Agr\u00e9ment: 2025-AGR-12-003) - GERO","robots":{"index":"index","follow":"follow","max-snippet":"max-snippet:-1","max-image-preview":"max-image-preview:large","max-video-preview":"max-video-preview:-1"},"canonical":"https:\/\/www.gero.lu\/de\/produit\/das-demenz-balance-modell-fcpg-v-agrement-2025-agr-12-003","og_locale":"de_DE","og_type":"article","og_title":"Das Demenz Balance Modell\u00a9 (FCPG V) (Agr\u00e9ment: 2025-AGR-12-003)","og_description":"Gef\u00fchle und Bed\u00fcrfnisse von Menschen mit Demenz Formation continue agr\u00e9\u00e9 conform\u00e9ment \u00e0 l&#8217;article 12 de la loi modifi\u00e9e du 26 mars 1992 sur l&#8217;exercice et la revalorisation de certaines professions de sant\u00e9. Agr\u00e9ment MISA : Agr\u00e9ment: 2025-AGR-12-003 Modul V der \u201eWeiterbildung Psychogeriatrie\u201c Tauchen Sie ein in die besondere Welt der Menschen mit Demenz. Lernen Sie [&hellip;]","og_url":"https:\/\/www.gero.lu\/de\/produit\/das-demenz-balance-modell-fcpg-v-agrement-2025-agr-12-003","og_site_name":"GERO","article_publisher":"https:\/\/www.facebook.com\/Kompetenzzenter\/","og_image":[{"width":1227,"height":802,"url":"https:\/\/www.gero.lu\/wp-content\/uploads\/2021\/08\/gettyimages-1135289130-2048x2048_RET-1.jpg","type":"image\/jpeg"}],"twitter_card":"summary_large_image","twitter_misc":{"Gesch\u00e4tzte Lesezeit":"1\u00a0Minute"},"schema":{"@context":"https:\/\/schema.org","@graph":[{"@type":"WebPage","@id":"https:\/\/www.gero.lu\/de\/produit\/das-demenz-balance-modell-fcpg-v-agrement-2025-agr-12-003","url":"https:\/\/www.gero.lu\/de\/produit\/das-demenz-balance-modell-fcpg-v-agrement-2025-agr-12-003","name":"Das Demenz Balance Modell\u00a9 (FCPG V) (Agr\u00e9ment: 2025-AGR-12-003) - GERO","isPartOf":{"@id":"https:\/\/www.gero.lu\/de\/#website"},"datePublished":"2026-04-20T10:30:06+00:00","breadcrumb":{"@id":"https:\/\/www.gero.lu\/de\/produit\/das-demenz-balance-modell-fcpg-v-agrement-2025-agr-12-003#breadcrumb"},"inLanguage":"de","potentialAction":[{"@type":"ReadAction","target":[["https:\/\/www.gero.lu\/de\/produit\/das-demenz-balance-modell-fcpg-v-agrement-2025-agr-12-003"]]}]},{"@type":"BreadcrumbList","@id":"https:\/\/www.gero.lu\/de\/produit\/das-demenz-balance-modell-fcpg-v-agrement-2025-agr-12-003#breadcrumb","itemListElement":[{"@type":"ListItem","position":1,"name":"Accueil","item":"https:\/\/www.gero.lu\/de\/"},{"@type":"ListItem","position":2,"name":"Shop","item":"https:\/\/www.gero.lu\/de\/shop"},{"@type":"ListItem","position":3,"name":"Das Demenz Balance Modell\u00a9 (FCPG V) (Agr\u00e9ment: 2025-AGR-12-003)"}]},{"@type":"WebSite","@id":"https:\/\/www.gero.lu\/de\/#website","url":"https:\/\/www.gero.lu\/de\/","name":"Gero","description":"Kompetenzzenter fir den Alter","publisher":{"@id":"https:\/\/www.gero.lu\/de\/#organization"},"potentialAction":[{"@type":"SearchAction","target":{"@type":"EntryPoint","urlTemplate":"https:\/\/www.gero.lu\/de\/?s={search_term_string}"},"query-input":{"@type":"PropertyValueSpecification","valueRequired":true,"valueName":"search_term_string"}}],"inLanguage":"de"},{"@type":"Organization","@id":"https:\/\/www.gero.lu\/de\/#organization","name":"Gero","url":"https:\/\/www.gero.lu\/de\/","logo":{"@type":"ImageObject","inLanguage":"de","@id":"https:\/\/www.gero.lu\/de\/#\/schema\/logo\/image\/","url":"https:\/\/www.gero.lu\/wp-content\/uploads\/2024\/04\/logo.svg","contentUrl":"https:\/\/www.gero.lu\/wp-content\/uploads\/2024\/04\/logo.svg","width":76,"height":30,"caption":"Gero"},"image":{"@id":"https:\/\/www.gero.lu\/de\/#\/schema\/logo\/image\/"},"sameAs":["https:\/\/www.facebook.com\/Kompetenzzenter\/","https:\/\/www.instagram.com\/gero.kompetenzzenter\/","https:\/\/linkedin.com\/company\/gero-kompetenzzenter-fir-den-alter","https:\/\/www.youtube.com\/channel\/UCJvmJYSeHh3dYQsLHZupj-Q"]}]}},"_links":{"self":[{"href":"https:\/\/www.gero.lu\/de\/wp-json\/wp\/v2\/product\/11222","targetHints":{"allow":["GET"]}}],"collection":[{"href":"https:\/\/www.gero.lu\/de\/wp-json\/wp\/v2\/product"}],"about":[{"href":"https:\/\/www.gero.lu\/de\/wp-json\/wp\/v2\/types\/product"}],"replies":[{"embeddable":true,"href":"https:\/\/www.gero.lu\/de\/wp-json\/wp\/v2\/comments?post=11222"}],"wp:attachment":[{"href":"https:\/\/www.gero.lu\/de\/wp-json\/wp\/v2\/media?parent=11222"}],"wp:term":[{"taxonomy":"product_brand","embeddable":true,"href":"https:\/\/www.gero.lu\/de\/wp-json\/wp\/v2\/product_brand?post=11222"},{"taxonomy":"product_cat","embeddable":true,"href":"https:\/\/www.gero.lu\/de\/wp-json\/wp\/v2\/product_cat?post=11222"},{"taxonomy":"product_tag","embeddable":true,"href":"https:\/\/www.gero.lu\/de\/wp-json\/wp\/v2\/product_tag?post=11222"}],"curies":[{"name":"wp","href":"https:\/\/api.w.org\/{rel}","templated":true}]}}