{"id":11209,"date":"2026-04-17T08:51:51","date_gmt":"2026-04-17T08:51:51","guid":{"rendered":"https:\/\/www.gero.lu\/produit\/basisseminar-aromapflege-einsatz-atherischer-ole-in-der-pflege-agrement-2025-agr-12-003"},"modified":"2026-04-22T13:00:08","modified_gmt":"2026-04-22T13:00:08","slug":"basisseminar-aromapflege-einsatz-atherischer-ole-in-der-pflege-agrement-2025-agr-12-003","status":"publish","type":"product","link":"https:\/\/www.gero.lu\/de\/produit\/basisseminar-aromapflege-einsatz-atherischer-ole-in-der-pflege-agrement-2025-agr-12-003","title":{"rendered":"Basisseminar Aromapflege:  Einsatz \u00e4therischer \u00d6le in der Pflege (Agr\u00e9ment: 2025-AGR-12-003)"},"content":{"rendered":"<p>Formation continue agr\u00e9\u00e9 conform\u00e9ment \u00e0 l&#8217;article 12 de la loi modifi\u00e9e du 26 mars 1992 sur l&#8217;exercice et la revalorisation de certaines professions de sant\u00e9. Agr\u00e9ment MISA : Agr\u00e9ment: 2025-AGR-12-003<\/p>\n<p>Damit die Aromapflege professionell und verantwortungsbewusst als komplement\u00e4re Pflegemethode eingesetzt werden kann, bilden ein fundiertes Wissen und umfangreiche Kenntnisse die Basis zum Einsatz der \u00e4therischen \u00d6le im Pflegealltag. Ob in station\u00e4ren Einrichtungen oder der ambulanten Pflege, in allen Gesundheitseinrichtungen sind die D\u00fcfte eine Bereicherung.<\/p>\n<p>Die Teilnehmenden erhalten in diesem zweit\u00e4gigen Seminar eine Einf\u00fchrung \u00fcber die korrekte Anwendung von \u00e4therischen \u00d6len, Tr\u00e4gersubstanzen und Hydrolaten mit wertvollen aromapraktischen Tipps. Sie vertiefen die Kenntnisse bez\u00fcglich der Auswahl, Dosierung und der Wirkweisen dieser vielf\u00e4ltigen naturreinen Substanzen.<\/p>\n<p>Inhalte des ersten Tages:<br \/>\n\u2022\tGrundlagen der Aromapflege<br \/>\n\u2022\tBotanik, Herstellungsverfahren<br \/>\n\u2022\tKorrekte Anwendung \u00e4therischer \u00d6le und Hydrolate<br \/>\n\u2022\tFavoriten der \u00e4therischen \u00d6le in der Pflege, \u00d6lmonographien<br \/>\n\u2022\tAroma-Kopfpunktmassage<\/p>\n<p>Inhalte des zweiten Tages:<br \/>\n\u2022\tFunktion des Geruchssinns<br \/>\n\u2022\tAnwendung Aromapflege \u00fcber die Nase \u2013 Raumbeduftung<br \/>\n\u2022\tAnwendungsm\u00f6glichkeiten der Aromapflege \u00fcber die Haut<br \/>\n\u2022\tEinteilung in Kopf-, Herz- und Basisnoten<br \/>\n\u2022\tGrundlagen fetter Pflanzen\u00f6le und Favoriten in der Pflege<br \/>\n\u2022\tAroma-Ohrmassage<\/p>\n<p>Zielgruppe:<br \/>\nAide Socio-Familiale, Auxiliaire de Vie, Ergotherapeut*in, Erzieher*in, Krankenpfleger*in, Krankenpflegerhelfer*in, Physiotherapeut*in, Psycholog*in und andere relevante Berufsgruppen<\/p>\n","protected":false},"excerpt":{"rendered":"<p>Formation continue agr\u00e9\u00e9 conform\u00e9ment \u00e0 l&#8217;article 12 de la loi modifi\u00e9e du 26 mars 1992 sur l&#8217;exercice et la revalorisation de certaines professions de sant\u00e9. Agr\u00e9ment MISA : Agr\u00e9ment: 2025-AGR-12-003 Damit die Aromapflege professionell und verantwortungsbewusst als komplement\u00e4re Pflegemethode eingesetzt werden kann, bilden ein fundiertes Wissen und umfangreiche Kenntnisse die Basis zum Einsatz der \u00e4therischen [&hellip;]<\/p>\n","protected":false},"featured_media":0,"comment_status":"closed","ping_status":"closed","template":"","meta":{"_acf_changed":false,"inline_featured_image":false},"product_brand":[],"product_cat":[239],"product_tag":[237],"class_list":{"0":"post-11209","1":"product","2":"type-product","3":"status-publish","5":"product_cat-cours-pro","6":"product_tag-soins-encadrement-therapie-pro","8":"first","9":"instock","10":"virtual","11":"purchasable","12":"product-type-simple"},"acf":[],"yoast_head":"<!-- This site is optimized with the Yoast SEO Premium plugin v27.4 (Yoast SEO v27.5) - https:\/\/yoast.com\/product\/yoast-seo-premium-wordpress\/ -->\n<title>Basisseminar Aromapflege: Einsatz \u00e4therischer \u00d6le in der Pflege (Agr\u00e9ment: 2025-AGR-12-003) - GERO<\/title>\n<meta name=\"robots\" content=\"index, follow, max-snippet:-1, max-image-preview:large, max-video-preview:-1\" \/>\n<link rel=\"canonical\" href=\"https:\/\/www.gero.lu\/de\/produit\/basisseminar-aromapflege-einsatz-atherischer-ole-in-der-pflege-agrement-2025-agr-12-003\" \/>\n<meta property=\"og:locale\" content=\"de_DE\" \/>\n<meta property=\"og:type\" content=\"article\" \/>\n<meta property=\"og:title\" content=\"Basisseminar Aromapflege: Einsatz \u00e4therischer \u00d6le in der Pflege (Agr\u00e9ment: 2025-AGR-12-003)\" \/>\n<meta property=\"og:description\" content=\"Formation continue agr\u00e9\u00e9 conform\u00e9ment \u00e0 l&#8217;article 12 de la loi modifi\u00e9e du 26 mars 1992 sur l&#8217;exercice et la revalorisation de certaines professions de sant\u00e9. Agr\u00e9ment MISA : Agr\u00e9ment: 2025-AGR-12-003 Damit die Aromapflege professionell und verantwortungsbewusst als komplement\u00e4re Pflegemethode eingesetzt werden kann, bilden ein fundiertes Wissen und umfangreiche Kenntnisse die Basis zum Einsatz der \u00e4therischen [&hellip;]\" \/>\n<meta property=\"og:url\" content=\"https:\/\/www.gero.lu\/de\/produit\/basisseminar-aromapflege-einsatz-atherischer-ole-in-der-pflege-agrement-2025-agr-12-003\" \/>\n<meta property=\"og:site_name\" content=\"GERO\" \/>\n<meta property=\"article:publisher\" content=\"https:\/\/www.facebook.com\/Kompetenzzenter\/\" \/>\n<meta property=\"article:modified_time\" content=\"2026-04-22T13:00:08+00:00\" \/>\n<meta property=\"og:image\" content=\"https:\/\/www.gero.lu\/wp-content\/uploads\/2021\/08\/gettyimages-1135289130-2048x2048_RET-1.jpg\" \/>\n\t<meta property=\"og:image:width\" content=\"1227\" \/>\n\t<meta property=\"og:image:height\" content=\"802\" \/>\n\t<meta property=\"og:image:type\" content=\"image\/jpeg\" \/>\n<meta name=\"twitter:card\" content=\"summary_large_image\" \/>\n<meta name=\"twitter:label1\" content=\"Gesch\u00e4tzte Lesezeit\" \/>\n\t<meta name=\"twitter:data1\" content=\"1\u00a0Minute\" \/>\n<script type=\"application\/ld+json\" class=\"yoast-schema-graph\">{\"@context\":\"https:\\\/\\\/schema.org\",\"@graph\":[{\"@type\":\"WebPage\",\"@id\":\"https:\\\/\\\/www.gero.lu\\\/de\\\/produit\\\/basisseminar-aromapflege-einsatz-atherischer-ole-in-der-pflege-agrement-2025-agr-12-003\",\"url\":\"https:\\\/\\\/www.gero.lu\\\/de\\\/produit\\\/basisseminar-aromapflege-einsatz-atherischer-ole-in-der-pflege-agrement-2025-agr-12-003\",\"name\":\"Basisseminar Aromapflege: Einsatz \u00e4therischer \u00d6le in der Pflege (Agr\u00e9ment: 2025-AGR-12-003) - GERO\",\"isPartOf\":{\"@id\":\"https:\\\/\\\/www.gero.lu\\\/de\\\/#website\"},\"datePublished\":\"2026-04-17T08:51:51+00:00\",\"dateModified\":\"2026-04-22T13:00:08+00:00\",\"breadcrumb\":{\"@id\":\"https:\\\/\\\/www.gero.lu\\\/de\\\/produit\\\/basisseminar-aromapflege-einsatz-atherischer-ole-in-der-pflege-agrement-2025-agr-12-003#breadcrumb\"},\"inLanguage\":\"de\",\"potentialAction\":[{\"@type\":\"ReadAction\",\"target\":[[\"https:\\\/\\\/www.gero.lu\\\/de\\\/produit\\\/basisseminar-aromapflege-einsatz-atherischer-ole-in-der-pflege-agrement-2025-agr-12-003\"]]}]},{\"@type\":\"BreadcrumbList\",\"@id\":\"https:\\\/\\\/www.gero.lu\\\/de\\\/produit\\\/basisseminar-aromapflege-einsatz-atherischer-ole-in-der-pflege-agrement-2025-agr-12-003#breadcrumb\",\"itemListElement\":[{\"@type\":\"ListItem\",\"position\":1,\"name\":\"Accueil\",\"item\":\"https:\\\/\\\/www.gero.lu\\\/de\\\/\"},{\"@type\":\"ListItem\",\"position\":2,\"name\":\"Shop\",\"item\":\"https:\\\/\\\/www.gero.lu\\\/de\\\/shop\"},{\"@type\":\"ListItem\",\"position\":3,\"name\":\"Basisseminar Aromapflege: Einsatz \u00e4therischer \u00d6le in der Pflege (Agr\u00e9ment: 2025-AGR-12-003)\"}]},{\"@type\":\"WebSite\",\"@id\":\"https:\\\/\\\/www.gero.lu\\\/de\\\/#website\",\"url\":\"https:\\\/\\\/www.gero.lu\\\/de\\\/\",\"name\":\"Gero\",\"description\":\"Kompetenzzenter fir den Alter\",\"publisher\":{\"@id\":\"https:\\\/\\\/www.gero.lu\\\/de\\\/#organization\"},\"potentialAction\":[{\"@type\":\"SearchAction\",\"target\":{\"@type\":\"EntryPoint\",\"urlTemplate\":\"https:\\\/\\\/www.gero.lu\\\/de\\\/?s={search_term_string}\"},\"query-input\":{\"@type\":\"PropertyValueSpecification\",\"valueRequired\":true,\"valueName\":\"search_term_string\"}}],\"inLanguage\":\"de\"},{\"@type\":\"Organization\",\"@id\":\"https:\\\/\\\/www.gero.lu\\\/de\\\/#organization\",\"name\":\"Gero\",\"url\":\"https:\\\/\\\/www.gero.lu\\\/de\\\/\",\"logo\":{\"@type\":\"ImageObject\",\"inLanguage\":\"de\",\"@id\":\"https:\\\/\\\/www.gero.lu\\\/de\\\/#\\\/schema\\\/logo\\\/image\\\/\",\"url\":\"https:\\\/\\\/www.gero.lu\\\/wp-content\\\/uploads\\\/2024\\\/04\\\/logo.svg\",\"contentUrl\":\"https:\\\/\\\/www.gero.lu\\\/wp-content\\\/uploads\\\/2024\\\/04\\\/logo.svg\",\"width\":76,\"height\":30,\"caption\":\"Gero\"},\"image\":{\"@id\":\"https:\\\/\\\/www.gero.lu\\\/de\\\/#\\\/schema\\\/logo\\\/image\\\/\"},\"sameAs\":[\"https:\\\/\\\/www.facebook.com\\\/Kompetenzzenter\\\/\",\"https:\\\/\\\/www.instagram.com\\\/gero.kompetenzzenter\\\/\",\"https:\\\/\\\/linkedin.com\\\/company\\\/gero-kompetenzzenter-fir-den-alter\",\"https:\\\/\\\/www.youtube.com\\\/channel\\\/UCJvmJYSeHh3dYQsLHZupj-Q\"]}]}<\/script>\n<!-- \/ Yoast SEO Premium plugin. -->","yoast_head_json":{"title":"Basisseminar Aromapflege: Einsatz \u00e4therischer \u00d6le in der Pflege (Agr\u00e9ment: 2025-AGR-12-003) - GERO","robots":{"index":"index","follow":"follow","max-snippet":"max-snippet:-1","max-image-preview":"max-image-preview:large","max-video-preview":"max-video-preview:-1"},"canonical":"https:\/\/www.gero.lu\/de\/produit\/basisseminar-aromapflege-einsatz-atherischer-ole-in-der-pflege-agrement-2025-agr-12-003","og_locale":"de_DE","og_type":"article","og_title":"Basisseminar Aromapflege: Einsatz \u00e4therischer \u00d6le in der Pflege (Agr\u00e9ment: 2025-AGR-12-003)","og_description":"Formation continue agr\u00e9\u00e9 conform\u00e9ment \u00e0 l&#8217;article 12 de la loi modifi\u00e9e du 26 mars 1992 sur l&#8217;exercice et la revalorisation de certaines professions de sant\u00e9. Agr\u00e9ment MISA : Agr\u00e9ment: 2025-AGR-12-003 Damit die Aromapflege professionell und verantwortungsbewusst als komplement\u00e4re Pflegemethode eingesetzt werden kann, bilden ein fundiertes Wissen und umfangreiche Kenntnisse die Basis zum Einsatz der \u00e4therischen [&hellip;]","og_url":"https:\/\/www.gero.lu\/de\/produit\/basisseminar-aromapflege-einsatz-atherischer-ole-in-der-pflege-agrement-2025-agr-12-003","og_site_name":"GERO","article_publisher":"https:\/\/www.facebook.com\/Kompetenzzenter\/","article_modified_time":"2026-04-22T13:00:08+00:00","og_image":[{"width":1227,"height":802,"url":"https:\/\/www.gero.lu\/wp-content\/uploads\/2021\/08\/gettyimages-1135289130-2048x2048_RET-1.jpg","type":"image\/jpeg"}],"twitter_card":"summary_large_image","twitter_misc":{"Gesch\u00e4tzte Lesezeit":"1\u00a0Minute"},"schema":{"@context":"https:\/\/schema.org","@graph":[{"@type":"WebPage","@id":"https:\/\/www.gero.lu\/de\/produit\/basisseminar-aromapflege-einsatz-atherischer-ole-in-der-pflege-agrement-2025-agr-12-003","url":"https:\/\/www.gero.lu\/de\/produit\/basisseminar-aromapflege-einsatz-atherischer-ole-in-der-pflege-agrement-2025-agr-12-003","name":"Basisseminar Aromapflege: Einsatz \u00e4therischer \u00d6le in der Pflege (Agr\u00e9ment: 2025-AGR-12-003) - GERO","isPartOf":{"@id":"https:\/\/www.gero.lu\/de\/#website"},"datePublished":"2026-04-17T08:51:51+00:00","dateModified":"2026-04-22T13:00:08+00:00","breadcrumb":{"@id":"https:\/\/www.gero.lu\/de\/produit\/basisseminar-aromapflege-einsatz-atherischer-ole-in-der-pflege-agrement-2025-agr-12-003#breadcrumb"},"inLanguage":"de","potentialAction":[{"@type":"ReadAction","target":[["https:\/\/www.gero.lu\/de\/produit\/basisseminar-aromapflege-einsatz-atherischer-ole-in-der-pflege-agrement-2025-agr-12-003"]]}]},{"@type":"BreadcrumbList","@id":"https:\/\/www.gero.lu\/de\/produit\/basisseminar-aromapflege-einsatz-atherischer-ole-in-der-pflege-agrement-2025-agr-12-003#breadcrumb","itemListElement":[{"@type":"ListItem","position":1,"name":"Accueil","item":"https:\/\/www.gero.lu\/de\/"},{"@type":"ListItem","position":2,"name":"Shop","item":"https:\/\/www.gero.lu\/de\/shop"},{"@type":"ListItem","position":3,"name":"Basisseminar Aromapflege: Einsatz \u00e4therischer \u00d6le in der Pflege (Agr\u00e9ment: 2025-AGR-12-003)"}]},{"@type":"WebSite","@id":"https:\/\/www.gero.lu\/de\/#website","url":"https:\/\/www.gero.lu\/de\/","name":"Gero","description":"Kompetenzzenter fir den Alter","publisher":{"@id":"https:\/\/www.gero.lu\/de\/#organization"},"potentialAction":[{"@type":"SearchAction","target":{"@type":"EntryPoint","urlTemplate":"https:\/\/www.gero.lu\/de\/?s={search_term_string}"},"query-input":{"@type":"PropertyValueSpecification","valueRequired":true,"valueName":"search_term_string"}}],"inLanguage":"de"},{"@type":"Organization","@id":"https:\/\/www.gero.lu\/de\/#organization","name":"Gero","url":"https:\/\/www.gero.lu\/de\/","logo":{"@type":"ImageObject","inLanguage":"de","@id":"https:\/\/www.gero.lu\/de\/#\/schema\/logo\/image\/","url":"https:\/\/www.gero.lu\/wp-content\/uploads\/2024\/04\/logo.svg","contentUrl":"https:\/\/www.gero.lu\/wp-content\/uploads\/2024\/04\/logo.svg","width":76,"height":30,"caption":"Gero"},"image":{"@id":"https:\/\/www.gero.lu\/de\/#\/schema\/logo\/image\/"},"sameAs":["https:\/\/www.facebook.com\/Kompetenzzenter\/","https:\/\/www.instagram.com\/gero.kompetenzzenter\/","https:\/\/linkedin.com\/company\/gero-kompetenzzenter-fir-den-alter","https:\/\/www.youtube.com\/channel\/UCJvmJYSeHh3dYQsLHZupj-Q"]}]}},"_links":{"self":[{"href":"https:\/\/www.gero.lu\/de\/wp-json\/wp\/v2\/product\/11209","targetHints":{"allow":["GET"]}}],"collection":[{"href":"https:\/\/www.gero.lu\/de\/wp-json\/wp\/v2\/product"}],"about":[{"href":"https:\/\/www.gero.lu\/de\/wp-json\/wp\/v2\/types\/product"}],"replies":[{"embeddable":true,"href":"https:\/\/www.gero.lu\/de\/wp-json\/wp\/v2\/comments?post=11209"}],"wp:attachment":[{"href":"https:\/\/www.gero.lu\/de\/wp-json\/wp\/v2\/media?parent=11209"}],"wp:term":[{"taxonomy":"product_brand","embeddable":true,"href":"https:\/\/www.gero.lu\/de\/wp-json\/wp\/v2\/product_brand?post=11209"},{"taxonomy":"product_cat","embeddable":true,"href":"https:\/\/www.gero.lu\/de\/wp-json\/wp\/v2\/product_cat?post=11209"},{"taxonomy":"product_tag","embeddable":true,"href":"https:\/\/www.gero.lu\/de\/wp-json\/wp\/v2\/product_tag?post=11209"}],"curies":[{"name":"wp","href":"https:\/\/api.w.org\/{rel}","templated":true}]}}