{"id":11004,"date":"2026-03-11T11:22:49","date_gmt":"2026-03-11T11:22:49","guid":{"rendered":"https:\/\/www.gero.lu\/produit\/la-diversite-religieuse-et-laccompagnement-des-personnes-atteintes-de-demence-fcpg-v"},"modified":"2026-04-20T08:00:06","modified_gmt":"2026-04-20T08:00:06","slug":"la-diversite-religieuse-et-laccompagnement-des-personnes-atteintes-de-demence-fcpg-v","status":"publish","type":"product","link":"https:\/\/www.gero.lu\/de\/produit\/la-diversite-religieuse-et-laccompagnement-des-personnes-atteintes-de-demence-fcpg-v","title":{"rendered":"La diversit\u00e9 religieuse et l&#8217;accompagnement des personnes atteintes de d\u00e9mence (FCPG V)"},"content":{"rendered":"<p>Journ\u00e9e de r\u00e9flexion et sensibilisation<\/p>\n<p>Module V de la formation psychog\u00e9riatrie<\/p>\n<p>De nos jours, la place des religions est souvent consid\u00e9r\u00e9e comme faisant partie de la sph\u00e8re priv\u00e9e. Or, les pratiques religieuses peuvent \u00eatre source de bonheur et de r\u00e9confort. Elles peuvent aussi, tant pour les proches que pour la personne elle-m\u00eame, permettre d\u2019affronter plus sereinement les \u00e9tapes de la vie ou la maladie.  <\/p>\n<p>Au Luxembourg, le contexte multiculturel est propice \u00e0 la pr\u00e9sence d\u2019une diversit\u00e9 religieuse. Celle-ci va repr\u00e9senter des d\u00e9fis \u00e0 l\u2019avenir, notamment dans l\u2019accompagnement des personnes atteintes de d\u00e9mence. <\/p>\n<p>Cette formation vise \u00e0 sensibiliser les participant\u00b7e\u00b7s \u00e0 la fois \u00e0 la richesse de cette diversit\u00e9 religieuse (chr\u00e9tiens, musulmans, juifs, mais aussi bouddhistes, baha\u2019is ou animistes), et montrer comment aborder les questions religieuses dans l\u2019accompagnement des personnes atteintes de d\u00e9mence. <\/p>\n<p>En effet, la religion peut repr\u00e9senter un cadre de vie rythm\u00e9 (f\u00eates religieuses par exemple) et solidaire (liens fraternels au sein des communaut\u00e9s religieuses). Elle rassemble \u00e9galement des pratiques, des chants, des symboles que nous aurons l\u2019occasion d\u2019explorer ensemble.  <\/p>\n<p>Au programme\u202f:<br \/>\n\uf02d\tLa diversit\u00e9 religieuse au Luxembourg, qu\u2019est-ce que c\u2019est<br \/>\n\uf02d\tLes principales pratiques religieuses<br \/>\n\uf02d\tLa question de l\u2019alimentation dans les diff\u00e9rentes religions<br \/>\n\uf02d\tLes rites et les f\u00eates religieuses<br \/>\n\uf02d\tLes soins et les besoins des personnes croyantes<br \/>\n\uf02d\tOutils pratiques du quotidien<\/p>\n<p>Public cible : Aide-soignant\u00b7e, Aide socio-familiale, Auxiliaire de vie, \u00c9ducateur\u00b7rice, Ergoth\u00e9rapeute, Infirmier\u00b7\u00e8re, Kin\u00e9sith\u00e9rapeute, Psychologue et autres professions pertinentes<\/p>\n","protected":false},"excerpt":{"rendered":"<p>Journ\u00e9e de r\u00e9flexion et sensibilisation Module V de la formation psychog\u00e9riatrie De nos jours, la place des religions est souvent consid\u00e9r\u00e9e comme faisant partie de la sph\u00e8re priv\u00e9e. Or, les pratiques religieuses peuvent \u00eatre source de bonheur et de r\u00e9confort. Elles peuvent aussi, tant pour les proches que pour la personne elle-m\u00eame, permettre d\u2019affronter plus [&hellip;]<\/p>\n","protected":false},"featured_media":0,"comment_status":"closed","ping_status":"closed","template":"","meta":{"_acf_changed":false,"inline_featured_image":false},"product_brand":[],"product_cat":[239],"product_tag":[237],"class_list":{"0":"post-11004","1":"product","2":"type-product","3":"status-publish","5":"product_cat-cours-pro","6":"product_tag-soins-encadrement-therapie-pro","8":"first","9":"instock","10":"virtual","11":"purchasable","12":"product-type-simple"},"acf":[],"yoast_head":"<!-- This site is optimized with the Yoast SEO Premium plugin v27.4 (Yoast SEO v27.5) - https:\/\/yoast.com\/product\/yoast-seo-premium-wordpress\/ -->\n<title>La diversit\u00e9 religieuse et l&#039;accompagnement des personnes atteintes de d\u00e9mence (FCPG V) - GERO<\/title>\n<meta name=\"robots\" content=\"index, follow, max-snippet:-1, max-image-preview:large, max-video-preview:-1\" \/>\n<link rel=\"canonical\" href=\"https:\/\/www.gero.lu\/de\/produit\/la-diversite-religieuse-et-laccompagnement-des-personnes-atteintes-de-demence-fcpg-v\" \/>\n<meta property=\"og:locale\" content=\"de_DE\" \/>\n<meta property=\"og:type\" content=\"article\" \/>\n<meta property=\"og:title\" content=\"La diversit\u00e9 religieuse et l&#039;accompagnement des personnes atteintes de d\u00e9mence (FCPG V)\" \/>\n<meta property=\"og:description\" content=\"Journ\u00e9e de r\u00e9flexion et sensibilisation Module V de la formation psychog\u00e9riatrie De nos jours, la place des religions est souvent consid\u00e9r\u00e9e comme faisant partie de la sph\u00e8re priv\u00e9e. Or, les pratiques religieuses peuvent \u00eatre source de bonheur et de r\u00e9confort. Elles peuvent aussi, tant pour les proches que pour la personne elle-m\u00eame, permettre d\u2019affronter plus [&hellip;]\" \/>\n<meta property=\"og:url\" content=\"https:\/\/www.gero.lu\/de\/produit\/la-diversite-religieuse-et-laccompagnement-des-personnes-atteintes-de-demence-fcpg-v\" \/>\n<meta property=\"og:site_name\" content=\"GERO\" \/>\n<meta property=\"article:publisher\" content=\"https:\/\/www.facebook.com\/Kompetenzzenter\/\" \/>\n<meta property=\"article:modified_time\" content=\"2026-04-20T08:00:06+00:00\" \/>\n<meta property=\"og:image\" content=\"https:\/\/www.gero.lu\/wp-content\/uploads\/2021\/08\/gettyimages-1135289130-2048x2048_RET-1.jpg\" \/>\n\t<meta property=\"og:image:width\" content=\"1227\" \/>\n\t<meta property=\"og:image:height\" content=\"802\" \/>\n\t<meta property=\"og:image:type\" content=\"image\/jpeg\" \/>\n<meta name=\"twitter:card\" content=\"summary_large_image\" \/>\n<meta name=\"twitter:label1\" content=\"Gesch\u00e4tzte Lesezeit\" \/>\n\t<meta name=\"twitter:data1\" content=\"1\u00a0Minute\" \/>\n<script type=\"application\/ld+json\" class=\"yoast-schema-graph\">{\"@context\":\"https:\\\/\\\/schema.org\",\"@graph\":[{\"@type\":\"WebPage\",\"@id\":\"https:\\\/\\\/www.gero.lu\\\/de\\\/produit\\\/la-diversite-religieuse-et-laccompagnement-des-personnes-atteintes-de-demence-fcpg-v\",\"url\":\"https:\\\/\\\/www.gero.lu\\\/de\\\/produit\\\/la-diversite-religieuse-et-laccompagnement-des-personnes-atteintes-de-demence-fcpg-v\",\"name\":\"La diversit\u00e9 religieuse et l'accompagnement des personnes atteintes de d\u00e9mence (FCPG V) - GERO\",\"isPartOf\":{\"@id\":\"https:\\\/\\\/www.gero.lu\\\/de\\\/#website\"},\"datePublished\":\"2026-03-11T11:22:49+00:00\",\"dateModified\":\"2026-04-20T08:00:06+00:00\",\"breadcrumb\":{\"@id\":\"https:\\\/\\\/www.gero.lu\\\/de\\\/produit\\\/la-diversite-religieuse-et-laccompagnement-des-personnes-atteintes-de-demence-fcpg-v#breadcrumb\"},\"inLanguage\":\"de\",\"potentialAction\":[{\"@type\":\"ReadAction\",\"target\":[[\"https:\\\/\\\/www.gero.lu\\\/de\\\/produit\\\/la-diversite-religieuse-et-laccompagnement-des-personnes-atteintes-de-demence-fcpg-v\"]]}]},{\"@type\":\"BreadcrumbList\",\"@id\":\"https:\\\/\\\/www.gero.lu\\\/de\\\/produit\\\/la-diversite-religieuse-et-laccompagnement-des-personnes-atteintes-de-demence-fcpg-v#breadcrumb\",\"itemListElement\":[{\"@type\":\"ListItem\",\"position\":1,\"name\":\"Accueil\",\"item\":\"https:\\\/\\\/www.gero.lu\\\/de\\\/\"},{\"@type\":\"ListItem\",\"position\":2,\"name\":\"Shop\",\"item\":\"https:\\\/\\\/www.gero.lu\\\/de\\\/shop\"},{\"@type\":\"ListItem\",\"position\":3,\"name\":\"La diversit\u00e9 religieuse et l&rsquo;accompagnement des personnes atteintes de d\u00e9mence (FCPG V)\"}]},{\"@type\":\"WebSite\",\"@id\":\"https:\\\/\\\/www.gero.lu\\\/de\\\/#website\",\"url\":\"https:\\\/\\\/www.gero.lu\\\/de\\\/\",\"name\":\"Gero\",\"description\":\"Kompetenzzenter fir den Alter\",\"publisher\":{\"@id\":\"https:\\\/\\\/www.gero.lu\\\/de\\\/#organization\"},\"potentialAction\":[{\"@type\":\"SearchAction\",\"target\":{\"@type\":\"EntryPoint\",\"urlTemplate\":\"https:\\\/\\\/www.gero.lu\\\/de\\\/?s={search_term_string}\"},\"query-input\":{\"@type\":\"PropertyValueSpecification\",\"valueRequired\":true,\"valueName\":\"search_term_string\"}}],\"inLanguage\":\"de\"},{\"@type\":\"Organization\",\"@id\":\"https:\\\/\\\/www.gero.lu\\\/de\\\/#organization\",\"name\":\"Gero\",\"url\":\"https:\\\/\\\/www.gero.lu\\\/de\\\/\",\"logo\":{\"@type\":\"ImageObject\",\"inLanguage\":\"de\",\"@id\":\"https:\\\/\\\/www.gero.lu\\\/de\\\/#\\\/schema\\\/logo\\\/image\\\/\",\"url\":\"https:\\\/\\\/www.gero.lu\\\/wp-content\\\/uploads\\\/2024\\\/04\\\/logo.svg\",\"contentUrl\":\"https:\\\/\\\/www.gero.lu\\\/wp-content\\\/uploads\\\/2024\\\/04\\\/logo.svg\",\"width\":76,\"height\":30,\"caption\":\"Gero\"},\"image\":{\"@id\":\"https:\\\/\\\/www.gero.lu\\\/de\\\/#\\\/schema\\\/logo\\\/image\\\/\"},\"sameAs\":[\"https:\\\/\\\/www.facebook.com\\\/Kompetenzzenter\\\/\",\"https:\\\/\\\/www.instagram.com\\\/gero.kompetenzzenter\\\/\",\"https:\\\/\\\/linkedin.com\\\/company\\\/gero-kompetenzzenter-fir-den-alter\",\"https:\\\/\\\/www.youtube.com\\\/channel\\\/UCJvmJYSeHh3dYQsLHZupj-Q\"]}]}<\/script>\n<!-- \/ Yoast SEO Premium plugin. -->","yoast_head_json":{"title":"La diversit\u00e9 religieuse et l'accompagnement des personnes atteintes de d\u00e9mence (FCPG V) - GERO","robots":{"index":"index","follow":"follow","max-snippet":"max-snippet:-1","max-image-preview":"max-image-preview:large","max-video-preview":"max-video-preview:-1"},"canonical":"https:\/\/www.gero.lu\/de\/produit\/la-diversite-religieuse-et-laccompagnement-des-personnes-atteintes-de-demence-fcpg-v","og_locale":"de_DE","og_type":"article","og_title":"La diversit\u00e9 religieuse et l'accompagnement des personnes atteintes de d\u00e9mence (FCPG V)","og_description":"Journ\u00e9e de r\u00e9flexion et sensibilisation Module V de la formation psychog\u00e9riatrie De nos jours, la place des religions est souvent consid\u00e9r\u00e9e comme faisant partie de la sph\u00e8re priv\u00e9e. Or, les pratiques religieuses peuvent \u00eatre source de bonheur et de r\u00e9confort. Elles peuvent aussi, tant pour les proches que pour la personne elle-m\u00eame, permettre d\u2019affronter plus [&hellip;]","og_url":"https:\/\/www.gero.lu\/de\/produit\/la-diversite-religieuse-et-laccompagnement-des-personnes-atteintes-de-demence-fcpg-v","og_site_name":"GERO","article_publisher":"https:\/\/www.facebook.com\/Kompetenzzenter\/","article_modified_time":"2026-04-20T08:00:06+00:00","og_image":[{"width":1227,"height":802,"url":"https:\/\/www.gero.lu\/wp-content\/uploads\/2021\/08\/gettyimages-1135289130-2048x2048_RET-1.jpg","type":"image\/jpeg"}],"twitter_card":"summary_large_image","twitter_misc":{"Gesch\u00e4tzte Lesezeit":"1\u00a0Minute"},"schema":{"@context":"https:\/\/schema.org","@graph":[{"@type":"WebPage","@id":"https:\/\/www.gero.lu\/de\/produit\/la-diversite-religieuse-et-laccompagnement-des-personnes-atteintes-de-demence-fcpg-v","url":"https:\/\/www.gero.lu\/de\/produit\/la-diversite-religieuse-et-laccompagnement-des-personnes-atteintes-de-demence-fcpg-v","name":"La diversit\u00e9 religieuse et l'accompagnement des personnes atteintes de d\u00e9mence (FCPG V) - GERO","isPartOf":{"@id":"https:\/\/www.gero.lu\/de\/#website"},"datePublished":"2026-03-11T11:22:49+00:00","dateModified":"2026-04-20T08:00:06+00:00","breadcrumb":{"@id":"https:\/\/www.gero.lu\/de\/produit\/la-diversite-religieuse-et-laccompagnement-des-personnes-atteintes-de-demence-fcpg-v#breadcrumb"},"inLanguage":"de","potentialAction":[{"@type":"ReadAction","target":[["https:\/\/www.gero.lu\/de\/produit\/la-diversite-religieuse-et-laccompagnement-des-personnes-atteintes-de-demence-fcpg-v"]]}]},{"@type":"BreadcrumbList","@id":"https:\/\/www.gero.lu\/de\/produit\/la-diversite-religieuse-et-laccompagnement-des-personnes-atteintes-de-demence-fcpg-v#breadcrumb","itemListElement":[{"@type":"ListItem","position":1,"name":"Accueil","item":"https:\/\/www.gero.lu\/de\/"},{"@type":"ListItem","position":2,"name":"Shop","item":"https:\/\/www.gero.lu\/de\/shop"},{"@type":"ListItem","position":3,"name":"La diversit\u00e9 religieuse et l&rsquo;accompagnement des personnes atteintes de d\u00e9mence (FCPG V)"}]},{"@type":"WebSite","@id":"https:\/\/www.gero.lu\/de\/#website","url":"https:\/\/www.gero.lu\/de\/","name":"Gero","description":"Kompetenzzenter fir den Alter","publisher":{"@id":"https:\/\/www.gero.lu\/de\/#organization"},"potentialAction":[{"@type":"SearchAction","target":{"@type":"EntryPoint","urlTemplate":"https:\/\/www.gero.lu\/de\/?s={search_term_string}"},"query-input":{"@type":"PropertyValueSpecification","valueRequired":true,"valueName":"search_term_string"}}],"inLanguage":"de"},{"@type":"Organization","@id":"https:\/\/www.gero.lu\/de\/#organization","name":"Gero","url":"https:\/\/www.gero.lu\/de\/","logo":{"@type":"ImageObject","inLanguage":"de","@id":"https:\/\/www.gero.lu\/de\/#\/schema\/logo\/image\/","url":"https:\/\/www.gero.lu\/wp-content\/uploads\/2024\/04\/logo.svg","contentUrl":"https:\/\/www.gero.lu\/wp-content\/uploads\/2024\/04\/logo.svg","width":76,"height":30,"caption":"Gero"},"image":{"@id":"https:\/\/www.gero.lu\/de\/#\/schema\/logo\/image\/"},"sameAs":["https:\/\/www.facebook.com\/Kompetenzzenter\/","https:\/\/www.instagram.com\/gero.kompetenzzenter\/","https:\/\/linkedin.com\/company\/gero-kompetenzzenter-fir-den-alter","https:\/\/www.youtube.com\/channel\/UCJvmJYSeHh3dYQsLHZupj-Q"]}]}},"_links":{"self":[{"href":"https:\/\/www.gero.lu\/de\/wp-json\/wp\/v2\/product\/11004","targetHints":{"allow":["GET"]}}],"collection":[{"href":"https:\/\/www.gero.lu\/de\/wp-json\/wp\/v2\/product"}],"about":[{"href":"https:\/\/www.gero.lu\/de\/wp-json\/wp\/v2\/types\/product"}],"replies":[{"embeddable":true,"href":"https:\/\/www.gero.lu\/de\/wp-json\/wp\/v2\/comments?post=11004"}],"wp:attachment":[{"href":"https:\/\/www.gero.lu\/de\/wp-json\/wp\/v2\/media?parent=11004"}],"wp:term":[{"taxonomy":"product_brand","embeddable":true,"href":"https:\/\/www.gero.lu\/de\/wp-json\/wp\/v2\/product_brand?post=11004"},{"taxonomy":"product_cat","embeddable":true,"href":"https:\/\/www.gero.lu\/de\/wp-json\/wp\/v2\/product_cat?post=11004"},{"taxonomy":"product_tag","embeddable":true,"href":"https:\/\/www.gero.lu\/de\/wp-json\/wp\/v2\/product_tag?post=11004"}],"curies":[{"name":"wp","href":"https:\/\/api.w.org\/{rel}","templated":true}]}}