{"id":10678,"date":"2026-01-14T11:22:56","date_gmt":"2026-01-14T11:22:56","guid":{"rendered":"https:\/\/www.gero.lu\/produit\/coach-de-retraite-benevole-accompagner-le-passage-vers-la-retraite"},"modified":"2026-04-28T08:00:07","modified_gmt":"2026-04-28T08:00:07","slug":"coach-de-retraite-benevole-accompagner-le-passage-vers-la-retraite","status":"publish","type":"product","link":"https:\/\/www.gero.lu\/de\/produit\/coach-de-retraite-benevole-accompagner-le-passage-vers-la-retraite","title":{"rendered":"Coach de retraite b\u00e9n\u00e9vole &#8211; Accompagner le passage vers la retraite"},"content":{"rendered":"<p>Vous \u00eates d\u00e9j\u00e0 \u00e0 la retraite ou vous \u00eates sur le point de prendre votre retraite ? Vous \u00eates sociable et aimez le contact avec les gens ? Le sujet de la retraite vous int\u00e9resse ? <\/p>\n<p>Alors devenez coach de retraite b\u00e9n\u00e9vole GERO ! <\/p>\n<p>Nous recherchons des personnes qui accompagnent les personnes pensionn\u00e9es dans cette nouvelle \u00e9tape de leur vie et qui partagent leurs propres exp\u00e9riences avec elles afin d\u2019offrir de nouvelles perspectives. La formation, anim\u00e9e par H&amp;P Training, vous pr\u00e9pare \u00e0 donner des conf\u00e9rences, animer des \u00e9changes d\u2019id\u00e9es, ainsi que des entretiens individuels. Il est \u00e0 noter que les coachs de retraite sont des b\u00e9n\u00e9voles et ne fournissent pas de conseils financiers, juridiques ou psychologiques.<\/p>\n","protected":false},"excerpt":{"rendered":"<p>Vous \u00eates d\u00e9j\u00e0 \u00e0 la retraite ou vous \u00eates sur le point de prendre votre retraite ? Vous \u00eates sociable et aimez le contact avec les gens ? Le sujet de la retraite vous int\u00e9resse ? Alors devenez coach de retraite b\u00e9n\u00e9vole GERO ! Nous recherchons des personnes qui accompagnent les personnes pensionn\u00e9es dans cette [&hellip;]<\/p>\n","protected":false},"featured_media":0,"comment_status":"closed","ping_status":"closed","template":"","meta":{"_acf_changed":false,"inline_featured_image":false},"product_brand":[],"product_cat":[229],"product_tag":[203],"class_list":{"0":"post-10678","1":"product","2":"type-product","3":"status-publish","5":"product_cat-workshop","6":"product_tag-connaissance-de-vie-senior","8":"first","9":"instock","10":"virtual","11":"purchasable","12":"product-type-simple"},"acf":[],"yoast_head":"<!-- This site is optimized with the Yoast SEO Premium plugin v27.4 (Yoast SEO v27.4) - https:\/\/yoast.com\/product\/yoast-seo-premium-wordpress\/ -->\n<title>Coach de retraite b\u00e9n\u00e9vole - Accompagner le passage vers la retraite - GERO<\/title>\n<meta name=\"robots\" content=\"index, follow, max-snippet:-1, max-image-preview:large, max-video-preview:-1\" \/>\n<link rel=\"canonical\" href=\"https:\/\/www.gero.lu\/de\/produit\/coach-de-retraite-benevole-accompagner-le-passage-vers-la-retraite\" \/>\n<meta property=\"og:locale\" content=\"de_DE\" \/>\n<meta property=\"og:type\" content=\"article\" \/>\n<meta property=\"og:title\" content=\"Coach de retraite b\u00e9n\u00e9vole - Accompagner le passage vers la retraite\" \/>\n<meta property=\"og:description\" content=\"Vous \u00eates d\u00e9j\u00e0 \u00e0 la retraite ou vous \u00eates sur le point de prendre votre retraite ? Vous \u00eates sociable et aimez le contact avec les gens ? Le sujet de la retraite vous int\u00e9resse ? Alors devenez coach de retraite b\u00e9n\u00e9vole GERO ! Nous recherchons des personnes qui accompagnent les personnes pensionn\u00e9es dans cette [&hellip;]\" \/>\n<meta property=\"og:url\" content=\"https:\/\/www.gero.lu\/de\/produit\/coach-de-retraite-benevole-accompagner-le-passage-vers-la-retraite\" \/>\n<meta property=\"og:site_name\" content=\"GERO\" \/>\n<meta property=\"article:publisher\" content=\"https:\/\/www.facebook.com\/Kompetenzzenter\/\" \/>\n<meta property=\"article:modified_time\" content=\"2026-04-28T08:00:07+00:00\" \/>\n<meta property=\"og:image\" content=\"https:\/\/www.gero.lu\/wp-content\/uploads\/2021\/08\/gettyimages-1135289130-2048x2048_RET-1.jpg\" \/>\n\t<meta property=\"og:image:width\" content=\"1227\" \/>\n\t<meta property=\"og:image:height\" content=\"802\" \/>\n\t<meta property=\"og:image:type\" content=\"image\/jpeg\" \/>\n<meta name=\"twitter:card\" content=\"summary_large_image\" \/>\n<meta name=\"twitter:label1\" content=\"Gesch\u00e4tzte Lesezeit\" \/>\n\t<meta name=\"twitter:data1\" content=\"1\u00a0Minute\" \/>\n<script type=\"application\/ld+json\" class=\"yoast-schema-graph\">{\"@context\":\"https:\\\/\\\/schema.org\",\"@graph\":[{\"@type\":\"WebPage\",\"@id\":\"https:\\\/\\\/www.gero.lu\\\/de\\\/produit\\\/coach-de-retraite-benevole-accompagner-le-passage-vers-la-retraite\",\"url\":\"https:\\\/\\\/www.gero.lu\\\/de\\\/produit\\\/coach-de-retraite-benevole-accompagner-le-passage-vers-la-retraite\",\"name\":\"Coach de retraite b\u00e9n\u00e9vole - Accompagner le passage vers la retraite - GERO\",\"isPartOf\":{\"@id\":\"https:\\\/\\\/www.gero.lu\\\/de\\\/#website\"},\"datePublished\":\"2026-01-14T11:22:56+00:00\",\"dateModified\":\"2026-04-28T08:00:07+00:00\",\"breadcrumb\":{\"@id\":\"https:\\\/\\\/www.gero.lu\\\/de\\\/produit\\\/coach-de-retraite-benevole-accompagner-le-passage-vers-la-retraite#breadcrumb\"},\"inLanguage\":\"de\",\"potentialAction\":[{\"@type\":\"ReadAction\",\"target\":[[\"https:\\\/\\\/www.gero.lu\\\/de\\\/produit\\\/coach-de-retraite-benevole-accompagner-le-passage-vers-la-retraite\"]]}]},{\"@type\":\"BreadcrumbList\",\"@id\":\"https:\\\/\\\/www.gero.lu\\\/de\\\/produit\\\/coach-de-retraite-benevole-accompagner-le-passage-vers-la-retraite#breadcrumb\",\"itemListElement\":[{\"@type\":\"ListItem\",\"position\":1,\"name\":\"Accueil\",\"item\":\"https:\\\/\\\/www.gero.lu\\\/de\\\/\"},{\"@type\":\"ListItem\",\"position\":2,\"name\":\"Shop\",\"item\":\"https:\\\/\\\/www.gero.lu\\\/de\\\/shop\"},{\"@type\":\"ListItem\",\"position\":3,\"name\":\"Coach de retraite b\u00e9n\u00e9vole &#8211; Accompagner le passage vers la retraite\"}]},{\"@type\":\"WebSite\",\"@id\":\"https:\\\/\\\/www.gero.lu\\\/de\\\/#website\",\"url\":\"https:\\\/\\\/www.gero.lu\\\/de\\\/\",\"name\":\"Gero\",\"description\":\"Kompetenzzenter fir den Alter\",\"publisher\":{\"@id\":\"https:\\\/\\\/www.gero.lu\\\/de\\\/#organization\"},\"potentialAction\":[{\"@type\":\"SearchAction\",\"target\":{\"@type\":\"EntryPoint\",\"urlTemplate\":\"https:\\\/\\\/www.gero.lu\\\/de\\\/?s={search_term_string}\"},\"query-input\":{\"@type\":\"PropertyValueSpecification\",\"valueRequired\":true,\"valueName\":\"search_term_string\"}}],\"inLanguage\":\"de\"},{\"@type\":\"Organization\",\"@id\":\"https:\\\/\\\/www.gero.lu\\\/de\\\/#organization\",\"name\":\"Gero\",\"url\":\"https:\\\/\\\/www.gero.lu\\\/de\\\/\",\"logo\":{\"@type\":\"ImageObject\",\"inLanguage\":\"de\",\"@id\":\"https:\\\/\\\/www.gero.lu\\\/de\\\/#\\\/schema\\\/logo\\\/image\\\/\",\"url\":\"https:\\\/\\\/www.gero.lu\\\/wp-content\\\/uploads\\\/2024\\\/04\\\/logo.svg\",\"contentUrl\":\"https:\\\/\\\/www.gero.lu\\\/wp-content\\\/uploads\\\/2024\\\/04\\\/logo.svg\",\"width\":76,\"height\":30,\"caption\":\"Gero\"},\"image\":{\"@id\":\"https:\\\/\\\/www.gero.lu\\\/de\\\/#\\\/schema\\\/logo\\\/image\\\/\"},\"sameAs\":[\"https:\\\/\\\/www.facebook.com\\\/Kompetenzzenter\\\/\",\"https:\\\/\\\/www.instagram.com\\\/gero.kompetenzzenter\\\/\",\"https:\\\/\\\/linkedin.com\\\/company\\\/gero-kompetenzzenter-fir-den-alter\",\"https:\\\/\\\/www.youtube.com\\\/channel\\\/UCJvmJYSeHh3dYQsLHZupj-Q\"]}]}<\/script>\n<!-- \/ Yoast SEO Premium plugin. -->","yoast_head_json":{"title":"Coach de retraite b\u00e9n\u00e9vole - Accompagner le passage vers la retraite - GERO","robots":{"index":"index","follow":"follow","max-snippet":"max-snippet:-1","max-image-preview":"max-image-preview:large","max-video-preview":"max-video-preview:-1"},"canonical":"https:\/\/www.gero.lu\/de\/produit\/coach-de-retraite-benevole-accompagner-le-passage-vers-la-retraite","og_locale":"de_DE","og_type":"article","og_title":"Coach de retraite b\u00e9n\u00e9vole - Accompagner le passage vers la retraite","og_description":"Vous \u00eates d\u00e9j\u00e0 \u00e0 la retraite ou vous \u00eates sur le point de prendre votre retraite ? Vous \u00eates sociable et aimez le contact avec les gens ? Le sujet de la retraite vous int\u00e9resse ? Alors devenez coach de retraite b\u00e9n\u00e9vole GERO ! Nous recherchons des personnes qui accompagnent les personnes pensionn\u00e9es dans cette [&hellip;]","og_url":"https:\/\/www.gero.lu\/de\/produit\/coach-de-retraite-benevole-accompagner-le-passage-vers-la-retraite","og_site_name":"GERO","article_publisher":"https:\/\/www.facebook.com\/Kompetenzzenter\/","article_modified_time":"2026-04-28T08:00:07+00:00","og_image":[{"width":1227,"height":802,"url":"https:\/\/www.gero.lu\/wp-content\/uploads\/2021\/08\/gettyimages-1135289130-2048x2048_RET-1.jpg","type":"image\/jpeg"}],"twitter_card":"summary_large_image","twitter_misc":{"Gesch\u00e4tzte Lesezeit":"1\u00a0Minute"},"schema":{"@context":"https:\/\/schema.org","@graph":[{"@type":"WebPage","@id":"https:\/\/www.gero.lu\/de\/produit\/coach-de-retraite-benevole-accompagner-le-passage-vers-la-retraite","url":"https:\/\/www.gero.lu\/de\/produit\/coach-de-retraite-benevole-accompagner-le-passage-vers-la-retraite","name":"Coach de retraite b\u00e9n\u00e9vole - Accompagner le passage vers la retraite - GERO","isPartOf":{"@id":"https:\/\/www.gero.lu\/de\/#website"},"datePublished":"2026-01-14T11:22:56+00:00","dateModified":"2026-04-28T08:00:07+00:00","breadcrumb":{"@id":"https:\/\/www.gero.lu\/de\/produit\/coach-de-retraite-benevole-accompagner-le-passage-vers-la-retraite#breadcrumb"},"inLanguage":"de","potentialAction":[{"@type":"ReadAction","target":[["https:\/\/www.gero.lu\/de\/produit\/coach-de-retraite-benevole-accompagner-le-passage-vers-la-retraite"]]}]},{"@type":"BreadcrumbList","@id":"https:\/\/www.gero.lu\/de\/produit\/coach-de-retraite-benevole-accompagner-le-passage-vers-la-retraite#breadcrumb","itemListElement":[{"@type":"ListItem","position":1,"name":"Accueil","item":"https:\/\/www.gero.lu\/de\/"},{"@type":"ListItem","position":2,"name":"Shop","item":"https:\/\/www.gero.lu\/de\/shop"},{"@type":"ListItem","position":3,"name":"Coach de retraite b\u00e9n\u00e9vole &#8211; Accompagner le passage vers la retraite"}]},{"@type":"WebSite","@id":"https:\/\/www.gero.lu\/de\/#website","url":"https:\/\/www.gero.lu\/de\/","name":"Gero","description":"Kompetenzzenter fir den Alter","publisher":{"@id":"https:\/\/www.gero.lu\/de\/#organization"},"potentialAction":[{"@type":"SearchAction","target":{"@type":"EntryPoint","urlTemplate":"https:\/\/www.gero.lu\/de\/?s={search_term_string}"},"query-input":{"@type":"PropertyValueSpecification","valueRequired":true,"valueName":"search_term_string"}}],"inLanguage":"de"},{"@type":"Organization","@id":"https:\/\/www.gero.lu\/de\/#organization","name":"Gero","url":"https:\/\/www.gero.lu\/de\/","logo":{"@type":"ImageObject","inLanguage":"de","@id":"https:\/\/www.gero.lu\/de\/#\/schema\/logo\/image\/","url":"https:\/\/www.gero.lu\/wp-content\/uploads\/2024\/04\/logo.svg","contentUrl":"https:\/\/www.gero.lu\/wp-content\/uploads\/2024\/04\/logo.svg","width":76,"height":30,"caption":"Gero"},"image":{"@id":"https:\/\/www.gero.lu\/de\/#\/schema\/logo\/image\/"},"sameAs":["https:\/\/www.facebook.com\/Kompetenzzenter\/","https:\/\/www.instagram.com\/gero.kompetenzzenter\/","https:\/\/linkedin.com\/company\/gero-kompetenzzenter-fir-den-alter","https:\/\/www.youtube.com\/channel\/UCJvmJYSeHh3dYQsLHZupj-Q"]}]}},"_links":{"self":[{"href":"https:\/\/www.gero.lu\/de\/wp-json\/wp\/v2\/product\/10678","targetHints":{"allow":["GET"]}}],"collection":[{"href":"https:\/\/www.gero.lu\/de\/wp-json\/wp\/v2\/product"}],"about":[{"href":"https:\/\/www.gero.lu\/de\/wp-json\/wp\/v2\/types\/product"}],"replies":[{"embeddable":true,"href":"https:\/\/www.gero.lu\/de\/wp-json\/wp\/v2\/comments?post=10678"}],"wp:attachment":[{"href":"https:\/\/www.gero.lu\/de\/wp-json\/wp\/v2\/media?parent=10678"}],"wp:term":[{"taxonomy":"product_brand","embeddable":true,"href":"https:\/\/www.gero.lu\/de\/wp-json\/wp\/v2\/product_brand?post=10678"},{"taxonomy":"product_cat","embeddable":true,"href":"https:\/\/www.gero.lu\/de\/wp-json\/wp\/v2\/product_cat?post=10678"},{"taxonomy":"product_tag","embeddable":true,"href":"https:\/\/www.gero.lu\/de\/wp-json\/wp\/v2\/product_tag?post=10678"}],"curies":[{"name":"wp","href":"https:\/\/api.w.org\/{rel}","templated":true}]}}