{"id":10333,"date":"2025-11-24T12:22:08","date_gmt":"2025-11-24T12:22:08","guid":{"rendered":"https:\/\/www.gero.lu\/produit\/exposition-as-time-goes-by-seniors-for-climate-luxembourg"},"modified":"2026-01-26T10:23:11","modified_gmt":"2026-01-26T10:23:11","slug":"exposition-as-time-goes-by-seniors-for-climate-luxembourg","status":"publish","type":"product","link":"https:\/\/www.gero.lu\/de\/produit\/exposition-as-time-goes-by-seniors-for-climate-luxembourg","title":{"rendered":"Exposition: &#8222;As time goes by&#8220; &#8211; Seniors for Climate Luxembourg"},"content":{"rendered":"<p>Le groupe des Seniors for Climate Luxembourg s&#8217;engage depuis 2020 \u00e0 sensibiliser les habitants du pays, jeunes ou moins jeunes, aux impacts du r\u00e9chauffement climatique au Grand-Duch\u00e9. A travers leur exposition de photos-vid\u00e9os \u00ab As time goes by \u00bb, ils ont d\u00e9cid\u00e9 de t\u00e9moigner de leurs exp\u00e9riences pass\u00e9es sur ce sujet. Venez \u00e0 leur rencontre pour d\u00e9couvrir leur travail et l\u2019exposition, pour \u00e9changer et peut \u00eatre contribuer vous aussi \u00e0 cet effort important de m\u00e9moire collective.<\/p>\n","protected":false},"excerpt":{"rendered":"<p>Le groupe des Seniors for Climate Luxembourg s&#8217;engage depuis 2020 \u00e0 sensibiliser les habitants du pays, jeunes ou moins jeunes, aux impacts du r\u00e9chauffement climatique au Grand-Duch\u00e9. A travers leur exposition de photos-vid\u00e9os \u00ab As time goes by \u00bb, ils ont d\u00e9cid\u00e9 de t\u00e9moigner de leurs exp\u00e9riences pass\u00e9es sur ce sujet. Venez \u00e0 leur rencontre [&hellip;]<\/p>\n","protected":false},"featured_media":10683,"comment_status":"closed","ping_status":"closed","template":"","meta":{"_acf_changed":false,"inline_featured_image":false},"product_brand":[],"product_cat":[232],"product_tag":[203],"class_list":{"0":"post-10333","1":"product","2":"type-product","3":"status-publish","4":"has-post-thumbnail","6":"product_cat-divers","7":"product_tag-connaissance-de-vie-senior","9":"first","10":"instock","11":"virtual","12":"purchasable","13":"product-type-simple"},"acf":[],"yoast_head":"<!-- This site is optimized with the Yoast SEO Premium plugin v27.4 (Yoast SEO v27.4) - https:\/\/yoast.com\/product\/yoast-seo-premium-wordpress\/ -->\n<title>Exposition: &quot;As time goes by&quot; - Seniors for Climate Luxembourg - GERO<\/title>\n<meta name=\"robots\" content=\"index, follow, max-snippet:-1, max-image-preview:large, max-video-preview:-1\" \/>\n<link rel=\"canonical\" href=\"https:\/\/www.gero.lu\/de\/produit\/exposition-as-time-goes-by-seniors-for-climate-luxembourg\" \/>\n<meta property=\"og:locale\" content=\"de_DE\" \/>\n<meta property=\"og:type\" content=\"article\" \/>\n<meta property=\"og:title\" content=\"Exposition: &quot;As time goes by&quot; - Seniors for Climate Luxembourg\" \/>\n<meta property=\"og:description\" content=\"Le groupe des Seniors for Climate Luxembourg s&#8217;engage depuis 2020 \u00e0 sensibiliser les habitants du pays, jeunes ou moins jeunes, aux impacts du r\u00e9chauffement climatique au Grand-Duch\u00e9. A travers leur exposition de photos-vid\u00e9os \u00ab As time goes by \u00bb, ils ont d\u00e9cid\u00e9 de t\u00e9moigner de leurs exp\u00e9riences pass\u00e9es sur ce sujet. Venez \u00e0 leur rencontre [&hellip;]\" \/>\n<meta property=\"og:url\" content=\"https:\/\/www.gero.lu\/de\/produit\/exposition-as-time-goes-by-seniors-for-climate-luxembourg\" \/>\n<meta property=\"og:site_name\" content=\"GERO\" \/>\n<meta property=\"article:publisher\" content=\"https:\/\/www.facebook.com\/Kompetenzzenter\/\" \/>\n<meta property=\"article:modified_time\" content=\"2026-01-26T10:23:11+00:00\" \/>\n<meta property=\"og:image\" content=\"https:\/\/www.gero.lu\/wp-content\/uploads\/2025\/11\/As-Time-Goes-By-Flyer-1086x1536_main-e1768470071842.jpg\" \/>\n\t<meta property=\"og:image:width\" content=\"1083\" \/>\n\t<meta property=\"og:image:height\" content=\"590\" \/>\n\t<meta property=\"og:image:type\" content=\"image\/jpeg\" \/>\n<meta name=\"twitter:card\" content=\"summary_large_image\" \/>\n<meta name=\"twitter:label1\" content=\"Gesch\u00e4tzte Lesezeit\" \/>\n\t<meta name=\"twitter:data1\" content=\"1\u00a0Minute\" \/>\n<script type=\"application\/ld+json\" class=\"yoast-schema-graph\">{\"@context\":\"https:\\\/\\\/schema.org\",\"@graph\":[{\"@type\":\"WebPage\",\"@id\":\"https:\\\/\\\/www.gero.lu\\\/de\\\/produit\\\/exposition-as-time-goes-by-seniors-for-climate-luxembourg\",\"url\":\"https:\\\/\\\/www.gero.lu\\\/de\\\/produit\\\/exposition-as-time-goes-by-seniors-for-climate-luxembourg\",\"name\":\"Exposition: \\\"As time goes by\\\" - Seniors for Climate Luxembourg - GERO\",\"isPartOf\":{\"@id\":\"https:\\\/\\\/www.gero.lu\\\/de\\\/#website\"},\"primaryImageOfPage\":{\"@id\":\"https:\\\/\\\/www.gero.lu\\\/de\\\/produit\\\/exposition-as-time-goes-by-seniors-for-climate-luxembourg#primaryimage\"},\"image\":{\"@id\":\"https:\\\/\\\/www.gero.lu\\\/produit\\\/exposition-as-time-goes-by-seniors-for-climate-luxembourg#primaryimage\"},\"thumbnailUrl\":\"https:\\\/\\\/www.gero.lu\\\/wp-content\\\/uploads\\\/2025\\\/11\\\/As-Time-Goes-By-Flyer-1086x1536_main-e1768470071842.jpg\",\"datePublished\":\"2025-11-24T12:22:08+00:00\",\"dateModified\":\"2026-01-26T10:23:11+00:00\",\"breadcrumb\":{\"@id\":\"https:\\\/\\\/www.gero.lu\\\/de\\\/produit\\\/exposition-as-time-goes-by-seniors-for-climate-luxembourg#breadcrumb\"},\"inLanguage\":\"de\",\"potentialAction\":[{\"@type\":\"ReadAction\",\"target\":[[\"https:\\\/\\\/www.gero.lu\\\/de\\\/produit\\\/exposition-as-time-goes-by-seniors-for-climate-luxembourg\"]]}]},{\"@type\":\"ImageObject\",\"inLanguage\":\"de\",\"@id\":\"https:\\\/\\\/www.gero.lu\\\/de\\\/produit\\\/exposition-as-time-goes-by-seniors-for-climate-luxembourg#primaryimage\",\"url\":\"https:\\\/\\\/www.gero.lu\\\/wp-content\\\/uploads\\\/2025\\\/11\\\/As-Time-Goes-By-Flyer-1086x1536_main-e1768470071842.jpg\",\"contentUrl\":\"https:\\\/\\\/www.gero.lu\\\/wp-content\\\/uploads\\\/2025\\\/11\\\/As-Time-Goes-By-Flyer-1086x1536_main-e1768470071842.jpg\",\"width\":1083,\"height\":590},{\"@type\":\"BreadcrumbList\",\"@id\":\"https:\\\/\\\/www.gero.lu\\\/de\\\/produit\\\/exposition-as-time-goes-by-seniors-for-climate-luxembourg#breadcrumb\",\"itemListElement\":[{\"@type\":\"ListItem\",\"position\":1,\"name\":\"Accueil\",\"item\":\"https:\\\/\\\/www.gero.lu\\\/de\\\/\"},{\"@type\":\"ListItem\",\"position\":2,\"name\":\"Shop\",\"item\":\"https:\\\/\\\/www.gero.lu\\\/de\\\/shop\"},{\"@type\":\"ListItem\",\"position\":3,\"name\":\"Exposition: \u00ab\u00a0As time goes by\u00a0\u00bb &#8211; Seniors for Climate Luxembourg\"}]},{\"@type\":\"WebSite\",\"@id\":\"https:\\\/\\\/www.gero.lu\\\/de\\\/#website\",\"url\":\"https:\\\/\\\/www.gero.lu\\\/de\\\/\",\"name\":\"Gero\",\"description\":\"Kompetenzzenter fir den Alter\",\"publisher\":{\"@id\":\"https:\\\/\\\/www.gero.lu\\\/de\\\/#organization\"},\"potentialAction\":[{\"@type\":\"SearchAction\",\"target\":{\"@type\":\"EntryPoint\",\"urlTemplate\":\"https:\\\/\\\/www.gero.lu\\\/de\\\/?s={search_term_string}\"},\"query-input\":{\"@type\":\"PropertyValueSpecification\",\"valueRequired\":true,\"valueName\":\"search_term_string\"}}],\"inLanguage\":\"de\"},{\"@type\":\"Organization\",\"@id\":\"https:\\\/\\\/www.gero.lu\\\/de\\\/#organization\",\"name\":\"Gero\",\"url\":\"https:\\\/\\\/www.gero.lu\\\/de\\\/\",\"logo\":{\"@type\":\"ImageObject\",\"inLanguage\":\"de\",\"@id\":\"https:\\\/\\\/www.gero.lu\\\/de\\\/#\\\/schema\\\/logo\\\/image\\\/\",\"url\":\"https:\\\/\\\/www.gero.lu\\\/wp-content\\\/uploads\\\/2024\\\/04\\\/logo.svg\",\"contentUrl\":\"https:\\\/\\\/www.gero.lu\\\/wp-content\\\/uploads\\\/2024\\\/04\\\/logo.svg\",\"width\":76,\"height\":30,\"caption\":\"Gero\"},\"image\":{\"@id\":\"https:\\\/\\\/www.gero.lu\\\/de\\\/#\\\/schema\\\/logo\\\/image\\\/\"},\"sameAs\":[\"https:\\\/\\\/www.facebook.com\\\/Kompetenzzenter\\\/\",\"https:\\\/\\\/www.instagram.com\\\/gero.kompetenzzenter\\\/\",\"https:\\\/\\\/linkedin.com\\\/company\\\/gero-kompetenzzenter-fir-den-alter\",\"https:\\\/\\\/www.youtube.com\\\/channel\\\/UCJvmJYSeHh3dYQsLHZupj-Q\"]}]}<\/script>\n<!-- \/ Yoast SEO Premium plugin. -->","yoast_head_json":{"title":"Exposition: \"As time goes by\" - Seniors for Climate Luxembourg - GERO","robots":{"index":"index","follow":"follow","max-snippet":"max-snippet:-1","max-image-preview":"max-image-preview:large","max-video-preview":"max-video-preview:-1"},"canonical":"https:\/\/www.gero.lu\/de\/produit\/exposition-as-time-goes-by-seniors-for-climate-luxembourg","og_locale":"de_DE","og_type":"article","og_title":"Exposition: \"As time goes by\" - Seniors for Climate Luxembourg","og_description":"Le groupe des Seniors for Climate Luxembourg s&#8217;engage depuis 2020 \u00e0 sensibiliser les habitants du pays, jeunes ou moins jeunes, aux impacts du r\u00e9chauffement climatique au Grand-Duch\u00e9. A travers leur exposition de photos-vid\u00e9os \u00ab As time goes by \u00bb, ils ont d\u00e9cid\u00e9 de t\u00e9moigner de leurs exp\u00e9riences pass\u00e9es sur ce sujet. Venez \u00e0 leur rencontre [&hellip;]","og_url":"https:\/\/www.gero.lu\/de\/produit\/exposition-as-time-goes-by-seniors-for-climate-luxembourg","og_site_name":"GERO","article_publisher":"https:\/\/www.facebook.com\/Kompetenzzenter\/","article_modified_time":"2026-01-26T10:23:11+00:00","og_image":[{"width":1083,"height":590,"url":"https:\/\/www.gero.lu\/wp-content\/uploads\/2025\/11\/As-Time-Goes-By-Flyer-1086x1536_main-e1768470071842.jpg","type":"image\/jpeg"}],"twitter_card":"summary_large_image","twitter_misc":{"Gesch\u00e4tzte Lesezeit":"1\u00a0Minute"},"schema":{"@context":"https:\/\/schema.org","@graph":[{"@type":"WebPage","@id":"https:\/\/www.gero.lu\/de\/produit\/exposition-as-time-goes-by-seniors-for-climate-luxembourg","url":"https:\/\/www.gero.lu\/de\/produit\/exposition-as-time-goes-by-seniors-for-climate-luxembourg","name":"Exposition: \"As time goes by\" - Seniors for Climate Luxembourg - GERO","isPartOf":{"@id":"https:\/\/www.gero.lu\/de\/#website"},"primaryImageOfPage":{"@id":"https:\/\/www.gero.lu\/de\/produit\/exposition-as-time-goes-by-seniors-for-climate-luxembourg#primaryimage"},"image":{"@id":"https:\/\/www.gero.lu\/produit\/exposition-as-time-goes-by-seniors-for-climate-luxembourg#primaryimage"},"thumbnailUrl":"https:\/\/www.gero.lu\/wp-content\/uploads\/2025\/11\/As-Time-Goes-By-Flyer-1086x1536_main-e1768470071842.jpg","datePublished":"2025-11-24T12:22:08+00:00","dateModified":"2026-01-26T10:23:11+00:00","breadcrumb":{"@id":"https:\/\/www.gero.lu\/de\/produit\/exposition-as-time-goes-by-seniors-for-climate-luxembourg#breadcrumb"},"inLanguage":"de","potentialAction":[{"@type":"ReadAction","target":[["https:\/\/www.gero.lu\/de\/produit\/exposition-as-time-goes-by-seniors-for-climate-luxembourg"]]}]},{"@type":"ImageObject","inLanguage":"de","@id":"https:\/\/www.gero.lu\/de\/produit\/exposition-as-time-goes-by-seniors-for-climate-luxembourg#primaryimage","url":"https:\/\/www.gero.lu\/wp-content\/uploads\/2025\/11\/As-Time-Goes-By-Flyer-1086x1536_main-e1768470071842.jpg","contentUrl":"https:\/\/www.gero.lu\/wp-content\/uploads\/2025\/11\/As-Time-Goes-By-Flyer-1086x1536_main-e1768470071842.jpg","width":1083,"height":590},{"@type":"BreadcrumbList","@id":"https:\/\/www.gero.lu\/de\/produit\/exposition-as-time-goes-by-seniors-for-climate-luxembourg#breadcrumb","itemListElement":[{"@type":"ListItem","position":1,"name":"Accueil","item":"https:\/\/www.gero.lu\/de\/"},{"@type":"ListItem","position":2,"name":"Shop","item":"https:\/\/www.gero.lu\/de\/shop"},{"@type":"ListItem","position":3,"name":"Exposition: \u00ab\u00a0As time goes by\u00a0\u00bb &#8211; Seniors for Climate Luxembourg"}]},{"@type":"WebSite","@id":"https:\/\/www.gero.lu\/de\/#website","url":"https:\/\/www.gero.lu\/de\/","name":"Gero","description":"Kompetenzzenter fir den Alter","publisher":{"@id":"https:\/\/www.gero.lu\/de\/#organization"},"potentialAction":[{"@type":"SearchAction","target":{"@type":"EntryPoint","urlTemplate":"https:\/\/www.gero.lu\/de\/?s={search_term_string}"},"query-input":{"@type":"PropertyValueSpecification","valueRequired":true,"valueName":"search_term_string"}}],"inLanguage":"de"},{"@type":"Organization","@id":"https:\/\/www.gero.lu\/de\/#organization","name":"Gero","url":"https:\/\/www.gero.lu\/de\/","logo":{"@type":"ImageObject","inLanguage":"de","@id":"https:\/\/www.gero.lu\/de\/#\/schema\/logo\/image\/","url":"https:\/\/www.gero.lu\/wp-content\/uploads\/2024\/04\/logo.svg","contentUrl":"https:\/\/www.gero.lu\/wp-content\/uploads\/2024\/04\/logo.svg","width":76,"height":30,"caption":"Gero"},"image":{"@id":"https:\/\/www.gero.lu\/de\/#\/schema\/logo\/image\/"},"sameAs":["https:\/\/www.facebook.com\/Kompetenzzenter\/","https:\/\/www.instagram.com\/gero.kompetenzzenter\/","https:\/\/linkedin.com\/company\/gero-kompetenzzenter-fir-den-alter","https:\/\/www.youtube.com\/channel\/UCJvmJYSeHh3dYQsLHZupj-Q"]}]}},"_links":{"self":[{"href":"https:\/\/www.gero.lu\/de\/wp-json\/wp\/v2\/product\/10333","targetHints":{"allow":["GET"]}}],"collection":[{"href":"https:\/\/www.gero.lu\/de\/wp-json\/wp\/v2\/product"}],"about":[{"href":"https:\/\/www.gero.lu\/de\/wp-json\/wp\/v2\/types\/product"}],"replies":[{"embeddable":true,"href":"https:\/\/www.gero.lu\/de\/wp-json\/wp\/v2\/comments?post=10333"}],"wp:featuredmedia":[{"embeddable":true,"href":"https:\/\/www.gero.lu\/de\/wp-json\/wp\/v2\/media\/10683"}],"wp:attachment":[{"href":"https:\/\/www.gero.lu\/de\/wp-json\/wp\/v2\/media?parent=10333"}],"wp:term":[{"taxonomy":"product_brand","embeddable":true,"href":"https:\/\/www.gero.lu\/de\/wp-json\/wp\/v2\/product_brand?post=10333"},{"taxonomy":"product_cat","embeddable":true,"href":"https:\/\/www.gero.lu\/de\/wp-json\/wp\/v2\/product_cat?post=10333"},{"taxonomy":"product_tag","embeddable":true,"href":"https:\/\/www.gero.lu\/de\/wp-json\/wp\/v2\/product_tag?post=10333"}],"curies":[{"name":"wp","href":"https:\/\/api.w.org\/{rel}","templated":true}]}}