{"id":10201,"date":"2025-10-31T13:21:25","date_gmt":"2025-10-31T13:21:25","guid":{"rendered":"https:\/\/www.gero.lu\/produit\/erste-begegnung-mit-neuen-bewohnern-und-angehorigen"},"modified":"2025-10-31T14:21:29","modified_gmt":"2025-10-31T14:21:29","slug":"erste-begegnung-mit-neuen-bewohnern-und-angehorigen","status":"publish","type":"product","link":"https:\/\/www.gero.lu\/de\/produit\/erste-begegnung-mit-neuen-bewohnern-und-angehorigen","title":{"rendered":"Erste Begegnung mit neuen Bewohnern und Angeh\u00f6rigen"},"content":{"rendered":"<p>Moien! Sch\u00e9in dass Dir do sidd! <\/p>\n<p>In diesem Kurs liegt der Fokus auf den ersten Begegnungen mit neuen Bewohnern in Wohnstrukturen f\u00fcr \u00e4ltere Menschen. Durch Selbstreflexion und praxisnahe \u00dcbungen analysieren die Teilnehmenden ihr eigenes Handeln und die Bedeutung der \u201ePflegediagnose der Pflegekr\u00e4fte\u201c. <\/p>\n<p>Es wird ein Verst\u00e4ndnis f\u00fcr unterschiedliche Verhaltensweisen und individuelle Bed\u00fcrfnisse entwickelt, wobei die aktive Einbindung der Angeh\u00f6rigen eine zentrale Rolle spielt. Ein theoretischer Teil vermittelt verbale und nonverbale Kommunikationstechniken, basierend auf den Modellen von Rosenberg und Schell.<br \/>\nZudem wird das \u201eDaheimgef\u00fchl\u201c thematisiert: Welche Gegenst\u00e4nde und Gestaltungselemente helfen Bewohnern, sich im neuen Umfeld wohlzuf\u00fchlen? Abschlie\u00dfend erstellen die Teilnehmenden einen praktischen Leitfaden f\u00fcr gelungene Erstkontakte.<\/p>\n<p>Inhalte:<br \/>\n&#8211;\tSelbstreflexion und \u201ePflegediagnose der Pflegekr\u00e4fte\u201c<br \/>\n&#8211;\tVerst\u00e4ndnis individueller Bed\u00fcrfnisse und Verhaltensweisen<br \/>\n&#8211;\tEinbindung der Angeh\u00f6rigen beim Einzug in eine neue Wohnstruktur<br \/>\n&#8211;\tVerbale und nonverbale Kommunikation (Rosenberg &amp; Schell)<br \/>\n&#8211;\tF\u00f6rderung von Selbstbestimmung und W\u00fcrde<br \/>\n&#8211;\tGestaltung des Zimmers, um ein \u201eDaheimgef\u00fchl\u201c zu schaffen<br \/>\n&#8211;\tEntwicklung eines praktischen Wegweisers<\/p>\n<p>Zielgruppe :<br \/>\nAlle, die interessiert sind<\/p>\n<p>(Kursunterlagen erh\u00e4ltlich auf Deutsch oder Franz\u00f6sisch)<\/p>\n","protected":false},"excerpt":{"rendered":"<p>Moien! Sch\u00e9in dass Dir do sidd! In diesem Kurs liegt der Fokus auf den ersten Begegnungen mit neuen Bewohnern in Wohnstrukturen f\u00fcr \u00e4ltere Menschen. Durch Selbstreflexion und praxisnahe \u00dcbungen analysieren die Teilnehmenden ihr eigenes Handeln und die Bedeutung der \u201ePflegediagnose der Pflegekr\u00e4fte\u201c. Es wird ein Verst\u00e4ndnis f\u00fcr unterschiedliche Verhaltensweisen und individuelle Bed\u00fcrfnisse entwickelt, wobei die [&hellip;]<\/p>\n","protected":false},"featured_media":0,"comment_status":"closed","ping_status":"closed","template":"","meta":{"_acf_changed":false,"inline_featured_image":false},"product_brand":[],"product_cat":[239],"product_tag":[237],"class_list":{"0":"post-10201","1":"product","2":"type-product","3":"status-publish","5":"product_cat-cours-pro","6":"product_tag-soins-encadrement-therapie-pro","8":"first","9":"instock","10":"virtual","11":"purchasable","12":"product-type-simple"},"acf":[],"yoast_head":"<!-- This site is optimized with the Yoast SEO Premium plugin v27.4 (Yoast SEO v27.5) - https:\/\/yoast.com\/product\/yoast-seo-premium-wordpress\/ -->\n<title>Erste Begegnung mit neuen Bewohnern und Angeh\u00f6rigen - GERO<\/title>\n<meta name=\"robots\" content=\"index, follow, max-snippet:-1, max-image-preview:large, max-video-preview:-1\" \/>\n<link rel=\"canonical\" href=\"https:\/\/www.gero.lu\/de\/produit\/erste-begegnung-mit-neuen-bewohnern-und-angehorigen\" \/>\n<meta property=\"og:locale\" content=\"de_DE\" \/>\n<meta property=\"og:type\" content=\"article\" \/>\n<meta property=\"og:title\" content=\"Erste Begegnung mit neuen Bewohnern und Angeh\u00f6rigen\" \/>\n<meta property=\"og:description\" content=\"Moien! Sch\u00e9in dass Dir do sidd! In diesem Kurs liegt der Fokus auf den ersten Begegnungen mit neuen Bewohnern in Wohnstrukturen f\u00fcr \u00e4ltere Menschen. Durch Selbstreflexion und praxisnahe \u00dcbungen analysieren die Teilnehmenden ihr eigenes Handeln und die Bedeutung der \u201ePflegediagnose der Pflegekr\u00e4fte\u201c. Es wird ein Verst\u00e4ndnis f\u00fcr unterschiedliche Verhaltensweisen und individuelle Bed\u00fcrfnisse entwickelt, wobei die [&hellip;]\" \/>\n<meta property=\"og:url\" content=\"https:\/\/www.gero.lu\/de\/produit\/erste-begegnung-mit-neuen-bewohnern-und-angehorigen\" \/>\n<meta property=\"og:site_name\" content=\"GERO\" \/>\n<meta property=\"article:publisher\" content=\"https:\/\/www.facebook.com\/Kompetenzzenter\/\" \/>\n<meta property=\"article:modified_time\" content=\"2025-10-31T14:21:29+00:00\" \/>\n<meta property=\"og:image\" content=\"https:\/\/www.gero.lu\/wp-content\/uploads\/2021\/08\/gettyimages-1135289130-2048x2048_RET-1.jpg\" \/>\n\t<meta property=\"og:image:width\" content=\"1227\" \/>\n\t<meta property=\"og:image:height\" content=\"802\" \/>\n\t<meta property=\"og:image:type\" content=\"image\/jpeg\" \/>\n<meta name=\"twitter:card\" content=\"summary_large_image\" \/>\n<meta name=\"twitter:label1\" content=\"Gesch\u00e4tzte Lesezeit\" \/>\n\t<meta name=\"twitter:data1\" content=\"1\u00a0Minute\" \/>\n<script type=\"application\/ld+json\" class=\"yoast-schema-graph\">{\"@context\":\"https:\\\/\\\/schema.org\",\"@graph\":[{\"@type\":\"WebPage\",\"@id\":\"https:\\\/\\\/www.gero.lu\\\/de\\\/produit\\\/erste-begegnung-mit-neuen-bewohnern-und-angehorigen\",\"url\":\"https:\\\/\\\/www.gero.lu\\\/de\\\/produit\\\/erste-begegnung-mit-neuen-bewohnern-und-angehorigen\",\"name\":\"Erste Begegnung mit neuen Bewohnern und Angeh\u00f6rigen - GERO\",\"isPartOf\":{\"@id\":\"https:\\\/\\\/www.gero.lu\\\/de\\\/#website\"},\"datePublished\":\"2025-10-31T13:21:25+00:00\",\"dateModified\":\"2025-10-31T14:21:29+00:00\",\"breadcrumb\":{\"@id\":\"https:\\\/\\\/www.gero.lu\\\/de\\\/produit\\\/erste-begegnung-mit-neuen-bewohnern-und-angehorigen#breadcrumb\"},\"inLanguage\":\"de\",\"potentialAction\":[{\"@type\":\"ReadAction\",\"target\":[[\"https:\\\/\\\/www.gero.lu\\\/de\\\/produit\\\/erste-begegnung-mit-neuen-bewohnern-und-angehorigen\"]]}]},{\"@type\":\"BreadcrumbList\",\"@id\":\"https:\\\/\\\/www.gero.lu\\\/de\\\/produit\\\/erste-begegnung-mit-neuen-bewohnern-und-angehorigen#breadcrumb\",\"itemListElement\":[{\"@type\":\"ListItem\",\"position\":1,\"name\":\"Accueil\",\"item\":\"https:\\\/\\\/www.gero.lu\\\/de\\\/\"},{\"@type\":\"ListItem\",\"position\":2,\"name\":\"Shop\",\"item\":\"https:\\\/\\\/www.gero.lu\\\/de\\\/shop\"},{\"@type\":\"ListItem\",\"position\":3,\"name\":\"Erste Begegnung mit neuen Bewohnern und Angeh\u00f6rigen\"}]},{\"@type\":\"WebSite\",\"@id\":\"https:\\\/\\\/www.gero.lu\\\/de\\\/#website\",\"url\":\"https:\\\/\\\/www.gero.lu\\\/de\\\/\",\"name\":\"Gero\",\"description\":\"Kompetenzzenter fir den Alter\",\"publisher\":{\"@id\":\"https:\\\/\\\/www.gero.lu\\\/de\\\/#organization\"},\"potentialAction\":[{\"@type\":\"SearchAction\",\"target\":{\"@type\":\"EntryPoint\",\"urlTemplate\":\"https:\\\/\\\/www.gero.lu\\\/de\\\/?s={search_term_string}\"},\"query-input\":{\"@type\":\"PropertyValueSpecification\",\"valueRequired\":true,\"valueName\":\"search_term_string\"}}],\"inLanguage\":\"de\"},{\"@type\":\"Organization\",\"@id\":\"https:\\\/\\\/www.gero.lu\\\/de\\\/#organization\",\"name\":\"Gero\",\"url\":\"https:\\\/\\\/www.gero.lu\\\/de\\\/\",\"logo\":{\"@type\":\"ImageObject\",\"inLanguage\":\"de\",\"@id\":\"https:\\\/\\\/www.gero.lu\\\/de\\\/#\\\/schema\\\/logo\\\/image\\\/\",\"url\":\"https:\\\/\\\/www.gero.lu\\\/wp-content\\\/uploads\\\/2024\\\/04\\\/logo.svg\",\"contentUrl\":\"https:\\\/\\\/www.gero.lu\\\/wp-content\\\/uploads\\\/2024\\\/04\\\/logo.svg\",\"width\":76,\"height\":30,\"caption\":\"Gero\"},\"image\":{\"@id\":\"https:\\\/\\\/www.gero.lu\\\/de\\\/#\\\/schema\\\/logo\\\/image\\\/\"},\"sameAs\":[\"https:\\\/\\\/www.facebook.com\\\/Kompetenzzenter\\\/\",\"https:\\\/\\\/www.instagram.com\\\/gero.kompetenzzenter\\\/\",\"https:\\\/\\\/linkedin.com\\\/company\\\/gero-kompetenzzenter-fir-den-alter\",\"https:\\\/\\\/www.youtube.com\\\/channel\\\/UCJvmJYSeHh3dYQsLHZupj-Q\"]}]}<\/script>\n<!-- \/ Yoast SEO Premium plugin. -->","yoast_head_json":{"title":"Erste Begegnung mit neuen Bewohnern und Angeh\u00f6rigen - GERO","robots":{"index":"index","follow":"follow","max-snippet":"max-snippet:-1","max-image-preview":"max-image-preview:large","max-video-preview":"max-video-preview:-1"},"canonical":"https:\/\/www.gero.lu\/de\/produit\/erste-begegnung-mit-neuen-bewohnern-und-angehorigen","og_locale":"de_DE","og_type":"article","og_title":"Erste Begegnung mit neuen Bewohnern und Angeh\u00f6rigen","og_description":"Moien! Sch\u00e9in dass Dir do sidd! In diesem Kurs liegt der Fokus auf den ersten Begegnungen mit neuen Bewohnern in Wohnstrukturen f\u00fcr \u00e4ltere Menschen. Durch Selbstreflexion und praxisnahe \u00dcbungen analysieren die Teilnehmenden ihr eigenes Handeln und die Bedeutung der \u201ePflegediagnose der Pflegekr\u00e4fte\u201c. Es wird ein Verst\u00e4ndnis f\u00fcr unterschiedliche Verhaltensweisen und individuelle Bed\u00fcrfnisse entwickelt, wobei die [&hellip;]","og_url":"https:\/\/www.gero.lu\/de\/produit\/erste-begegnung-mit-neuen-bewohnern-und-angehorigen","og_site_name":"GERO","article_publisher":"https:\/\/www.facebook.com\/Kompetenzzenter\/","article_modified_time":"2025-10-31T14:21:29+00:00","og_image":[{"width":1227,"height":802,"url":"https:\/\/www.gero.lu\/wp-content\/uploads\/2021\/08\/gettyimages-1135289130-2048x2048_RET-1.jpg","type":"image\/jpeg"}],"twitter_card":"summary_large_image","twitter_misc":{"Gesch\u00e4tzte Lesezeit":"1\u00a0Minute"},"schema":{"@context":"https:\/\/schema.org","@graph":[{"@type":"WebPage","@id":"https:\/\/www.gero.lu\/de\/produit\/erste-begegnung-mit-neuen-bewohnern-und-angehorigen","url":"https:\/\/www.gero.lu\/de\/produit\/erste-begegnung-mit-neuen-bewohnern-und-angehorigen","name":"Erste Begegnung mit neuen Bewohnern und Angeh\u00f6rigen - GERO","isPartOf":{"@id":"https:\/\/www.gero.lu\/de\/#website"},"datePublished":"2025-10-31T13:21:25+00:00","dateModified":"2025-10-31T14:21:29+00:00","breadcrumb":{"@id":"https:\/\/www.gero.lu\/de\/produit\/erste-begegnung-mit-neuen-bewohnern-und-angehorigen#breadcrumb"},"inLanguage":"de","potentialAction":[{"@type":"ReadAction","target":[["https:\/\/www.gero.lu\/de\/produit\/erste-begegnung-mit-neuen-bewohnern-und-angehorigen"]]}]},{"@type":"BreadcrumbList","@id":"https:\/\/www.gero.lu\/de\/produit\/erste-begegnung-mit-neuen-bewohnern-und-angehorigen#breadcrumb","itemListElement":[{"@type":"ListItem","position":1,"name":"Accueil","item":"https:\/\/www.gero.lu\/de\/"},{"@type":"ListItem","position":2,"name":"Shop","item":"https:\/\/www.gero.lu\/de\/shop"},{"@type":"ListItem","position":3,"name":"Erste Begegnung mit neuen Bewohnern und Angeh\u00f6rigen"}]},{"@type":"WebSite","@id":"https:\/\/www.gero.lu\/de\/#website","url":"https:\/\/www.gero.lu\/de\/","name":"Gero","description":"Kompetenzzenter fir den Alter","publisher":{"@id":"https:\/\/www.gero.lu\/de\/#organization"},"potentialAction":[{"@type":"SearchAction","target":{"@type":"EntryPoint","urlTemplate":"https:\/\/www.gero.lu\/de\/?s={search_term_string}"},"query-input":{"@type":"PropertyValueSpecification","valueRequired":true,"valueName":"search_term_string"}}],"inLanguage":"de"},{"@type":"Organization","@id":"https:\/\/www.gero.lu\/de\/#organization","name":"Gero","url":"https:\/\/www.gero.lu\/de\/","logo":{"@type":"ImageObject","inLanguage":"de","@id":"https:\/\/www.gero.lu\/de\/#\/schema\/logo\/image\/","url":"https:\/\/www.gero.lu\/wp-content\/uploads\/2024\/04\/logo.svg","contentUrl":"https:\/\/www.gero.lu\/wp-content\/uploads\/2024\/04\/logo.svg","width":76,"height":30,"caption":"Gero"},"image":{"@id":"https:\/\/www.gero.lu\/de\/#\/schema\/logo\/image\/"},"sameAs":["https:\/\/www.facebook.com\/Kompetenzzenter\/","https:\/\/www.instagram.com\/gero.kompetenzzenter\/","https:\/\/linkedin.com\/company\/gero-kompetenzzenter-fir-den-alter","https:\/\/www.youtube.com\/channel\/UCJvmJYSeHh3dYQsLHZupj-Q"]}]}},"_links":{"self":[{"href":"https:\/\/www.gero.lu\/de\/wp-json\/wp\/v2\/product\/10201","targetHints":{"allow":["GET"]}}],"collection":[{"href":"https:\/\/www.gero.lu\/de\/wp-json\/wp\/v2\/product"}],"about":[{"href":"https:\/\/www.gero.lu\/de\/wp-json\/wp\/v2\/types\/product"}],"replies":[{"embeddable":true,"href":"https:\/\/www.gero.lu\/de\/wp-json\/wp\/v2\/comments?post=10201"}],"wp:attachment":[{"href":"https:\/\/www.gero.lu\/de\/wp-json\/wp\/v2\/media?parent=10201"}],"wp:term":[{"taxonomy":"product_brand","embeddable":true,"href":"https:\/\/www.gero.lu\/de\/wp-json\/wp\/v2\/product_brand?post=10201"},{"taxonomy":"product_cat","embeddable":true,"href":"https:\/\/www.gero.lu\/de\/wp-json\/wp\/v2\/product_cat?post=10201"},{"taxonomy":"product_tag","embeddable":true,"href":"https:\/\/www.gero.lu\/de\/wp-json\/wp\/v2\/product_tag?post=10201"}],"curies":[{"name":"wp","href":"https:\/\/api.w.org\/{rel}","templated":true}]}}