{"id":5489,"date":"2023-05-19T14:17:56","date_gmt":"2023-05-19T14:17:56","guid":{"rendered":"https:\/\/www.gero.lu\/?post_type=faq&#038;p=5489"},"modified":"2023-05-19T14:17:56","modified_gmt":"2023-05-19T14:17:56","slug":"snoezelen","status":"publish","type":"faq","link":"https:\/\/www.gero.lu\/de\/faq\/snoezelen","title":{"rendered":"Snoezelen"},"content":{"rendered":"<p><strong>Workshop<\/strong><\/p>\n<p><strong>2 Tage<\/strong><\/p>\n<p><strong>Deutsch<\/strong><\/p>\n<p><strong>Referent*in:<\/strong><\/p>\n<p><strong>Isabelle Maystadt<\/strong><\/p>\n<p>&nbsp;<\/p>\n<p><strong>Modul 5 der Weiterbildung Psychogeriatrie<\/strong><\/p>\n<p><strong>Leben mit allen Sinnen<\/strong><\/p>\n<p>Der Begriff \u201eSnoezelen\u201c setzt sich aus den niederl\u00e4ndischen W\u00f6rtern \u201esnuffelen\u201c und \u201edoezelen\u201c zusammen: schnuppern und d\u00f6sen, wahrnehmen und sich wohlf\u00fchlen.<\/p>\n<p>Snoezelen versucht, Denkanst\u00f6\u00dfe zu vermitteln, um die Beziehung zu dem alten Menschen anders zu gestalten. Diese Beziehung baut auf Wohlbefinden und einer besseren Lebensqualit\u00e4t in einer sicheren, entspannten Atmosph\u00e4re auf, wo Sinneserfahrungen individuell erfahrbar werden.<\/p>\n<p>Drei Prinzipien pr\u00e4gen diese Erfahrungen:<\/p>\n<ul>\n<li>Respekt des alten Menschen, seines Rhythmuses und seiner Bed\u00fcrfnisse<\/li>\n<li>Priorit\u00e4t auf Wahrnehmung und Sinneserfahrung<\/li>\n<li>Suche nach Wohlbefinden, Zufriedenheit, Ruhe, Entspannung, Aktivit\u00e4t\u2026.<\/li>\n<\/ul>\n<p>Die Seminarteilnehmer sollen f\u00fcr einfache, basale Sinneswahrnehmungen sowohl im allt\u00e4glichen Leben als auch im \u201eSnoezelraum\u201c sensibilisiert werden. Gleichzeitig soll ihre Kreativit\u00e4t geweckt werden, um dem alten Menschen unterschiedliche Erfahrungen zug\u00e4nglich zu machen. Diese k\u00f6nnen durch einen Gegenstand, einen Klang, eine Aktivit\u00e4t usw. stimuliert werden. Snoezelen hei\u00dft aber auch, dem alten Menschen in vielf\u00e4ltiger Weise zu begegnen, indem der Teilnehmer die Umgebung innerhalb der Einrichtung als Ausgangspunkt der Beziehung kreativ nutzt.<\/p>","protected":false},"featured_media":0,"template":"","faq_cat":[347],"class_list":["post-5489","faq","type-faq","status-publish","hentry","faq_cat-pflege-betreuung-und-therapie"],"acf":[],"yoast_head":"<!-- This site is optimized with the Yoast SEO Premium plugin v27.4 (Yoast SEO v27.5) - https:\/\/yoast.com\/product\/yoast-seo-premium-wordpress\/ -->\n<title>Snoezelen - GERO<\/title>\n<meta name=\"robots\" content=\"index, follow, max-snippet:-1, max-image-preview:large, max-video-preview:-1\" \/>\n<link rel=\"canonical\" href=\"https:\/\/www.gero.lu\/de\/faq\/snoezelen\" \/>\n<meta property=\"og:locale\" content=\"de_DE\" \/>\n<meta property=\"og:type\" content=\"article\" \/>\n<meta property=\"og:title\" content=\"Snoezelen\" \/>\n<meta property=\"og:description\" content=\"Workshop 2 Tage Deutsch Referent*in: Isabelle Maystadt &nbsp; Modul 5 der Weiterbildung Psychogeriatrie Leben mit allen Sinnen Der Begriff \u201eSnoezelen\u201c setzt sich aus den niederl\u00e4ndischen W\u00f6rtern \u201esnuffelen\u201c und \u201edoezelen\u201c zusammen: schnuppern und d\u00f6sen, wahrnehmen und sich wohlf\u00fchlen. Snoezelen versucht, Denkanst\u00f6\u00dfe zu vermitteln, um die Beziehung zu dem alten Menschen anders zu gestalten. Diese Beziehung baut [&hellip;]\" \/>\n<meta property=\"og:url\" content=\"https:\/\/www.gero.lu\/de\/faq\/snoezelen\" \/>\n<meta property=\"og:site_name\" content=\"GERO\" \/>\n<meta property=\"article:publisher\" content=\"https:\/\/www.facebook.com\/Kompetenzzenter\/\" \/>\n<meta property=\"og:image\" content=\"https:\/\/www.gero.lu\/wp-content\/uploads\/2021\/08\/gettyimages-1135289130-2048x2048_RET-1.jpg\" \/>\n\t<meta property=\"og:image:width\" content=\"1227\" \/>\n\t<meta property=\"og:image:height\" content=\"802\" \/>\n\t<meta property=\"og:image:type\" content=\"image\/jpeg\" \/>\n<meta name=\"twitter:card\" content=\"summary_large_image\" \/>\n<meta name=\"twitter:label1\" content=\"Gesch\u00e4tzte Lesezeit\" \/>\n\t<meta name=\"twitter:data1\" content=\"1\u00a0Minute\" \/>\n<script type=\"application\/ld+json\" class=\"yoast-schema-graph\">{\"@context\":\"https:\\\/\\\/schema.org\",\"@graph\":[{\"@type\":\"WebPage\",\"@id\":\"https:\\\/\\\/www.gero.lu\\\/de\\\/faq\\\/snoezelen\",\"url\":\"https:\\\/\\\/www.gero.lu\\\/de\\\/faq\\\/snoezelen\",\"name\":\"Snoezelen - GERO\",\"isPartOf\":{\"@id\":\"https:\\\/\\\/www.gero.lu\\\/de\\\/#website\"},\"datePublished\":\"2023-05-19T14:17:56+00:00\",\"breadcrumb\":{\"@id\":\"https:\\\/\\\/www.gero.lu\\\/de\\\/faq\\\/snoezelen#breadcrumb\"},\"inLanguage\":\"de\",\"potentialAction\":[{\"@type\":\"ReadAction\",\"target\":[[\"https:\\\/\\\/www.gero.lu\\\/de\\\/faq\\\/snoezelen\"]]}]},{\"@type\":\"BreadcrumbList\",\"@id\":\"https:\\\/\\\/www.gero.lu\\\/de\\\/faq\\\/snoezelen#breadcrumb\",\"itemListElement\":[{\"@type\":\"ListItem\",\"position\":1,\"name\":\"Accueil\",\"item\":\"https:\\\/\\\/www.gero.lu\\\/de\\\/\"},{\"@type\":\"ListItem\",\"position\":2,\"name\":\"Snoezelen\"}]},{\"@type\":\"WebSite\",\"@id\":\"https:\\\/\\\/www.gero.lu\\\/de\\\/#website\",\"url\":\"https:\\\/\\\/www.gero.lu\\\/de\\\/\",\"name\":\"Gero\",\"description\":\"Kompetenzzenter fir den Alter\",\"publisher\":{\"@id\":\"https:\\\/\\\/www.gero.lu\\\/de\\\/#organization\"},\"potentialAction\":[{\"@type\":\"SearchAction\",\"target\":{\"@type\":\"EntryPoint\",\"urlTemplate\":\"https:\\\/\\\/www.gero.lu\\\/de\\\/?s={search_term_string}\"},\"query-input\":{\"@type\":\"PropertyValueSpecification\",\"valueRequired\":true,\"valueName\":\"search_term_string\"}}],\"inLanguage\":\"de\"},{\"@type\":\"Organization\",\"@id\":\"https:\\\/\\\/www.gero.lu\\\/de\\\/#organization\",\"name\":\"Gero\",\"url\":\"https:\\\/\\\/www.gero.lu\\\/de\\\/\",\"logo\":{\"@type\":\"ImageObject\",\"inLanguage\":\"de\",\"@id\":\"https:\\\/\\\/www.gero.lu\\\/de\\\/#\\\/schema\\\/logo\\\/image\\\/\",\"url\":\"https:\\\/\\\/www.gero.lu\\\/wp-content\\\/uploads\\\/2024\\\/04\\\/logo.svg\",\"contentUrl\":\"https:\\\/\\\/www.gero.lu\\\/wp-content\\\/uploads\\\/2024\\\/04\\\/logo.svg\",\"width\":76,\"height\":30,\"caption\":\"Gero\"},\"image\":{\"@id\":\"https:\\\/\\\/www.gero.lu\\\/de\\\/#\\\/schema\\\/logo\\\/image\\\/\"},\"sameAs\":[\"https:\\\/\\\/www.facebook.com\\\/Kompetenzzenter\\\/\",\"https:\\\/\\\/www.instagram.com\\\/gero.kompetenzzenter\\\/\",\"https:\\\/\\\/linkedin.com\\\/company\\\/gero-kompetenzzenter-fir-den-alter\",\"https:\\\/\\\/www.youtube.com\\\/channel\\\/UCJvmJYSeHh3dYQsLHZupj-Q\"]}]}<\/script>\n<!-- \/ Yoast SEO Premium plugin. -->","yoast_head_json":{"title":"Snoezelen - GERO","robots":{"index":"index","follow":"follow","max-snippet":"max-snippet:-1","max-image-preview":"max-image-preview:large","max-video-preview":"max-video-preview:-1"},"canonical":"https:\/\/www.gero.lu\/de\/faq\/snoezelen","og_locale":"de_DE","og_type":"article","og_title":"Snoezelen","og_description":"Workshop 2 Tage Deutsch Referent*in: Isabelle Maystadt &nbsp; Modul 5 der Weiterbildung Psychogeriatrie Leben mit allen Sinnen Der Begriff \u201eSnoezelen\u201c setzt sich aus den niederl\u00e4ndischen W\u00f6rtern \u201esnuffelen\u201c und \u201edoezelen\u201c zusammen: schnuppern und d\u00f6sen, wahrnehmen und sich wohlf\u00fchlen. Snoezelen versucht, Denkanst\u00f6\u00dfe zu vermitteln, um die Beziehung zu dem alten Menschen anders zu gestalten. Diese Beziehung baut [&hellip;]","og_url":"https:\/\/www.gero.lu\/de\/faq\/snoezelen","og_site_name":"GERO","article_publisher":"https:\/\/www.facebook.com\/Kompetenzzenter\/","og_image":[{"width":1227,"height":802,"url":"https:\/\/www.gero.lu\/wp-content\/uploads\/2021\/08\/gettyimages-1135289130-2048x2048_RET-1.jpg","type":"image\/jpeg"}],"twitter_card":"summary_large_image","twitter_misc":{"Gesch\u00e4tzte Lesezeit":"1\u00a0Minute"},"schema":{"@context":"https:\/\/schema.org","@graph":[{"@type":"WebPage","@id":"https:\/\/www.gero.lu\/de\/faq\/snoezelen","url":"https:\/\/www.gero.lu\/de\/faq\/snoezelen","name":"Snoezelen - GERO","isPartOf":{"@id":"https:\/\/www.gero.lu\/de\/#website"},"datePublished":"2023-05-19T14:17:56+00:00","breadcrumb":{"@id":"https:\/\/www.gero.lu\/de\/faq\/snoezelen#breadcrumb"},"inLanguage":"de","potentialAction":[{"@type":"ReadAction","target":[["https:\/\/www.gero.lu\/de\/faq\/snoezelen"]]}]},{"@type":"BreadcrumbList","@id":"https:\/\/www.gero.lu\/de\/faq\/snoezelen#breadcrumb","itemListElement":[{"@type":"ListItem","position":1,"name":"Accueil","item":"https:\/\/www.gero.lu\/de\/"},{"@type":"ListItem","position":2,"name":"Snoezelen"}]},{"@type":"WebSite","@id":"https:\/\/www.gero.lu\/de\/#website","url":"https:\/\/www.gero.lu\/de\/","name":"Gero","description":"Kompetenzzenter fir den Alter","publisher":{"@id":"https:\/\/www.gero.lu\/de\/#organization"},"potentialAction":[{"@type":"SearchAction","target":{"@type":"EntryPoint","urlTemplate":"https:\/\/www.gero.lu\/de\/?s={search_term_string}"},"query-input":{"@type":"PropertyValueSpecification","valueRequired":true,"valueName":"search_term_string"}}],"inLanguage":"de"},{"@type":"Organization","@id":"https:\/\/www.gero.lu\/de\/#organization","name":"Gero","url":"https:\/\/www.gero.lu\/de\/","logo":{"@type":"ImageObject","inLanguage":"de","@id":"https:\/\/www.gero.lu\/de\/#\/schema\/logo\/image\/","url":"https:\/\/www.gero.lu\/wp-content\/uploads\/2024\/04\/logo.svg","contentUrl":"https:\/\/www.gero.lu\/wp-content\/uploads\/2024\/04\/logo.svg","width":76,"height":30,"caption":"Gero"},"image":{"@id":"https:\/\/www.gero.lu\/de\/#\/schema\/logo\/image\/"},"sameAs":["https:\/\/www.facebook.com\/Kompetenzzenter\/","https:\/\/www.instagram.com\/gero.kompetenzzenter\/","https:\/\/linkedin.com\/company\/gero-kompetenzzenter-fir-den-alter","https:\/\/www.youtube.com\/channel\/UCJvmJYSeHh3dYQsLHZupj-Q"]}]}},"_links":{"self":[{"href":"https:\/\/www.gero.lu\/de\/wp-json\/wp\/v2\/faq\/5489","targetHints":{"allow":["GET"]}}],"collection":[{"href":"https:\/\/www.gero.lu\/de\/wp-json\/wp\/v2\/faq"}],"about":[{"href":"https:\/\/www.gero.lu\/de\/wp-json\/wp\/v2\/types\/faq"}],"wp:attachment":[{"href":"https:\/\/www.gero.lu\/de\/wp-json\/wp\/v2\/media?parent=5489"}],"wp:term":[{"taxonomy":"faq_cat","embeddable":true,"href":"https:\/\/www.gero.lu\/de\/wp-json\/wp\/v2\/faq_cat?post=5489"}],"curies":[{"name":"wp","href":"https:\/\/api.w.org\/{rel}","templated":true}]}}