{"id":5453,"date":"2023-05-19T13:22:38","date_gmt":"2023-05-19T13:22:38","guid":{"rendered":"https:\/\/www.gero.lu\/?post_type=faq&#038;p=5453"},"modified":"2023-05-19T13:22:38","modified_gmt":"2023-05-19T13:22:38","slug":"wirksamer-einsatz-atherischer-ole-bei-schmerzzustanden","status":"publish","type":"faq","link":"https:\/\/www.gero.lu\/de\/faq\/wirksamer-einsatz-atherischer-ole-bei-schmerzzustanden","title":{"rendered":"Wirksamer Einsatz \u00e4therischer \u00d6le bei Schmerzzust\u00e4nden"},"content":{"rendered":"<p><strong>Workshop<\/strong><\/p>\n<p><strong>1 Tag<\/strong><\/p>\n<p><strong>Deutsch<\/strong><\/p>\n<p><strong>Friedlinde Michalik<\/strong><\/p>\n<p>&nbsp;<\/p>\n<p><strong>Wirksamer Einsatz \u00e4therischer \u00d6le bei akuten und chronischen Schmerzzust\u00e4nden<\/strong><\/p>\n<p>Mit dem Einsatz \u00e4therischer \u00d6le kann die Lebensqualit\u00e4t bei akuten und chronischen Schmerzzust\u00e4nden wirksam verbessert werden. Die Teilnehmer lernen in diesem praktisch konzipierten Seminar unterschiedliche Anwendungsm\u00f6glichkeiten bei ausgew\u00e4hlten Indikationen kennen.<\/p>\n<p><strong>Inhalte: <\/strong><\/p>\n<ul>\n<li>Schmerzdefinition, Schmerzursachen<\/li>\n<li>Vorstellung ausgew\u00e4hlter schmerzreduzierender \u00e4therischer \u00d6le (Pflanzenportraits)<\/li>\n<li>Einsatzm\u00f6glichkeiten und Rezepturen zu ausgew\u00e4hlten Schmerzsymptomen<\/li>\n<li>Aromaeinreibung<\/li>\n<li>Praktische \u00dcbungen<\/li>\n<\/ul>\n<p>Die Teilnehmer sollten \u00fcber Vorkenntnisse in der Aromatherapie verf\u00fcgen sowie ein Handtuch, bequeme Kleidung und eine Decke mitbringen!<\/p>\n","protected":false},"featured_media":0,"template":"","faq_cat":[347],"class_list":["post-5453","faq","type-faq","status-publish","hentry","faq_cat-pflege-betreuung-und-therapie"],"acf":[],"yoast_head":"<!-- This site is optimized with the Yoast SEO Premium plugin v27.4 (Yoast SEO v27.5) - https:\/\/yoast.com\/product\/yoast-seo-premium-wordpress\/ -->\n<title>Wirksamer Einsatz \u00e4therischer \u00d6le bei Schmerzzust\u00e4nden - GERO<\/title>\n<meta name=\"robots\" content=\"index, follow, max-snippet:-1, max-image-preview:large, max-video-preview:-1\" \/>\n<link rel=\"canonical\" href=\"https:\/\/www.gero.lu\/de\/faq\/wirksamer-einsatz-atherischer-ole-bei-schmerzzustanden\" \/>\n<meta property=\"og:locale\" content=\"de_DE\" \/>\n<meta property=\"og:type\" content=\"article\" \/>\n<meta property=\"og:title\" content=\"Wirksamer Einsatz \u00e4therischer \u00d6le bei Schmerzzust\u00e4nden\" \/>\n<meta property=\"og:description\" content=\"Workshop 1 Tag Deutsch Friedlinde Michalik &nbsp; Wirksamer Einsatz \u00e4therischer \u00d6le bei akuten und chronischen Schmerzzust\u00e4nden Mit dem Einsatz \u00e4therischer \u00d6le kann die Lebensqualit\u00e4t bei akuten und chronischen Schmerzzust\u00e4nden wirksam verbessert werden. Die Teilnehmer lernen in diesem praktisch konzipierten Seminar unterschiedliche Anwendungsm\u00f6glichkeiten bei ausgew\u00e4hlten Indikationen kennen. Inhalte: Schmerzdefinition, Schmerzursachen Vorstellung ausgew\u00e4hlter schmerzreduzierender \u00e4therischer \u00d6le (Pflanzenportraits) [&hellip;]\" \/>\n<meta property=\"og:url\" content=\"https:\/\/www.gero.lu\/de\/faq\/wirksamer-einsatz-atherischer-ole-bei-schmerzzustanden\" \/>\n<meta property=\"og:site_name\" content=\"GERO\" \/>\n<meta property=\"article:publisher\" content=\"https:\/\/www.facebook.com\/Kompetenzzenter\/\" \/>\n<meta property=\"og:image\" content=\"https:\/\/www.gero.lu\/wp-content\/uploads\/2021\/08\/gettyimages-1135289130-2048x2048_RET-1.jpg\" \/>\n\t<meta property=\"og:image:width\" content=\"1227\" \/>\n\t<meta property=\"og:image:height\" content=\"802\" \/>\n\t<meta property=\"og:image:type\" content=\"image\/jpeg\" \/>\n<meta name=\"twitter:card\" content=\"summary_large_image\" \/>\n<meta name=\"twitter:label1\" content=\"Gesch\u00e4tzte Lesezeit\" \/>\n\t<meta name=\"twitter:data1\" content=\"1\u00a0Minute\" \/>\n<script type=\"application\/ld+json\" class=\"yoast-schema-graph\">{\"@context\":\"https:\\\/\\\/schema.org\",\"@graph\":[{\"@type\":\"WebPage\",\"@id\":\"https:\\\/\\\/www.gero.lu\\\/de\\\/faq\\\/wirksamer-einsatz-atherischer-ole-bei-schmerzzustanden\",\"url\":\"https:\\\/\\\/www.gero.lu\\\/de\\\/faq\\\/wirksamer-einsatz-atherischer-ole-bei-schmerzzustanden\",\"name\":\"Wirksamer Einsatz \u00e4therischer \u00d6le bei Schmerzzust\u00e4nden - GERO\",\"isPartOf\":{\"@id\":\"https:\\\/\\\/www.gero.lu\\\/de\\\/#website\"},\"datePublished\":\"2023-05-19T13:22:38+00:00\",\"breadcrumb\":{\"@id\":\"https:\\\/\\\/www.gero.lu\\\/de\\\/faq\\\/wirksamer-einsatz-atherischer-ole-bei-schmerzzustanden#breadcrumb\"},\"inLanguage\":\"de\",\"potentialAction\":[{\"@type\":\"ReadAction\",\"target\":[[\"https:\\\/\\\/www.gero.lu\\\/de\\\/faq\\\/wirksamer-einsatz-atherischer-ole-bei-schmerzzustanden\"]]}]},{\"@type\":\"BreadcrumbList\",\"@id\":\"https:\\\/\\\/www.gero.lu\\\/de\\\/faq\\\/wirksamer-einsatz-atherischer-ole-bei-schmerzzustanden#breadcrumb\",\"itemListElement\":[{\"@type\":\"ListItem\",\"position\":1,\"name\":\"Accueil\",\"item\":\"https:\\\/\\\/www.gero.lu\\\/de\\\/\"},{\"@type\":\"ListItem\",\"position\":2,\"name\":\"Wirksamer Einsatz \u00e4therischer \u00d6le bei Schmerzzust\u00e4nden\"}]},{\"@type\":\"WebSite\",\"@id\":\"https:\\\/\\\/www.gero.lu\\\/de\\\/#website\",\"url\":\"https:\\\/\\\/www.gero.lu\\\/de\\\/\",\"name\":\"Gero\",\"description\":\"Kompetenzzenter fir den Alter\",\"publisher\":{\"@id\":\"https:\\\/\\\/www.gero.lu\\\/de\\\/#organization\"},\"potentialAction\":[{\"@type\":\"SearchAction\",\"target\":{\"@type\":\"EntryPoint\",\"urlTemplate\":\"https:\\\/\\\/www.gero.lu\\\/de\\\/?s={search_term_string}\"},\"query-input\":{\"@type\":\"PropertyValueSpecification\",\"valueRequired\":true,\"valueName\":\"search_term_string\"}}],\"inLanguage\":\"de\"},{\"@type\":\"Organization\",\"@id\":\"https:\\\/\\\/www.gero.lu\\\/de\\\/#organization\",\"name\":\"Gero\",\"url\":\"https:\\\/\\\/www.gero.lu\\\/de\\\/\",\"logo\":{\"@type\":\"ImageObject\",\"inLanguage\":\"de\",\"@id\":\"https:\\\/\\\/www.gero.lu\\\/de\\\/#\\\/schema\\\/logo\\\/image\\\/\",\"url\":\"https:\\\/\\\/www.gero.lu\\\/wp-content\\\/uploads\\\/2024\\\/04\\\/logo.svg\",\"contentUrl\":\"https:\\\/\\\/www.gero.lu\\\/wp-content\\\/uploads\\\/2024\\\/04\\\/logo.svg\",\"width\":76,\"height\":30,\"caption\":\"Gero\"},\"image\":{\"@id\":\"https:\\\/\\\/www.gero.lu\\\/de\\\/#\\\/schema\\\/logo\\\/image\\\/\"},\"sameAs\":[\"https:\\\/\\\/www.facebook.com\\\/Kompetenzzenter\\\/\",\"https:\\\/\\\/www.instagram.com\\\/gero.kompetenzzenter\\\/\",\"https:\\\/\\\/linkedin.com\\\/company\\\/gero-kompetenzzenter-fir-den-alter\",\"https:\\\/\\\/www.youtube.com\\\/channel\\\/UCJvmJYSeHh3dYQsLHZupj-Q\"]}]}<\/script>\n<!-- \/ Yoast SEO Premium plugin. -->","yoast_head_json":{"title":"Wirksamer Einsatz \u00e4therischer \u00d6le bei Schmerzzust\u00e4nden - GERO","robots":{"index":"index","follow":"follow","max-snippet":"max-snippet:-1","max-image-preview":"max-image-preview:large","max-video-preview":"max-video-preview:-1"},"canonical":"https:\/\/www.gero.lu\/de\/faq\/wirksamer-einsatz-atherischer-ole-bei-schmerzzustanden","og_locale":"de_DE","og_type":"article","og_title":"Wirksamer Einsatz \u00e4therischer \u00d6le bei Schmerzzust\u00e4nden","og_description":"Workshop 1 Tag Deutsch Friedlinde Michalik &nbsp; Wirksamer Einsatz \u00e4therischer \u00d6le bei akuten und chronischen Schmerzzust\u00e4nden Mit dem Einsatz \u00e4therischer \u00d6le kann die Lebensqualit\u00e4t bei akuten und chronischen Schmerzzust\u00e4nden wirksam verbessert werden. Die Teilnehmer lernen in diesem praktisch konzipierten Seminar unterschiedliche Anwendungsm\u00f6glichkeiten bei ausgew\u00e4hlten Indikationen kennen. Inhalte: Schmerzdefinition, Schmerzursachen Vorstellung ausgew\u00e4hlter schmerzreduzierender \u00e4therischer \u00d6le (Pflanzenportraits) [&hellip;]","og_url":"https:\/\/www.gero.lu\/de\/faq\/wirksamer-einsatz-atherischer-ole-bei-schmerzzustanden","og_site_name":"GERO","article_publisher":"https:\/\/www.facebook.com\/Kompetenzzenter\/","og_image":[{"width":1227,"height":802,"url":"https:\/\/www.gero.lu\/wp-content\/uploads\/2021\/08\/gettyimages-1135289130-2048x2048_RET-1.jpg","type":"image\/jpeg"}],"twitter_card":"summary_large_image","twitter_misc":{"Gesch\u00e4tzte Lesezeit":"1\u00a0Minute"},"schema":{"@context":"https:\/\/schema.org","@graph":[{"@type":"WebPage","@id":"https:\/\/www.gero.lu\/de\/faq\/wirksamer-einsatz-atherischer-ole-bei-schmerzzustanden","url":"https:\/\/www.gero.lu\/de\/faq\/wirksamer-einsatz-atherischer-ole-bei-schmerzzustanden","name":"Wirksamer Einsatz \u00e4therischer \u00d6le bei Schmerzzust\u00e4nden - GERO","isPartOf":{"@id":"https:\/\/www.gero.lu\/de\/#website"},"datePublished":"2023-05-19T13:22:38+00:00","breadcrumb":{"@id":"https:\/\/www.gero.lu\/de\/faq\/wirksamer-einsatz-atherischer-ole-bei-schmerzzustanden#breadcrumb"},"inLanguage":"de","potentialAction":[{"@type":"ReadAction","target":[["https:\/\/www.gero.lu\/de\/faq\/wirksamer-einsatz-atherischer-ole-bei-schmerzzustanden"]]}]},{"@type":"BreadcrumbList","@id":"https:\/\/www.gero.lu\/de\/faq\/wirksamer-einsatz-atherischer-ole-bei-schmerzzustanden#breadcrumb","itemListElement":[{"@type":"ListItem","position":1,"name":"Accueil","item":"https:\/\/www.gero.lu\/de\/"},{"@type":"ListItem","position":2,"name":"Wirksamer Einsatz \u00e4therischer \u00d6le bei Schmerzzust\u00e4nden"}]},{"@type":"WebSite","@id":"https:\/\/www.gero.lu\/de\/#website","url":"https:\/\/www.gero.lu\/de\/","name":"Gero","description":"Kompetenzzenter fir den Alter","publisher":{"@id":"https:\/\/www.gero.lu\/de\/#organization"},"potentialAction":[{"@type":"SearchAction","target":{"@type":"EntryPoint","urlTemplate":"https:\/\/www.gero.lu\/de\/?s={search_term_string}"},"query-input":{"@type":"PropertyValueSpecification","valueRequired":true,"valueName":"search_term_string"}}],"inLanguage":"de"},{"@type":"Organization","@id":"https:\/\/www.gero.lu\/de\/#organization","name":"Gero","url":"https:\/\/www.gero.lu\/de\/","logo":{"@type":"ImageObject","inLanguage":"de","@id":"https:\/\/www.gero.lu\/de\/#\/schema\/logo\/image\/","url":"https:\/\/www.gero.lu\/wp-content\/uploads\/2024\/04\/logo.svg","contentUrl":"https:\/\/www.gero.lu\/wp-content\/uploads\/2024\/04\/logo.svg","width":76,"height":30,"caption":"Gero"},"image":{"@id":"https:\/\/www.gero.lu\/de\/#\/schema\/logo\/image\/"},"sameAs":["https:\/\/www.facebook.com\/Kompetenzzenter\/","https:\/\/www.instagram.com\/gero.kompetenzzenter\/","https:\/\/linkedin.com\/company\/gero-kompetenzzenter-fir-den-alter","https:\/\/www.youtube.com\/channel\/UCJvmJYSeHh3dYQsLHZupj-Q"]}]}},"_links":{"self":[{"href":"https:\/\/www.gero.lu\/de\/wp-json\/wp\/v2\/faq\/5453","targetHints":{"allow":["GET"]}}],"collection":[{"href":"https:\/\/www.gero.lu\/de\/wp-json\/wp\/v2\/faq"}],"about":[{"href":"https:\/\/www.gero.lu\/de\/wp-json\/wp\/v2\/types\/faq"}],"wp:attachment":[{"href":"https:\/\/www.gero.lu\/de\/wp-json\/wp\/v2\/media?parent=5453"}],"wp:term":[{"taxonomy":"faq_cat","embeddable":true,"href":"https:\/\/www.gero.lu\/de\/wp-json\/wp\/v2\/faq_cat?post=5453"}],"curies":[{"name":"wp","href":"https:\/\/api.w.org\/{rel}","templated":true}]}}