{"id":5449,"date":"2023-05-19T13:17:22","date_gmt":"2023-05-19T13:17:22","guid":{"rendered":"https:\/\/www.gero.lu\/?post_type=faq&#038;p=5449"},"modified":"2023-05-19T13:17:22","modified_gmt":"2023-05-19T13:17:22","slug":"autodetermination-en-fin-de-vie","status":"publish","type":"faq","link":"https:\/\/www.gero.lu\/de\/faq\/autodetermination-en-fin-de-vie","title":{"rendered":"Autod\u00e9termination en fin de vie"},"content":{"rendered":"<p><strong>S\u00e9minaire<\/strong><\/p>\n<p><strong>Fran\u00e7ais<\/strong><\/p>\n<p><strong>Formateur \/ Formatrice<\/strong><br \/>\n<strong>Repr\u00e9sentant-e de \u00ab\u00a0M\u00e4i W\u00ebllen, M\u00e4i Wee asbl\u00a0\u00bb<\/strong><\/p>\n<p>&nbsp;<\/p>\n<p><strong><em>Dispositions l\u00e9gales pour une <\/em>Autod\u00e9termination en fin de vie<\/strong><\/p>\n<p>La loi de 2009 permet \u00e0 une personne malade au Luxembourg d\u2019avoir recours \u00e0 une euthanasie sous certaines conditions. Dans quelles situations est-ce possible\u00a0? Quelle est la diff\u00e9rence entre un suicide assist\u00e9 et une euthanasie, entre la directive anticip\u00e9e et les dispositions de fin de vie\u00a0?<\/p>\n<p>La mort et la souffrance restent des th\u00e9matiques souvent difficiles \u00e0 aborder dans notre soci\u00e9t\u00e9. Mais nous y sommes r\u00e9guli\u00e8rement confront\u00e9s dans notre travail quotidien.<\/p>\n<p>Comment \u00e9laborer une attitude constructive par rapport \u00e0 nous-m\u00eames et envers les autres quant \u00e0 ce sujet\u00a0?<\/p>\n<p><strong>Les diff\u00e9rents points abord\u00e9s dans cette formation sont\u00a0:<\/strong><\/p>\n<ul>\n<li>L\u2019euthanasie et le suicide assist\u00e9<\/li>\n<li>La directive anticip\u00e9e et les dispositions de fin de vie<\/li>\n<li>La personne de confiance<\/li>\n<li>La communication et le travail en r\u00e9seau<\/li>\n<li>La responsabilit\u00e9 et l\u2019autod\u00e9termination<\/li>\n<\/ul>\n","protected":false},"featured_media":0,"template":"","faq_cat":[354],"class_list":["post-5449","faq","type-faq","status-publish","hentry","faq_cat-verschiedenes"],"acf":[],"yoast_head":"<!-- This site is optimized with the Yoast SEO Premium plugin v27.4 (Yoast SEO v27.5) - https:\/\/yoast.com\/product\/yoast-seo-premium-wordpress\/ -->\n<title>Autod\u00e9termination en fin de vie - GERO<\/title>\n<meta name=\"robots\" content=\"index, follow, max-snippet:-1, max-image-preview:large, max-video-preview:-1\" \/>\n<link rel=\"canonical\" href=\"https:\/\/www.gero.lu\/de\/faq\/autodetermination-en-fin-de-vie\" \/>\n<meta property=\"og:locale\" content=\"de_DE\" \/>\n<meta property=\"og:type\" content=\"article\" \/>\n<meta property=\"og:title\" content=\"Autod\u00e9termination en fin de vie\" \/>\n<meta property=\"og:description\" content=\"S\u00e9minaire Fran\u00e7ais Formateur \/ Formatrice Repr\u00e9sentant-e de \u00ab\u00a0M\u00e4i W\u00ebllen, M\u00e4i Wee asbl\u00a0\u00bb &nbsp; Dispositions l\u00e9gales pour une Autod\u00e9termination en fin de vie La loi de 2009 permet \u00e0 une personne malade au Luxembourg d\u2019avoir recours \u00e0 une euthanasie sous certaines conditions. Dans quelles situations est-ce possible\u00a0? Quelle est la diff\u00e9rence entre un suicide assist\u00e9 et [&hellip;]\" \/>\n<meta property=\"og:url\" content=\"https:\/\/www.gero.lu\/de\/faq\/autodetermination-en-fin-de-vie\" \/>\n<meta property=\"og:site_name\" content=\"GERO\" \/>\n<meta property=\"article:publisher\" content=\"https:\/\/www.facebook.com\/Kompetenzzenter\/\" \/>\n<meta property=\"og:image\" content=\"https:\/\/www.gero.lu\/wp-content\/uploads\/2021\/08\/gettyimages-1135289130-2048x2048_RET-1.jpg\" \/>\n\t<meta property=\"og:image:width\" content=\"1227\" \/>\n\t<meta property=\"og:image:height\" content=\"802\" \/>\n\t<meta property=\"og:image:type\" content=\"image\/jpeg\" \/>\n<meta name=\"twitter:card\" content=\"summary_large_image\" \/>\n<meta name=\"twitter:label1\" content=\"Gesch\u00e4tzte Lesezeit\" \/>\n\t<meta name=\"twitter:data1\" content=\"1\u00a0Minute\" \/>\n<script type=\"application\/ld+json\" class=\"yoast-schema-graph\">{\"@context\":\"https:\\\/\\\/schema.org\",\"@graph\":[{\"@type\":\"WebPage\",\"@id\":\"https:\\\/\\\/www.gero.lu\\\/de\\\/faq\\\/autodetermination-en-fin-de-vie\",\"url\":\"https:\\\/\\\/www.gero.lu\\\/de\\\/faq\\\/autodetermination-en-fin-de-vie\",\"name\":\"Autod\u00e9termination en fin de vie - GERO\",\"isPartOf\":{\"@id\":\"https:\\\/\\\/www.gero.lu\\\/de\\\/#website\"},\"datePublished\":\"2023-05-19T13:17:22+00:00\",\"breadcrumb\":{\"@id\":\"https:\\\/\\\/www.gero.lu\\\/de\\\/faq\\\/autodetermination-en-fin-de-vie#breadcrumb\"},\"inLanguage\":\"de\",\"potentialAction\":[{\"@type\":\"ReadAction\",\"target\":[[\"https:\\\/\\\/www.gero.lu\\\/de\\\/faq\\\/autodetermination-en-fin-de-vie\"]]}]},{\"@type\":\"BreadcrumbList\",\"@id\":\"https:\\\/\\\/www.gero.lu\\\/de\\\/faq\\\/autodetermination-en-fin-de-vie#breadcrumb\",\"itemListElement\":[{\"@type\":\"ListItem\",\"position\":1,\"name\":\"Accueil\",\"item\":\"https:\\\/\\\/www.gero.lu\\\/de\\\/\"},{\"@type\":\"ListItem\",\"position\":2,\"name\":\"Autod\u00e9termination en fin de vie\"}]},{\"@type\":\"WebSite\",\"@id\":\"https:\\\/\\\/www.gero.lu\\\/de\\\/#website\",\"url\":\"https:\\\/\\\/www.gero.lu\\\/de\\\/\",\"name\":\"Gero\",\"description\":\"Kompetenzzenter fir den Alter\",\"publisher\":{\"@id\":\"https:\\\/\\\/www.gero.lu\\\/de\\\/#organization\"},\"potentialAction\":[{\"@type\":\"SearchAction\",\"target\":{\"@type\":\"EntryPoint\",\"urlTemplate\":\"https:\\\/\\\/www.gero.lu\\\/de\\\/?s={search_term_string}\"},\"query-input\":{\"@type\":\"PropertyValueSpecification\",\"valueRequired\":true,\"valueName\":\"search_term_string\"}}],\"inLanguage\":\"de\"},{\"@type\":\"Organization\",\"@id\":\"https:\\\/\\\/www.gero.lu\\\/de\\\/#organization\",\"name\":\"Gero\",\"url\":\"https:\\\/\\\/www.gero.lu\\\/de\\\/\",\"logo\":{\"@type\":\"ImageObject\",\"inLanguage\":\"de\",\"@id\":\"https:\\\/\\\/www.gero.lu\\\/de\\\/#\\\/schema\\\/logo\\\/image\\\/\",\"url\":\"https:\\\/\\\/www.gero.lu\\\/wp-content\\\/uploads\\\/2024\\\/04\\\/logo.svg\",\"contentUrl\":\"https:\\\/\\\/www.gero.lu\\\/wp-content\\\/uploads\\\/2024\\\/04\\\/logo.svg\",\"width\":76,\"height\":30,\"caption\":\"Gero\"},\"image\":{\"@id\":\"https:\\\/\\\/www.gero.lu\\\/de\\\/#\\\/schema\\\/logo\\\/image\\\/\"},\"sameAs\":[\"https:\\\/\\\/www.facebook.com\\\/Kompetenzzenter\\\/\",\"https:\\\/\\\/www.instagram.com\\\/gero.kompetenzzenter\\\/\",\"https:\\\/\\\/linkedin.com\\\/company\\\/gero-kompetenzzenter-fir-den-alter\",\"https:\\\/\\\/www.youtube.com\\\/channel\\\/UCJvmJYSeHh3dYQsLHZupj-Q\"]}]}<\/script>\n<!-- \/ Yoast SEO Premium plugin. -->","yoast_head_json":{"title":"Autod\u00e9termination en fin de vie - GERO","robots":{"index":"index","follow":"follow","max-snippet":"max-snippet:-1","max-image-preview":"max-image-preview:large","max-video-preview":"max-video-preview:-1"},"canonical":"https:\/\/www.gero.lu\/de\/faq\/autodetermination-en-fin-de-vie","og_locale":"de_DE","og_type":"article","og_title":"Autod\u00e9termination en fin de vie","og_description":"S\u00e9minaire Fran\u00e7ais Formateur \/ Formatrice Repr\u00e9sentant-e de \u00ab\u00a0M\u00e4i W\u00ebllen, M\u00e4i Wee asbl\u00a0\u00bb &nbsp; Dispositions l\u00e9gales pour une Autod\u00e9termination en fin de vie La loi de 2009 permet \u00e0 une personne malade au Luxembourg d\u2019avoir recours \u00e0 une euthanasie sous certaines conditions. Dans quelles situations est-ce possible\u00a0? Quelle est la diff\u00e9rence entre un suicide assist\u00e9 et [&hellip;]","og_url":"https:\/\/www.gero.lu\/de\/faq\/autodetermination-en-fin-de-vie","og_site_name":"GERO","article_publisher":"https:\/\/www.facebook.com\/Kompetenzzenter\/","og_image":[{"width":1227,"height":802,"url":"https:\/\/www.gero.lu\/wp-content\/uploads\/2021\/08\/gettyimages-1135289130-2048x2048_RET-1.jpg","type":"image\/jpeg"}],"twitter_card":"summary_large_image","twitter_misc":{"Gesch\u00e4tzte Lesezeit":"1\u00a0Minute"},"schema":{"@context":"https:\/\/schema.org","@graph":[{"@type":"WebPage","@id":"https:\/\/www.gero.lu\/de\/faq\/autodetermination-en-fin-de-vie","url":"https:\/\/www.gero.lu\/de\/faq\/autodetermination-en-fin-de-vie","name":"Autod\u00e9termination en fin de vie - GERO","isPartOf":{"@id":"https:\/\/www.gero.lu\/de\/#website"},"datePublished":"2023-05-19T13:17:22+00:00","breadcrumb":{"@id":"https:\/\/www.gero.lu\/de\/faq\/autodetermination-en-fin-de-vie#breadcrumb"},"inLanguage":"de","potentialAction":[{"@type":"ReadAction","target":[["https:\/\/www.gero.lu\/de\/faq\/autodetermination-en-fin-de-vie"]]}]},{"@type":"BreadcrumbList","@id":"https:\/\/www.gero.lu\/de\/faq\/autodetermination-en-fin-de-vie#breadcrumb","itemListElement":[{"@type":"ListItem","position":1,"name":"Accueil","item":"https:\/\/www.gero.lu\/de\/"},{"@type":"ListItem","position":2,"name":"Autod\u00e9termination en fin de vie"}]},{"@type":"WebSite","@id":"https:\/\/www.gero.lu\/de\/#website","url":"https:\/\/www.gero.lu\/de\/","name":"Gero","description":"Kompetenzzenter fir den Alter","publisher":{"@id":"https:\/\/www.gero.lu\/de\/#organization"},"potentialAction":[{"@type":"SearchAction","target":{"@type":"EntryPoint","urlTemplate":"https:\/\/www.gero.lu\/de\/?s={search_term_string}"},"query-input":{"@type":"PropertyValueSpecification","valueRequired":true,"valueName":"search_term_string"}}],"inLanguage":"de"},{"@type":"Organization","@id":"https:\/\/www.gero.lu\/de\/#organization","name":"Gero","url":"https:\/\/www.gero.lu\/de\/","logo":{"@type":"ImageObject","inLanguage":"de","@id":"https:\/\/www.gero.lu\/de\/#\/schema\/logo\/image\/","url":"https:\/\/www.gero.lu\/wp-content\/uploads\/2024\/04\/logo.svg","contentUrl":"https:\/\/www.gero.lu\/wp-content\/uploads\/2024\/04\/logo.svg","width":76,"height":30,"caption":"Gero"},"image":{"@id":"https:\/\/www.gero.lu\/de\/#\/schema\/logo\/image\/"},"sameAs":["https:\/\/www.facebook.com\/Kompetenzzenter\/","https:\/\/www.instagram.com\/gero.kompetenzzenter\/","https:\/\/linkedin.com\/company\/gero-kompetenzzenter-fir-den-alter","https:\/\/www.youtube.com\/channel\/UCJvmJYSeHh3dYQsLHZupj-Q"]}]}},"_links":{"self":[{"href":"https:\/\/www.gero.lu\/de\/wp-json\/wp\/v2\/faq\/5449","targetHints":{"allow":["GET"]}}],"collection":[{"href":"https:\/\/www.gero.lu\/de\/wp-json\/wp\/v2\/faq"}],"about":[{"href":"https:\/\/www.gero.lu\/de\/wp-json\/wp\/v2\/types\/faq"}],"wp:attachment":[{"href":"https:\/\/www.gero.lu\/de\/wp-json\/wp\/v2\/media?parent=5449"}],"wp:term":[{"taxonomy":"faq_cat","embeddable":true,"href":"https:\/\/www.gero.lu\/de\/wp-json\/wp\/v2\/faq_cat?post=5449"}],"curies":[{"name":"wp","href":"https:\/\/api.w.org\/{rel}","templated":true}]}}