{"id":5445,"date":"2023-05-19T13:05:02","date_gmt":"2023-05-19T13:05:02","guid":{"rendered":"https:\/\/www.gero.lu\/?post_type=faq&#038;p=5445"},"modified":"2023-05-19T13:05:02","modified_gmt":"2023-05-19T13:05:02","slug":"tag-der-selbstfursorge-fit-in-das-fruhjahr","status":"publish","type":"faq","link":"https:\/\/www.gero.lu\/de\/faq\/tag-der-selbstfursorge-fit-in-das-fruhjahr","title":{"rendered":"Tag der Selbstf\u00fcrsorge: Fit in das Fr\u00fchjahr"},"content":{"rendered":"<p><strong>Seminar<\/strong><\/p>\n<p><strong>1 Tag<\/strong><\/p>\n<p><strong>DE<\/strong><\/p>\n<p><strong>Marianne Reimann<\/strong><\/p>\n<p>&nbsp;<\/p>\n<p>F\u00fchlen Sie sich m\u00fcde und ausgelaugt und m\u00fcssen dringend Ihre Akkus aufladen, um weiter Schritt halten zu k\u00f6nnen? Braucht Ihr Herz und Ihre Seele Zeit f\u00fcr mehr Selbst-Mitgef\u00fchl? Sehnen Sie sich daf\u00fcr nach innerer und \u00e4u\u00dferer Stille?<\/p>\n<p>Dann sind Sie bei diesem Achtsamkeits-Praxistag genau richtig. Es sind keine Achtsamkeits- oder Meditations-Kenntnisse f\u00fcr die Teilnahme erforderlich. Die Teilnehmer*innen k\u00f6nnen in einem gesch\u00fctzten Rahmen das \u201eSo sein- und Loslassen\u201d in Stille erfahren und so eine erholsame Pause vom Alltag erleben. Einmal wieder richtig Zeit nur f\u00fcr sich in diesem einen Augenblick haben. Sich sp\u00fcren und genie\u00dfen. Nicht sprechen oder antworten m\u00fcssen. Seine Seele baumeln lassen im Kreise Gleichgesinnter. Das tut Geist, Seele, Herz und K\u00f6rper gleicherma\u00dfen gut und wirkt \u201eentschlackend\u201c sowohl f\u00fcr das Berufs- als auch das Privatleben.<\/p>\n<p>Die zertifizierte und praktizierende Achtsamkeits-, achtsames Selbstmitgef\u00fchl und Resilienz-Lehrerin f\u00fchrt die Teilnehmer*innen professionell durch eine Vielzahl von \u00dcbungen der Selbst-Beobachtung und Selbst-Erfahrung.<\/p>\n","protected":false},"featured_media":0,"template":"","faq_cat":[348],"class_list":["post-5445","faq","type-faq","status-publish","hentry","faq_cat-personliche-fahigkeiten"],"acf":[],"yoast_head":"<!-- This site is optimized with the Yoast SEO Premium plugin v27.4 (Yoast SEO v27.5) - https:\/\/yoast.com\/product\/yoast-seo-premium-wordpress\/ -->\n<title>Tag der Selbstf\u00fcrsorge: Fit in das Fr\u00fchjahr - GERO<\/title>\n<meta name=\"robots\" content=\"index, follow, max-snippet:-1, max-image-preview:large, max-video-preview:-1\" \/>\n<link rel=\"canonical\" href=\"https:\/\/www.gero.lu\/de\/faq\/tag-der-selbstfursorge-fit-in-das-fruhjahr\" \/>\n<meta property=\"og:locale\" content=\"de_DE\" \/>\n<meta property=\"og:type\" content=\"article\" \/>\n<meta property=\"og:title\" content=\"Tag der Selbstf\u00fcrsorge: Fit in das Fr\u00fchjahr\" \/>\n<meta property=\"og:description\" content=\"Seminar 1 Tag DE Marianne Reimann &nbsp; F\u00fchlen Sie sich m\u00fcde und ausgelaugt und m\u00fcssen dringend Ihre Akkus aufladen, um weiter Schritt halten zu k\u00f6nnen? Braucht Ihr Herz und Ihre Seele Zeit f\u00fcr mehr Selbst-Mitgef\u00fchl? Sehnen Sie sich daf\u00fcr nach innerer und \u00e4u\u00dferer Stille? Dann sind Sie bei diesem Achtsamkeits-Praxistag genau richtig. Es sind keine [&hellip;]\" \/>\n<meta property=\"og:url\" content=\"https:\/\/www.gero.lu\/de\/faq\/tag-der-selbstfursorge-fit-in-das-fruhjahr\" \/>\n<meta property=\"og:site_name\" content=\"GERO\" \/>\n<meta property=\"article:publisher\" content=\"https:\/\/www.facebook.com\/Kompetenzzenter\/\" \/>\n<meta property=\"og:image\" content=\"https:\/\/www.gero.lu\/wp-content\/uploads\/2021\/08\/gettyimages-1135289130-2048x2048_RET-1.jpg\" \/>\n\t<meta property=\"og:image:width\" content=\"1227\" \/>\n\t<meta property=\"og:image:height\" content=\"802\" \/>\n\t<meta property=\"og:image:type\" content=\"image\/jpeg\" \/>\n<meta name=\"twitter:card\" content=\"summary_large_image\" \/>\n<meta name=\"twitter:label1\" content=\"Gesch\u00e4tzte Lesezeit\" \/>\n\t<meta name=\"twitter:data1\" content=\"1\u00a0Minute\" \/>\n<script type=\"application\/ld+json\" class=\"yoast-schema-graph\">{\"@context\":\"https:\\\/\\\/schema.org\",\"@graph\":[{\"@type\":\"WebPage\",\"@id\":\"https:\\\/\\\/www.gero.lu\\\/de\\\/faq\\\/tag-der-selbstfursorge-fit-in-das-fruhjahr\",\"url\":\"https:\\\/\\\/www.gero.lu\\\/de\\\/faq\\\/tag-der-selbstfursorge-fit-in-das-fruhjahr\",\"name\":\"Tag der Selbstf\u00fcrsorge: Fit in das Fr\u00fchjahr - GERO\",\"isPartOf\":{\"@id\":\"https:\\\/\\\/www.gero.lu\\\/de\\\/#website\"},\"datePublished\":\"2023-05-19T13:05:02+00:00\",\"breadcrumb\":{\"@id\":\"https:\\\/\\\/www.gero.lu\\\/de\\\/faq\\\/tag-der-selbstfursorge-fit-in-das-fruhjahr#breadcrumb\"},\"inLanguage\":\"de\",\"potentialAction\":[{\"@type\":\"ReadAction\",\"target\":[[\"https:\\\/\\\/www.gero.lu\\\/de\\\/faq\\\/tag-der-selbstfursorge-fit-in-das-fruhjahr\"]]}]},{\"@type\":\"BreadcrumbList\",\"@id\":\"https:\\\/\\\/www.gero.lu\\\/de\\\/faq\\\/tag-der-selbstfursorge-fit-in-das-fruhjahr#breadcrumb\",\"itemListElement\":[{\"@type\":\"ListItem\",\"position\":1,\"name\":\"Accueil\",\"item\":\"https:\\\/\\\/www.gero.lu\\\/de\\\/\"},{\"@type\":\"ListItem\",\"position\":2,\"name\":\"Tag der Selbstf\u00fcrsorge: Fit in das Fr\u00fchjahr\"}]},{\"@type\":\"WebSite\",\"@id\":\"https:\\\/\\\/www.gero.lu\\\/de\\\/#website\",\"url\":\"https:\\\/\\\/www.gero.lu\\\/de\\\/\",\"name\":\"Gero\",\"description\":\"Kompetenzzenter fir den Alter\",\"publisher\":{\"@id\":\"https:\\\/\\\/www.gero.lu\\\/de\\\/#organization\"},\"potentialAction\":[{\"@type\":\"SearchAction\",\"target\":{\"@type\":\"EntryPoint\",\"urlTemplate\":\"https:\\\/\\\/www.gero.lu\\\/de\\\/?s={search_term_string}\"},\"query-input\":{\"@type\":\"PropertyValueSpecification\",\"valueRequired\":true,\"valueName\":\"search_term_string\"}}],\"inLanguage\":\"de\"},{\"@type\":\"Organization\",\"@id\":\"https:\\\/\\\/www.gero.lu\\\/de\\\/#organization\",\"name\":\"Gero\",\"url\":\"https:\\\/\\\/www.gero.lu\\\/de\\\/\",\"logo\":{\"@type\":\"ImageObject\",\"inLanguage\":\"de\",\"@id\":\"https:\\\/\\\/www.gero.lu\\\/de\\\/#\\\/schema\\\/logo\\\/image\\\/\",\"url\":\"https:\\\/\\\/www.gero.lu\\\/wp-content\\\/uploads\\\/2024\\\/04\\\/logo.svg\",\"contentUrl\":\"https:\\\/\\\/www.gero.lu\\\/wp-content\\\/uploads\\\/2024\\\/04\\\/logo.svg\",\"width\":76,\"height\":30,\"caption\":\"Gero\"},\"image\":{\"@id\":\"https:\\\/\\\/www.gero.lu\\\/de\\\/#\\\/schema\\\/logo\\\/image\\\/\"},\"sameAs\":[\"https:\\\/\\\/www.facebook.com\\\/Kompetenzzenter\\\/\",\"https:\\\/\\\/www.instagram.com\\\/gero.kompetenzzenter\\\/\",\"https:\\\/\\\/linkedin.com\\\/company\\\/gero-kompetenzzenter-fir-den-alter\",\"https:\\\/\\\/www.youtube.com\\\/channel\\\/UCJvmJYSeHh3dYQsLHZupj-Q\"]}]}<\/script>\n<!-- \/ Yoast SEO Premium plugin. -->","yoast_head_json":{"title":"Tag der Selbstf\u00fcrsorge: Fit in das Fr\u00fchjahr - GERO","robots":{"index":"index","follow":"follow","max-snippet":"max-snippet:-1","max-image-preview":"max-image-preview:large","max-video-preview":"max-video-preview:-1"},"canonical":"https:\/\/www.gero.lu\/de\/faq\/tag-der-selbstfursorge-fit-in-das-fruhjahr","og_locale":"de_DE","og_type":"article","og_title":"Tag der Selbstf\u00fcrsorge: Fit in das Fr\u00fchjahr","og_description":"Seminar 1 Tag DE Marianne Reimann &nbsp; F\u00fchlen Sie sich m\u00fcde und ausgelaugt und m\u00fcssen dringend Ihre Akkus aufladen, um weiter Schritt halten zu k\u00f6nnen? Braucht Ihr Herz und Ihre Seele Zeit f\u00fcr mehr Selbst-Mitgef\u00fchl? Sehnen Sie sich daf\u00fcr nach innerer und \u00e4u\u00dferer Stille? Dann sind Sie bei diesem Achtsamkeits-Praxistag genau richtig. Es sind keine [&hellip;]","og_url":"https:\/\/www.gero.lu\/de\/faq\/tag-der-selbstfursorge-fit-in-das-fruhjahr","og_site_name":"GERO","article_publisher":"https:\/\/www.facebook.com\/Kompetenzzenter\/","og_image":[{"width":1227,"height":802,"url":"https:\/\/www.gero.lu\/wp-content\/uploads\/2021\/08\/gettyimages-1135289130-2048x2048_RET-1.jpg","type":"image\/jpeg"}],"twitter_card":"summary_large_image","twitter_misc":{"Gesch\u00e4tzte Lesezeit":"1\u00a0Minute"},"schema":{"@context":"https:\/\/schema.org","@graph":[{"@type":"WebPage","@id":"https:\/\/www.gero.lu\/de\/faq\/tag-der-selbstfursorge-fit-in-das-fruhjahr","url":"https:\/\/www.gero.lu\/de\/faq\/tag-der-selbstfursorge-fit-in-das-fruhjahr","name":"Tag der Selbstf\u00fcrsorge: Fit in das Fr\u00fchjahr - GERO","isPartOf":{"@id":"https:\/\/www.gero.lu\/de\/#website"},"datePublished":"2023-05-19T13:05:02+00:00","breadcrumb":{"@id":"https:\/\/www.gero.lu\/de\/faq\/tag-der-selbstfursorge-fit-in-das-fruhjahr#breadcrumb"},"inLanguage":"de","potentialAction":[{"@type":"ReadAction","target":[["https:\/\/www.gero.lu\/de\/faq\/tag-der-selbstfursorge-fit-in-das-fruhjahr"]]}]},{"@type":"BreadcrumbList","@id":"https:\/\/www.gero.lu\/de\/faq\/tag-der-selbstfursorge-fit-in-das-fruhjahr#breadcrumb","itemListElement":[{"@type":"ListItem","position":1,"name":"Accueil","item":"https:\/\/www.gero.lu\/de\/"},{"@type":"ListItem","position":2,"name":"Tag der Selbstf\u00fcrsorge: Fit in das Fr\u00fchjahr"}]},{"@type":"WebSite","@id":"https:\/\/www.gero.lu\/de\/#website","url":"https:\/\/www.gero.lu\/de\/","name":"Gero","description":"Kompetenzzenter fir den Alter","publisher":{"@id":"https:\/\/www.gero.lu\/de\/#organization"},"potentialAction":[{"@type":"SearchAction","target":{"@type":"EntryPoint","urlTemplate":"https:\/\/www.gero.lu\/de\/?s={search_term_string}"},"query-input":{"@type":"PropertyValueSpecification","valueRequired":true,"valueName":"search_term_string"}}],"inLanguage":"de"},{"@type":"Organization","@id":"https:\/\/www.gero.lu\/de\/#organization","name":"Gero","url":"https:\/\/www.gero.lu\/de\/","logo":{"@type":"ImageObject","inLanguage":"de","@id":"https:\/\/www.gero.lu\/de\/#\/schema\/logo\/image\/","url":"https:\/\/www.gero.lu\/wp-content\/uploads\/2024\/04\/logo.svg","contentUrl":"https:\/\/www.gero.lu\/wp-content\/uploads\/2024\/04\/logo.svg","width":76,"height":30,"caption":"Gero"},"image":{"@id":"https:\/\/www.gero.lu\/de\/#\/schema\/logo\/image\/"},"sameAs":["https:\/\/www.facebook.com\/Kompetenzzenter\/","https:\/\/www.instagram.com\/gero.kompetenzzenter\/","https:\/\/linkedin.com\/company\/gero-kompetenzzenter-fir-den-alter","https:\/\/www.youtube.com\/channel\/UCJvmJYSeHh3dYQsLHZupj-Q"]}]}},"_links":{"self":[{"href":"https:\/\/www.gero.lu\/de\/wp-json\/wp\/v2\/faq\/5445","targetHints":{"allow":["GET"]}}],"collection":[{"href":"https:\/\/www.gero.lu\/de\/wp-json\/wp\/v2\/faq"}],"about":[{"href":"https:\/\/www.gero.lu\/de\/wp-json\/wp\/v2\/types\/faq"}],"wp:attachment":[{"href":"https:\/\/www.gero.lu\/de\/wp-json\/wp\/v2\/media?parent=5445"}],"wp:term":[{"taxonomy":"faq_cat","embeddable":true,"href":"https:\/\/www.gero.lu\/de\/wp-json\/wp\/v2\/faq_cat?post=5445"}],"curies":[{"name":"wp","href":"https:\/\/api.w.org\/{rel}","templated":true}]}}