{"version":"1.0","provider_name":"GERO","provider_url":"https:\/\/www.gero.lu\/de","author_name":"abigail.menem@gero.lu","author_url":"https:\/\/www.gero.lu\/de\/author\/abigail-menemgero-lu","title":"S\u00e9ance d'information: \"Consultant.e senior en s\u00e9curit\u00e9\"","type":"rich","width":600,"height":338,"html":"<blockquote class=\"wp-embedded-content\" data-secret=\"R9OWUMtdIm\"><a href=\"https:\/\/www.gero.lu\/de\/produit\/seance-dinformation-seniore-secherheetsberoder\">S\u00e9ance d&#8217;information: &#8222;Consultant.e senior en s\u00e9curit\u00e9&#8220;<\/a><\/blockquote><iframe sandbox=\"allow-scripts\" security=\"restricted\" src=\"https:\/\/www.gero.lu\/de\/produit\/seance-dinformation-seniore-secherheetsberoder\/embed#?secret=R9OWUMtdIm\" width=\"600\" height=\"338\" title=\"&#8222;S\u00e9ance d&#8217;information: &#8222;Consultant.e senior en s\u00e9curit\u00e9&#8220;&#8220; &#8211; GERO\" data-secret=\"R9OWUMtdIm\" frameborder=\"0\" marginwidth=\"0\" marginheight=\"0\" scrolling=\"no\" class=\"wp-embedded-content\"><\/iframe><script type=\"text\/javascript\">\n\/* <![CDATA[ *\/\n\/*! This file is auto-generated *\/\n!function(d,l){\"use strict\";l.querySelector&&d.addEventListener&&\"undefined\"!=typeof URL&&(d.wp=d.wp||{},d.wp.receiveEmbedMessage||(d.wp.receiveEmbedMessage=function(e){var t=e.data;if((t||t.secret||t.message||t.value)&&!\/[^a-zA-Z0-9]\/.test(t.secret)){for(var s,r,n,a=l.querySelectorAll('iframe[data-secret=\"'+t.secret+'\"]'),o=l.querySelectorAll('blockquote[data-secret=\"'+t.secret+'\"]'),c=new RegExp(\"^https?:$\",\"i\"),i=0;i<o.length;i++)o[i].style.display=\"none\";for(i=0;i<a.length;i++)s=a[i],e.source===s.contentWindow&&(s.removeAttribute(\"style\"),\"height\"===t.message?(1e3<(r=parseInt(t.value,10))?r=1e3:~~r<200&&(r=200),s.height=r):\"link\"===t.message&&(r=new URL(s.getAttribute(\"src\")),n=new URL(t.value),c.test(n.protocol))&&n.host===r.host&&l.activeElement===s&&(d.top.location.href=t.value))}},d.addEventListener(\"message\",d.wp.receiveEmbedMessage,!1),l.addEventListener(\"DOMContentLoaded\",function(){for(var e,t,s=l.querySelectorAll(\"iframe.wp-embedded-content\"),r=0;r<s.length;r++)(t=(e=s[r]).getAttribute(\"data-secret\"))||(t=Math.random().toString(36).substring(2,12),e.src+=\"#?secret=\"+t,e.setAttribute(\"data-secret\",t)),e.contentWindow.postMessage({message:\"ready\",secret:t},\"*\")},!1)))}(window,document);\n\/\/# sourceURL=https:\/\/www.gero.lu\/wp-includes\/js\/wp-embed.min.js\n\/* ]]> *\/\n<\/script>\n","description":"Lors de cet \u00e9v\u00e9nement, et en pr\u00e9sence de conseiller\u00b7\u00e8re\u00b7s seniors en s\u00e9curit\u00e9 et de la police, vous aurez un aper\u00e7u du d\u00e9roulement et du contenu de la formation 2026, ainsi que de vos futures missions.","thumbnail_url":"https:\/\/www.gero.lu\/wp-content\/uploads\/2021\/08\/gettyimages-1135289130-2048x2048_RET-1.jpg","thumbnail_width":1227,"thumbnail_height":802}