{"version":"1.0","provider_name":"GERO","provider_url":"https:\/\/www.gero.lu\/de","author_name":"ROBERT CONRAD-WEBER","author_url":"https:\/\/www.gero.lu\/de\/author\/rbs_admin","title":"Leadership Modul1 - Die Rolle der F\u00fchrungskraft","type":"rich","width":600,"height":338,"html":"<blockquote class=\"wp-embedded-content\" data-secret=\"vWjo2Vw0GG\"><a href=\"https:\/\/www.gero.lu\/de\/produit\/leadership-modul1-die-rolle-der-fuhrungskraft\">Leadership Modul1 &#8211; Die Rolle der F\u00fchrungskraft<\/a><\/blockquote><iframe sandbox=\"allow-scripts\" security=\"restricted\" src=\"https:\/\/www.gero.lu\/de\/produit\/leadership-modul1-die-rolle-der-fuhrungskraft\/embed#?secret=vWjo2Vw0GG\" width=\"600\" height=\"338\" title=\"&#8222;Leadership Modul1 &#8211; Die Rolle der F\u00fchrungskraft&#8220; &#8211; GERO\" data-secret=\"vWjo2Vw0GG\" frameborder=\"0\" marginwidth=\"0\" marginheight=\"0\" scrolling=\"no\" class=\"wp-embedded-content\"><\/iframe><script type=\"text\/javascript\">\n\/* <![CDATA[ *\/\n\/*! This file is auto-generated *\/\n!function(d,l){\"use strict\";l.querySelector&&d.addEventListener&&\"undefined\"!=typeof URL&&(d.wp=d.wp||{},d.wp.receiveEmbedMessage||(d.wp.receiveEmbedMessage=function(e){var t=e.data;if((t||t.secret||t.message||t.value)&&!\/[^a-zA-Z0-9]\/.test(t.secret)){for(var s,r,n,a=l.querySelectorAll('iframe[data-secret=\"'+t.secret+'\"]'),o=l.querySelectorAll('blockquote[data-secret=\"'+t.secret+'\"]'),c=new RegExp(\"^https?:$\",\"i\"),i=0;i<o.length;i++)o[i].style.display=\"none\";for(i=0;i<a.length;i++)s=a[i],e.source===s.contentWindow&&(s.removeAttribute(\"style\"),\"height\"===t.message?(1e3<(r=parseInt(t.value,10))?r=1e3:~~r<200&&(r=200),s.height=r):\"link\"===t.message&&(r=new URL(s.getAttribute(\"src\")),n=new URL(t.value),c.test(n.protocol))&&n.host===r.host&&l.activeElement===s&&(d.top.location.href=t.value))}},d.addEventListener(\"message\",d.wp.receiveEmbedMessage,!1),l.addEventListener(\"DOMContentLoaded\",function(){for(var e,t,s=l.querySelectorAll(\"iframe.wp-embedded-content\"),r=0;r<s.length;r++)(t=(e=s[r]).getAttribute(\"data-secret\"))||(t=Math.random().toString(36).substring(2,12),e.src+=\"#?secret=\"+t,e.setAttribute(\"data-secret\",t)),e.contentWindow.postMessage({message:\"ready\",secret:t},\"*\")},!1)))}(window,document);\n\/\/# sourceURL=https:\/\/www.gero.lu\/wp-includes\/js\/wp-embed.min.js\n\/* ]]> *\/\n<\/script>\n","description":"Ausgehend von pers\u00f6nlichen Erfahrungen und basierend auf die heutige Philosophie des Managements reflektieren junge oder angehende F\u00fchrungskr\u00e4fte und Teamleiter, welche Charakteristika und Kompetenzen eine gute F\u00fchrungskraft kennzeichnen und welche Erwartungen an sie gestellt werden. Wie den externen und pers\u00f6nlichen Erwartungen gerecht werden, Wachsen in die eigene Rolle und die t\u00e4gliche F\u00fchrungsarbeit sind Themen dieses Tages. [&hellip;]","thumbnail_url":"https:\/\/www.gero.lu\/wp-content\/uploads\/2021\/08\/gettyimages-1135289130-2048x2048_RET-1.jpg","thumbnail_width":1227,"thumbnail_height":802}